{"id":154,"date":"2025-11-25T22:30:06","date_gmt":"2025-11-25T21:30:06","guid":{"rendered":"https:\/\/www.latelierfestif.com\/shop\/?post_type=product&#038;p=154"},"modified":"2026-01-18T21:44:30","modified_gmt":"2026-01-18T20:44:30","slug":"154","status":"publish","type":"product","link":"https:\/\/www.latelierfestif.com\/shop\/inspiration\/154\/","title":{"rendered":""},"content":{"rendered":"","protected":false},"excerpt":{"rendered":"<p>Le <strong>village miniature \u00ab Place du Village \u00bb de la collection LuVille<\/strong> \u00e9voque toute la po\u00e9sie d\u2019un No\u00ebl traditionnel gr\u00e2ce \u00e0 une sc\u00e8ne riche en d\u00e9tails et en atmosph\u00e8re. Sur la place enneig\u00e9e, un majestueux sapin d\u00e9cor\u00e9 tourne doucement, tandis qu\u2019un second sapin devient le c\u0153ur d\u2019une danse joyeuse, cr\u00e9ant un tableau vivant qui attire imm\u00e9diatement le regard.<\/p>\n<p>Les fa\u00e7ades typiques s\u2019illuminent d\u2019une douce lumi\u00e8re blanc chaud, subtilement renforc\u00e9e par les r\u00e9verb\u00e8res qui diffusent une lueur r\u00e9confortante. Les petites guirlandes color\u00e9es qui longent les toits apportent une touche p\u00e9tillante et festive, id\u00e9ale pour compl\u00e9ter un d\u00e9cor de village miniature ou pour devenir la pi\u00e8ce ma\u00eetresse d\u2019une mise en sc\u00e8ne hivernale.<\/p>\n<p>S\u00e9lectionn\u00e9e par L\u2019Atelier Festif pour son charme authentique et sa qualit\u00e9 soign\u00e9e, cette cr\u00e9ation LuVille \u2013 livr\u00e9e avec adaptateur \u2013 permet d\u2019installer en un instant une ambiance chaleureuse et enchant\u00e9e dans votre int\u00e9rieur.<\/p>\n","protected":false},"featured_media":155,"comment_status":"closed","ping_status":"closed","template":"","meta":{"wds_primary_product_brand":0,"wds_primary_product_cat":0},"product_brand":[40],"product_cat":[54],"product_tag":[41],"class_list":{"0":"post-154","1":"product","2":"type-product","3":"status-publish","4":"has-post-thumbnail","6":"product_brand-luville","7":"product_cat-decoration-de-salle","8":"product_tag-village-de-noel","10":"first","11":"instock","12":"shipping-taxable","13":"product-type-external"},"_links":{"self":[{"href":"https:\/\/www.latelierfestif.com\/shop\/wp-json\/wp\/v2\/product\/154","targetHints":{"allow":["GET"]}}],"collection":[{"href":"https:\/\/www.latelierfestif.com\/shop\/wp-json\/wp\/v2\/product"}],"about":[{"href":"https:\/\/www.latelierfestif.com\/shop\/wp-json\/wp\/v2\/types\/product"}],"replies":[{"embeddable":true,"href":"https:\/\/www.latelierfestif.com\/shop\/wp-json\/wp\/v2\/comments?post=154"}],"wp:featuredmedia":[{"embeddable":true,"href":"https:\/\/www.latelierfestif.com\/shop\/wp-json\/wp\/v2\/media\/155"}],"wp:attachment":[{"href":"https:\/\/www.latelierfestif.com\/shop\/wp-json\/wp\/v2\/media?parent=154"}],"wp:term":[{"taxonomy":"product_brand","embeddable":true,"href":"https:\/\/www.latelierfestif.com\/shop\/wp-json\/wp\/v2\/product_brand?post=154"},{"taxonomy":"product_cat","embeddable":true,"href":"https:\/\/www.latelierfestif.com\/shop\/wp-json\/wp\/v2\/product_cat?post=154"},{"taxonomy":"product_tag","embeddable":true,"href":"https:\/\/www.latelierfestif.com\/shop\/wp-json\/wp\/v2\/product_tag?post=154"}],"curies":[{"name":"wp","href":"https:\/\/api.w.org\/{rel}","templated":true}]}}