{"id":34866,"date":"2026-04-28T11:14:30","date_gmt":"2026-04-28T10:14:30","guid":{"rendered":"https:\/\/www.latelierfestif.com\/locations\/?post_type=product&#038;p=34866"},"modified":"2026-04-28T11:36:51","modified_gmt":"2026-04-28T10:36:51","slug":"bougie-flambeau-led-haut-de-gamme","status":"publish","type":"product","link":"https:\/\/www.latelierfestif.com\/locations\/produit\/bougie-flambeau-led-haut-de-gamme\/","title":{"rendered":"Bougie flambeau led haut de gamme"},"content":{"rendered":"<p data-start=\"125\" data-end=\"487\">Apportez une ambiance \u00e9l\u00e9gante, douce et<strong> raffin\u00e9e<\/strong> \u00e0 vos \u00e9v\u00e9nements avec nos<strong> bougies LED haut de gamme Uyuni<\/strong>. Gr\u00e2ce \u00e0 leur <strong>effet flamme tr\u00e8s r\u00e9aliste<\/strong> et leur lumi\u00e8re chaleureuse, elles cr\u00e9ent instantan\u00e9ment une atmosph\u00e8re chic et romantique, id\u00e9ale pour sublimer une table de mariage, un anniversaire \u00e9l\u00e9gant, un bapt\u00eame, une r\u00e9ception priv\u00e9e ou un d\u00eener raffin\u00e9.<\/p>\n<p data-start=\"489\" data-end=\"857\">Leur <strong>design blanc<\/strong>, sobre et intemporel s\u2019adapte facilement \u00e0 tous les styles de d\u00e9coration : boh\u00e8me chic, champ\u00eatre, romantique, moderne, minimaliste ou encore classique. Plac\u00e9es dans de jolis bougeoirs, sur une table de r\u00e9ception, un buffet, un candy bar ou un espace photo, elles apportent une vraie touche de charme sans les contraintes d\u2019une bougie traditionnelle.<\/p>\n<p data-start=\"859\" data-end=\"1134\">Ces bougies LED sont parfaites pour les lieux de r\u00e9ception o\u00f9 les vraies flammes sont interdites ou d\u00e9conseill\u00e9es. Elles permettent de profiter d\u2019un <strong>\u00e9clairage chaleureux et \u00e9l\u00e9gant<\/strong> en toute tranquillit\u00e9, sans cire qui coule, sans fum\u00e9e et sans risque li\u00e9 \u00e0 une flamme r\u00e9elle.<\/p>\n<p data-start=\"1136\" data-end=\"1421\"><strong>La t\u00e9l\u00e9commande fournie permet d\u2019allumer et d\u2019\u00e9teindre les bougies facilement<\/strong>, de r\u00e9gler l\u2019intensit\u00e9 lumineuse et d\u2019utiliser la fonction minuterie selon la dur\u00e9e souhait\u00e9e. C\u2019est une solution \u00e0 la fois esth\u00e9tique, pratique et s\u00e9curis\u00e9e pour une <strong>d\u00e9coration \u00e9v\u00e9nementielle haut de gamme<\/strong>.<\/p>\n<p>Associez la \u00e0 l&rsquo;un de nos <strong>bougeoirs coniques<\/strong> pour une <strong>d\u00e9coration harmonieuse<\/strong>.<\/p>\n<p><strong data-start=\"46\" data-end=\"63\">Conseil pro :<\/strong> pour assurer une bonne tenue de la bougie dans le bougeoir, ajoutez un petit morceau de film transparent type film alimentaire autour du socle de la bougie. Cela permet de mieux la caler discr\u00e8tement, sans ab\u00eemer la bougie ni le support.<\/p>\n","protected":false},"excerpt":{"rendered":"<p>Bougie LED haut de gamme Uyuni, id\u00e9ales pour cr\u00e9er une <strong>ambiance \u00e9l\u00e9gante et chaleureuse lors de vos mariages<\/strong>, anniversaires, bapt\u00eames ou r\u00e9ceptions. Leur <strong>flamme r\u00e9aliste<\/strong> apporte le charme d\u2019une vraie bougie, sans flamme, sans cire coulante donc sans danger. T\u00e9l\u00e9commande incluse pour r\u00e9gler l\u2019intensit\u00e9 et la minuterie.<\/p>\n","protected":false},"featured_media":34867,"comment_status":"closed","ping_status":"closed","template":"","meta":{"wds_primary_product_brand":0,"wds_primary_product_cat":168},"product_brand":[142],"product_cat":[168,156],"product_tag":[26,43,170],"class_list":{"0":"post-34866","1":"product","2":"type-product","3":"status-publish","4":"has-post-thumbnail","6":"product_brand-latelier-festif","7":"product_cat-accessoires-de-tables","8":"product_cat-eclairage","9":"product_tag-anniversaire","10":"product_tag-mariage","11":"product_tag-seminaire","13":"first","14":"instock","15":"shipping-taxable","16":"purchasable","17":"product-type-simple"},"_links":{"self":[{"href":"https:\/\/www.latelierfestif.com\/locations\/wp-json\/wp\/v2\/product\/34866","targetHints":{"allow":["GET"]}}],"collection":[{"href":"https:\/\/www.latelierfestif.com\/locations\/wp-json\/wp\/v2\/product"}],"about":[{"href":"https:\/\/www.latelierfestif.com\/locations\/wp-json\/wp\/v2\/types\/product"}],"replies":[{"embeddable":true,"href":"https:\/\/www.latelierfestif.com\/locations\/wp-json\/wp\/v2\/comments?post=34866"}],"wp:featuredmedia":[{"embeddable":true,"href":"https:\/\/www.latelierfestif.com\/locations\/wp-json\/wp\/v2\/media\/34867"}],"wp:attachment":[{"href":"https:\/\/www.latelierfestif.com\/locations\/wp-json\/wp\/v2\/media?parent=34866"}],"wp:term":[{"taxonomy":"product_brand","embeddable":true,"href":"https:\/\/www.latelierfestif.com\/locations\/wp-json\/wp\/v2\/product_brand?post=34866"},{"taxonomy":"product_cat","embeddable":true,"href":"https:\/\/www.latelierfestif.com\/locations\/wp-json\/wp\/v2\/product_cat?post=34866"},{"taxonomy":"product_tag","embeddable":true,"href":"https:\/\/www.latelierfestif.com\/locations\/wp-json\/wp\/v2\/product_tag?post=34866"}],"curies":[{"name":"wp","href":"https:\/\/api.w.org\/{rel}","templated":true}]}}