{"id":34799,"date":"2026-04-23T13:54:43","date_gmt":"2026-04-23T12:54:43","guid":{"rendered":"https:\/\/www.latelierfestif.com\/locations\/?post_type=product&#038;p=34799"},"modified":"2026-04-23T14:01:50","modified_gmt":"2026-04-23T13:01:50","slug":"ourson-decoratif-en-pvc","status":"publish","type":"product","link":"https:\/\/www.latelierfestif.com\/locations\/produit\/ourson-decoratif-en-pvc\/","title":{"rendered":"Ourson d\u00e9coratif en PVC"},"content":{"rendered":"<p data-start=\"119\" data-end=\"419\">Apportez une touche tendre et \u00e9l\u00e9gante \u00e0 votre <strong>d\u00e9coration<\/strong> avec cet <strong>ourson d\u00e9coratif<\/strong> en PVC, parfait pour cr\u00e9er un univers doux et raffin\u00e9 lors de vos \u00e9v\u00e9nements. Avec son style d\u00e9licat et son allure pleine de charme, il s\u2019int\u00e8gre facilement dans une<strong> sc\u00e9nographie enfantine<\/strong>, po\u00e9tique ou haut de gamme.<\/p>\n<p data-start=\"421\" data-end=\"775\">Cet ourson d\u00e9coratif en PVC est id\u00e9al pour sublimer un<strong> coin photo<\/strong>, une entr\u00e9e de salle, un espace cadeaux, une sweet table ou une <strong>d\u00e9coration de fond<\/strong>. Il trouve naturellement sa place dans diff\u00e9rents \u00e9v\u00e9nements comme une baby shower, un anniversaire enfant, un bapt\u00eame, une gender reveal, une f\u00eate de naissance ou tout autre \u00e9v\u00e9nement autour de l\u2019enfance.<\/p>\n<p data-start=\"777\" data-end=\"1050\">Gr\u00e2ce \u00e0 son design soign\u00e9 et \u00e0 ses tons doux, il s\u2019associe facilement \u00e0 une <strong>arche de ballons<\/strong>, un<strong> panneau de bienvenue<\/strong>, des d\u00e9cors personnalis\u00e9s ou d\u2019autres accessoires d\u00e9coratifs. Il convient parfaitement aux ambiances beige, nude, blanc, rose poudr\u00e9, terracotta ou pastel.<\/p>\n<p data-start=\"1052\" data-end=\"1324\">Disponible \u00e0 la location, cet ourson d\u00e9coratif en PVC permet d\u2019apporter du cachet \u00e0 votre d\u00e9coration tout en cr\u00e9ant une ambiance chaleureuse, douce et harmonieuse. Il peut \u00eatre lou\u00e9 seul ou int\u00e9gr\u00e9 \u00e0 une <strong>d\u00e9coration compl\u00e8te<\/strong> selon vos envies et le style de votre \u00e9v\u00e9nement.<\/p>\n","protected":false},"excerpt":{"rendered":"<p>Ourson d\u00e9coratif en PVC \u00e0 louer pour une d\u00e9coration douce, \u00e9l\u00e9gante et tendance. Id\u00e9al pour baby shower, anniversaire, bapt\u00eame et f\u00eates \u00e0 th\u00e8me enfant.<\/p>\n","protected":false},"featured_media":34800,"comment_status":"closed","ping_status":"closed","template":"","meta":{"wds_primary_product_brand":0,"wds_primary_product_cat":45},"product_brand":[142],"product_cat":[61,44,45],"product_tag":[26,193,58,41,194],"class_list":{"0":"post-34799","1":"product","2":"type-product","3":"status-publish","4":"has-post-thumbnail","6":"product_brand-latelier-festif","7":"product_cat-backdrops","8":"product_cat-decoration","9":"product_cat-elements-de-decoration","10":"product_tag-anniversaire","11":"product_tag-anniversaire-enfant","12":"product_tag-baby-shower","13":"product_tag-bapteme","14":"product_tag-decoration-evenementielle-enfant","16":"first","17":"instock","18":"shipping-taxable","19":"purchasable","20":"product-type-simple"},"_links":{"self":[{"href":"https:\/\/www.latelierfestif.com\/locations\/wp-json\/wp\/v2\/product\/34799","targetHints":{"allow":["GET"]}}],"collection":[{"href":"https:\/\/www.latelierfestif.com\/locations\/wp-json\/wp\/v2\/product"}],"about":[{"href":"https:\/\/www.latelierfestif.com\/locations\/wp-json\/wp\/v2\/types\/product"}],"replies":[{"embeddable":true,"href":"https:\/\/www.latelierfestif.com\/locations\/wp-json\/wp\/v2\/comments?post=34799"}],"wp:featuredmedia":[{"embeddable":true,"href":"https:\/\/www.latelierfestif.com\/locations\/wp-json\/wp\/v2\/media\/34800"}],"wp:attachment":[{"href":"https:\/\/www.latelierfestif.com\/locations\/wp-json\/wp\/v2\/media?parent=34799"}],"wp:term":[{"taxonomy":"product_brand","embeddable":true,"href":"https:\/\/www.latelierfestif.com\/locations\/wp-json\/wp\/v2\/product_brand?post=34799"},{"taxonomy":"product_cat","embeddable":true,"href":"https:\/\/www.latelierfestif.com\/locations\/wp-json\/wp\/v2\/product_cat?post=34799"},{"taxonomy":"product_tag","embeddable":true,"href":"https:\/\/www.latelierfestif.com\/locations\/wp-json\/wp\/v2\/product_tag?post=34799"}],"curies":[{"name":"wp","href":"https:\/\/api.w.org\/{rel}","templated":true}]}}