{"id":34790,"date":"2026-04-17T16:14:08","date_gmt":"2026-04-17T15:14:08","guid":{"rendered":"https:\/\/www.latelierfestif.com\/locations\/?post_type=product&#038;p=34790"},"modified":"2026-04-17T16:19:57","modified_gmt":"2026-04-17T15:19:57","slug":"noeuds-de-chaise-toile-de-jute","status":"publish","type":"product","link":"https:\/\/www.latelierfestif.com\/locations\/produit\/noeuds-de-chaise-toile-de-jute\/","title":{"rendered":"N\u0153uds de chaise toile de jute"},"content":{"rendered":"<p data-start=\"156\" data-end=\"528\">Apportez une touche naturelle, authentique et chaleureuse \u00e0 votre d\u00e9coration de r\u00e9ception avec nos<strong data-start=\"275\" data-end=\"323\">\u00a0n\u0153uds de chaise en toile de jute<\/strong>. Id\u00e9als pour habiller vos chaises avec \u00e9l\u00e9gance, ils s\u2019int\u00e8grent parfaitement dans une d\u00e9coration de mariage, bapt\u00eame, anniversaire, communion ou r\u00e9ception au style champ\u00eatre, boh\u00e8me, rustique ou naturel.<\/p>\n<p data-start=\"530\" data-end=\"843\">La toile de jute s\u00e9duit par son aspect brut et raffin\u00e9, tr\u00e8s appr\u00e9ci\u00e9 pour les ambiances conviviales et \u00e9l\u00e9gantes. Associ\u00e9s \u00e0 des housses de chaises blanches ou \u00e0 une d\u00e9coration aux tons naturels, ces rubans permettent de sublimer facilement votre salle de r\u00e9ception et d\u2019apporter du relief \u00e0 votre mise en sc\u00e8ne.<\/p>\n<p data-start=\"845\" data-end=\"1221\">Nos rubans de chaise en toile de jute sont <strong data-start=\"888\" data-end=\"907\">livr\u00e9s au m\u00e8tre<\/strong> afin de vous laisser une totale libert\u00e9 dans la r\u00e9alisation de vos n\u0153uds et dans le style souhait\u00e9 pour votre d\u00e9coration. <strong data-start=\"1030\" data-end=\"1073\">Les n\u0153uds sont \u00e0 r\u00e9aliser par le client<\/strong> lors de l\u2019installation. Cette solution vous permet d\u2019adapter le rendu final selon vos envies, la taille des chaises et l\u2019effet d\u00e9coratif recherch\u00e9.<\/p>\n<p data-start=\"1223\" data-end=\"1443\">La toile de jute \u00e9tant une <strong data-start=\"1250\" data-end=\"1271\">mati\u00e8re naturelle<\/strong>, il est possible qu\u2019elle laisse appara\u00eetre <strong data-start=\"1315\" data-end=\"1359\">quelques poussi\u00e8res ou fibres naturelles<\/strong>, ce qui est tout \u00e0 fait normal et fait partie du charme authentique de ce mat\u00e9riau.<\/p>\n<p data-start=\"1445\" data-end=\"1672\">En compl\u00e9ment de la location de mat\u00e9riel, nous pouvons \u00e9galement vous accompagner dans la <strong data-start=\"1535\" data-end=\"1577\">d\u00e9coration compl\u00e8te de votre \u00e9v\u00e9nement<\/strong> et vous proposer diff\u00e9rentes prestations pour cr\u00e9er une ambiance harmonieuse et personnalis\u00e9e.<\/p>\n","protected":false},"excerpt":{"rendered":"<p>Nos rubans pour n\u0153uds de chaise en toile de jute de 2m50 x 15cm sont parfaits pour une d\u00e9coration champ\u00eatre, boh\u00e8me ou naturelle. Livr\u00e9s enroul\u00e9s , ils permettent de personnaliser vos chaises avec \u00e9l\u00e9gance. Les n\u0153uds sont \u00e0 r\u00e9aliser par vos soins.<\/p>\n","protected":false},"featured_media":34791,"comment_status":"closed","ping_status":"closed","template":"","meta":{"wds_primary_product_brand":0,"wds_primary_product_cat":176},"product_brand":[142],"product_cat":[82,176],"product_tag":[26,43,65,170],"class_list":{"0":"post-34790","1":"product","2":"type-product","3":"status-publish","4":"has-post-thumbnail","6":"product_brand-latelier-festif","7":"product_cat-art-de-la-table-vaisselle","8":"product_cat-linge-de-table","9":"product_tag-anniversaire","10":"product_tag-mariage","11":"product_tag-reception","12":"product_tag-seminaire","14":"first","15":"instock","16":"shipping-taxable","17":"purchasable","18":"product-type-simple"},"_links":{"self":[{"href":"https:\/\/www.latelierfestif.com\/locations\/wp-json\/wp\/v2\/product\/34790","targetHints":{"allow":["GET"]}}],"collection":[{"href":"https:\/\/www.latelierfestif.com\/locations\/wp-json\/wp\/v2\/product"}],"about":[{"href":"https:\/\/www.latelierfestif.com\/locations\/wp-json\/wp\/v2\/types\/product"}],"replies":[{"embeddable":true,"href":"https:\/\/www.latelierfestif.com\/locations\/wp-json\/wp\/v2\/comments?post=34790"}],"wp:featuredmedia":[{"embeddable":true,"href":"https:\/\/www.latelierfestif.com\/locations\/wp-json\/wp\/v2\/media\/34791"}],"wp:attachment":[{"href":"https:\/\/www.latelierfestif.com\/locations\/wp-json\/wp\/v2\/media?parent=34790"}],"wp:term":[{"taxonomy":"product_brand","embeddable":true,"href":"https:\/\/www.latelierfestif.com\/locations\/wp-json\/wp\/v2\/product_brand?post=34790"},{"taxonomy":"product_cat","embeddable":true,"href":"https:\/\/www.latelierfestif.com\/locations\/wp-json\/wp\/v2\/product_cat?post=34790"},{"taxonomy":"product_tag","embeddable":true,"href":"https:\/\/www.latelierfestif.com\/locations\/wp-json\/wp\/v2\/product_tag?post=34790"}],"curies":[{"name":"wp","href":"https:\/\/api.w.org\/{rel}","templated":true}]}}