{"id":34786,"date":"2026-04-17T15:47:13","date_gmt":"2026-04-17T14:47:13","guid":{"rendered":"https:\/\/www.latelierfestif.com\/locations\/?post_type=product&#038;p=34786"},"modified":"2026-04-17T16:15:56","modified_gmt":"2026-04-17T15:15:56","slug":"housse-de-chaise-blanche","status":"publish","type":"product","link":"https:\/\/www.latelierfestif.com\/locations\/produit\/housse-de-chaise-blanche\/","title":{"rendered":"Housse de chaise blanche"},"content":{"rendered":"<p data-start=\"207\" data-end=\"554\">Sublimez votre r\u00e9ception avec notre <strong data-start=\"243\" data-end=\"300\">location de housses de chaises blanches\u00a0 lycra<\/strong>, un incontournable pour cr\u00e9er une d\u00e9coration \u00e9l\u00e9gante, harmonieuse et raffin\u00e9e. V\u00e9ritable \u00e9l\u00e9ment cl\u00e9 de votre mise en sc\u00e8ne, la housse de chaise transforme instantan\u00e9ment l\u2019esth\u00e9tique de votre salle en apportant une finition soign\u00e9e et professionnelle.<\/p>\n<p data-start=\"556\" data-end=\"918\">Parfaitement adapt\u00e9es aux <strong data-start=\"582\" data-end=\"678\">mariages, bapt\u00eames, anniversaires, communions, r\u00e9ceptions priv\u00e9es et \u00e9v\u00e9nements d\u2019entreprise<\/strong>, nos housses de chaises blanches s\u2019int\u00e8grent dans tous les univers d\u00e9coratifs : chic, romantique, boh\u00e8me, champ\u00eatre ou moderne. Leur coloris blanc intemporel permet d\u2019illuminer votre espace et de cr\u00e9er une atmosph\u00e8re lumineuse et \u00e9l\u00e9gante.<\/p>\n<p data-start=\"920\" data-end=\"1246\">Associ\u00e9es \u00e0 des \u00e9l\u00e9ments d\u00e9coratifs comme des <strong data-start=\"966\" data-end=\"1040\"><a href=\"https:\/\/www.latelierfestif.com\/locations\/produit\/noeuds-de-chaise-toile-de-jute\/\">n\u0153uds en toile de jute<\/a>, rubans, ceintures ou accessoires personnalis\u00e9s<\/strong>, elles offrent une multitude de possibilit\u00e9s pour adapter votre d\u00e9coration \u00e0 votre th\u00e8me. Elles permettent \u00e9galement d\u2019unifier visuellement votre salle de r\u00e9ception pour un rendu coh\u00e9rent et haut de gamme.<\/p>\n<p data-start=\"1248\" data-end=\"1490\">Con\u00e7ues pour l\u2019\u00e9v\u00e9nementiel, nos housses garantissent un rendu impeccable sur vos chaises et contribuent \u00e0 valoriser chaque d\u00e9tail de votre r\u00e9ception. Elles sont id\u00e9ales pour transformer des chaises classiques en \u00e9l\u00e9ments d\u00e9coratifs \u00e9l\u00e9gants.<\/p>\n<p>Nos housses de chaises ne sont pas adapt\u00e9es aux chaises avec accoudoirs.<\/p>\n","protected":false},"excerpt":{"rendered":"<p>Optez pour la location de housses de chaises blanches pour sublimer votre r\u00e9ception avec \u00e9l\u00e9gance. Id\u00e9ales pour mariage, bapt\u00eame ou \u00e9v\u00e9nement professionnel, elles apportent une finition chic et harmonieuse \u00e0 votre d\u00e9coration.<\/p>\n","protected":false},"featured_media":34787,"comment_status":"closed","ping_status":"closed","template":"","meta":{"wds_primary_product_brand":0,"wds_primary_product_cat":176},"product_brand":[142],"product_cat":[82,176],"product_tag":[26,43,65,170],"class_list":{"0":"post-34786","1":"product","2":"type-product","3":"status-publish","4":"has-post-thumbnail","6":"product_brand-latelier-festif","7":"product_cat-art-de-la-table-vaisselle","8":"product_cat-linge-de-table","9":"product_tag-anniversaire","10":"product_tag-mariage","11":"product_tag-reception","12":"product_tag-seminaire","14":"first","15":"instock","16":"shipping-taxable","17":"purchasable","18":"product-type-simple"},"_links":{"self":[{"href":"https:\/\/www.latelierfestif.com\/locations\/wp-json\/wp\/v2\/product\/34786","targetHints":{"allow":["GET"]}}],"collection":[{"href":"https:\/\/www.latelierfestif.com\/locations\/wp-json\/wp\/v2\/product"}],"about":[{"href":"https:\/\/www.latelierfestif.com\/locations\/wp-json\/wp\/v2\/types\/product"}],"replies":[{"embeddable":true,"href":"https:\/\/www.latelierfestif.com\/locations\/wp-json\/wp\/v2\/comments?post=34786"}],"wp:featuredmedia":[{"embeddable":true,"href":"https:\/\/www.latelierfestif.com\/locations\/wp-json\/wp\/v2\/media\/34787"}],"wp:attachment":[{"href":"https:\/\/www.latelierfestif.com\/locations\/wp-json\/wp\/v2\/media?parent=34786"}],"wp:term":[{"taxonomy":"product_brand","embeddable":true,"href":"https:\/\/www.latelierfestif.com\/locations\/wp-json\/wp\/v2\/product_brand?post=34786"},{"taxonomy":"product_cat","embeddable":true,"href":"https:\/\/www.latelierfestif.com\/locations\/wp-json\/wp\/v2\/product_cat?post=34786"},{"taxonomy":"product_tag","embeddable":true,"href":"https:\/\/www.latelierfestif.com\/locations\/wp-json\/wp\/v2\/product_tag?post=34786"}],"curies":[{"name":"wp","href":"https:\/\/api.w.org\/{rel}","templated":true}]}}