{"id":34783,"date":"2026-04-17T14:57:23","date_gmt":"2026-04-17T13:57:23","guid":{"rendered":"https:\/\/www.latelierfestif.com\/locations\/?post_type=product&#038;p=34783"},"modified":"2026-04-17T15:49:15","modified_gmt":"2026-04-17T14:49:15","slug":"serviettes-de-table-vert-sauge-43-x-43-cm","status":"publish","type":"product","link":"https:\/\/www.latelierfestif.com\/locations\/produit\/serviettes-de-table-vert-sauge-43-x-43-cm\/","title":{"rendered":"Serviettes de table vert sauge 43 x 43 cm"},"content":{"rendered":"<p data-start=\"147\" data-end=\"488\">Apportez une touche naturelle, douce et raffin\u00e9e \u00e0 votre d\u00e9coration de table avec notre serviette de table vert sauge. \u00c9l\u00e9gante et intemporelle, elle s\u2019int\u00e8gre parfaitement dans de nombreux univers d\u00e9coratifs : mariage boh\u00e8me, r\u00e9ception champ\u00eatre, bapt\u00eame, anniversaire, baby shower, communion ou \u00e9v\u00e9nement professionnel.<\/p>\n<p data-start=\"490\" data-end=\"778\">Sa teinte vert sauge, \u00e0 la fois tendance et apaisante, se marie facilement avec des tons neutres, du blanc, du beige, du dor\u00e9, du bois naturel ou encore des compositions florales d\u00e9licates. Elle permet de cr\u00e9er une ambiance harmonieuse, soign\u00e9e et chaleureuse sur vos tables de r\u00e9ception.<\/p>\n<p data-start=\"780\" data-end=\"1080\">Cette serviette est id\u00e9ale pour sublimer votre art de la table et apporter une finition \u00e9l\u00e9gante \u00e0 votre d\u00e9coration. Utilis\u00e9e seule ou associ\u00e9e \u00e0 d\u2019autres \u00e9l\u00e9ments d\u00e9coratifs, elle contribue \u00e0 cr\u00e9er une mise en sc\u00e8ne raffin\u00e9e, aussi bien pour des \u00e9v\u00e9nements intimistes que pour de grandes r\u00e9ceptions.<\/p>\n<p data-start=\"1082\" data-end=\"1486\">En compl\u00e9ment de la location de mat\u00e9riel, nous pouvons \u00e9galement vous accompagner dans la <a href=\"https:\/\/www.latelierfestif.com\/decoration-evenementielle\/\"><strong data-start=\"1172\" data-end=\"1214\">d\u00e9coration compl\u00e8te de votre \u00e9v\u00e9nement<\/strong> <\/a>afin de cr\u00e9er un univers coh\u00e9rent et personnalis\u00e9. Nous proposons aussi diff\u00e9rentes <a href=\"https:\/\/www.latelierfestif.com\/animations\/\"><strong data-start=\"1299\" data-end=\"1326\">prestations d\u2019animation<\/strong><\/a> pour enrichir votre r\u00e9ception, comme\u00a0les <strong data-start=\"1403\" data-end=\"1419\">jeux en bois<\/strong>, pour faire de votre \u00e9v\u00e9nement un moment aussi beau que convivial.<\/p>\n","protected":false},"excerpt":{"rendered":"<p>Notre serviette de table vert sauge apporte une touche \u00e9l\u00e9gante, naturelle et raffin\u00e9e \u00e0 votre d\u00e9coration de r\u00e9ception. Id\u00e9ale pour un mariage, un bapt\u00eame, un anniversaire ou une baby shower, elle s\u2019int\u00e8gre parfaitement \u00e0 une ambiance boh\u00e8me, champ\u00eatre ou chic.<\/p>\n","protected":false},"featured_media":34784,"comment_status":"closed","ping_status":"closed","template":"","meta":{"wds_primary_product_brand":0,"wds_primary_product_cat":176},"product_brand":[142],"product_cat":[82,176],"product_tag":[],"class_list":{"0":"post-34783","1":"product","2":"type-product","3":"status-publish","4":"has-post-thumbnail","6":"product_brand-latelier-festif","7":"product_cat-art-de-la-table-vaisselle","8":"product_cat-linge-de-table","10":"first","11":"instock","12":"shipping-taxable","13":"purchasable","14":"product-type-simple"},"_links":{"self":[{"href":"https:\/\/www.latelierfestif.com\/locations\/wp-json\/wp\/v2\/product\/34783","targetHints":{"allow":["GET"]}}],"collection":[{"href":"https:\/\/www.latelierfestif.com\/locations\/wp-json\/wp\/v2\/product"}],"about":[{"href":"https:\/\/www.latelierfestif.com\/locations\/wp-json\/wp\/v2\/types\/product"}],"replies":[{"embeddable":true,"href":"https:\/\/www.latelierfestif.com\/locations\/wp-json\/wp\/v2\/comments?post=34783"}],"wp:featuredmedia":[{"embeddable":true,"href":"https:\/\/www.latelierfestif.com\/locations\/wp-json\/wp\/v2\/media\/34784"}],"wp:attachment":[{"href":"https:\/\/www.latelierfestif.com\/locations\/wp-json\/wp\/v2\/media?parent=34783"}],"wp:term":[{"taxonomy":"product_brand","embeddable":true,"href":"https:\/\/www.latelierfestif.com\/locations\/wp-json\/wp\/v2\/product_brand?post=34783"},{"taxonomy":"product_cat","embeddable":true,"href":"https:\/\/www.latelierfestif.com\/locations\/wp-json\/wp\/v2\/product_cat?post=34783"},{"taxonomy":"product_tag","embeddable":true,"href":"https:\/\/www.latelierfestif.com\/locations\/wp-json\/wp\/v2\/product_tag?post=34783"}],"curies":[{"name":"wp","href":"https:\/\/api.w.org\/{rel}","templated":true}]}}