{"id":32425,"date":"2025-12-02T21:32:16","date_gmt":"2025-12-02T21:32:16","guid":{"rendered":"https:\/\/www.latelierfestif.com\/location\/?post_type=product&#038;p=32425"},"modified":"2025-12-07T14:00:11","modified_gmt":"2025-12-07T13:00:11","slug":"clown-anime-halloween","status":"publish","type":"product","link":"https:\/\/www.latelierfestif.com\/locations\/produit\/clown-anime-halloween\/","title":{"rendered":"Clown Anim\u00e9 Halloween"},"content":{"rendered":"<p>Plongez dans l&rsquo;horreur festivement amusante avec notre clown anim\u00e9 sp\u00e9cial Halloween, <strong>Fr\u00e9n\u00e9sie Frissonnante<\/strong> ! Mesurant 151 cm, ce clown capture l&rsquo;esprit effrayant de la saison tout en apportant une touche unique \u00e0 vos \u00e9v\u00e9nements. Sa t\u00eate remarquablement anim\u00e9e cr\u00e9e une exp\u00e9rience visuelle frappante, avec des mouvements impr\u00e9visibles qui ajoutent une dose suppl\u00e9mentaire de terreur.<\/p>\n<p>Les effets sonores sinistres qui accompagnent chaque mouvement de Fr\u00e9n\u00e9sie Frissonnante plongent vos invit\u00e9s dans une <strong>symphonie lugubre de rires<\/strong> d\u00e9form\u00e9s, de murmures inqui\u00e9tants et de musique de cirque effrayante.<\/p>\n<p>Que ce soit pour une f\u00eate d&rsquo;Halloween m\u00e9morable, une soir\u00e9e \u00e0 th\u00e8me ou tout autre \u00e9v\u00e9nement effrayant, Fr\u00e9n\u00e9sie Frissonnante est l&rsquo;ajout parfait pour animer l&rsquo;atmosph\u00e8re. Aliment\u00e9 par des piles pour une facilit\u00e9 d&rsquo;utilisation, ce clown anim\u00e9 apportera un frisson inoubliable \u00e0 <strong>votre location \u00e9v\u00e9nementielle<\/strong>, laissant une impression durable sur tous ceux qui auront la chance de le rencontrer.\u00a0\u00bb<\/p>\n<p>Quantit\u00e9 stock 1<\/p>\n<p>Alimentation : 3x LR06 type AA non incluses ou sur secteur usage int\u00e9rieur<\/p>\n<p>&nbsp;<\/p>\n","protected":false},"excerpt":{"rendered":"<p>D\u00e9couvrez l&rsquo;effroi avec notre <strong>clown anim\u00e9 exclusif pour Halloween<\/strong>, Fr\u00e9n\u00e9sie Frissonnante ! Mesurant 151 cm, ce clown captive avec sa t\u00eate anim\u00e9e, des mouvements inattendus et des effets sonores terrifiants. Id\u00e9al pour animer vos \u00e9v\u00e9nements d&rsquo;Halloween, Fr\u00e9n\u00e9sie Frissonnante apporte une ambiance effrayante et m\u00e9morable \u00e0 chaque coin de votre f\u00eate.<\/p>\n","protected":false},"featured_media":32488,"comment_status":"open","ping_status":"closed","template":"","meta":{"wds_primary_product_brand":0,"wds_primary_product_cat":0},"product_brand":[142],"product_cat":[161],"product_tag":[31],"class_list":{"0":"post-32425","1":"product","2":"type-product","3":"status-publish","4":"has-post-thumbnail","6":"product_brand-latelier-festif","7":"product_cat-automates","8":"product_tag-halloween","10":"first","11":"instock","12":"shipping-taxable","13":"product-type-external"},"_links":{"self":[{"href":"https:\/\/www.latelierfestif.com\/locations\/wp-json\/wp\/v2\/product\/32425","targetHints":{"allow":["GET"]}}],"collection":[{"href":"https:\/\/www.latelierfestif.com\/locations\/wp-json\/wp\/v2\/product"}],"about":[{"href":"https:\/\/www.latelierfestif.com\/locations\/wp-json\/wp\/v2\/types\/product"}],"replies":[{"embeddable":true,"href":"https:\/\/www.latelierfestif.com\/locations\/wp-json\/wp\/v2\/comments?post=32425"}],"wp:featuredmedia":[{"embeddable":true,"href":"https:\/\/www.latelierfestif.com\/locations\/wp-json\/wp\/v2\/media\/32488"}],"wp:attachment":[{"href":"https:\/\/www.latelierfestif.com\/locations\/wp-json\/wp\/v2\/media?parent=32425"}],"wp:term":[{"taxonomy":"product_brand","embeddable":true,"href":"https:\/\/www.latelierfestif.com\/locations\/wp-json\/wp\/v2\/product_brand?post=32425"},{"taxonomy":"product_cat","embeddable":true,"href":"https:\/\/www.latelierfestif.com\/locations\/wp-json\/wp\/v2\/product_cat?post=32425"},{"taxonomy":"product_tag","embeddable":true,"href":"https:\/\/www.latelierfestif.com\/locations\/wp-json\/wp\/v2\/product_tag?post=32425"}],"curies":[{"name":"wp","href":"https:\/\/api.w.org\/{rel}","templated":true}]}}