{"id":32153,"date":"2025-12-02T21:28:44","date_gmt":"2025-12-02T21:28:44","guid":{"rendered":"https:\/\/www.latelierfestif.com\/location\/?post_type=product&#038;p=32153"},"modified":"2025-12-07T14:01:05","modified_gmt":"2025-12-07T13:01:05","slug":"par-led","status":"publish","type":"product","link":"https:\/\/www.latelierfestif.com\/locations\/produit\/par-led\/","title":{"rendered":"Par Led"},"content":{"rendered":"<p>Notre Par \u00e0 LED est l&rsquo;accessoire id\u00e9al pour ajouter <strong>de la lumi\u00e8re et de la couleur<\/strong> \u00e0 vos soir\u00e9es et \u00e9v\u00e9nements.<\/p>\n<p>Avec sa technologie LED de pointe, ce projecteur vous offre une lumi\u00e8re brillante et color\u00e9e, qui cr\u00e9e une ambiance festive et chaleureuse. Il est \u00e9quip\u00e9 de 18 LED de 1W chacune, offrant une grande vari\u00e9t\u00e9 de <strong>couleurs vives et de nuances subtiles<\/strong> pour r\u00e9pondre \u00e0 tous vos besoins d&rsquo;\u00e9clairage.<\/p>\n<p>Ce par led peut \u00eatre positionn\u00e9 de plusieurs fa\u00e7on, \u00e0 plat au sol ou dans une structure sans lyre de suspension puisque les entr\u00e9es et les sorties d\u2019alimentation et DMX sont positionn\u00e9es sur le c\u00f4t\u00e9 de l\u2019unit\u00e9 et non \u00e0 l\u2019arri\u00e8re.<\/p>\n<p>Le par \u00e0 LED est \u00e9quip\u00e9 de 5 LED QUAD 4-en-1 RGB+UV de 4W offrant un effet stroboscopique de couleur et un m\u00e9lange de couleurs fluide. Avec une alimentation multi-voltage CA 100 V-240 V, 50\/60 Hz, et un angle d&rsquo;ouverture de faisceau de 40 degr\u00e9s, ce par \u00e0 LED est parfait pour cr\u00e9er une ambiance lumineuse exceptionnelle lors de vos \u00e9v\u00e9nements.<\/p>\n","protected":false},"excerpt":{"rendered":"<div>Louez notre Par \u00e0 LED pour illuminer vos soir\u00e9es et \u00e9v\u00e9nements ! Avec sa technologie LED de pointe, ce projecteur vous offre une lumi\u00e8re brillante et color\u00e9e, qui cr\u00e9e une <strong>ambiance festive et chaleureuse<\/strong>. Facile \u00e0 installer et \u00e0 utiliser, il convient parfaitement pour les f\u00eates en int\u00e9rieur comme en ext\u00e9rieur.<\/div>\n","protected":false},"featured_media":32226,"comment_status":"closed","ping_status":"closed","template":"","meta":{"wds_primary_product_brand":0,"wds_primary_product_cat":0},"product_brand":[142],"product_cat":[156],"product_tag":[26,58,59,68,69,43],"class_list":{"0":"post-32153","1":"product","2":"type-product","3":"status-publish","4":"has-post-thumbnail","6":"product_brand-latelier-festif","7":"product_cat-eclairage","8":"product_tag-anniversaire","9":"product_tag-baby-shower","10":"product_tag-gender-reveal","11":"product_tag-marche-de-rue","12":"product_tag-marche-nocturne","13":"product_tag-mariage","15":"first","16":"instock","17":"sold-individually","18":"shipping-taxable","19":"purchasable","20":"product-type-simple"},"_links":{"self":[{"href":"https:\/\/www.latelierfestif.com\/locations\/wp-json\/wp\/v2\/product\/32153","targetHints":{"allow":["GET"]}}],"collection":[{"href":"https:\/\/www.latelierfestif.com\/locations\/wp-json\/wp\/v2\/product"}],"about":[{"href":"https:\/\/www.latelierfestif.com\/locations\/wp-json\/wp\/v2\/types\/product"}],"replies":[{"embeddable":true,"href":"https:\/\/www.latelierfestif.com\/locations\/wp-json\/wp\/v2\/comments?post=32153"}],"wp:featuredmedia":[{"embeddable":true,"href":"https:\/\/www.latelierfestif.com\/locations\/wp-json\/wp\/v2\/media\/32226"}],"wp:attachment":[{"href":"https:\/\/www.latelierfestif.com\/locations\/wp-json\/wp\/v2\/media?parent=32153"}],"wp:term":[{"taxonomy":"product_brand","embeddable":true,"href":"https:\/\/www.latelierfestif.com\/locations\/wp-json\/wp\/v2\/product_brand?post=32153"},{"taxonomy":"product_cat","embeddable":true,"href":"https:\/\/www.latelierfestif.com\/locations\/wp-json\/wp\/v2\/product_cat?post=32153"},{"taxonomy":"product_tag","embeddable":true,"href":"https:\/\/www.latelierfestif.com\/locations\/wp-json\/wp\/v2\/product_tag?post=32153"}],"curies":[{"name":"wp","href":"https:\/\/api.w.org\/{rel}","templated":true}]}}