{"id":33402,"date":"2025-12-22T09:53:41","date_gmt":"2025-12-22T08:53:41","guid":{"rendered":"https:\/\/www.latelierfestif.com\/locations\/?page_id=33402"},"modified":"2025-12-22T09:53:45","modified_gmt":"2025-12-22T08:53:45","slug":"locations-boesses-45390-fetes-et-evenements","status":"publish","type":"page","link":"https:\/\/www.latelierfestif.com\/locations\/locations-animations\/locations-boesses-45390-fetes-et-evenements\/","title":{"rendered":"Locations Bo\u00ebsses (45390) F\u00eates et Ev\u00e8nements"},"content":{"rendered":"\n<div class=\"wp-block-group alignfull has-palette-color-6-background-color has-background is-layout-constrained wp-container-core-group-is-layout-10bc4538 wp-block-group-is-layout-constrained\" style=\"padding-top:var(--wp--preset--spacing--80);padding-right:var(--wp--preset--spacing--80);padding-bottom:var(--wp--preset--spacing--80);padding-left:var(--wp--preset--spacing--80)\">\n<div class=\"wp-block-columns is-layout-flex wp-container-core-columns-is-layout-28f84493 wp-block-columns-is-layout-flex\">\n<div class=\"wp-block-column is-layout-flow wp-block-column-is-layout-flow\" style=\"flex-basis:100%\">\n<div class=\"wp-block-group has-border-color has-palette-color-1-border-color has-palette-color-8-background-color has-background is-layout-constrained wp-container-core-group-is-layout-db32e940 wp-block-group-is-layout-constrained\" style=\"border-width:1px;padding-top:var(--wp--preset--spacing--60);padding-right:var(--wp--preset--spacing--60);padding-bottom:var(--wp--preset--spacing--60);padding-left:var(--wp--preset--spacing--60)\">\n<div class=\"ct-search-box\">\n\t\n\n<form role=\"search\" method=\"get\" class=\"ct-search-form\" data-form-controls=\"outside\" data-taxonomy-filter=\"false\" data-submit-button=\"icon\" style=\"--theme-form-field-height:55px;--theme-form-field-border-radius:0px;--theme-form-field-background-initial-color:var(--wp--preset--color--palette-color-7);margin-top:0;margin-bottom:0;margin-left:var(--wp--preset--spacing--60);margin-right:0;\" action=\"https:\/\/www.latelierfestif.com\/locations\/\" aria-haspopup=\"listbox\" data-live-results=\"thumbs\">\n\n\t<input\n\t\ttype=\"search\" \t\tplaceholder=\"Rechercher location mat\u00e9riel \u00e9v\u00e8nementiel \u00e0 Bo\u00ebsses\"\n\t\tvalue=\"\"\n\t\tname=\"s\"\n\t\tautocomplete=\"off\"\n\t\ttitle=\"Rechercher\u2026\"\n\t\taria-label=\"Rechercher\u2026\"\n\t\t\t>\n\n\t<div class=\"ct-search-form-controls\">\n\t\t\n\t\t<button type=\"submit\" class=\"wp-element-button\" data-button=\"outside:icon\" aria-label=\"Bouton de recherche\" style=\"--theme-button-text-initial-color:var(--wp--preset--color--palette-color-8);--theme-button-background-initial-color:var(--wp--preset--color--palette-color-1);\">\n\t\t\t<svg class=\"ct-icon ct-search-button-content\" aria-hidden=\"true\" width=\"15\" height=\"15\" viewBox=\"0 0 15 15\"><path d=\"M14.8,13.7L12,11c0.9-1.2,1.5-2.6,1.5-4.2c0-3.7-3-6.8-6.8-6.8S0,3,0,6.8s3,6.8,6.8,6.8c1.6,0,3.1-0.6,4.2-1.5l2.8,2.8c0.1,0.1,0.3,0.2,0.5,0.2s0.4-0.1,0.5-0.2C15.1,14.5,15.1,14,14.8,13.7z M1.5,6.8c0-2.9,2.4-5.2,5.2-5.2S12,3.9,12,6.8S9.6,12,6.8,12S1.5,9.6,1.5,6.8z\"\/><\/svg>\n\t\t\t<span class=\"ct-ajax-loader\">\n\t\t\t\t<svg viewBox=\"0 0 24 24\">\n\t\t\t\t\t<circle cx=\"12\" cy=\"12\" r=\"10\" opacity=\"0.2\" fill=\"none\" stroke=\"currentColor\" stroke-miterlimit=\"10\" stroke-width=\"2\"\/>\n\n\t\t\t\t\t<path d=\"m12,2c5.52,0,10,4.48,10,10\" fill=\"none\" stroke=\"currentColor\" stroke-linecap=\"round\" stroke-miterlimit=\"10\" stroke-width=\"2\">\n\t\t\t\t\t\t<animateTransform\n\t\t\t\t\t\t\tattributeName=\"transform\"\n\t\t\t\t\t\t\tattributeType=\"XML\"\n\t\t\t\t\t\t\ttype=\"rotate\"\n\t\t\t\t\t\t\tdur=\"0.6s\"\n\t\t\t\t\t\t\tfrom=\"0 12 12\"\n\t\t\t\t\t\t\tto=\"360 12 12\"\n\t\t\t\t\t\t\trepeatCount=\"indefinite\"\n\t\t\t\t\t\t\/>\n\t\t\t\t\t<\/path>\n\t\t\t\t<\/svg>\n\t\t\t<\/span>\n\t\t<\/button>\n\n\t\t\t\t\t<input type=\"hidden\" name=\"post_type\" value=\"product\">\n\t\t\n\t\t\n\t\t\n\n\t\t\t<\/div>\n\n\t\t\t<div class=\"screen-reader-text\" aria-live=\"polite\" role=\"status\">\n\t\t\tAucun r\u00e9sultat\t\t<\/div>\n\t\n<\/form>\n\n\n<\/div>\n<\/div>\n<\/div>\n<\/div>\n<\/div>\n\n\n\n<div class=\"wp-block-group alignfull has-white-background-color has-background is-layout-constrained wp-block-group-is-layout-constrained\" style=\"padding-top:7rem;padding-bottom:7rem\">\n<div class=\"wp-block-columns are-vertically-aligned-center is-layout-flex wp-container-core-columns-is-layout-66fad18a wp-block-columns-is-layout-flex\">\n<div class=\"wp-block-column is-vertically-aligned-center is-layout-flow wp-block-column-is-layout-flow\" style=\"flex-basis:50%\">\n<h2 class=\"wp-block-heading has-black-color has-text-color has-link-color wp-elements-53502e588c565a4885b6a0967536860b\" style=\"margin-bottom:20px;font-size:clamp(26.465px, 1.654rem + ((1vw - 3.2px) * 1.448), 45px);font-style:normal;font-weight:800;line-height:1.2\">Location de jeux \u00e0 Bo\u00ebsses<\/h2>\n\n\n\n<p class=\"has-black-color has-text-color has-link-color has-medium-font-size wp-elements-722004ad30b6ad5d44ba82b218aec248\" style=\"border-bottom-color:#0000001F;border-bottom-style:solid;border-bottom-width:1px;margin-bottom:40px;padding-bottom:40px\">\u00c0 Bo\u00ebsses, la location de jeux en bois, de <a href=\"https:\/\/www.latelierfestif.com\/locations\/categorie-produit\/animations\/jeux-de-kermesse\/\">jeux de kermesse<\/a> et de jeux d\u2019ext\u00e9rieur est une solution id\u00e9ale pour animer vos \u00e9v\u00e9nements avec convivialit\u00e9.<\/p>\n\n\n\n<p>Notre service met \u00e0 votre disposition une s\u00e9lection de jeux robustes et adapt\u00e9s \u00e0 tous les \u00e2ges, parfaits pour un anniversaire, une f\u00eate familiale, une kermesse ou une animation associative. <\/p>\n\n\n\n<p>Les jeux en bois apportent une <strong>ambiance traditionnelle et chaleureuse<\/strong>, tandis que les jeux de kermesse cr\u00e9ent un esprit de f\u00eate dynamique. Les jeux d\u2019ext\u00e9rieur trouvent naturellement leur place dans les espaces verts et lieux de rassemblement de Bo\u00ebsses, permettant de divertir petits et grands. <\/p>\n\n\n\n<p>Notre mat\u00e9riel est entretenu avec soin et con\u00e7u pour une installation simple et rapide. Gr\u00e2ce \u00e0 une offre flexible et un accompagnement professionnel, les habitants et organisateurs locaux peuvent cr\u00e9er des animations attractives et r\u00e9ussies sans contrainte logistique.<\/p>\n<\/div>\n\n\n\n<div class=\"wp-block-column is-vertically-aligned-center is-layout-flow wp-block-column-is-layout-flow\">\n<div class=\"wp-block-columns is-layout-flex wp-container-core-columns-is-layout-2709eace wp-block-columns-is-layout-flex\">\n<div class=\"wp-block-column is-vertically-aligned-stretch is-layout-flow wp-block-column-is-layout-flow\">\n<div class=\"wp-block-cover is-light has-custom-content-position is-position-bottom-center\" style=\"border-top-left-radius:5px;border-top-right-radius:5px;border-bottom-left-radius:5px;border-bottom-right-radius:5px;padding-top:20px;padding-right:20px;padding-bottom:20px;padding-left:20px;min-height:630px;aspect-ratio:unset;\"><img decoding=\"async\" width=\"900\" height=\"1159\" class=\"wp-block-cover__image-background wp-image-32346 size-full lazyload\" alt=\"\" data-src=\"https:\/\/www.latelierfestif.com\/locations\/wp-content\/uploads\/Jeu-en-Bois-Roll-up-geant.jpg\" data-object-fit=\"cover\" data-srcset=\"https:\/\/www.latelierfestif.com\/locations\/wp-content\/uploads\/Jeu-en-Bois-Roll-up-geant.jpg 900w, https:\/\/www.latelierfestif.com\/locations\/wp-content\/uploads\/Jeu-en-Bois-Roll-up-geant-600x773.jpg 600w, https:\/\/www.latelierfestif.com\/locations\/wp-content\/uploads\/Jeu-en-Bois-Roll-up-geant-768x989.jpg 768w\" data-sizes=\"auto, (max-width: 900px) 100vw, 900px\" src=\"data:image\/svg+xml;base64,PHN2ZyB3aWR0aD0iMSIgaGVpZ2h0PSIxIiB4bWxucz0iaHR0cDovL3d3dy53My5vcmcvMjAwMC9zdmciPjwvc3ZnPg==\" style=\"--smush-placeholder-width: 900px; --smush-placeholder-aspect-ratio: 900\/1159;\" \/><span aria-hidden=\"true\" class=\"wp-block-cover__background has-background-dim-0 has-background-dim\" style=\"background-color:#b19276\"><\/span><div class=\"wp-block-cover__inner-container is-layout-flow wp-block-cover-is-layout-flow\">\n<div class=\"wp-block-group has-white-background-color has-background is-layout-constrained wp-container-core-group-is-layout-bf816c8d wp-block-group-is-layout-constrained\" style=\"border-radius:10px;padding-top:20px;padding-right:20px;padding-bottom:20px;padding-left:20px\">\n<h2 class=\"wp-block-heading has-black-color has-text-color has-link-color wp-elements-2c822af902ee262eb447e3fcb833a3d5\" style=\"margin-top:0;font-size:clamp(14px, 0.875rem + ((1vw - 3.2px) * 0.156), 16px);\"><a href=\"https:\/\/www.latelierfestif.com\/locations\/categorie-produit\/animations\/jeux-en-bois\/\">Jeux en Bois<\/a><\/h2>\n<\/div>\n<\/div><\/div>\n<\/div>\n\n\n\n<div class=\"wp-block-column is-layout-flow wp-block-column-is-layout-flow\">\n<div class=\"wp-block-cover is-light has-custom-content-position is-position-bottom-center\" style=\"border-top-left-radius:5px;border-top-right-radius:5px;border-bottom-left-radius:5px;border-bottom-right-radius:5px;margin-bottom:30px;padding-top:20px;padding-right:20px;padding-bottom:20px;padding-left:20px;min-height:300px;aspect-ratio:unset;\"><img decoding=\"async\" width=\"900\" height=\"1159\" class=\"wp-block-cover__image-background wp-image-32310 size-full lazyload\" alt=\"\" data-src=\"https:\/\/www.latelierfestif.com\/locations\/wp-content\/uploads\/Jeu-Tir-Poule.jpg\" data-object-fit=\"cover\" data-srcset=\"https:\/\/www.latelierfestif.com\/locations\/wp-content\/uploads\/Jeu-Tir-Poule.jpg 900w, https:\/\/www.latelierfestif.com\/locations\/wp-content\/uploads\/Jeu-Tir-Poule-600x773.jpg 600w, https:\/\/www.latelierfestif.com\/locations\/wp-content\/uploads\/Jeu-Tir-Poule-768x989.jpg 768w\" data-sizes=\"auto, (max-width: 900px) 100vw, 900px\" src=\"data:image\/svg+xml;base64,PHN2ZyB3aWR0aD0iMSIgaGVpZ2h0PSIxIiB4bWxucz0iaHR0cDovL3d3dy53My5vcmcvMjAwMC9zdmciPjwvc3ZnPg==\" style=\"--smush-placeholder-width: 900px; --smush-placeholder-aspect-ratio: 900\/1159;\" \/><span aria-hidden=\"true\" class=\"wp-block-cover__background has-background-dim-0 has-background-dim\" style=\"background-color:#9f9a93\"><\/span><div class=\"wp-block-cover__inner-container is-layout-flow wp-block-cover-is-layout-flow\">\n<div class=\"wp-block-group has-white-background-color has-background is-layout-constrained wp-container-core-group-is-layout-bf816c8d wp-block-group-is-layout-constrained\" style=\"border-radius:10px;padding-top:20px;padding-right:20px;padding-bottom:20px;padding-left:20px\">\n<h2 class=\"wp-block-heading has-black-color has-text-color has-link-color wp-elements-dda98e825172c4c4ea9b10293fa12d2f\" style=\"margin-top:0;font-size:clamp(14px, 0.875rem + ((1vw - 3.2px) * 0.156), 16px);\"><a href=\"https:\/\/www.latelierfestif.com\/locations\/categorie-produit\/animations\/jeux-de-kermesse\/\">Tir \u00e0 la Poule<\/a><\/h2>\n<\/div>\n<\/div><\/div>\n\n\n\n<div class=\"wp-block-cover is-light has-custom-content-position is-position-bottom-center\" style=\"border-top-left-radius:5px;border-top-right-radius:5px;border-bottom-left-radius:5px;border-bottom-right-radius:5px;padding-top:20px;padding-right:20px;padding-bottom:20px;padding-left:20px;min-height:300px;aspect-ratio:unset;\"><img decoding=\"async\" width=\"900\" height=\"1159\" class=\"wp-block-cover__image-background wp-image-32169 size-full lazyload\" alt=\"\" data-src=\"https:\/\/www.latelierfestif.com\/locations\/wp-content\/uploads\/Location-Mikado-Geant.jpg\" data-object-fit=\"cover\" data-srcset=\"https:\/\/www.latelierfestif.com\/locations\/wp-content\/uploads\/Location-Mikado-Geant.jpg 900w, https:\/\/www.latelierfestif.com\/locations\/wp-content\/uploads\/Location-Mikado-Geant-600x773.jpg 600w, https:\/\/www.latelierfestif.com\/locations\/wp-content\/uploads\/Location-Mikado-Geant-768x989.jpg 768w\" data-sizes=\"auto, (max-width: 900px) 100vw, 900px\" src=\"data:image\/svg+xml;base64,PHN2ZyB3aWR0aD0iMSIgaGVpZ2h0PSIxIiB4bWxucz0iaHR0cDovL3d3dy53My5vcmcvMjAwMC9zdmciPjwvc3ZnPg==\" style=\"--smush-placeholder-width: 900px; --smush-placeholder-aspect-ratio: 900\/1159;\" \/><span aria-hidden=\"true\" class=\"wp-block-cover__background has-background-dim-0 has-background-dim\" style=\"background-color:#a38b7c\"><\/span><div class=\"wp-block-cover__inner-container is-layout-flow wp-block-cover-is-layout-flow\">\n<div class=\"wp-block-group has-white-background-color has-background is-layout-constrained wp-container-core-group-is-layout-bf816c8d wp-block-group-is-layout-constrained\" style=\"border-radius:10px;padding-top:20px;padding-right:20px;padding-bottom:20px;padding-left:20px\">\n<h2 class=\"wp-block-heading has-black-color has-text-color has-link-color wp-elements-7c179c7d19952037ba089fb73b8d125c\" style=\"margin-top:0;font-size:clamp(14px, 0.875rem + ((1vw - 3.2px) * 0.156), 16px);\"><a href=\"https:\/\/www.latelierfestif.com\/locations\/categorie-produit\/animations\/jeux-geants\/\">Mikado G\u00e9ant<\/a><\/h2>\n<\/div>\n<\/div><\/div>\n<\/div>\n<\/div>\n<\/div>\n<\/div>\n<\/div>\n\n\n\n<div class=\"wp-block-group alignfull has-white-background-color has-background is-layout-constrained wp-block-group-is-layout-constrained\" style=\"padding-top:7rem;padding-bottom:7rem\">\n<div class=\"wp-block-columns are-vertically-aligned-center is-layout-flex wp-container-core-columns-is-layout-66fad18a wp-block-columns-is-layout-flex\">\n<div class=\"wp-block-column is-vertically-aligned-center is-layout-flow wp-block-column-is-layout-flow\" style=\"flex-basis:50%\">\n<h2 class=\"wp-block-heading has-black-color has-text-color has-link-color wp-elements-7be7cea58e8cd6fd96025942b8d0b3f5\" style=\"margin-bottom:20px;font-size:clamp(26.465px, 1.654rem + ((1vw - 3.2px) * 1.448), 45px);font-style:normal;font-weight:800;line-height:1.2\">Location de machines de restauration \u00e0 Bo\u00ebsses<\/h2>\n\n\n\n<p class=\"has-black-color has-text-color has-link-color has-medium-font-size wp-elements-58cd940b8a1809d149d3b476054d9bf4\" style=\"border-bottom-color:#0000001F;border-bottom-style:solid;border-bottom-width:1px;margin-bottom:40px;padding-bottom:40px\">Notre service de location de machines de restauration \u00e0 Bo\u00ebsses permet d\u2019ajouter une dimension gourmande \u00e0 vos \u00e9v\u00e9nements.<\/p>\n\n\n\n<p>Nous proposons des <a href=\"https:\/\/www.latelierfestif.com\/locations\/categorie-produit\/materiel-de-restauration\/\">machines \u00e0 popcorn<\/a>, des appareils \u00e0 barbe \u00e0 papa, des machines \u00e0 hot dog et des cr\u00eapi\u00e8res, id\u00e9ales pour les f\u00eates de village, anniversaires, kermesses ou \u00e9v\u00e9nements associatifs. <\/p>\n\n\n\n<p>Chaque \u00e9quipement est entretenu r\u00e9guli\u00e8rement et livr\u00e9 avec les accessoires n\u00e9cessaires pour une utilisation simple et efficace. Dans une commune o\u00f9 les <strong>rassemblements conviviaux<\/strong> sont fr\u00e9quents, ces machines apportent une touche gourmande et festive tr\u00e8s appr\u00e9ci\u00e9e des invit\u00e9s. <\/p>\n\n\n\n<p>Notre service facilite l\u2019organisation de votre \u00e9v\u00e9nement en mettant \u00e0 disposition du mat\u00e9riel fiable, pr\u00eat \u00e0 l\u2019emploi et adapt\u00e9 \u00e0 toutes les tailles de manifestation. Vous pouvez ainsi cr\u00e9er un point de restauration attractif sans stress.<\/p>\n<\/div>\n\n\n\n<div class=\"wp-block-column is-vertically-aligned-center is-layout-flow wp-block-column-is-layout-flow\">\n<div class=\"wp-block-columns is-layout-flex wp-container-core-columns-is-layout-2709eace wp-block-columns-is-layout-flex\">\n<div class=\"wp-block-column is-vertically-aligned-stretch is-layout-flow wp-block-column-is-layout-flow\">\n<div class=\"wp-block-cover is-light has-custom-content-position is-position-bottom-center\" style=\"border-top-left-radius:5px;border-top-right-radius:5px;border-bottom-left-radius:5px;border-bottom-right-radius:5px;padding-top:20px;padding-right:20px;padding-bottom:20px;padding-left:20px;min-height:630px;aspect-ratio:unset;\"><img decoding=\"async\" width=\"800\" height=\"800\" class=\"wp-block-cover__image-background wp-image-33321 size-full lazyload\" alt=\"L'Atelier Festif Machine Barbe \u00e0 Papa Rouge\" data-src=\"https:\/\/www.latelierfestif.com\/locations\/wp-content\/uploads\/LAtelier-Festif-Machine-Barbe-a-Papa-Rouge.webp\" data-object-fit=\"cover\" data-srcset=\"https:\/\/www.latelierfestif.com\/locations\/wp-content\/uploads\/LAtelier-Festif-Machine-Barbe-a-Papa-Rouge.webp 800w, https:\/\/www.latelierfestif.com\/locations\/wp-content\/uploads\/LAtelier-Festif-Machine-Barbe-a-Papa-Rouge-300x300.webp 300w, https:\/\/www.latelierfestif.com\/locations\/wp-content\/uploads\/LAtelier-Festif-Machine-Barbe-a-Papa-Rouge-100x100.webp 100w, https:\/\/www.latelierfestif.com\/locations\/wp-content\/uploads\/LAtelier-Festif-Machine-Barbe-a-Papa-Rouge-600x600.webp 600w, https:\/\/www.latelierfestif.com\/locations\/wp-content\/uploads\/LAtelier-Festif-Machine-Barbe-a-Papa-Rouge-500x500.webp 500w, https:\/\/www.latelierfestif.com\/locations\/wp-content\/uploads\/LAtelier-Festif-Machine-Barbe-a-Papa-Rouge-768x768.webp 768w\" data-sizes=\"auto, (max-width: 800px) 100vw, 800px\" src=\"data:image\/svg+xml;base64,PHN2ZyB3aWR0aD0iMSIgaGVpZ2h0PSIxIiB4bWxucz0iaHR0cDovL3d3dy53My5vcmcvMjAwMC9zdmciPjwvc3ZnPg==\" style=\"--smush-placeholder-width: 800px; --smush-placeholder-aspect-ratio: 800\/800;\" \/><span aria-hidden=\"true\" class=\"wp-block-cover__background has-background-dim-0 has-background-dim\" style=\"background-color:#eee8e8\"><\/span><div class=\"wp-block-cover__inner-container is-layout-flow wp-block-cover-is-layout-flow\">\n<div class=\"wp-block-group has-white-background-color has-background is-layout-constrained wp-container-core-group-is-layout-bf816c8d wp-block-group-is-layout-constrained\" style=\"border-radius:10px;padding-top:20px;padding-right:20px;padding-bottom:20px;padding-left:20px\">\n<h2 class=\"wp-block-heading has-black-color has-text-color has-link-color wp-elements-96562451b7344504d05447d4857c1e3a\" style=\"margin-top:0;font-size:clamp(14px, 0.875rem + ((1vw - 3.2px) * 0.156), 16px);\"><a href=\"https:\/\/www.latelierfestif.com\/locations\/produit\/machine-barbe-a-papa-rouge\/\">Barbe \u00e0 Papa<\/a><\/h2>\n<\/div>\n<\/div><\/div>\n<\/div>\n\n\n\n<div class=\"wp-block-column is-layout-flow wp-block-column-is-layout-flow\">\n<div class=\"wp-block-cover is-light has-custom-content-position is-position-bottom-center\" style=\"border-top-left-radius:5px;border-top-right-radius:5px;border-bottom-left-radius:5px;border-bottom-right-radius:5px;margin-bottom:30px;padding-top:20px;padding-right:20px;padding-bottom:20px;padding-left:20px;min-height:300px;aspect-ratio:unset;\"><img decoding=\"async\" width=\"800\" height=\"800\" class=\"wp-block-cover__image-background wp-image-33344 size-full lazyload\" alt=\"Machine Pop Corn Personnalisation Hard Rock Caf\u00e9\" data-src=\"https:\/\/www.latelierfestif.com\/locations\/wp-content\/uploads\/Machine-Pop-Corn-Personnalisation-Hard-Rock-Cafe.webp\" data-object-fit=\"cover\" data-srcset=\"https:\/\/www.latelierfestif.com\/locations\/wp-content\/uploads\/Machine-Pop-Corn-Personnalisation-Hard-Rock-Cafe.webp 800w, https:\/\/www.latelierfestif.com\/locations\/wp-content\/uploads\/Machine-Pop-Corn-Personnalisation-Hard-Rock-Cafe-300x300.webp 300w, https:\/\/www.latelierfestif.com\/locations\/wp-content\/uploads\/Machine-Pop-Corn-Personnalisation-Hard-Rock-Cafe-100x100.webp 100w, https:\/\/www.latelierfestif.com\/locations\/wp-content\/uploads\/Machine-Pop-Corn-Personnalisation-Hard-Rock-Cafe-600x600.webp 600w, https:\/\/www.latelierfestif.com\/locations\/wp-content\/uploads\/Machine-Pop-Corn-Personnalisation-Hard-Rock-Cafe-500x500.webp 500w, https:\/\/www.latelierfestif.com\/locations\/wp-content\/uploads\/Machine-Pop-Corn-Personnalisation-Hard-Rock-Cafe-768x768.webp 768w\" data-sizes=\"auto, (max-width: 800px) 100vw, 800px\" src=\"data:image\/svg+xml;base64,PHN2ZyB3aWR0aD0iMSIgaGVpZ2h0PSIxIiB4bWxucz0iaHR0cDovL3d3dy53My5vcmcvMjAwMC9zdmciPjwvc3ZnPg==\" style=\"--smush-placeholder-width: 800px; --smush-placeholder-aspect-ratio: 800\/800;\" \/><span aria-hidden=\"true\" class=\"wp-block-cover__background has-background-dim-0 has-background-dim\" style=\"background-color:#9c7e7c\"><\/span><div class=\"wp-block-cover__inner-container is-layout-flow wp-block-cover-is-layout-flow\">\n<div class=\"wp-block-group has-white-background-color has-background is-layout-constrained wp-container-core-group-is-layout-bf816c8d wp-block-group-is-layout-constrained\" style=\"border-radius:10px;padding-top:20px;padding-right:20px;padding-bottom:20px;padding-left:20px\">\n<h2 class=\"wp-block-heading has-black-color has-text-color has-link-color wp-elements-b8515794309235c193721f345ca6aa3e\" style=\"margin-top:0;font-size:clamp(14px, 0.875rem + ((1vw - 3.2px) * 0.156), 16px);\"><a href=\"https:\/\/www.latelierfestif.com\/locations\/produit\/machine-a-popcorn\/\">Pop Corn<\/a><\/h2>\n<\/div>\n<\/div><\/div>\n\n\n\n<div class=\"wp-block-cover has-custom-content-position is-position-bottom-center\" style=\"border-top-left-radius:5px;border-top-right-radius:5px;border-bottom-left-radius:5px;border-bottom-right-radius:5px;padding-top:20px;padding-right:20px;padding-bottom:20px;padding-left:20px;min-height:300px;aspect-ratio:unset;\"><img decoding=\"async\" width=\"800\" height=\"800\" class=\"wp-block-cover__image-background wp-image-33372 size-full lazyload\" alt=\"Cr\u00eapi\u00e8re \u00c9lectrique F\u00eate location\" data-src=\"https:\/\/www.latelierfestif.com\/locations\/wp-content\/uploads\/Crepiere-Electrique-Evenement_latelier_festif.webp\" data-object-fit=\"cover\" data-srcset=\"https:\/\/www.latelierfestif.com\/locations\/wp-content\/uploads\/Crepiere-Electrique-Evenement_latelier_festif.webp 800w, https:\/\/www.latelierfestif.com\/locations\/wp-content\/uploads\/Crepiere-Electrique-Evenement_latelier_festif-768x768.webp 768w, https:\/\/www.latelierfestif.com\/locations\/wp-content\/uploads\/Crepiere-Electrique-Evenement_latelier_festif-500x500.webp 500w, https:\/\/www.latelierfestif.com\/locations\/wp-content\/uploads\/Crepiere-Electrique-Evenement_latelier_festif-300x300.webp 300w, https:\/\/www.latelierfestif.com\/locations\/wp-content\/uploads\/Crepiere-Electrique-Evenement_latelier_festif-600x600.webp 600w, https:\/\/www.latelierfestif.com\/locations\/wp-content\/uploads\/Crepiere-Electrique-Evenement_latelier_festif-100x100.webp 100w\" data-sizes=\"auto, (max-width: 800px) 100vw, 800px\" src=\"data:image\/svg+xml;base64,PHN2ZyB3aWR0aD0iMSIgaGVpZ2h0PSIxIiB4bWxucz0iaHR0cDovL3d3dy53My5vcmcvMjAwMC9zdmciPjwvc3ZnPg==\" style=\"--smush-placeholder-width: 800px; --smush-placeholder-aspect-ratio: 800\/800;\" \/><span aria-hidden=\"true\" class=\"wp-block-cover__background has-background-dim-0 has-background-dim\" style=\"background-color:#8a706c\"><\/span><div class=\"wp-block-cover__inner-container is-layout-flow wp-block-cover-is-layout-flow\">\n<div class=\"wp-block-group has-white-background-color has-background is-layout-constrained wp-container-core-group-is-layout-bf816c8d wp-block-group-is-layout-constrained\" style=\"border-radius:10px;padding-top:20px;padding-right:20px;padding-bottom:20px;padding-left:20px\">\n<h2 class=\"wp-block-heading has-black-color has-text-color has-link-color wp-elements-dacdb9c276f4137c3a7f7058d770c2b0\" style=\"margin-top:0;font-size:clamp(14px, 0.875rem + ((1vw - 3.2px) * 0.156), 16px);\"><a href=\"https:\/\/www.latelierfestif.com\/locations\/produit\/crepiere-electrique\/\">Cr\u00eapi\u00e8re<\/a><\/h2>\n<\/div>\n<\/div><\/div>\n<\/div>\n<\/div>\n<\/div>\n<\/div>\n<\/div>\n\n\n\n<div class=\"wp-block-group alignfull has-white-background-color has-background is-layout-constrained wp-block-group-is-layout-constrained\" style=\"padding-top:7rem;padding-bottom:7rem\">\n<div class=\"wp-block-columns are-vertically-aligned-center is-layout-flex wp-container-core-columns-is-layout-66fad18a wp-block-columns-is-layout-flex\">\n<div class=\"wp-block-column is-vertically-aligned-center is-layout-flow wp-block-column-is-layout-flow\">\n<h2 class=\"wp-block-heading has-black-color has-text-color has-link-color wp-elements-806ea94f091b0bc86d8b4b86c316d13a\" style=\"margin-bottom:20px;font-size:clamp(26.465px, 1.654rem + ((1vw - 3.2px) * 1.448), 45px);font-style:normal;font-weight:800;line-height:1.2\">Location de d\u00e9coration et mobilier \u00e0 Bo\u00ebsses<\/h2>\n\n\n\n<p class=\"has-black-color has-text-color has-link-color has-medium-font-size wp-elements-a7e7ef1880e566a35df88062190ba9b7\" style=\"border-bottom-color:#0000001f;border-bottom-style:solid;border-bottom-width:1px;margin-bottom:40px;padding-bottom:40px\">\u00c0 Bo\u00ebsses, notre service de location de d\u00e9coration et mobilier vous aide \u00e0 am\u00e9nager et embellir vos \u00e9v\u00e9nements.<\/p>\n\n\n\n<p>Nous proposons des backdrops pour structurer vos espaces, des tables en bois pour une ambiance chaleureuse, des <strong>mange-debout et tables pliables<\/strong> pour toutes configurations, ainsi que des \u00e9l\u00e9ments d\u2019\u00e9clairage et de d\u00e9coration pour cr\u00e9er une atmosph\u00e8re harmonieuse. <\/p>\n\n\n\n<p>Que votre \u00e9v\u00e9nement se d\u00e9roule en int\u00e9rieur ou en ext\u00e9rieur, notre mat\u00e9riel s\u2019adapte aux lieux disponibles dans la commune. <a href=\"https:\/\/www.latelierfestif.com\/locations\/event\/mariage\/\">Mariages<\/a>, anniversaires, f\u00eates familiales ou animations associatives, notre service vous offre une solution compl\u00e8te, pratique et esth\u00e9tique pour valoriser vos espaces et faciliter l\u2019organisation de votre \u00e9v\u00e9nement.<\/p>\n<\/div>\n\n\n\n<div class=\"wp-block-column is-vertically-aligned-center is-layout-flow wp-block-column-is-layout-flow\" style=\"flex-basis:45%\">\n<div class=\"wp-block-group alignfull has-white-background-color has-background is-layout-constrained wp-block-group-is-layout-constrained\" style=\"padding-top:7rem;padding-bottom:7rem\">\n<div class=\"wp-block-columns are-vertically-aligned-center is-layout-flex wp-container-core-columns-is-layout-66fad18a wp-block-columns-is-layout-flex\">\n<div class=\"wp-block-column is-vertically-aligned-center is-layout-flow wp-block-column-is-layout-flow\">\n<div class=\"wp-block-columns is-layout-flex wp-container-core-columns-is-layout-2709eace wp-block-columns-is-layout-flex\">\n<div class=\"wp-block-column is-vertically-aligned-stretch is-layout-flow wp-block-column-is-layout-flow\">\n<div class=\"wp-block-cover is-light has-custom-content-position is-position-bottom-center\" style=\"border-radius:20px;padding-top:20px;padding-right:20px;padding-bottom:20px;padding-left:20px;min-height:630px;aspect-ratio:unset;\"><img decoding=\"async\" width=\"900\" height=\"1159\" class=\"wp-block-cover__image-background wp-image-32284 size-full lazyload\" alt=\"\" data-src=\"https:\/\/www.latelierfestif.com\/locations\/wp-content\/uploads\/Location-Table-Basse-Bois.jpg\" data-object-fit=\"cover\" data-srcset=\"https:\/\/www.latelierfestif.com\/locations\/wp-content\/uploads\/Location-Table-Basse-Bois.jpg 900w, https:\/\/www.latelierfestif.com\/locations\/wp-content\/uploads\/Location-Table-Basse-Bois-600x773.jpg 600w, https:\/\/www.latelierfestif.com\/locations\/wp-content\/uploads\/Location-Table-Basse-Bois-768x989.jpg 768w\" data-sizes=\"auto, (max-width: 900px) 100vw, 900px\" src=\"data:image\/svg+xml;base64,PHN2ZyB3aWR0aD0iMSIgaGVpZ2h0PSIxIiB4bWxucz0iaHR0cDovL3d3dy53My5vcmcvMjAwMC9zdmciPjwvc3ZnPg==\" style=\"--smush-placeholder-width: 900px; --smush-placeholder-aspect-ratio: 900\/1159;\" \/><span aria-hidden=\"true\" class=\"wp-block-cover__background has-background-dim-0 has-background-dim\" style=\"background-color:#9a8b7a\"><\/span><div class=\"wp-block-cover__inner-container is-layout-flow wp-block-cover-is-layout-flow\">\n<div class=\"wp-block-group has-white-background-color has-background is-layout-constrained wp-container-core-group-is-layout-bf816c8d wp-block-group-is-layout-constrained\" style=\"border-radius:10px;padding-top:20px;padding-right:20px;padding-bottom:20px;padding-left:20px\">\n<h2 class=\"wp-block-heading has-black-color has-text-color has-link-color wp-elements-e52125bfd1d55934d725251c5e91e5fc\" style=\"margin-top:0;font-size:clamp(14px, 0.875rem + ((1vw - 3.2px) * 0.156), 16px);\">Table Champ\u00eatre<\/h2>\n<\/div>\n<\/div><\/div>\n<\/div>\n\n\n\n<div class=\"wp-block-column is-layout-flow wp-block-column-is-layout-flow\">\n<div class=\"wp-block-cover is-light has-custom-content-position is-position-bottom-center\" style=\"border-radius:20px;margin-bottom:30px;padding-top:20px;padding-right:20px;padding-bottom:20px;padding-left:20px;min-height:300px;aspect-ratio:unset;\"><img decoding=\"async\" width=\"900\" height=\"1159\" class=\"wp-block-cover__image-background wp-image-32433 size-full lazyload\" alt=\"\" data-src=\"https:\/\/www.latelierfestif.com\/locations\/wp-content\/uploads\/Location-Arche-en-Bois-Mariage.jpg\" data-object-fit=\"cover\" data-srcset=\"https:\/\/www.latelierfestif.com\/locations\/wp-content\/uploads\/Location-Arche-en-Bois-Mariage.jpg 900w, https:\/\/www.latelierfestif.com\/locations\/wp-content\/uploads\/Location-Arche-en-Bois-Mariage-600x773.jpg 600w, https:\/\/www.latelierfestif.com\/locations\/wp-content\/uploads\/Location-Arche-en-Bois-Mariage-768x989.jpg 768w\" data-sizes=\"auto, (max-width: 900px) 100vw, 900px\" src=\"data:image\/svg+xml;base64,PHN2ZyB3aWR0aD0iMSIgaGVpZ2h0PSIxIiB4bWxucz0iaHR0cDovL3d3dy53My5vcmcvMjAwMC9zdmciPjwvc3ZnPg==\" style=\"--smush-placeholder-width: 900px; --smush-placeholder-aspect-ratio: 900\/1159;\" \/><span aria-hidden=\"true\" class=\"wp-block-cover__background has-background-dim-0 has-background-dim\" style=\"background-color:#b18e7a\"><\/span><div class=\"wp-block-cover__inner-container is-layout-flow wp-block-cover-is-layout-flow\">\n<div class=\"wp-block-group has-white-background-color has-background is-layout-constrained wp-container-core-group-is-layout-bf816c8d wp-block-group-is-layout-constrained\" style=\"border-radius:10px;padding-top:20px;padding-right:20px;padding-bottom:20px;padding-left:20px\">\n<h2 class=\"wp-block-heading has-black-color has-text-color has-link-color wp-elements-c96f8adc1e6c84030b63fa8cb6e5534e\" style=\"margin-top:0;font-size:clamp(14px, 0.875rem + ((1vw - 3.2px) * 0.156), 16px);\">Arches<\/h2>\n<\/div>\n<\/div><\/div>\n\n\n\n<div class=\"wp-block-cover is-light has-custom-content-position is-position-bottom-center\" style=\"border-radius:20px;padding-top:20px;padding-right:20px;padding-bottom:20px;padding-left:20px;min-height:300px;aspect-ratio:unset;\"><img decoding=\"async\" width=\"900\" height=\"1159\" class=\"wp-block-cover__image-background wp-image-32277 size-full lazyload\" alt=\"\" data-src=\"https:\/\/www.latelierfestif.com\/locations\/wp-content\/uploads\/Coussin-Location-Concert.jpg\" data-object-fit=\"cover\" data-srcset=\"https:\/\/www.latelierfestif.com\/locations\/wp-content\/uploads\/Coussin-Location-Concert.jpg 900w, https:\/\/www.latelierfestif.com\/locations\/wp-content\/uploads\/Coussin-Location-Concert-600x773.jpg 600w, https:\/\/www.latelierfestif.com\/locations\/wp-content\/uploads\/Coussin-Location-Concert-768x989.jpg 768w\" data-sizes=\"auto, (max-width: 900px) 100vw, 900px\" src=\"data:image\/svg+xml;base64,PHN2ZyB3aWR0aD0iMSIgaGVpZ2h0PSIxIiB4bWxucz0iaHR0cDovL3d3dy53My5vcmcvMjAwMC9zdmciPjwvc3ZnPg==\" style=\"--smush-placeholder-width: 900px; --smush-placeholder-aspect-ratio: 900\/1159;\" \/><span aria-hidden=\"true\" class=\"wp-block-cover__background has-background-dim-0 has-background-dim\" style=\"background-color:#988d83\"><\/span><div class=\"wp-block-cover__inner-container is-layout-flow wp-block-cover-is-layout-flow\">\n<div class=\"wp-block-group has-white-background-color has-background is-layout-constrained wp-container-core-group-is-layout-bf816c8d wp-block-group-is-layout-constrained\" style=\"border-radius:10px;padding-top:20px;padding-right:20px;padding-bottom:20px;padding-left:20px\">\n<h2 class=\"wp-block-heading has-black-color has-text-color has-link-color wp-elements-2fb30951423696e564fc36fef04446c3\" style=\"margin-top:0;font-size:clamp(14px, 0.875rem + ((1vw - 3.2px) * 0.156), 16px);\">Coussins<\/h2>\n<\/div>\n<\/div><\/div>\n<\/div>\n<\/div>\n<\/div>\n<\/div>\n<\/div>\n<\/div>\n<\/div>\n<\/div>\n\n\n\n<h3 class=\"wp-block-heading has-text-align-center\">Vos \u00e9v\u00e8nements \u00e0 Bo\u00ebsses avec L&rsquo;Atelier Festif<\/h3>\n\n\n\n<p>Bo\u00ebsses, commune du Loiret, se caract\u00e9rise par son cadre paisible, ses espaces naturels et son ambiance conviviale, id\u00e9ale pour organiser toutes sortes d\u2019\u00e9v\u00e9nements. Les jardins, parcs et salles communales permettent de <strong>recevoir f\u00eates familiales<\/strong>, rassemblements associatifs ou c\u00e9l\u00e9brations priv\u00e9es dans un cadre agr\u00e9able. <\/p>\n\n\n\n<p>Nos services de location de jeux, machines de restauration, d\u00e9coration et mobilier s\u2019int\u00e8grent parfaitement \u00e0 ce contexte. Nous accompagnons les habitants de Bo\u00ebsses pour cr\u00e9er des \u00e9v\u00e9nements r\u00e9ussis, avec du mat\u00e9riel fiable, facile \u00e0 installer et esth\u00e9tique. Que votre projet soit intime ou plus ambitieux, notre objectif est de vous offrir une solution compl\u00e8te pour divertir vos invit\u00e9s et valoriser vos espaces tout en simplifiant l\u2019organisation.<\/p>\n\n\n\n<div data-id=\"d27d7623\" class=\"wp-block-blocksy-tax-query\" style=\"padding-top:var(--wp--preset--spacing--60);padding-right:var(--wp--preset--spacing--60);padding-bottom:var(--wp--preset--spacing--60);padding-left:var(--wp--preset--spacing--60)\"><div class=\"ct-query-template-grid\"><div class=\"wp-block-term is-layout-flow\">\n\n<div class=\"wp-block-columns are-vertically-aligned-center has-palette-color-6-background-color has-background is-layout-flex wp-container-core-columns-is-layout-28f84493 wp-block-columns-is-layout-flex\" style=\"border-top-left-radius:5px;border-top-right-radius:5px;border-bottom-left-radius:5px;border-bottom-right-radius:5px\">\n<div class=\"wp-block-column is-vertically-aligned-center is-layout-constrained wp-block-column-is-layout-constrained\" style=\"flex-basis:66.66%\"><span style=\"margin-bottom:0px;\" class=\"ct-dynamic-data wp-elements-771fba39d22a08f5df92170bd67152b0\">Location <a href=\"https:\/\/www.latelierfestif.com\/locations\/event\/bapteme\/\">Bapt\u00eame<\/a> \u00e0 Bo\u00ebsses<\/span><\/div>\n<\/div>\n\n<\/div><div class=\"wp-block-term is-layout-flow\">\n\n<div class=\"wp-block-columns are-vertically-aligned-center has-palette-color-6-background-color has-background is-layout-flex wp-container-core-columns-is-layout-28f84493 wp-block-columns-is-layout-flex\" style=\"border-top-left-radius:5px;border-top-right-radius:5px;border-bottom-left-radius:5px;border-bottom-right-radius:5px\">\n<div class=\"wp-block-column is-vertically-aligned-center is-layout-constrained wp-block-column-is-layout-constrained\" style=\"flex-basis:66.66%\"><span style=\"margin-bottom:0px;\" class=\"ct-dynamic-data wp-elements-771fba39d22a08f5df92170bd67152b0\">Location <a href=\"https:\/\/www.latelierfestif.com\/locations\/event\/fiancailles\/\">Fian\u00e7ailles<\/a> \u00e0 Bo\u00ebsses<\/span><\/div>\n<\/div>\n\n<\/div><div class=\"wp-block-term is-layout-flow\">\n\n<div class=\"wp-block-columns are-vertically-aligned-center has-palette-color-6-background-color has-background is-layout-flex wp-container-core-columns-is-layout-28f84493 wp-block-columns-is-layout-flex\" style=\"border-top-left-radius:5px;border-top-right-radius:5px;border-bottom-left-radius:5px;border-bottom-right-radius:5px\">\n<div class=\"wp-block-column is-vertically-aligned-center is-layout-constrained wp-block-column-is-layout-constrained\" style=\"flex-basis:66.66%\"><span style=\"margin-bottom:0px;\" class=\"ct-dynamic-data wp-elements-771fba39d22a08f5df92170bd67152b0\">Location <a href=\"https:\/\/www.latelierfestif.com\/locations\/event\/welcome-baby\/\">Welcome baby<\/a> \u00e0 Bo\u00ebsses<\/span><\/div>\n<\/div>\n\n<\/div><div class=\"wp-block-term is-layout-flow\">\n\n<div class=\"wp-block-columns are-vertically-aligned-center has-palette-color-6-background-color has-background is-layout-flex wp-container-core-columns-is-layout-28f84493 wp-block-columns-is-layout-flex\" style=\"border-top-left-radius:5px;border-top-right-radius:5px;border-bottom-left-radius:5px;border-bottom-right-radius:5px\">\n<div class=\"wp-block-column is-vertically-aligned-center is-layout-constrained wp-block-column-is-layout-constrained\" style=\"flex-basis:66.66%\"><span style=\"margin-bottom:0px;\" class=\"ct-dynamic-data wp-elements-771fba39d22a08f5df92170bd67152b0\">Location <a href=\"https:\/\/www.latelierfestif.com\/locations\/event\/gender-reveal\/\">Gender reveal<\/a> \u00e0 Bo\u00ebsses<\/span><\/div>\n<\/div>\n\n<\/div><div class=\"wp-block-term is-layout-flow\">\n\n<div class=\"wp-block-columns are-vertically-aligned-center has-palette-color-6-background-color has-background is-layout-flex wp-container-core-columns-is-layout-28f84493 wp-block-columns-is-layout-flex\" style=\"border-top-left-radius:5px;border-top-right-radius:5px;border-bottom-left-radius:5px;border-bottom-right-radius:5px\">\n<div class=\"wp-block-column is-vertically-aligned-center is-layout-constrained wp-block-column-is-layout-constrained\" style=\"flex-basis:66.66%\"><span style=\"margin-bottom:0px;\" class=\"ct-dynamic-data wp-elements-771fba39d22a08f5df92170bd67152b0\">Location <a href=\"https:\/\/www.latelierfestif.com\/locations\/event\/anniversaire-enfant\/\">Anniversaire enfant<\/a> \u00e0 Bo\u00ebsses<\/span><\/div>\n<\/div>\n\n<\/div><div class=\"wp-block-term is-layout-flow\">\n\n<div class=\"wp-block-columns are-vertically-aligned-center has-palette-color-6-background-color has-background is-layout-flex wp-container-core-columns-is-layout-28f84493 wp-block-columns-is-layout-flex\" style=\"border-top-left-radius:5px;border-top-right-radius:5px;border-bottom-left-radius:5px;border-bottom-right-radius:5px\">\n<div class=\"wp-block-column is-vertically-aligned-center is-layout-constrained wp-block-column-is-layout-constrained\" style=\"flex-basis:66.66%\"><span style=\"margin-bottom:0px;\" class=\"ct-dynamic-data wp-elements-771fba39d22a08f5df92170bd67152b0\">Location <a href=\"https:\/\/www.latelierfestif.com\/locations\/event\/epiphanie\/\">\u00c9piphanie<\/a> \u00e0 Bo\u00ebsses<\/span><\/div>\n<\/div>\n\n<\/div><div class=\"wp-block-term is-layout-flow\">\n\n<div class=\"wp-block-columns are-vertically-aligned-center has-palette-color-6-background-color has-background is-layout-flex wp-container-core-columns-is-layout-28f84493 wp-block-columns-is-layout-flex\" style=\"border-top-left-radius:5px;border-top-right-radius:5px;border-bottom-left-radius:5px;border-bottom-right-radius:5px\">\n<div class=\"wp-block-column is-vertically-aligned-center is-layout-constrained wp-block-column-is-layout-constrained\" style=\"flex-basis:66.66%\"><span style=\"margin-bottom:0px;\" class=\"ct-dynamic-data wp-elements-771fba39d22a08f5df92170bd67152b0\">Location <a href=\"https:\/\/www.latelierfestif.com\/locations\/event\/jeu-en-bois\/\">jeu en bois<\/a> \u00e0 Bo\u00ebsses<\/span><\/div>\n<\/div>\n\n<\/div><div class=\"wp-block-term is-layout-flow\">\n\n<div class=\"wp-block-columns are-vertically-aligned-center has-palette-color-6-background-color has-background is-layout-flex wp-container-core-columns-is-layout-28f84493 wp-block-columns-is-layout-flex\" style=\"border-top-left-radius:5px;border-top-right-radius:5px;border-bottom-left-radius:5px;border-bottom-right-radius:5px\">\n<div class=\"wp-block-column is-vertically-aligned-center is-layout-constrained wp-block-column-is-layout-constrained\" style=\"flex-basis:66.66%\"><span style=\"margin-bottom:0px;\" class=\"ct-dynamic-data wp-elements-771fba39d22a08f5df92170bd67152b0\">Location <a href=\"https:\/\/www.latelierfestif.com\/locations\/event\/retraite\/\">Retraite<\/a> \u00e0 Bo\u00ebsses<\/span><\/div>\n<\/div>\n\n<\/div><div class=\"wp-block-term is-layout-flow\">\n\n<div class=\"wp-block-columns are-vertically-aligned-center has-palette-color-6-background-color has-background is-layout-flex wp-container-core-columns-is-layout-28f84493 wp-block-columns-is-layout-flex\" style=\"border-top-left-radius:5px;border-top-right-radius:5px;border-bottom-left-radius:5px;border-bottom-right-radius:5px\">\n<div class=\"wp-block-column is-vertically-aligned-center is-layout-constrained wp-block-column-is-layout-constrained\" style=\"flex-basis:66.66%\"><span style=\"margin-bottom:0px;\" class=\"ct-dynamic-data wp-elements-771fba39d22a08f5df92170bd67152b0\">Location <a href=\"https:\/\/www.latelierfestif.com\/locations\/event\/mariage\/\">Mariage<\/a> \u00e0 Bo\u00ebsses<\/span><\/div>\n<\/div>\n\n<\/div><div class=\"wp-block-term is-layout-flow\">\n\n<div class=\"wp-block-columns are-vertically-aligned-center has-palette-color-6-background-color has-background is-layout-flex wp-container-core-columns-is-layout-28f84493 wp-block-columns-is-layout-flex\" style=\"border-top-left-radius:5px;border-top-right-radius:5px;border-bottom-left-radius:5px;border-bottom-right-radius:5px\">\n<div class=\"wp-block-column is-vertically-aligned-center is-layout-constrained wp-block-column-is-layout-constrained\" style=\"flex-basis:66.66%\"><span style=\"margin-bottom:0px;\" class=\"ct-dynamic-data wp-elements-771fba39d22a08f5df92170bd67152b0\">Location <a href=\"https:\/\/www.latelierfestif.com\/locations\/event\/bar-mitzvah\/\">Bar Mitzvah<\/a> \u00e0 Bo\u00ebsses<\/span><\/div>\n<\/div>\n\n<\/div><div class=\"wp-block-term is-layout-flow\">\n\n<div class=\"wp-block-columns are-vertically-aligned-center has-palette-color-6-background-color has-background is-layout-flex wp-container-core-columns-is-layout-28f84493 wp-block-columns-is-layout-flex\" style=\"border-top-left-radius:5px;border-top-right-radius:5px;border-bottom-left-radius:5px;border-bottom-right-radius:5px\">\n<div class=\"wp-block-column is-vertically-aligned-center is-layout-constrained wp-block-column-is-layout-constrained\" style=\"flex-basis:66.66%\"><span style=\"margin-bottom:0px;\" class=\"ct-dynamic-data wp-elements-771fba39d22a08f5df92170bd67152b0\">Location <a href=\"https:\/\/www.latelierfestif.com\/locations\/event\/animation-mariage\/\">animation mariage<\/a> \u00e0 Bo\u00ebsses<\/span><\/div>\n<\/div>\n\n<\/div><div class=\"wp-block-term is-layout-flow\">\n\n<div class=\"wp-block-columns are-vertically-aligned-center has-palette-color-6-background-color has-background is-layout-flex wp-container-core-columns-is-layout-28f84493 wp-block-columns-is-layout-flex\" style=\"border-top-left-radius:5px;border-top-right-radius:5px;border-bottom-left-radius:5px;border-bottom-right-radius:5px\">\n<div class=\"wp-block-column is-vertically-aligned-center is-layout-constrained wp-block-column-is-layout-constrained\" style=\"flex-basis:66.66%\"><span style=\"margin-bottom:0px;\" class=\"ct-dynamic-data wp-elements-771fba39d22a08f5df92170bd67152b0\">Location <a href=\"https:\/\/www.latelierfestif.com\/locations\/event\/location-jeu-enfant\/\">location jeu enfant<\/a> \u00e0 Bo\u00ebsses<\/span><\/div>\n<\/div>\n\n<\/div><div class=\"wp-block-term is-layout-flow\">\n\n<div class=\"wp-block-columns are-vertically-aligned-center has-palette-color-6-background-color has-background is-layout-flex wp-container-core-columns-is-layout-28f84493 wp-block-columns-is-layout-flex\" style=\"border-top-left-radius:5px;border-top-right-radius:5px;border-bottom-left-radius:5px;border-bottom-right-radius:5px\">\n<div class=\"wp-block-column is-vertically-aligned-center is-layout-constrained wp-block-column-is-layout-constrained\" style=\"flex-basis:66.66%\"><span style=\"margin-bottom:0px;\" class=\"ct-dynamic-data wp-elements-771fba39d22a08f5df92170bd67152b0\">Location <a href=\"https:\/\/www.latelierfestif.com\/locations\/event\/fete-de-divorce\/\">F\u00eate de divorce<\/a> \u00e0 Bo\u00ebsses<\/span><\/div>\n<\/div>\n\n<\/div><div class=\"wp-block-term is-layout-flow\">\n\n<div class=\"wp-block-columns are-vertically-aligned-center has-palette-color-6-background-color has-background is-layout-flex wp-container-core-columns-is-layout-28f84493 wp-block-columns-is-layout-flex\" style=\"border-top-left-radius:5px;border-top-right-radius:5px;border-bottom-left-radius:5px;border-bottom-right-radius:5px\">\n<div class=\"wp-block-column is-vertically-aligned-center is-layout-constrained wp-block-column-is-layout-constrained\" style=\"flex-basis:66.66%\"><span style=\"margin-bottom:0px;\" class=\"ct-dynamic-data wp-elements-771fba39d22a08f5df92170bd67152b0\">Location <a href=\"https:\/\/www.latelierfestif.com\/locations\/event\/welcome\/\">Welcome<\/a> \u00e0 Bo\u00ebsses<\/span><\/div>\n<\/div>\n\n<\/div><div class=\"wp-block-term is-layout-flow\">\n\n<div class=\"wp-block-columns are-vertically-aligned-center has-palette-color-6-background-color has-background is-layout-flex wp-container-core-columns-is-layout-28f84493 wp-block-columns-is-layout-flex\" style=\"border-top-left-radius:5px;border-top-right-radius:5px;border-bottom-left-radius:5px;border-bottom-right-radius:5px\">\n<div class=\"wp-block-column is-vertically-aligned-center is-layout-constrained wp-block-column-is-layout-constrained\" style=\"flex-basis:66.66%\"><span style=\"margin-bottom:0px;\" class=\"ct-dynamic-data wp-elements-771fba39d22a08f5df92170bd67152b0\">Location <a href=\"https:\/\/www.latelierfestif.com\/locations\/event\/animation-arbre-de-noel\/\">Animation Arbre de No\u00ebl<\/a> \u00e0 Bo\u00ebsses<\/span><\/div>\n<\/div>\n\n<\/div><div class=\"wp-block-term is-layout-flow\">\n\n<div class=\"wp-block-columns are-vertically-aligned-center has-palette-color-6-background-color has-background is-layout-flex wp-container-core-columns-is-layout-28f84493 wp-block-columns-is-layout-flex\" style=\"border-top-left-radius:5px;border-top-right-radius:5px;border-bottom-left-radius:5px;border-bottom-right-radius:5px\">\n<div class=\"wp-block-column is-vertically-aligned-center is-layout-constrained wp-block-column-is-layout-constrained\" style=\"flex-basis:66.66%\"><span style=\"margin-bottom:0px;\" class=\"ct-dynamic-data wp-elements-771fba39d22a08f5df92170bd67152b0\">Location <a href=\"https:\/\/www.latelierfestif.com\/locations\/event\/reception\/\">R\u00e9ception<\/a> \u00e0 Bo\u00ebsses<\/span><\/div>\n<\/div>\n\n<\/div><div class=\"wp-block-term is-layout-flow\">\n\n<div class=\"wp-block-columns are-vertically-aligned-center has-palette-color-6-background-color has-background is-layout-flex wp-container-core-columns-is-layout-28f84493 wp-block-columns-is-layout-flex\" style=\"border-top-left-radius:5px;border-top-right-radius:5px;border-bottom-left-radius:5px;border-bottom-right-radius:5px\">\n<div class=\"wp-block-column is-vertically-aligned-center is-layout-constrained wp-block-column-is-layout-constrained\" style=\"flex-basis:66.66%\"><span style=\"margin-bottom:0px;\" class=\"ct-dynamic-data wp-elements-771fba39d22a08f5df92170bd67152b0\">Location <a href=\"https:\/\/www.latelierfestif.com\/locations\/event\/baby-shower\/\">Baby Shower<\/a> \u00e0 Bo\u00ebsses<\/span><\/div>\n<\/div>\n\n<\/div><div class=\"wp-block-term is-layout-flow\">\n\n<div class=\"wp-block-columns are-vertically-aligned-center has-palette-color-6-background-color has-background is-layout-flex wp-container-core-columns-is-layout-28f84493 wp-block-columns-is-layout-flex\" style=\"border-top-left-radius:5px;border-top-right-radius:5px;border-bottom-left-radius:5px;border-bottom-right-radius:5px\">\n<div class=\"wp-block-column is-vertically-aligned-center is-layout-constrained wp-block-column-is-layout-constrained\" style=\"flex-basis:66.66%\"><span style=\"margin-bottom:0px;\" class=\"ct-dynamic-data wp-elements-771fba39d22a08f5df92170bd67152b0\">Location <a href=\"https:\/\/www.latelierfestif.com\/locations\/event\/marche-nocturne\/\">March\u00e9 nocturne<\/a> \u00e0 Bo\u00ebsses<\/span><\/div>\n<\/div>\n\n<\/div><div class=\"wp-block-term is-layout-flow\">\n\n<div class=\"wp-block-columns are-vertically-aligned-center has-palette-color-6-background-color has-background is-layout-flex wp-container-core-columns-is-layout-28f84493 wp-block-columns-is-layout-flex\" style=\"border-top-left-radius:5px;border-top-right-radius:5px;border-bottom-left-radius:5px;border-bottom-right-radius:5px\">\n<div class=\"wp-block-column is-vertically-aligned-center is-layout-constrained wp-block-column-is-layout-constrained\" style=\"flex-basis:66.66%\"><span style=\"margin-bottom:0px;\" class=\"ct-dynamic-data wp-elements-771fba39d22a08f5df92170bd67152b0\">Location <a href=\"https:\/\/www.latelierfestif.com\/locations\/event\/paques\/\">P\u00e2ques<\/a> \u00e0 Bo\u00ebsses<\/span><\/div>\n<\/div>\n\n<\/div><div class=\"wp-block-term is-layout-flow\">\n\n<div class=\"wp-block-columns are-vertically-aligned-center has-palette-color-6-background-color has-background is-layout-flex wp-container-core-columns-is-layout-28f84493 wp-block-columns-is-layout-flex\" style=\"border-top-left-radius:5px;border-top-right-radius:5px;border-bottom-left-radius:5px;border-bottom-right-radius:5px\">\n<div class=\"wp-block-column is-vertically-aligned-center is-layout-constrained wp-block-column-is-layout-constrained\" style=\"flex-basis:66.66%\"><span style=\"margin-bottom:0px;\" class=\"ct-dynamic-data wp-elements-771fba39d22a08f5df92170bd67152b0\">Location <a href=\"https:\/\/www.latelierfestif.com\/locations\/event\/jeux-olympiques\/\">Jeux Olympiques<\/a> \u00e0 Bo\u00ebsses<\/span><\/div>\n<\/div>\n\n<\/div><div class=\"wp-block-term is-layout-flow\">\n\n<div class=\"wp-block-columns are-vertically-aligned-center has-palette-color-6-background-color has-background is-layout-flex wp-container-core-columns-is-layout-28f84493 wp-block-columns-is-layout-flex\" style=\"border-top-left-radius:5px;border-top-right-radius:5px;border-bottom-left-radius:5px;border-bottom-right-radius:5px\">\n<div class=\"wp-block-column is-vertically-aligned-center is-layout-constrained wp-block-column-is-layout-constrained\" style=\"flex-basis:66.66%\"><span style=\"margin-bottom:0px;\" class=\"ct-dynamic-data wp-elements-771fba39d22a08f5df92170bd67152b0\">Location <a href=\"https:\/\/www.latelierfestif.com\/locations\/event\/animation-mariage-enfants\/\">animation mariage enfants<\/a> \u00e0 Bo\u00ebsses<\/span><\/div>\n<\/div>\n\n<\/div><div class=\"wp-block-term is-layout-flow\">\n\n<div class=\"wp-block-columns are-vertically-aligned-center has-palette-color-6-background-color has-background is-layout-flex wp-container-core-columns-is-layout-28f84493 wp-block-columns-is-layout-flex\" style=\"border-top-left-radius:5px;border-top-right-radius:5px;border-bottom-left-radius:5px;border-bottom-right-radius:5px\">\n<div class=\"wp-block-column is-vertically-aligned-center is-layout-constrained wp-block-column-is-layout-constrained\" style=\"flex-basis:66.66%\"><span style=\"margin-bottom:0px;\" class=\"ct-dynamic-data wp-elements-771fba39d22a08f5df92170bd67152b0\">Location <a href=\"https:\/\/www.latelierfestif.com\/locations\/event\/location-jeux-essonne\/\">location jeux Essonne<\/a> \u00e0 Bo\u00ebsses<\/span><\/div>\n<\/div>\n\n<\/div><div class=\"wp-block-term is-layout-flow\">\n\n<div class=\"wp-block-columns are-vertically-aligned-center has-palette-color-6-background-color has-background is-layout-flex wp-container-core-columns-is-layout-28f84493 wp-block-columns-is-layout-flex\" style=\"border-top-left-radius:5px;border-top-right-radius:5px;border-bottom-left-radius:5px;border-bottom-right-radius:5px\">\n<div class=\"wp-block-column is-vertically-aligned-center is-layout-constrained wp-block-column-is-layout-constrained\" style=\"flex-basis:66.66%\"><span style=\"margin-bottom:0px;\" class=\"ct-dynamic-data wp-elements-771fba39d22a08f5df92170bd67152b0\">Location <a href=\"https:\/\/www.latelierfestif.com\/locations\/event\/sweet-16\/\">Sweet 16<\/a> \u00e0 Bo\u00ebsses<\/span><\/div>\n<\/div>\n\n<\/div><div class=\"wp-block-term is-layout-flow\">\n\n<div class=\"wp-block-columns are-vertically-aligned-center has-palette-color-6-background-color has-background is-layout-flex wp-container-core-columns-is-layout-28f84493 wp-block-columns-is-layout-flex\" style=\"border-top-left-radius:5px;border-top-right-radius:5px;border-bottom-left-radius:5px;border-bottom-right-radius:5px\">\n<div class=\"wp-block-column is-vertically-aligned-center is-layout-constrained wp-block-column-is-layout-constrained\" style=\"flex-basis:66.66%\"><span style=\"margin-bottom:0px;\" class=\"ct-dynamic-data wp-elements-771fba39d22a08f5df92170bd67152b0\">Location <a href=\"https:\/\/www.latelierfestif.com\/locations\/event\/inauguration\/\">Inauguration<\/a> \u00e0 Bo\u00ebsses<\/span><\/div>\n<\/div>\n\n<\/div><div class=\"wp-block-term is-layout-flow\">\n\n<div class=\"wp-block-columns are-vertically-aligned-center has-palette-color-6-background-color has-background is-layout-flex wp-container-core-columns-is-layout-28f84493 wp-block-columns-is-layout-flex\" style=\"border-top-left-radius:5px;border-top-right-radius:5px;border-bottom-left-radius:5px;border-bottom-right-radius:5px\">\n<div class=\"wp-block-column is-vertically-aligned-center is-layout-constrained wp-block-column-is-layout-constrained\" style=\"flex-basis:66.66%\"><span style=\"margin-bottom:0px;\" class=\"ct-dynamic-data wp-elements-771fba39d22a08f5df92170bd67152b0\">Location <a href=\"https:\/\/www.latelierfestif.com\/locations\/event\/animation-enfant-creative\/\">animation enfant cr\u00e9ative<\/a> \u00e0 Bo\u00ebsses<\/span><\/div>\n<\/div>\n\n<\/div><div class=\"wp-block-term is-layout-flow\">\n\n<div class=\"wp-block-columns are-vertically-aligned-center has-palette-color-6-background-color has-background is-layout-flex wp-container-core-columns-is-layout-28f84493 wp-block-columns-is-layout-flex\" style=\"border-top-left-radius:5px;border-top-right-radius:5px;border-bottom-left-radius:5px;border-bottom-right-radius:5px\">\n<div class=\"wp-block-column is-vertically-aligned-center is-layout-constrained wp-block-column-is-layout-constrained\" style=\"flex-basis:66.66%\"><span style=\"margin-bottom:0px;\" class=\"ct-dynamic-data wp-elements-771fba39d22a08f5df92170bd67152b0\">Location <a href=\"https:\/\/www.latelierfestif.com\/locations\/event\/evenements-entreprises\/\">Ev\u00e9nements Entreprises<\/a> \u00e0 Bo\u00ebsses<\/span><\/div>\n<\/div>\n\n<\/div><div class=\"wp-block-term is-layout-flow\">\n\n<div class=\"wp-block-columns are-vertically-aligned-center has-palette-color-6-background-color has-background is-layout-flex wp-container-core-columns-is-layout-28f84493 wp-block-columns-is-layout-flex\" style=\"border-top-left-radius:5px;border-top-right-radius:5px;border-bottom-left-radius:5px;border-bottom-right-radius:5px\">\n<div class=\"wp-block-column is-vertically-aligned-center is-layout-constrained wp-block-column-is-layout-constrained\" style=\"flex-basis:66.66%\"><span style=\"margin-bottom:0px;\" class=\"ct-dynamic-data wp-elements-771fba39d22a08f5df92170bd67152b0\">Location <a href=\"https:\/\/www.latelierfestif.com\/locations\/event\/marche-de-rue\/\">March\u00e9 de rue<\/a> \u00e0 Bo\u00ebsses<\/span><\/div>\n<\/div>\n\n<\/div><div class=\"wp-block-term is-layout-flow\">\n\n<div class=\"wp-block-columns are-vertically-aligned-center has-palette-color-6-background-color has-background is-layout-flex wp-container-core-columns-is-layout-28f84493 wp-block-columns-is-layout-flex\" style=\"border-top-left-radius:5px;border-top-right-radius:5px;border-bottom-left-radius:5px;border-bottom-right-radius:5px\">\n<div class=\"wp-block-column is-vertically-aligned-center is-layout-constrained wp-block-column-is-layout-constrained\" style=\"flex-basis:66.66%\"><span style=\"margin-bottom:0px;\" class=\"ct-dynamic-data wp-elements-771fba39d22a08f5df92170bd67152b0\">Location <a href=\"https:\/\/www.latelierfestif.com\/locations\/event\/noel\/\">No\u00ebl<\/a> \u00e0 Bo\u00ebsses<\/span><\/div>\n<\/div>\n\n<\/div><div class=\"wp-block-term is-layout-flow\">\n\n<div class=\"wp-block-columns are-vertically-aligned-center has-palette-color-6-background-color has-background is-layout-flex wp-container-core-columns-is-layout-28f84493 wp-block-columns-is-layout-flex\" style=\"border-top-left-radius:5px;border-top-right-radius:5px;border-bottom-left-radius:5px;border-bottom-right-radius:5px\">\n<div class=\"wp-block-column is-vertically-aligned-center is-layout-constrained wp-block-column-is-layout-constrained\" style=\"flex-basis:66.66%\"><span style=\"margin-bottom:0px;\" class=\"ct-dynamic-data wp-elements-771fba39d22a08f5df92170bd67152b0\">Location <a href=\"https:\/\/www.latelierfestif.com\/locations\/event\/location-jeu-en-bois\/\">location jeu en bois<\/a> \u00e0 Bo\u00ebsses<\/span><\/div>\n<\/div>\n\n<\/div><div class=\"wp-block-term is-layout-flow\">\n\n<div class=\"wp-block-columns are-vertically-aligned-center has-palette-color-6-background-color has-background is-layout-flex wp-container-core-columns-is-layout-28f84493 wp-block-columns-is-layout-flex\" style=\"border-top-left-radius:5px;border-top-right-radius:5px;border-bottom-left-radius:5px;border-bottom-right-radius:5px\">\n<div class=\"wp-block-column is-vertically-aligned-center is-layout-constrained wp-block-column-is-layout-constrained\" style=\"flex-basis:66.66%\"><span style=\"margin-bottom:0px;\" class=\"ct-dynamic-data wp-elements-771fba39d22a08f5df92170bd67152b0\">Location <a href=\"https:\/\/www.latelierfestif.com\/locations\/event\/celebration-de-retablissement\/\">C\u00e9l\u00e9bration de r\u00e9tablissement<\/a> \u00e0 Bo\u00ebsses<\/span><\/div>\n<\/div>\n\n<\/div><div class=\"wp-block-term is-layout-flow\">\n\n<div class=\"wp-block-columns are-vertically-aligned-center has-palette-color-6-background-color has-background is-layout-flex wp-container-core-columns-is-layout-28f84493 wp-block-columns-is-layout-flex\" style=\"border-top-left-radius:5px;border-top-right-radius:5px;border-bottom-left-radius:5px;border-bottom-right-radius:5px\">\n<div class=\"wp-block-column is-vertically-aligned-center is-layout-constrained wp-block-column-is-layout-constrained\" style=\"flex-basis:66.66%\"><span style=\"margin-bottom:0px;\" class=\"ct-dynamic-data wp-elements-771fba39d22a08f5df92170bd67152b0\">Location <a href=\"https:\/\/www.latelierfestif.com\/locations\/event\/soiree-thematique\/\">Soir\u00e9e Th\u00e9matique<\/a> \u00e0 Bo\u00ebsses<\/span><\/div>\n<\/div>\n\n<\/div><div class=\"wp-block-term is-layout-flow\">\n\n<div class=\"wp-block-columns are-vertically-aligned-center has-palette-color-6-background-color has-background is-layout-flex wp-container-core-columns-is-layout-28f84493 wp-block-columns-is-layout-flex\" style=\"border-top-left-radius:5px;border-top-right-radius:5px;border-bottom-left-radius:5px;border-bottom-right-radius:5px\">\n<div class=\"wp-block-column is-vertically-aligned-center is-layout-constrained wp-block-column-is-layout-constrained\" style=\"flex-basis:66.66%\"><span style=\"margin-bottom:0px;\" class=\"ct-dynamic-data wp-elements-771fba39d22a08f5df92170bd67152b0\">Location <a href=\"https:\/\/www.latelierfestif.com\/locations\/event\/naissance\/\">Naissance<\/a> \u00e0 Bo\u00ebsses<\/span><\/div>\n<\/div>\n\n<\/div><div class=\"wp-block-term is-layout-flow\">\n\n<div class=\"wp-block-columns are-vertically-aligned-center has-palette-color-6-background-color has-background is-layout-flex wp-container-core-columns-is-layout-28f84493 wp-block-columns-is-layout-flex\" style=\"border-top-left-radius:5px;border-top-right-radius:5px;border-bottom-left-radius:5px;border-bottom-right-radius:5px\">\n<div class=\"wp-block-column is-vertically-aligned-center is-layout-constrained wp-block-column-is-layout-constrained\" style=\"flex-basis:66.66%\"><span style=\"margin-bottom:0px;\" class=\"ct-dynamic-data wp-elements-771fba39d22a08f5df92170bd67152b0\">Location <a href=\"https:\/\/www.latelierfestif.com\/locations\/event\/carnaval\/\">Carnaval<\/a> \u00e0 Bo\u00ebsses<\/span><\/div>\n<\/div>\n\n<\/div><div class=\"wp-block-term is-layout-flow\">\n\n<div class=\"wp-block-columns are-vertically-aligned-center has-palette-color-6-background-color has-background is-layout-flex wp-container-core-columns-is-layout-28f84493 wp-block-columns-is-layout-flex\" style=\"border-top-left-radius:5px;border-top-right-radius:5px;border-bottom-left-radius:5px;border-bottom-right-radius:5px\">\n<div class=\"wp-block-column is-vertically-aligned-center is-layout-constrained wp-block-column-is-layout-constrained\" style=\"flex-basis:66.66%\"><span style=\"margin-bottom:0px;\" class=\"ct-dynamic-data wp-elements-771fba39d22a08f5df92170bd67152b0\">Location <a href=\"https:\/\/www.latelierfestif.com\/locations\/event\/journees-du-patrimoine\/\">Journ\u00e9es du Patrimoine<\/a> \u00e0 Bo\u00ebsses<\/span><\/div>\n<\/div>\n\n<\/div><div class=\"wp-block-term is-layout-flow\">\n\n<div class=\"wp-block-columns are-vertically-aligned-center has-palette-color-6-background-color has-background is-layout-flex wp-container-core-columns-is-layout-28f84493 wp-block-columns-is-layout-flex\" style=\"border-top-left-radius:5px;border-top-right-radius:5px;border-bottom-left-radius:5px;border-bottom-right-radius:5px\">\n<div class=\"wp-block-column is-vertically-aligned-center is-layout-constrained wp-block-column-is-layout-constrained\" style=\"flex-basis:66.66%\"><span style=\"margin-bottom:0px;\" class=\"ct-dynamic-data wp-elements-771fba39d22a08f5df92170bd67152b0\">Location <a href=\"https:\/\/www.latelierfestif.com\/locations\/event\/fete-des-meres\/\">F\u00eate des m\u00e8res<\/a> \u00e0 Bo\u00ebsses<\/span><\/div>\n<\/div>\n\n<\/div><div class=\"wp-block-term is-layout-flow\">\n\n<div class=\"wp-block-columns are-vertically-aligned-center has-palette-color-6-background-color has-background is-layout-flex wp-container-core-columns-is-layout-28f84493 wp-block-columns-is-layout-flex\" style=\"border-top-left-radius:5px;border-top-right-radius:5px;border-bottom-left-radius:5px;border-bottom-right-radius:5px\">\n<div class=\"wp-block-column is-vertically-aligned-center is-layout-constrained wp-block-column-is-layout-constrained\" style=\"flex-basis:66.66%\"><span style=\"margin-bottom:0px;\" class=\"ct-dynamic-data wp-elements-771fba39d22a08f5df92170bd67152b0\">Location <a href=\"https:\/\/www.latelierfestif.com\/locations\/event\/fete-des-grands-meres\/\">F\u00eate des Grands-M\u00e8res<\/a> \u00e0 Bo\u00ebsses<\/span><\/div>\n<\/div>\n\n<\/div><div class=\"wp-block-term is-layout-flow\">\n\n<div class=\"wp-block-columns are-vertically-aligned-center has-palette-color-6-background-color has-background is-layout-flex wp-container-core-columns-is-layout-28f84493 wp-block-columns-is-layout-flex\" style=\"border-top-left-radius:5px;border-top-right-radius:5px;border-bottom-left-radius:5px;border-bottom-right-radius:5px\">\n<div class=\"wp-block-column is-vertically-aligned-center is-layout-constrained wp-block-column-is-layout-constrained\" style=\"flex-basis:66.66%\"><span style=\"margin-bottom:0px;\" class=\"ct-dynamic-data wp-elements-771fba39d22a08f5df92170bd67152b0\">Location <a href=\"https:\/\/www.latelierfestif.com\/locations\/event\/tour-de-france\/\">Tour de France<\/a> \u00e0 Bo\u00ebsses<\/span><\/div>\n<\/div>\n\n<\/div><div class=\"wp-block-term is-layout-flow\">\n\n<div class=\"wp-block-columns are-vertically-aligned-center has-palette-color-6-background-color has-background is-layout-flex wp-container-core-columns-is-layout-28f84493 wp-block-columns-is-layout-flex\" style=\"border-top-left-radius:5px;border-top-right-radius:5px;border-bottom-left-radius:5px;border-bottom-right-radius:5px\">\n<div class=\"wp-block-column is-vertically-aligned-center is-layout-constrained wp-block-column-is-layout-constrained\" style=\"flex-basis:66.66%\"><span style=\"margin-bottom:0px;\" class=\"ct-dynamic-data wp-elements-771fba39d22a08f5df92170bd67152b0\">Location <a href=\"https:\/\/www.latelierfestif.com\/locations\/event\/pendaison-de-cremaillere\/\">Pendaison de cr\u00e9maill\u00e8re<\/a> \u00e0 Bo\u00ebsses<\/span><\/div>\n<\/div>\n\n<\/div><div class=\"wp-block-term is-layout-flow\">\n\n<div class=\"wp-block-columns are-vertically-aligned-center has-palette-color-6-background-color has-background is-layout-flex wp-container-core-columns-is-layout-28f84493 wp-block-columns-is-layout-flex\" style=\"border-top-left-radius:5px;border-top-right-radius:5px;border-bottom-left-radius:5px;border-bottom-right-radius:5px\">\n<div class=\"wp-block-column is-vertically-aligned-center is-layout-constrained wp-block-column-is-layout-constrained\" style=\"flex-basis:66.66%\"><span style=\"margin-bottom:0px;\" class=\"ct-dynamic-data wp-elements-771fba39d22a08f5df92170bd67152b0\">Location <a href=\"https:\/\/www.latelierfestif.com\/locations\/event\/fete-des-grands-peres\/\">F\u00eate des grands-p\u00e8res<\/a> \u00e0 Bo\u00ebsses<\/span><\/div>\n<\/div>\n\n<\/div><div class=\"wp-block-term is-layout-flow\">\n\n<div class=\"wp-block-columns are-vertically-aligned-center has-palette-color-6-background-color has-background is-layout-flex wp-container-core-columns-is-layout-28f84493 wp-block-columns-is-layout-flex\" style=\"border-top-left-radius:5px;border-top-right-radius:5px;border-bottom-left-radius:5px;border-bottom-right-radius:5px\">\n<div class=\"wp-block-column is-vertically-aligned-center is-layout-constrained wp-block-column-is-layout-constrained\" style=\"flex-basis:66.66%\"><span style=\"margin-bottom:0px;\" class=\"ct-dynamic-data wp-elements-771fba39d22a08f5df92170bd67152b0\">Location <a href=\"https:\/\/www.latelierfestif.com\/locations\/event\/yom-kippour\/\">Yom Kippour<\/a> \u00e0 Bo\u00ebsses<\/span><\/div>\n<\/div>\n\n<\/div><div class=\"wp-block-term is-layout-flow\">\n\n<div class=\"wp-block-columns are-vertically-aligned-center has-palette-color-6-background-color has-background is-layout-flex wp-container-core-columns-is-layout-28f84493 wp-block-columns-is-layout-flex\" style=\"border-top-left-radius:5px;border-top-right-radius:5px;border-bottom-left-radius:5px;border-bottom-right-radius:5px\">\n<div class=\"wp-block-column is-vertically-aligned-center is-layout-constrained wp-block-column-is-layout-constrained\" style=\"flex-basis:66.66%\"><span style=\"margin-bottom:0px;\" class=\"ct-dynamic-data wp-elements-771fba39d22a08f5df92170bd67152b0\">Location <a href=\"https:\/\/www.latelierfestif.com\/locations\/event\/decoration-evenementielle-enfant\/\">d\u00e9coration \u00e9v\u00e9nementielle enfant<\/a> \u00e0 Bo\u00ebsses<\/span><\/div>\n<\/div>\n\n<\/div><div class=\"wp-block-term is-layout-flow\">\n\n<div class=\"wp-block-columns are-vertically-aligned-center has-palette-color-6-background-color has-background is-layout-flex wp-container-core-columns-is-layout-28f84493 wp-block-columns-is-layout-flex\" style=\"border-top-left-radius:5px;border-top-right-radius:5px;border-bottom-left-radius:5px;border-bottom-right-radius:5px\">\n<div class=\"wp-block-column is-vertically-aligned-center is-layout-constrained wp-block-column-is-layout-constrained\" style=\"flex-basis:66.66%\"><span style=\"margin-bottom:0px;\" class=\"ct-dynamic-data wp-elements-771fba39d22a08f5df92170bd67152b0\">Location <a href=\"https:\/\/www.latelierfestif.com\/locations\/event\/animation-fete-de-ville\/\">animation f\u00eate de ville<\/a> \u00e0 Bo\u00ebsses<\/span><\/div>\n<\/div>\n\n<\/div><div class=\"wp-block-term is-layout-flow\">\n\n<div class=\"wp-block-columns are-vertically-aligned-center has-palette-color-6-background-color has-background is-layout-flex wp-container-core-columns-is-layout-28f84493 wp-block-columns-is-layout-flex\" style=\"border-top-left-radius:5px;border-top-right-radius:5px;border-bottom-left-radius:5px;border-bottom-right-radius:5px\">\n<div class=\"wp-block-column is-vertically-aligned-center is-layout-constrained wp-block-column-is-layout-constrained\" style=\"flex-basis:66.66%\"><span style=\"margin-bottom:0px;\" class=\"ct-dynamic-data wp-elements-771fba39d22a08f5df92170bd67152b0\">Location <a href=\"https:\/\/www.latelierfestif.com\/locations\/event\/fete-de-fin-dannee-scolaire\/\">F\u00eate de fin d&rsquo;ann\u00e9e scolaire<\/a> \u00e0 Bo\u00ebsses<\/span><\/div>\n<\/div>\n\n<\/div><div class=\"wp-block-term is-layout-flow\">\n\n<div class=\"wp-block-columns are-vertically-aligned-center has-palette-color-6-background-color has-background is-layout-flex wp-container-core-columns-is-layout-28f84493 wp-block-columns-is-layout-flex\" style=\"border-top-left-radius:5px;border-top-right-radius:5px;border-bottom-left-radius:5px;border-bottom-right-radius:5px\">\n<div class=\"wp-block-column is-vertically-aligned-center is-layout-constrained wp-block-column-is-layout-constrained\" style=\"flex-basis:66.66%\"><span style=\"margin-bottom:0px;\" class=\"ct-dynamic-data wp-elements-771fba39d22a08f5df92170bd67152b0\">Location <a href=\"https:\/\/www.latelierfestif.com\/locations\/event\/galette-des-rois\/\">Galette des Rois<\/a> \u00e0 Bo\u00ebsses<\/span><\/div>\n<\/div>\n\n<\/div><div class=\"wp-block-term is-layout-flow\">\n\n<div class=\"wp-block-columns are-vertically-aligned-center has-palette-color-6-background-color has-background is-layout-flex wp-container-core-columns-is-layout-28f84493 wp-block-columns-is-layout-flex\" style=\"border-top-left-radius:5px;border-top-right-radius:5px;border-bottom-left-radius:5px;border-bottom-right-radius:5px\">\n<div class=\"wp-block-column is-vertically-aligned-center is-layout-constrained wp-block-column-is-layout-constrained\" style=\"flex-basis:66.66%\"><span style=\"margin-bottom:0px;\" class=\"ct-dynamic-data wp-elements-771fba39d22a08f5df92170bd67152b0\">Location <a href=\"https:\/\/www.latelierfestif.com\/locations\/event\/reunion-de-famille\/\">R\u00e9union de famille<\/a> \u00e0 Bo\u00ebsses<\/span><\/div>\n<\/div>\n\n<\/div><\/div><style>[data-id='d27d7623'] {--grid-columns-gap:var(--wp--preset--spacing--50);--grid-columns-width:4;}@media (max-width: 999.98px) {[data-id='d27d7623'] {--grid-columns-width:2;}}@media (max-width: 689.98px) {[data-id='d27d7623'] {--grid-columns-width:1;}}<\/style><\/div>\n\n\n\n<div class=\"wp-block-group is-layout-constrained wp-block-group-is-layout-constrained\">\n<h2 class=\"wp-block-heading has-text-align-center\">Location Festives Bo\u00ebsses<\/h2>\n\n\n\n<p class=\"has-text-align-center\">Location Festives\u00a0<strong>priv\u00e9es et professionnels \u00e0 Bo\u00ebsses<\/strong>\u00a0(45330) et ses proches communes.<\/p>\n<\/div>\n\n\n\n<iframe data-src=\"https:\/\/www.google.com\/maps\/embed?pb=!1m18!1m12!1m3!1d42590.73368094649!2d2.391942800408212!3d48.15033103843657!2m3!1f0!2f0!3f0!3m2!1i1024!2i768!4f13.1!3m3!1m2!1s0x47e598dc5b03b669%3A0x40dc8d70537e430!2s45390%20Bo%C3%ABsses!5e0!3m2!1sfr!2sfr!4v1766393363893!5m2!1sfr!2sfr\" width=\"100%\" height=\"450\" style=\"border:0;\" allowfullscreen=\"\" referrerpolicy=\"no-referrer-when-downgrade\" src=\"data:image\/svg+xml;base64,PHN2ZyB3aWR0aD0iMSIgaGVpZ2h0PSIxIiB4bWxucz0iaHR0cDovL3d3dy53My5vcmcvMjAwMC9zdmciPjwvc3ZnPg==\" class=\"lazyload\" data-load-mode=\"1\"><\/iframe>\n","protected":false},"excerpt":{"rendered":"<p>Location de jeux, machines de restauration, d\u00e9coration et mobilier \u00e0 Bo\u00ebsses. Solutions compl\u00e8tes pour f\u00eates, mariages et animations conviviales dans un cadre charmant.<\/p>\n","protected":false},"author":1,"featured_media":0,"parent":29017,"menu_order":0,"comment_status":"closed","ping_status":"closed","template":"","meta":{"footnotes":""},"class_list":["post-33402","page","type-page","status-publish","hentry"],"blocksy_meta":[],"_links":{"self":[{"href":"https:\/\/www.latelierfestif.com\/locations\/wp-json\/wp\/v2\/pages\/33402","targetHints":{"allow":["GET"]}}],"collection":[{"href":"https:\/\/www.latelierfestif.com\/locations\/wp-json\/wp\/v2\/pages"}],"about":[{"href":"https:\/\/www.latelierfestif.com\/locations\/wp-json\/wp\/v2\/types\/page"}],"author":[{"embeddable":true,"href":"https:\/\/www.latelierfestif.com\/locations\/wp-json\/wp\/v2\/users\/1"}],"replies":[{"embeddable":true,"href":"https:\/\/www.latelierfestif.com\/locations\/wp-json\/wp\/v2\/comments?post=33402"}],"version-history":[{"count":0,"href":"https:\/\/www.latelierfestif.com\/locations\/wp-json\/wp\/v2\/pages\/33402\/revisions"}],"up":[{"embeddable":true,"href":"https:\/\/www.latelierfestif.com\/locations\/wp-json\/wp\/v2\/pages\/29017"}],"wp:attachment":[{"href":"https:\/\/www.latelierfestif.com\/locations\/wp-json\/wp\/v2\/media?parent=33402"}],"curies":[{"name":"wp","href":"https:\/\/api.w.org\/{rel}","templated":true}]}}