{"id":32922,"date":"2025-12-08T15:53:23","date_gmt":"2025-12-08T14:53:23","guid":{"rendered":"https:\/\/www.latelierfestif.com\/location\/?page_id=32922"},"modified":"2025-12-08T23:02:34","modified_gmt":"2025-12-08T22:02:34","slug":"locations-la-ferte-alais-91590-fetes-et-evenements","status":"publish","type":"page","link":"https:\/\/www.latelierfestif.com\/locations\/locations-animations\/locations-la-ferte-alais-91590-fetes-et-evenements\/","title":{"rendered":"Locations La Fert\u00e9-Alais (91590) F\u00eates et Ev\u00e8nements"},"content":{"rendered":"\n<div class=\"wp-block-group alignfull has-palette-color-6-background-color has-background is-layout-constrained wp-container-core-group-is-layout-10bc4538 wp-block-group-is-layout-constrained\" style=\"padding-top:var(--wp--preset--spacing--80);padding-right:var(--wp--preset--spacing--80);padding-bottom:var(--wp--preset--spacing--80);padding-left:var(--wp--preset--spacing--80)\">\n<div class=\"wp-block-columns is-layout-flex wp-container-core-columns-is-layout-28f84493 wp-block-columns-is-layout-flex\">\n<div class=\"wp-block-column is-layout-flow wp-block-column-is-layout-flow\" style=\"flex-basis:100%\">\n<div class=\"wp-block-group has-border-color has-palette-color-1-border-color has-palette-color-8-background-color has-background is-layout-constrained wp-container-core-group-is-layout-db32e940 wp-block-group-is-layout-constrained\" style=\"border-width:1px;padding-top:var(--wp--preset--spacing--60);padding-right:var(--wp--preset--spacing--60);padding-bottom:var(--wp--preset--spacing--60);padding-left:var(--wp--preset--spacing--60)\">\n<div class=\"ct-search-box\">\n\t\n\n<form role=\"search\" method=\"get\" class=\"ct-search-form\" data-form-controls=\"outside\" data-taxonomy-filter=\"false\" data-submit-button=\"icon\" style=\"--theme-form-field-height:55px;--theme-form-field-border-radius:0px;--theme-form-field-background-initial-color:var(--wp--preset--color--palette-color-7);margin-top:0;margin-bottom:0;margin-left:var(--wp--preset--spacing--60);margin-right:0;\" action=\"https:\/\/www.latelierfestif.com\/locations\/\" aria-haspopup=\"listbox\" data-live-results=\"thumbs\">\n\n\t<input\n\t\ttype=\"search\" \t\tplaceholder=\"Rechercher location mat\u00e9riel \u00e9v\u00e8nementiel \u00e0 La Fert\u00e9-Alais\"\n\t\tvalue=\"\"\n\t\tname=\"s\"\n\t\tautocomplete=\"off\"\n\t\ttitle=\"Rechercher\u2026\"\n\t\taria-label=\"Rechercher\u2026\"\n\t\t\t>\n\n\t<div class=\"ct-search-form-controls\">\n\t\t\n\t\t<button type=\"submit\" class=\"wp-element-button\" data-button=\"outside:icon\" aria-label=\"Bouton de recherche\" style=\"--theme-button-text-initial-color:var(--wp--preset--color--palette-color-8);--theme-button-background-initial-color:var(--wp--preset--color--palette-color-1);\">\n\t\t\t<svg class=\"ct-icon ct-search-button-content\" aria-hidden=\"true\" width=\"15\" height=\"15\" viewBox=\"0 0 15 15\"><path d=\"M14.8,13.7L12,11c0.9-1.2,1.5-2.6,1.5-4.2c0-3.7-3-6.8-6.8-6.8S0,3,0,6.8s3,6.8,6.8,6.8c1.6,0,3.1-0.6,4.2-1.5l2.8,2.8c0.1,0.1,0.3,0.2,0.5,0.2s0.4-0.1,0.5-0.2C15.1,14.5,15.1,14,14.8,13.7z M1.5,6.8c0-2.9,2.4-5.2,5.2-5.2S12,3.9,12,6.8S9.6,12,6.8,12S1.5,9.6,1.5,6.8z\"\/><\/svg>\n\t\t\t<span class=\"ct-ajax-loader\">\n\t\t\t\t<svg viewBox=\"0 0 24 24\">\n\t\t\t\t\t<circle cx=\"12\" cy=\"12\" r=\"10\" opacity=\"0.2\" fill=\"none\" stroke=\"currentColor\" stroke-miterlimit=\"10\" stroke-width=\"2\"\/>\n\n\t\t\t\t\t<path d=\"m12,2c5.52,0,10,4.48,10,10\" fill=\"none\" stroke=\"currentColor\" stroke-linecap=\"round\" stroke-miterlimit=\"10\" stroke-width=\"2\">\n\t\t\t\t\t\t<animateTransform\n\t\t\t\t\t\t\tattributeName=\"transform\"\n\t\t\t\t\t\t\tattributeType=\"XML\"\n\t\t\t\t\t\t\ttype=\"rotate\"\n\t\t\t\t\t\t\tdur=\"0.6s\"\n\t\t\t\t\t\t\tfrom=\"0 12 12\"\n\t\t\t\t\t\t\tto=\"360 12 12\"\n\t\t\t\t\t\t\trepeatCount=\"indefinite\"\n\t\t\t\t\t\t\/>\n\t\t\t\t\t<\/path>\n\t\t\t\t<\/svg>\n\t\t\t<\/span>\n\t\t<\/button>\n\n\t\t\t\t\t<input type=\"hidden\" name=\"post_type\" value=\"product\">\n\t\t\n\t\t\n\t\t\n\n\t\t\t<\/div>\n\n\t\t\t<div class=\"screen-reader-text\" aria-live=\"polite\" role=\"status\">\n\t\t\tAucun r\u00e9sultat\t\t<\/div>\n\t\n<\/form>\n\n\n<\/div>\n<\/div>\n<\/div>\n<\/div>\n<\/div>\n\n\n\n<div class=\"wp-block-group alignfull has-white-background-color has-background is-layout-constrained wp-block-group-is-layout-constrained\" style=\"padding-top:7rem;padding-bottom:7rem\">\n<div class=\"wp-block-columns are-vertically-aligned-center is-layout-flex wp-container-core-columns-is-layout-66fad18a wp-block-columns-is-layout-flex\">\n<div class=\"wp-block-column is-vertically-aligned-center is-layout-flow wp-block-column-is-layout-flow\" style=\"flex-basis:50%\">\n<h2 class=\"wp-block-heading has-black-color has-text-color has-link-color wp-elements-ac6a9e468ef1a6aa3aa9c25dcac7e405\" style=\"margin-bottom:20px;font-size:clamp(26.465px, 1.654rem + ((1vw - 3.2px) * 1.448), 45px);font-style:normal;font-weight:800;line-height:1.2\">Location de jeux \u00e0 La Fert\u00e9-Alais<\/h2>\n\n\n\n<p class=\"has-black-color has-text-color has-link-color has-medium-font-size wp-elements-920341a344671d9315e13f4f4dfb9138\" style=\"border-bottom-color:#0000001F;border-bottom-style:solid;border-bottom-width:1px;margin-bottom:40px;padding-bottom:40px\">Vous organisez un \u00e9v\u00e9nement \u00e0 La Fert\u00e9-Alais et cherchez \u00e0 divertir vos invit\u00e9s avec des activit\u00e9s originales ?<\/p>\n\n\n\n<p>Notre service de location de jeux vous propose un large choix de jeux en bois, jeux de kermesse et jeux d\u2019ext\u00e9rieur adapt\u00e9s \u00e0 tous les \u00e2ges. <\/p>\n\n\n\n<p>Que ce soit pour un anniversaire, un mariage, une f\u00eate d\u2019entreprise ou un \u00e9v\u00e9nement scolaire, nous vous offrons des solutions ludiques et conviviales pour cr\u00e9er des moments m\u00e9morables. Nos <strong>jeux en bois allient tradition<\/strong> et amusement tandis que nos jeux de kermesse et d\u2019ext\u00e9rieur garantissent des animations dynamiques et s\u00e9curis\u00e9es.<\/p>\n\n\n\n<p>Profitez de notre expertise pour transformer votre \u00e9v\u00e9nement \u00e0 La Fert\u00e9-Alais en un v\u00e9ritable lieu de rassemblement et de divertissement pour tous vos convives. Chaque jeu est soigneusement v\u00e9rifi\u00e9 pour assurer s\u00e9curit\u00e9 et plaisir.<\/p>\n<\/div>\n\n\n\n<div class=\"wp-block-column is-vertically-aligned-center is-layout-flow wp-block-column-is-layout-flow\">\n<div class=\"wp-block-columns is-layout-flex wp-container-core-columns-is-layout-2709eace wp-block-columns-is-layout-flex\">\n<div class=\"wp-block-column is-vertically-aligned-stretch is-layout-flow wp-block-column-is-layout-flow\">\n<div class=\"wp-block-cover is-light has-custom-content-position is-position-bottom-center\" style=\"border-top-left-radius:5px;border-top-right-radius:5px;border-bottom-left-radius:5px;border-bottom-right-radius:5px;padding-top:20px;padding-right:20px;padding-bottom:20px;padding-left:20px;min-height:630px;aspect-ratio:unset;\"><img decoding=\"async\" width=\"900\" height=\"1159\" class=\"wp-block-cover__image-background wp-image-32346 size-full lazyload\" alt=\"\" data-src=\"https:\/\/www.latelierfestif.com\/location\/wp-content\/uploads\/Jeu-en-Bois-Roll-up-geant.jpg\" data-object-fit=\"cover\" data-srcset=\"https:\/\/www.latelierfestif.com\/locations\/wp-content\/uploads\/Jeu-en-Bois-Roll-up-geant.jpg 900w, https:\/\/www.latelierfestif.com\/locations\/wp-content\/uploads\/Jeu-en-Bois-Roll-up-geant-600x773.jpg 600w, https:\/\/www.latelierfestif.com\/locations\/wp-content\/uploads\/Jeu-en-Bois-Roll-up-geant-768x989.jpg 768w\" data-sizes=\"auto, (max-width: 900px) 100vw, 900px\" src=\"data:image\/svg+xml;base64,PHN2ZyB3aWR0aD0iMSIgaGVpZ2h0PSIxIiB4bWxucz0iaHR0cDovL3d3dy53My5vcmcvMjAwMC9zdmciPjwvc3ZnPg==\" style=\"--smush-placeholder-width: 900px; --smush-placeholder-aspect-ratio: 900\/1159;\" \/><span aria-hidden=\"true\" class=\"wp-block-cover__background has-background-dim-0 has-background-dim\" style=\"background-color:#b19276\"><\/span><div class=\"wp-block-cover__inner-container is-layout-flow wp-block-cover-is-layout-flow\">\n<div class=\"wp-block-group has-white-background-color has-background is-layout-constrained wp-container-core-group-is-layout-bf816c8d wp-block-group-is-layout-constrained\" style=\"border-radius:10px;padding-top:20px;padding-right:20px;padding-bottom:20px;padding-left:20px\">\n<h2 class=\"wp-block-heading has-black-color has-text-color has-link-color wp-elements-1dd63be3f63dca76515f9fb66bbcde22\" style=\"margin-top:0;font-size:clamp(14px, 0.875rem + ((1vw - 3.2px) * 0.156), 16px);\">Jeux en Bois<\/h2>\n<\/div>\n<\/div><\/div>\n<\/div>\n\n\n\n<div class=\"wp-block-column is-layout-flow wp-block-column-is-layout-flow\">\n<div class=\"wp-block-cover is-light has-custom-content-position is-position-bottom-center\" style=\"border-top-left-radius:5px;border-top-right-radius:5px;border-bottom-left-radius:5px;border-bottom-right-radius:5px;margin-bottom:30px;padding-top:20px;padding-right:20px;padding-bottom:20px;padding-left:20px;min-height:300px;aspect-ratio:unset;\"><img decoding=\"async\" width=\"900\" height=\"1159\" class=\"wp-block-cover__image-background wp-image-32345 size-full lazyload\" alt=\"\" data-src=\"https:\/\/www.latelierfestif.com\/location\/wp-content\/uploads\/Jeu-exterieur-en-Bois-Roll-up-geant.jpg\" data-object-fit=\"cover\" data-srcset=\"https:\/\/www.latelierfestif.com\/locations\/wp-content\/uploads\/Jeu-exterieur-en-Bois-Roll-up-geant.jpg 900w, https:\/\/www.latelierfestif.com\/locations\/wp-content\/uploads\/Jeu-exterieur-en-Bois-Roll-up-geant-600x773.jpg 600w, https:\/\/www.latelierfestif.com\/locations\/wp-content\/uploads\/Jeu-exterieur-en-Bois-Roll-up-geant-768x989.jpg 768w\" data-sizes=\"auto, (max-width: 900px) 100vw, 900px\" src=\"data:image\/svg+xml;base64,PHN2ZyB3aWR0aD0iMSIgaGVpZ2h0PSIxIiB4bWxucz0iaHR0cDovL3d3dy53My5vcmcvMjAwMC9zdmciPjwvc3ZnPg==\" style=\"--smush-placeholder-width: 900px; --smush-placeholder-aspect-ratio: 900\/1159;\" \/><span aria-hidden=\"true\" class=\"wp-block-cover__background has-background-dim-0 has-background-dim\" style=\"background-color:#b29a8a\"><\/span><div class=\"wp-block-cover__inner-container is-layout-flow wp-block-cover-is-layout-flow\">\n<div class=\"wp-block-group has-white-background-color has-background is-layout-constrained wp-container-core-group-is-layout-bf816c8d wp-block-group-is-layout-constrained\" style=\"border-radius:10px;padding-top:20px;padding-right:20px;padding-bottom:20px;padding-left:20px\">\n<h2 class=\"wp-block-heading has-black-color has-text-color has-link-color wp-elements-efb5aed5ec448ec3e90e3c9c04864160\" style=\"margin-top:0;font-size:clamp(14px, 0.875rem + ((1vw - 3.2px) * 0.156), 16px);\">Machine de Restauration<\/h2>\n<\/div>\n<\/div><\/div>\n\n\n\n<div class=\"wp-block-cover is-light has-custom-content-position is-position-bottom-center\" style=\"border-top-left-radius:5px;border-top-right-radius:5px;border-bottom-left-radius:5px;border-bottom-right-radius:5px;padding-top:20px;padding-right:20px;padding-bottom:20px;padding-left:20px;min-height:300px;aspect-ratio:unset;\"><img decoding=\"async\" width=\"900\" height=\"1159\" class=\"wp-block-cover__image-background wp-image-32331 size-full lazyload\" alt=\"\" data-src=\"https:\/\/www.latelierfestif.com\/location\/wp-content\/uploads\/Score-petanque-palet-en-bois-1.jpg\" data-object-fit=\"cover\" data-srcset=\"https:\/\/www.latelierfestif.com\/locations\/wp-content\/uploads\/Score-petanque-palet-en-bois-1.jpg 900w, https:\/\/www.latelierfestif.com\/locations\/wp-content\/uploads\/Score-petanque-palet-en-bois-1-600x773.jpg 600w, https:\/\/www.latelierfestif.com\/locations\/wp-content\/uploads\/Score-petanque-palet-en-bois-1-768x989.jpg 768w\" data-sizes=\"auto, (max-width: 900px) 100vw, 900px\" src=\"data:image\/svg+xml;base64,PHN2ZyB3aWR0aD0iMSIgaGVpZ2h0PSIxIiB4bWxucz0iaHR0cDovL3d3dy53My5vcmcvMjAwMC9zdmciPjwvc3ZnPg==\" style=\"--smush-placeholder-width: 900px; --smush-placeholder-aspect-ratio: 900\/1159;\" \/><span aria-hidden=\"true\" class=\"wp-block-cover__background has-background-dim-0 has-background-dim\" style=\"background-color:#b9895c\"><\/span><div class=\"wp-block-cover__inner-container is-layout-flow wp-block-cover-is-layout-flow\">\n<div class=\"wp-block-group has-white-background-color has-background is-layout-constrained wp-container-core-group-is-layout-bf816c8d wp-block-group-is-layout-constrained\" style=\"border-radius:10px;padding-top:20px;padding-right:20px;padding-bottom:20px;padding-left:20px\">\n<h2 class=\"wp-block-heading has-black-color has-text-color has-link-color wp-elements-8c829e0448b3877d26f5c718d9024449\" style=\"margin-top:0;font-size:clamp(14px, 0.875rem + ((1vw - 3.2px) * 0.156), 16px);\">Mobilier &amp; d\u00e9coration<\/h2>\n<\/div>\n<\/div><\/div>\n<\/div>\n<\/div>\n<\/div>\n<\/div>\n<\/div>\n\n\n\n<div class=\"wp-block-group alignfull has-white-background-color has-background is-layout-constrained wp-block-group-is-layout-constrained\" style=\"padding-top:7rem;padding-bottom:7rem\">\n<div class=\"wp-block-columns are-vertically-aligned-center is-layout-flex wp-container-core-columns-is-layout-66fad18a wp-block-columns-is-layout-flex\">\n<div class=\"wp-block-column is-vertically-aligned-center is-layout-flow wp-block-column-is-layout-flow\" style=\"flex-basis:50%\">\n<h2 class=\"wp-block-heading has-black-color has-text-color has-link-color wp-elements-237eb36f0a462807b4ae332c0d39047c\" style=\"margin-bottom:20px;font-size:clamp(26.465px, 1.654rem + ((1vw - 3.2px) * 1.448), 45px);font-style:normal;font-weight:800;line-height:1.2\">Location de machines de restauration \u00e0 La Fert\u00e9-Alais<\/h2>\n\n\n\n<p class=\"has-black-color has-text-color has-link-color has-medium-font-size wp-elements-d2cdb9baf7f48bc5928aa94921fd0d7f\" style=\"border-bottom-color:#0000001F;border-bottom-style:solid;border-bottom-width:1px;margin-bottom:40px;padding-bottom:40px\">Pour agr\u00e9menter vos f\u00eates \u00e0 La Fert\u00e9-Alais, notre service de location de machines de restauration vous propose des solutions gourmandes et conviviales.<\/p>\n\n\n\n<p>Offrez \u00e0 vos invit\u00e9s des douceurs et snacks avec nos machines \u00e0 popcorn, barbe \u00e0 papa, hot-dog ou cr\u00eapi\u00e8res. Id\u00e9al pour les anniversaires, mariages ou f\u00eates d\u2019entreprise, ce service ajoute une <strong>touche originale et festive<\/strong> \u00e0 vos \u00e9v\u00e9nements.<\/p>\n\n\n\n<p>Chaque machine est facile \u00e0 utiliser et livr\u00e9e pr\u00eate \u00e0 l\u2019emploi, vous permettant de r\u00e9galer vos convives sans stress. Avec notre service, vous cr\u00e9ez une ambiance gourmande et conviviale qui ravira petits et grands. <\/p>\n\n\n\n<p>Nous intervenons directement \u00e0 La Fert\u00e9-Alais et ses environs pour vous assurer une prestation de qualit\u00e9 et un \u00e9v\u00e9nement r\u00e9ussi.<\/p>\n<\/div>\n\n\n\n<div class=\"wp-block-column is-vertically-aligned-center is-layout-flow wp-block-column-is-layout-flow\">\n<div class=\"wp-block-columns is-layout-flex wp-container-core-columns-is-layout-2709eace wp-block-columns-is-layout-flex\">\n<div class=\"wp-block-column is-vertically-aligned-stretch is-layout-flow wp-block-column-is-layout-flow\">\n<div class=\"wp-block-cover is-light has-custom-content-position is-position-bottom-center\" style=\"border-top-left-radius:5px;border-top-right-radius:5px;border-bottom-left-radius:5px;border-bottom-right-radius:5px;padding-top:20px;padding-right:20px;padding-bottom:20px;padding-left:20px;min-height:630px;aspect-ratio:unset;\"><img decoding=\"async\" class=\"wp-block-cover__image-background wp-image-32184 size-full lazyload\" alt=\"\" data-src=\"https:\/\/www.latelierfestif.com\/location\/wp-content\/uploads\/LAtelier-Festif-Appareil-Hot-Dog.jpg\" data-object-fit=\"cover\" src=\"data:image\/svg+xml;base64,PHN2ZyB3aWR0aD0iMSIgaGVpZ2h0PSIxIiB4bWxucz0iaHR0cDovL3d3dy53My5vcmcvMjAwMC9zdmciPjwvc3ZnPg==\" \/><span aria-hidden=\"true\" class=\"wp-block-cover__background has-background-dim-0 has-background-dim\" style=\"background-color:#f3f3f2\"><\/span><div class=\"wp-block-cover__inner-container is-layout-flow wp-block-cover-is-layout-flow\">\n<div class=\"wp-block-group has-white-background-color has-background is-layout-constrained wp-container-core-group-is-layout-bf816c8d wp-block-group-is-layout-constrained\" style=\"border-radius:10px;padding-top:20px;padding-right:20px;padding-bottom:20px;padding-left:20px\">\n<h2 class=\"wp-block-heading has-black-color has-text-color has-link-color wp-elements-b2cf59d08452bb7a34fac798f21a0d0f\" style=\"margin-top:0;font-size:clamp(14px, 0.875rem + ((1vw - 3.2px) * 0.156), 16px);\">Barbe \u00e0 Papa<\/h2>\n<\/div>\n<\/div><\/div>\n<\/div>\n\n\n\n<div class=\"wp-block-column is-layout-flow wp-block-column-is-layout-flow\">\n<div class=\"wp-block-cover is-light has-custom-content-position is-position-bottom-center\" style=\"border-top-left-radius:5px;border-top-right-radius:5px;border-bottom-left-radius:5px;border-bottom-right-radius:5px;margin-bottom:30px;padding-top:20px;padding-right:20px;padding-bottom:20px;padding-left:20px;min-height:300px;aspect-ratio:unset;\"><img decoding=\"async\" width=\"900\" height=\"1159\" class=\"wp-block-cover__image-background wp-image-32154 size-full lazyload\" alt=\"\" data-src=\"https:\/\/www.latelierfestif.com\/location\/wp-content\/uploads\/Machine-a-Pop-Corn-LAtelier-Festif.jpg\" data-object-fit=\"cover\" data-srcset=\"https:\/\/www.latelierfestif.com\/locations\/wp-content\/uploads\/Machine-a-Pop-Corn-LAtelier-Festif.jpg 900w, https:\/\/www.latelierfestif.com\/locations\/wp-content\/uploads\/Machine-a-Pop-Corn-LAtelier-Festif-600x773.jpg 600w, https:\/\/www.latelierfestif.com\/locations\/wp-content\/uploads\/Machine-a-Pop-Corn-LAtelier-Festif-768x989.jpg 768w\" data-sizes=\"auto, (max-width: 900px) 100vw, 900px\" src=\"data:image\/svg+xml;base64,PHN2ZyB3aWR0aD0iMSIgaGVpZ2h0PSIxIiB4bWxucz0iaHR0cDovL3d3dy53My5vcmcvMjAwMC9zdmciPjwvc3ZnPg==\" style=\"--smush-placeholder-width: 900px; --smush-placeholder-aspect-ratio: 900\/1159;\" \/><span aria-hidden=\"true\" class=\"wp-block-cover__background has-background-dim-0 has-background-dim\" style=\"background-color:#977977\"><\/span><div class=\"wp-block-cover__inner-container is-layout-flow wp-block-cover-is-layout-flow\">\n<div class=\"wp-block-group has-white-background-color has-background is-layout-constrained wp-container-core-group-is-layout-bf816c8d wp-block-group-is-layout-constrained\" style=\"border-radius:10px;padding-top:20px;padding-right:20px;padding-bottom:20px;padding-left:20px\">\n<h2 class=\"wp-block-heading has-black-color has-text-color has-link-color wp-elements-3add821d0baea658c0eac5f3bffe3c2b\" style=\"margin-top:0;font-size:clamp(14px, 0.875rem + ((1vw - 3.2px) * 0.156), 16px);\">Pop Corn<\/h2>\n<\/div>\n<\/div><\/div>\n\n\n\n<div class=\"wp-block-cover is-light has-custom-content-position is-position-bottom-center\" style=\"border-top-left-radius:5px;border-top-right-radius:5px;border-bottom-left-radius:5px;border-bottom-right-radius:5px;padding-top:20px;padding-right:20px;padding-bottom:20px;padding-left:20px;min-height:300px;aspect-ratio:unset;\"><img decoding=\"async\" width=\"900\" height=\"800\" class=\"wp-block-cover__image-background wp-image-32158 size-full lazyload\" alt=\"\" data-src=\"https:\/\/www.latelierfestif.com\/location\/wp-content\/uploads\/Machine-Barbe-Papa-1.jpg\" data-object-fit=\"cover\" data-srcset=\"https:\/\/www.latelierfestif.com\/locations\/wp-content\/uploads\/Machine-Barbe-Papa-1.jpg 900w, https:\/\/www.latelierfestif.com\/locations\/wp-content\/uploads\/Machine-Barbe-Papa-1-600x533.jpg 600w, https:\/\/www.latelierfestif.com\/locations\/wp-content\/uploads\/Machine-Barbe-Papa-1-768x683.jpg 768w\" data-sizes=\"auto, (max-width: 900px) 100vw, 900px\" src=\"data:image\/svg+xml;base64,PHN2ZyB3aWR0aD0iMSIgaGVpZ2h0PSIxIiB4bWxucz0iaHR0cDovL3d3dy53My5vcmcvMjAwMC9zdmciPjwvc3ZnPg==\" style=\"--smush-placeholder-width: 900px; --smush-placeholder-aspect-ratio: 900\/800;\" \/><span aria-hidden=\"true\" class=\"wp-block-cover__background has-background-dim-0 has-background-dim\" style=\"background-color:#f8f4f6\"><\/span><div class=\"wp-block-cover__inner-container is-layout-flow wp-block-cover-is-layout-flow\">\n<div class=\"wp-block-group has-white-background-color has-background is-layout-constrained wp-container-core-group-is-layout-bf816c8d wp-block-group-is-layout-constrained\" style=\"border-radius:10px;padding-top:20px;padding-right:20px;padding-bottom:20px;padding-left:20px\">\n<h2 class=\"wp-block-heading has-black-color has-text-color has-link-color wp-elements-1fd0032eb153fb3460151173fc261805\" style=\"margin-top:0;font-size:clamp(14px, 0.875rem + ((1vw - 3.2px) * 0.156), 16px);\">Cr\u00eapi\u00e8re<\/h2>\n<\/div>\n<\/div><\/div>\n<\/div>\n<\/div>\n<\/div>\n<\/div>\n<\/div>\n\n\n\n<div class=\"wp-block-group alignfull has-white-background-color has-background is-layout-constrained wp-block-group-is-layout-constrained\" style=\"padding-top:7rem;padding-bottom:7rem\">\n<div class=\"wp-block-columns are-vertically-aligned-center is-layout-flex wp-container-core-columns-is-layout-66fad18a wp-block-columns-is-layout-flex\">\n<div class=\"wp-block-column is-vertically-aligned-center is-layout-flow wp-block-column-is-layout-flow\">\n<h2 class=\"wp-block-heading has-black-color has-text-color has-link-color wp-elements-1d6c92de70224dff26424309ad66a1e0\" style=\"margin-bottom:20px;font-size:clamp(26.465px, 1.654rem + ((1vw - 3.2px) * 1.448), 45px);font-style:normal;font-weight:800;line-height:1.2\">Location de d\u00e9coration et mobilier \u00e0 La Fert\u00e9-Alais<\/h2>\n\n\n\n<p class=\"has-black-color has-text-color has-link-color has-medium-font-size wp-elements-9d8a381f278ed57dd5b9cf3948d008a2\" style=\"border-bottom-color:#0000001f;border-bottom-style:solid;border-bottom-width:1px;margin-bottom:40px;padding-bottom:40px\">Pour cr\u00e9er une ambiance unique \u00e0 La Fert\u00e9-Alais, nous vous proposons la location de d\u00e9coration et mobilier adapt\u00e9 \u00e0 tous vos \u00e9v\u00e9nements. <\/p>\n\n\n\n<p>Tables en bois, mange-debout, tables pliables, backdrops, \u00e9clairages et autres \u00e9l\u00e9ments de d\u00e9coration sont disponibles pour <strong>personnaliser votre f\u00eate<\/strong> selon vos envies.<\/p>\n\n\n\n<p>Que vous pr\u00e9pariez un mariage, un anniversaire ou une f\u00eate de quartier, notre service vous permet de combiner praticit\u00e9 et esth\u00e9tique. Chaque \u00e9l\u00e9ment est soigneusement s\u00e9lectionn\u00e9 pour sa qualit\u00e9 et sa robustesse. <\/p>\n\n\n\n<p>Gr\u00e2ce \u00e0 notre offre compl\u00e8te, vous pouvez transformer n\u2019importe quel lieu en un espace convivial et \u00e9l\u00e9gant. Nous vous accompagnons pour que votre \u00e9v\u00e9nement \u00e0 La Fert\u00e9-Alais soit parfaitement organis\u00e9 et visuellement remarquable.<\/p>\n<\/div>\n\n\n\n<div class=\"wp-block-column is-vertically-aligned-center is-layout-flow wp-block-column-is-layout-flow\" style=\"flex-basis:45%\">\n<div class=\"wp-block-columns is-not-stacked-on-mobile is-layout-flex wp-container-core-columns-is-layout-2709eace wp-block-columns-is-layout-flex\">\n<div class=\"wp-block-column is-layout-flow wp-block-column-is-layout-flow\">\n<div style=\"height:60px\" aria-hidden=\"true\" class=\"wp-block-spacer ct-hidden-md ct-hidden-sm\"><\/div>\n\n\n\n<figure class=\"wp-block-image size-full has-custom-border\" style=\"margin-bottom:30px\"><img decoding=\"async\" width=\"900\" height=\"1159\" data-src=\"https:\/\/www.latelierfestif.com\/location\/wp-content\/uploads\/Location-Table-Basse-Bois.jpg\" alt=\"\" class=\"wp-image-32284 lazyload\" style=\"--smush-placeholder-width: 900px; --smush-placeholder-aspect-ratio: 900\/1159;border-top-left-radius:5px;border-top-right-radius:5px;border-bottom-left-radius:5px;border-bottom-right-radius:5px;aspect-ratio:1;object-fit:cover\" data-srcset=\"https:\/\/www.latelierfestif.com\/locations\/wp-content\/uploads\/Location-Table-Basse-Bois.jpg 900w, https:\/\/www.latelierfestif.com\/locations\/wp-content\/uploads\/Location-Table-Basse-Bois-600x773.jpg 600w, https:\/\/www.latelierfestif.com\/locations\/wp-content\/uploads\/Location-Table-Basse-Bois-768x989.jpg 768w\" data-sizes=\"auto, (max-width: 900px) 100vw, 900px\" src=\"data:image\/svg+xml;base64,PHN2ZyB3aWR0aD0iMSIgaGVpZ2h0PSIxIiB4bWxucz0iaHR0cDovL3d3dy53My5vcmcvMjAwMC9zdmciPjwvc3ZnPg==\" \/><\/figure>\n\n\n\n<figure class=\"wp-block-image size-full has-custom-border\"><img decoding=\"async\" width=\"900\" height=\"1159\" data-src=\"https:\/\/www.latelierfestif.com\/location\/wp-content\/uploads\/Location-chiffre-geant.jpg\" alt=\"\" class=\"wp-image-32285 lazyload\" style=\"--smush-placeholder-width: 900px; --smush-placeholder-aspect-ratio: 900\/1159;border-top-left-radius:5px;border-top-right-radius:5px;border-bottom-left-radius:5px;border-bottom-right-radius:5px;aspect-ratio:1;object-fit:cover\" data-srcset=\"https:\/\/www.latelierfestif.com\/locations\/wp-content\/uploads\/Location-chiffre-geant.jpg 900w, https:\/\/www.latelierfestif.com\/locations\/wp-content\/uploads\/Location-chiffre-geant-600x773.jpg 600w, https:\/\/www.latelierfestif.com\/locations\/wp-content\/uploads\/Location-chiffre-geant-768x989.jpg 768w\" data-sizes=\"auto, (max-width: 900px) 100vw, 900px\" src=\"data:image\/svg+xml;base64,PHN2ZyB3aWR0aD0iMSIgaGVpZ2h0PSIxIiB4bWxucz0iaHR0cDovL3d3dy53My5vcmcvMjAwMC9zdmciPjwvc3ZnPg==\" \/><\/figure>\n<\/div>\n\n\n\n<div class=\"wp-block-column is-layout-flow wp-block-column-is-layout-flow\">\n<figure class=\"wp-block-image size-full has-custom-border\" style=\"margin-bottom:30px\"><img decoding=\"async\" width=\"900\" height=\"1159\" data-src=\"https:\/\/www.latelierfestif.com\/location\/wp-content\/uploads\/Coussin-de-sol-decoration.jpg\" alt=\"\" class=\"wp-image-32279 lazyload\" style=\"--smush-placeholder-width: 900px; --smush-placeholder-aspect-ratio: 900\/1159;border-top-left-radius:5px;border-top-right-radius:5px;border-bottom-left-radius:5px;border-bottom-right-radius:5px;aspect-ratio:1;object-fit:cover\" data-srcset=\"https:\/\/www.latelierfestif.com\/locations\/wp-content\/uploads\/Coussin-de-sol-decoration.jpg 900w, https:\/\/www.latelierfestif.com\/locations\/wp-content\/uploads\/Coussin-de-sol-decoration-600x773.jpg 600w, https:\/\/www.latelierfestif.com\/locations\/wp-content\/uploads\/Coussin-de-sol-decoration-768x989.jpg 768w\" data-sizes=\"auto, (max-width: 900px) 100vw, 900px\" src=\"data:image\/svg+xml;base64,PHN2ZyB3aWR0aD0iMSIgaGVpZ2h0PSIxIiB4bWxucz0iaHR0cDovL3d3dy53My5vcmcvMjAwMC9zdmciPjwvc3ZnPg==\" \/><\/figure>\n\n\n\n<figure class=\"wp-block-image size-full has-custom-border\"><img decoding=\"async\" width=\"900\" height=\"1159\" data-src=\"https:\/\/www.latelierfestif.com\/location\/wp-content\/uploads\/Decoration-Champignon-Bois.jpg\" alt=\"\" class=\"wp-image-32467 lazyload\" style=\"--smush-placeholder-width: 900px; --smush-placeholder-aspect-ratio: 900\/1159;border-top-left-radius:5px;border-top-right-radius:5px;border-bottom-left-radius:5px;border-bottom-right-radius:5px;aspect-ratio:1;object-fit:cover\" data-srcset=\"https:\/\/www.latelierfestif.com\/locations\/wp-content\/uploads\/Decoration-Champignon-Bois.jpg 900w, https:\/\/www.latelierfestif.com\/locations\/wp-content\/uploads\/Decoration-Champignon-Bois-600x773.jpg 600w, https:\/\/www.latelierfestif.com\/locations\/wp-content\/uploads\/Decoration-Champignon-Bois-768x989.jpg 768w\" data-sizes=\"auto, (max-width: 900px) 100vw, 900px\" src=\"data:image\/svg+xml;base64,PHN2ZyB3aWR0aD0iMSIgaGVpZ2h0PSIxIiB4bWxucz0iaHR0cDovL3d3dy53My5vcmcvMjAwMC9zdmciPjwvc3ZnPg==\" \/><\/figure>\n<\/div>\n<\/div>\n<\/div>\n<\/div>\n<\/div>\n\n\n\n<p><br><\/p>\n\n\n\n<h3 class=\"wp-block-heading has-text-align-center\">Vos \u00e9v\u00e8nements \u00e0 La Fert\u00e9-Alais avec L&rsquo;Atelier Festif<\/h3>\n\n\n\n<p>Situ\u00e9e dans l\u2019Essonne, <strong>La Fert\u00e9-Alais<\/strong> est une ville charmante connue pour son c\u00e9l\u00e8bre a\u00e9rodrome historique et ses f\u00eates locales anim\u00e9es. Entre son patrimoine authentique et ses paysages pittoresques, la ville offre un cadre id\u00e9al pour organiser vos \u00e9v\u00e9nements priv\u00e9s ou professionnels. <\/p>\n\n\n\n<p>Gr\u00e2ce \u00e0 nos services de location de jeux, machines de restauration, mobilier et d\u00e9coration, chaque f\u00eate \u00e0 La Fert\u00e9-Alais devient un moment unique et m\u00e9morable. Nous vous accompagnons pour que vos \u00e9v\u00e9nements profitent pleinement de l\u2019atmosph\u00e8re locale et de la convivialit\u00e9 de la ville. Avec notre expertise, vous pouvez facilement cr\u00e9er une ambiance festive et chaleureuse, adapt\u00e9e \u00e0 vos invit\u00e9s et \u00e0 votre lieu.<\/p>\n\n\n\n<div data-id=\"d27d7623\" class=\"wp-block-blocksy-tax-query\" style=\"padding-top:var(--wp--preset--spacing--60);padding-right:var(--wp--preset--spacing--60);padding-bottom:var(--wp--preset--spacing--60);padding-left:var(--wp--preset--spacing--60)\"><div class=\"ct-query-template-grid\"><div class=\"wp-block-term is-layout-flow\">\n\n<div class=\"wp-block-columns are-vertically-aligned-center has-palette-color-6-background-color has-background is-layout-flex wp-container-core-columns-is-layout-28f84493 wp-block-columns-is-layout-flex\" style=\"border-top-left-radius:5px;border-top-right-radius:5px;border-bottom-left-radius:5px;border-bottom-right-radius:5px\">\n<div class=\"wp-block-column is-vertically-aligned-center is-layout-constrained wp-block-column-is-layout-constrained\" style=\"flex-basis:66.66%\"><span style=\"margin-bottom:0px;\" class=\"ct-dynamic-data wp-elements-c3122228e7dd10ebcbdb18f505426900\">Location <a href=\"https:\/\/www.latelierfestif.com\/locations\/event\/yom-kippour\/\">Yom Kippour<\/a> \u00e0 La Fert\u00e9-Alais<\/span><\/div>\n<\/div>\n\n<\/div><div class=\"wp-block-term is-layout-flow\">\n\n<div class=\"wp-block-columns are-vertically-aligned-center has-palette-color-6-background-color has-background is-layout-flex wp-container-core-columns-is-layout-28f84493 wp-block-columns-is-layout-flex\" style=\"border-top-left-radius:5px;border-top-right-radius:5px;border-bottom-left-radius:5px;border-bottom-right-radius:5px\">\n<div class=\"wp-block-column is-vertically-aligned-center is-layout-constrained wp-block-column-is-layout-constrained\" style=\"flex-basis:66.66%\"><span style=\"margin-bottom:0px;\" class=\"ct-dynamic-data wp-elements-c3122228e7dd10ebcbdb18f505426900\">Location <a href=\"https:\/\/www.latelierfestif.com\/locations\/event\/welcome-baby\/\">Welcome baby<\/a> \u00e0 La Fert\u00e9-Alais<\/span><\/div>\n<\/div>\n\n<\/div><div class=\"wp-block-term is-layout-flow\">\n\n<div class=\"wp-block-columns are-vertically-aligned-center has-palette-color-6-background-color has-background is-layout-flex wp-container-core-columns-is-layout-28f84493 wp-block-columns-is-layout-flex\" style=\"border-top-left-radius:5px;border-top-right-radius:5px;border-bottom-left-radius:5px;border-bottom-right-radius:5px\">\n<div class=\"wp-block-column is-vertically-aligned-center is-layout-constrained wp-block-column-is-layout-constrained\" style=\"flex-basis:66.66%\"><span style=\"margin-bottom:0px;\" class=\"ct-dynamic-data wp-elements-c3122228e7dd10ebcbdb18f505426900\">Location <a href=\"https:\/\/www.latelierfestif.com\/locations\/event\/welcome\/\">Welcome<\/a> \u00e0 La Fert\u00e9-Alais<\/span><\/div>\n<\/div>\n\n<\/div><div class=\"wp-block-term is-layout-flow\">\n\n<div class=\"wp-block-columns are-vertically-aligned-center has-palette-color-6-background-color has-background is-layout-flex wp-container-core-columns-is-layout-28f84493 wp-block-columns-is-layout-flex\" style=\"border-top-left-radius:5px;border-top-right-radius:5px;border-bottom-left-radius:5px;border-bottom-right-radius:5px\">\n<div class=\"wp-block-column is-vertically-aligned-center is-layout-constrained wp-block-column-is-layout-constrained\" style=\"flex-basis:66.66%\"><span style=\"margin-bottom:0px;\" class=\"ct-dynamic-data wp-elements-c3122228e7dd10ebcbdb18f505426900\">Location <a href=\"https:\/\/www.latelierfestif.com\/locations\/event\/tour-de-france\/\">Tour de France<\/a> \u00e0 La Fert\u00e9-Alais<\/span><\/div>\n<\/div>\n\n<\/div><div class=\"wp-block-term is-layout-flow\">\n\n<div class=\"wp-block-columns are-vertically-aligned-center has-palette-color-6-background-color has-background is-layout-flex wp-container-core-columns-is-layout-28f84493 wp-block-columns-is-layout-flex\" style=\"border-top-left-radius:5px;border-top-right-radius:5px;border-bottom-left-radius:5px;border-bottom-right-radius:5px\">\n<div class=\"wp-block-column is-vertically-aligned-center is-layout-constrained wp-block-column-is-layout-constrained\" style=\"flex-basis:66.66%\"><span style=\"margin-bottom:0px;\" class=\"ct-dynamic-data wp-elements-c3122228e7dd10ebcbdb18f505426900\">Location <a href=\"https:\/\/www.latelierfestif.com\/locations\/event\/sweet-16\/\">Sweet 16<\/a> \u00e0 La Fert\u00e9-Alais<\/span><\/div>\n<\/div>\n\n<\/div><div class=\"wp-block-term is-layout-flow\">\n\n<div class=\"wp-block-columns are-vertically-aligned-center has-palette-color-6-background-color has-background is-layout-flex wp-container-core-columns-is-layout-28f84493 wp-block-columns-is-layout-flex\" style=\"border-top-left-radius:5px;border-top-right-radius:5px;border-bottom-left-radius:5px;border-bottom-right-radius:5px\">\n<div class=\"wp-block-column is-vertically-aligned-center is-layout-constrained wp-block-column-is-layout-constrained\" style=\"flex-basis:66.66%\"><span style=\"margin-bottom:0px;\" class=\"ct-dynamic-data wp-elements-c3122228e7dd10ebcbdb18f505426900\">Location <a href=\"https:\/\/www.latelierfestif.com\/locations\/event\/soiree-thematique\/\">Soir\u00e9e Th\u00e9matique<\/a> \u00e0 La Fert\u00e9-Alais<\/span><\/div>\n<\/div>\n\n<\/div><div class=\"wp-block-term is-layout-flow\">\n\n<div class=\"wp-block-columns are-vertically-aligned-center has-palette-color-6-background-color has-background is-layout-flex wp-container-core-columns-is-layout-28f84493 wp-block-columns-is-layout-flex\" style=\"border-top-left-radius:5px;border-top-right-radius:5px;border-bottom-left-radius:5px;border-bottom-right-radius:5px\">\n<div class=\"wp-block-column is-vertically-aligned-center is-layout-constrained wp-block-column-is-layout-constrained\" style=\"flex-basis:66.66%\"><span style=\"margin-bottom:0px;\" class=\"ct-dynamic-data wp-elements-c3122228e7dd10ebcbdb18f505426900\">Location <a href=\"https:\/\/www.latelierfestif.com\/locations\/event\/seminaire\/\">S\u00e9minaire<\/a> \u00e0 La Fert\u00e9-Alais<\/span><\/div>\n<\/div>\n\n<\/div><div class=\"wp-block-term is-layout-flow\">\n\n<div class=\"wp-block-columns are-vertically-aligned-center has-palette-color-6-background-color has-background is-layout-flex wp-container-core-columns-is-layout-28f84493 wp-block-columns-is-layout-flex\" style=\"border-top-left-radius:5px;border-top-right-radius:5px;border-bottom-left-radius:5px;border-bottom-right-radius:5px\">\n<div class=\"wp-block-column is-vertically-aligned-center is-layout-constrained wp-block-column-is-layout-constrained\" style=\"flex-basis:66.66%\"><span style=\"margin-bottom:0px;\" class=\"ct-dynamic-data wp-elements-c3122228e7dd10ebcbdb18f505426900\">Location <a href=\"https:\/\/www.latelierfestif.com\/locations\/event\/saint-valentin\/\">Saint-Valentin<\/a> \u00e0 La Fert\u00e9-Alais<\/span><\/div>\n<\/div>\n\n<\/div><div class=\"wp-block-term is-layout-flow\">\n\n<div class=\"wp-block-columns are-vertically-aligned-center has-palette-color-6-background-color has-background is-layout-flex wp-container-core-columns-is-layout-28f84493 wp-block-columns-is-layout-flex\" style=\"border-top-left-radius:5px;border-top-right-radius:5px;border-bottom-left-radius:5px;border-bottom-right-radius:5px\">\n<div class=\"wp-block-column is-vertically-aligned-center is-layout-constrained wp-block-column-is-layout-constrained\" style=\"flex-basis:66.66%\"><span style=\"margin-bottom:0px;\" class=\"ct-dynamic-data wp-elements-c3122228e7dd10ebcbdb18f505426900\">Location <a href=\"https:\/\/www.latelierfestif.com\/locations\/event\/reunion-de-famille\/\">R\u00e9union de famille<\/a> \u00e0 La Fert\u00e9-Alais<\/span><\/div>\n<\/div>\n\n<\/div><div class=\"wp-block-term is-layout-flow\">\n\n<div class=\"wp-block-columns are-vertically-aligned-center has-palette-color-6-background-color has-background is-layout-flex wp-container-core-columns-is-layout-28f84493 wp-block-columns-is-layout-flex\" style=\"border-top-left-radius:5px;border-top-right-radius:5px;border-bottom-left-radius:5px;border-bottom-right-radius:5px\">\n<div class=\"wp-block-column is-vertically-aligned-center is-layout-constrained wp-block-column-is-layout-constrained\" style=\"flex-basis:66.66%\"><span style=\"margin-bottom:0px;\" class=\"ct-dynamic-data wp-elements-c3122228e7dd10ebcbdb18f505426900\">Location <a href=\"https:\/\/www.latelierfestif.com\/locations\/event\/retraite\/\">Retraite<\/a> \u00e0 La Fert\u00e9-Alais<\/span><\/div>\n<\/div>\n\n<\/div><div class=\"wp-block-term is-layout-flow\">\n\n<div class=\"wp-block-columns are-vertically-aligned-center has-palette-color-6-background-color has-background is-layout-flex wp-container-core-columns-is-layout-28f84493 wp-block-columns-is-layout-flex\" style=\"border-top-left-radius:5px;border-top-right-radius:5px;border-bottom-left-radius:5px;border-bottom-right-radius:5px\">\n<div class=\"wp-block-column is-vertically-aligned-center is-layout-constrained wp-block-column-is-layout-constrained\" style=\"flex-basis:66.66%\"><span style=\"margin-bottom:0px;\" class=\"ct-dynamic-data wp-elements-c3122228e7dd10ebcbdb18f505426900\">Location <a href=\"https:\/\/www.latelierfestif.com\/locations\/event\/reception\/\">R\u00e9ception<\/a> \u00e0 La Fert\u00e9-Alais<\/span><\/div>\n<\/div>\n\n<\/div><div class=\"wp-block-term is-layout-flow\">\n\n<div class=\"wp-block-columns are-vertically-aligned-center has-palette-color-6-background-color has-background is-layout-flex wp-container-core-columns-is-layout-28f84493 wp-block-columns-is-layout-flex\" style=\"border-top-left-radius:5px;border-top-right-radius:5px;border-bottom-left-radius:5px;border-bottom-right-radius:5px\">\n<div class=\"wp-block-column is-vertically-aligned-center is-layout-constrained wp-block-column-is-layout-constrained\" style=\"flex-basis:66.66%\"><span style=\"margin-bottom:0px;\" class=\"ct-dynamic-data wp-elements-c3122228e7dd10ebcbdb18f505426900\">Location <a href=\"https:\/\/www.latelierfestif.com\/locations\/event\/quinceanera\/\">Quincea\u00f1era<\/a> \u00e0 La Fert\u00e9-Alais<\/span><\/div>\n<\/div>\n\n<\/div><div class=\"wp-block-term is-layout-flow\">\n\n<div class=\"wp-block-columns are-vertically-aligned-center has-palette-color-6-background-color has-background is-layout-flex wp-container-core-columns-is-layout-28f84493 wp-block-columns-is-layout-flex\" style=\"border-top-left-radius:5px;border-top-right-radius:5px;border-bottom-left-radius:5px;border-bottom-right-radius:5px\">\n<div class=\"wp-block-column is-vertically-aligned-center is-layout-constrained wp-block-column-is-layout-constrained\" style=\"flex-basis:66.66%\"><span style=\"margin-bottom:0px;\" class=\"ct-dynamic-data wp-elements-c3122228e7dd10ebcbdb18f505426900\">Location <a href=\"https:\/\/www.latelierfestif.com\/locations\/event\/pendaison-de-cremaillere\/\">Pendaison de cr\u00e9maill\u00e8re<\/a> \u00e0 La Fert\u00e9-Alais<\/span><\/div>\n<\/div>\n\n<\/div><div class=\"wp-block-term is-layout-flow\">\n\n<div class=\"wp-block-columns are-vertically-aligned-center has-palette-color-6-background-color has-background is-layout-flex wp-container-core-columns-is-layout-28f84493 wp-block-columns-is-layout-flex\" style=\"border-top-left-radius:5px;border-top-right-radius:5px;border-bottom-left-radius:5px;border-bottom-right-radius:5px\">\n<div class=\"wp-block-column is-vertically-aligned-center is-layout-constrained wp-block-column-is-layout-constrained\" style=\"flex-basis:66.66%\"><span style=\"margin-bottom:0px;\" class=\"ct-dynamic-data wp-elements-c3122228e7dd10ebcbdb18f505426900\">Location <a href=\"https:\/\/www.latelierfestif.com\/locations\/event\/paques\/\">P\u00e2ques<\/a> \u00e0 La Fert\u00e9-Alais<\/span><\/div>\n<\/div>\n\n<\/div><div class=\"wp-block-term is-layout-flow\">\n\n<div class=\"wp-block-columns are-vertically-aligned-center has-palette-color-6-background-color has-background is-layout-flex wp-container-core-columns-is-layout-28f84493 wp-block-columns-is-layout-flex\" style=\"border-top-left-radius:5px;border-top-right-radius:5px;border-bottom-left-radius:5px;border-bottom-right-radius:5px\">\n<div class=\"wp-block-column is-vertically-aligned-center is-layout-constrained wp-block-column-is-layout-constrained\" style=\"flex-basis:66.66%\"><span style=\"margin-bottom:0px;\" class=\"ct-dynamic-data wp-elements-c3122228e7dd10ebcbdb18f505426900\">Location <a href=\"https:\/\/www.latelierfestif.com\/locations\/event\/noel\/\">No\u00ebl<\/a> \u00e0 La Fert\u00e9-Alais<\/span><\/div>\n<\/div>\n\n<\/div><div class=\"wp-block-term is-layout-flow\">\n\n<div class=\"wp-block-columns are-vertically-aligned-center has-palette-color-6-background-color has-background is-layout-flex wp-container-core-columns-is-layout-28f84493 wp-block-columns-is-layout-flex\" style=\"border-top-left-radius:5px;border-top-right-radius:5px;border-bottom-left-radius:5px;border-bottom-right-radius:5px\">\n<div class=\"wp-block-column is-vertically-aligned-center is-layout-constrained wp-block-column-is-layout-constrained\" style=\"flex-basis:66.66%\"><span style=\"margin-bottom:0px;\" class=\"ct-dynamic-data wp-elements-c3122228e7dd10ebcbdb18f505426900\">Location <a href=\"https:\/\/www.latelierfestif.com\/locations\/event\/naissance\/\">Naissance<\/a> \u00e0 La Fert\u00e9-Alais<\/span><\/div>\n<\/div>\n\n<\/div><div class=\"wp-block-term is-layout-flow\">\n\n<div class=\"wp-block-columns are-vertically-aligned-center has-palette-color-6-background-color has-background is-layout-flex wp-container-core-columns-is-layout-28f84493 wp-block-columns-is-layout-flex\" style=\"border-top-left-radius:5px;border-top-right-radius:5px;border-bottom-left-radius:5px;border-bottom-right-radius:5px\">\n<div class=\"wp-block-column is-vertically-aligned-center is-layout-constrained wp-block-column-is-layout-constrained\" style=\"flex-basis:66.66%\"><span style=\"margin-bottom:0px;\" class=\"ct-dynamic-data wp-elements-c3122228e7dd10ebcbdb18f505426900\">Location <a href=\"https:\/\/www.latelierfestif.com\/locations\/event\/mariage\/\">Mariage<\/a> \u00e0 La Fert\u00e9-Alais<\/span><\/div>\n<\/div>\n\n<\/div><div class=\"wp-block-term is-layout-flow\">\n\n<div class=\"wp-block-columns are-vertically-aligned-center has-palette-color-6-background-color has-background is-layout-flex wp-container-core-columns-is-layout-28f84493 wp-block-columns-is-layout-flex\" style=\"border-top-left-radius:5px;border-top-right-radius:5px;border-bottom-left-radius:5px;border-bottom-right-radius:5px\">\n<div class=\"wp-block-column is-vertically-aligned-center is-layout-constrained wp-block-column-is-layout-constrained\" style=\"flex-basis:66.66%\"><span style=\"margin-bottom:0px;\" class=\"ct-dynamic-data wp-elements-c3122228e7dd10ebcbdb18f505426900\">Location <a href=\"https:\/\/www.latelierfestif.com\/locations\/event\/marche-nocturne\/\">March\u00e9 nocturne<\/a> \u00e0 La Fert\u00e9-Alais<\/span><\/div>\n<\/div>\n\n<\/div><div class=\"wp-block-term is-layout-flow\">\n\n<div class=\"wp-block-columns are-vertically-aligned-center has-palette-color-6-background-color has-background is-layout-flex wp-container-core-columns-is-layout-28f84493 wp-block-columns-is-layout-flex\" style=\"border-top-left-radius:5px;border-top-right-radius:5px;border-bottom-left-radius:5px;border-bottom-right-radius:5px\">\n<div class=\"wp-block-column is-vertically-aligned-center is-layout-constrained wp-block-column-is-layout-constrained\" style=\"flex-basis:66.66%\"><span style=\"margin-bottom:0px;\" class=\"ct-dynamic-data wp-elements-c3122228e7dd10ebcbdb18f505426900\">Location <a href=\"https:\/\/www.latelierfestif.com\/locations\/event\/marche-de-rue\/\">March\u00e9 de rue<\/a> \u00e0 La Fert\u00e9-Alais<\/span><\/div>\n<\/div>\n\n<\/div><div class=\"wp-block-term is-layout-flow\">\n\n<div class=\"wp-block-columns are-vertically-aligned-center has-palette-color-6-background-color has-background is-layout-flex wp-container-core-columns-is-layout-28f84493 wp-block-columns-is-layout-flex\" style=\"border-top-left-radius:5px;border-top-right-radius:5px;border-bottom-left-radius:5px;border-bottom-right-radius:5px\">\n<div class=\"wp-block-column is-vertically-aligned-center is-layout-constrained wp-block-column-is-layout-constrained\" style=\"flex-basis:66.66%\"><span style=\"margin-bottom:0px;\" class=\"ct-dynamic-data wp-elements-c3122228e7dd10ebcbdb18f505426900\">Location <a href=\"https:\/\/www.latelierfestif.com\/locations\/event\/location-jeux-essonne\/\">location jeux Essonne<\/a> \u00e0 La Fert\u00e9-Alais<\/span><\/div>\n<\/div>\n\n<\/div><div class=\"wp-block-term is-layout-flow\">\n\n<div class=\"wp-block-columns are-vertically-aligned-center has-palette-color-6-background-color has-background is-layout-flex wp-container-core-columns-is-layout-28f84493 wp-block-columns-is-layout-flex\" style=\"border-top-left-radius:5px;border-top-right-radius:5px;border-bottom-left-radius:5px;border-bottom-right-radius:5px\">\n<div class=\"wp-block-column is-vertically-aligned-center is-layout-constrained wp-block-column-is-layout-constrained\" style=\"flex-basis:66.66%\"><span style=\"margin-bottom:0px;\" class=\"ct-dynamic-data wp-elements-c3122228e7dd10ebcbdb18f505426900\">Location <a href=\"https:\/\/www.latelierfestif.com\/locations\/event\/location-jeu-enfant\/\">location jeu enfant<\/a> \u00e0 La Fert\u00e9-Alais<\/span><\/div>\n<\/div>\n\n<\/div><div class=\"wp-block-term is-layout-flow\">\n\n<div class=\"wp-block-columns are-vertically-aligned-center has-palette-color-6-background-color has-background is-layout-flex wp-container-core-columns-is-layout-28f84493 wp-block-columns-is-layout-flex\" style=\"border-top-left-radius:5px;border-top-right-radius:5px;border-bottom-left-radius:5px;border-bottom-right-radius:5px\">\n<div class=\"wp-block-column is-vertically-aligned-center is-layout-constrained wp-block-column-is-layout-constrained\" style=\"flex-basis:66.66%\"><span style=\"margin-bottom:0px;\" class=\"ct-dynamic-data wp-elements-c3122228e7dd10ebcbdb18f505426900\">Location <a href=\"https:\/\/www.latelierfestif.com\/locations\/event\/location-jeu-en-bois\/\">location jeu en bois<\/a> \u00e0 La Fert\u00e9-Alais<\/span><\/div>\n<\/div>\n\n<\/div><div class=\"wp-block-term is-layout-flow\">\n\n<div class=\"wp-block-columns are-vertically-aligned-center has-palette-color-6-background-color has-background is-layout-flex wp-container-core-columns-is-layout-28f84493 wp-block-columns-is-layout-flex\" style=\"border-top-left-radius:5px;border-top-right-radius:5px;border-bottom-left-radius:5px;border-bottom-right-radius:5px\">\n<div class=\"wp-block-column is-vertically-aligned-center is-layout-constrained wp-block-column-is-layout-constrained\" style=\"flex-basis:66.66%\"><span style=\"margin-bottom:0px;\" class=\"ct-dynamic-data wp-elements-c3122228e7dd10ebcbdb18f505426900\">Location <a href=\"https:\/\/www.latelierfestif.com\/locations\/event\/kermesse\/\">Kermesse<\/a> \u00e0 La Fert\u00e9-Alais<\/span><\/div>\n<\/div>\n\n<\/div><div class=\"wp-block-term is-layout-flow\">\n\n<div class=\"wp-block-columns are-vertically-aligned-center has-palette-color-6-background-color has-background is-layout-flex wp-container-core-columns-is-layout-28f84493 wp-block-columns-is-layout-flex\" style=\"border-top-left-radius:5px;border-top-right-radius:5px;border-bottom-left-radius:5px;border-bottom-right-radius:5px\">\n<div class=\"wp-block-column is-vertically-aligned-center is-layout-constrained wp-block-column-is-layout-constrained\" style=\"flex-basis:66.66%\"><span style=\"margin-bottom:0px;\" class=\"ct-dynamic-data wp-elements-c3122228e7dd10ebcbdb18f505426900\">Location <a href=\"https:\/\/www.latelierfestif.com\/locations\/event\/journees-du-patrimoine\/\">Journ\u00e9es du Patrimoine<\/a> \u00e0 La Fert\u00e9-Alais<\/span><\/div>\n<\/div>\n\n<\/div><div class=\"wp-block-term is-layout-flow\">\n\n<div class=\"wp-block-columns are-vertically-aligned-center has-palette-color-6-background-color has-background is-layout-flex wp-container-core-columns-is-layout-28f84493 wp-block-columns-is-layout-flex\" style=\"border-top-left-radius:5px;border-top-right-radius:5px;border-bottom-left-radius:5px;border-bottom-right-radius:5px\">\n<div class=\"wp-block-column is-vertically-aligned-center is-layout-constrained wp-block-column-is-layout-constrained\" style=\"flex-basis:66.66%\"><span style=\"margin-bottom:0px;\" class=\"ct-dynamic-data wp-elements-c3122228e7dd10ebcbdb18f505426900\">Location <a href=\"https:\/\/www.latelierfestif.com\/locations\/event\/jeux-olympiques\/\">Jeux Olympiques<\/a> \u00e0 La Fert\u00e9-Alais<\/span><\/div>\n<\/div>\n\n<\/div><div class=\"wp-block-term is-layout-flow\">\n\n<div class=\"wp-block-columns are-vertically-aligned-center has-palette-color-6-background-color has-background is-layout-flex wp-container-core-columns-is-layout-28f84493 wp-block-columns-is-layout-flex\" style=\"border-top-left-radius:5px;border-top-right-radius:5px;border-bottom-left-radius:5px;border-bottom-right-radius:5px\">\n<div class=\"wp-block-column is-vertically-aligned-center is-layout-constrained wp-block-column-is-layout-constrained\" style=\"flex-basis:66.66%\"><span style=\"margin-bottom:0px;\" class=\"ct-dynamic-data wp-elements-c3122228e7dd10ebcbdb18f505426900\">Location <a href=\"https:\/\/www.latelierfestif.com\/locations\/event\/jeu-en-bois\/\">jeu en bois<\/a> \u00e0 La Fert\u00e9-Alais<\/span><\/div>\n<\/div>\n\n<\/div><div class=\"wp-block-term is-layout-flow\">\n\n<div class=\"wp-block-columns are-vertically-aligned-center has-palette-color-6-background-color has-background is-layout-flex wp-container-core-columns-is-layout-28f84493 wp-block-columns-is-layout-flex\" style=\"border-top-left-radius:5px;border-top-right-radius:5px;border-bottom-left-radius:5px;border-bottom-right-radius:5px\">\n<div class=\"wp-block-column is-vertically-aligned-center is-layout-constrained wp-block-column-is-layout-constrained\" style=\"flex-basis:66.66%\"><span style=\"margin-bottom:0px;\" class=\"ct-dynamic-data wp-elements-c3122228e7dd10ebcbdb18f505426900\">Location <a href=\"https:\/\/www.latelierfestif.com\/locations\/event\/inauguration\/\">Inauguration<\/a> \u00e0 La Fert\u00e9-Alais<\/span><\/div>\n<\/div>\n\n<\/div><div class=\"wp-block-term is-layout-flow\">\n\n<div class=\"wp-block-columns are-vertically-aligned-center has-palette-color-6-background-color has-background is-layout-flex wp-container-core-columns-is-layout-28f84493 wp-block-columns-is-layout-flex\" style=\"border-top-left-radius:5px;border-top-right-radius:5px;border-bottom-left-radius:5px;border-bottom-right-radius:5px\">\n<div class=\"wp-block-column is-vertically-aligned-center is-layout-constrained wp-block-column-is-layout-constrained\" style=\"flex-basis:66.66%\"><span style=\"margin-bottom:0px;\" class=\"ct-dynamic-data wp-elements-c3122228e7dd10ebcbdb18f505426900\">Location <a href=\"https:\/\/www.latelierfestif.com\/locations\/event\/halloween\/\">Halloween<\/a> \u00e0 La Fert\u00e9-Alais<\/span><\/div>\n<\/div>\n\n<\/div><div class=\"wp-block-term is-layout-flow\">\n\n<div class=\"wp-block-columns are-vertically-aligned-center has-palette-color-6-background-color has-background is-layout-flex wp-container-core-columns-is-layout-28f84493 wp-block-columns-is-layout-flex\" style=\"border-top-left-radius:5px;border-top-right-radius:5px;border-bottom-left-radius:5px;border-bottom-right-radius:5px\">\n<div class=\"wp-block-column is-vertically-aligned-center is-layout-constrained wp-block-column-is-layout-constrained\" style=\"flex-basis:66.66%\"><span style=\"margin-bottom:0px;\" class=\"ct-dynamic-data wp-elements-c3122228e7dd10ebcbdb18f505426900\">Location <a href=\"https:\/\/www.latelierfestif.com\/locations\/event\/gender-reveal\/\">Gender reveal<\/a> \u00e0 La Fert\u00e9-Alais<\/span><\/div>\n<\/div>\n\n<\/div><div class=\"wp-block-term is-layout-flow\">\n\n<div class=\"wp-block-columns are-vertically-aligned-center has-palette-color-6-background-color has-background is-layout-flex wp-container-core-columns-is-layout-28f84493 wp-block-columns-is-layout-flex\" style=\"border-top-left-radius:5px;border-top-right-radius:5px;border-bottom-left-radius:5px;border-bottom-right-radius:5px\">\n<div class=\"wp-block-column is-vertically-aligned-center is-layout-constrained wp-block-column-is-layout-constrained\" style=\"flex-basis:66.66%\"><span style=\"margin-bottom:0px;\" class=\"ct-dynamic-data wp-elements-c3122228e7dd10ebcbdb18f505426900\">Location <a href=\"https:\/\/www.latelierfestif.com\/locations\/event\/galette-des-rois\/\">Galette des Rois<\/a> \u00e0 La Fert\u00e9-Alais<\/span><\/div>\n<\/div>\n\n<\/div><div class=\"wp-block-term is-layout-flow\">\n\n<div class=\"wp-block-columns are-vertically-aligned-center has-palette-color-6-background-color has-background is-layout-flex wp-container-core-columns-is-layout-28f84493 wp-block-columns-is-layout-flex\" style=\"border-top-left-radius:5px;border-top-right-radius:5px;border-bottom-left-radius:5px;border-bottom-right-radius:5px\">\n<div class=\"wp-block-column is-vertically-aligned-center is-layout-constrained wp-block-column-is-layout-constrained\" style=\"flex-basis:66.66%\"><span style=\"margin-bottom:0px;\" class=\"ct-dynamic-data wp-elements-c3122228e7dd10ebcbdb18f505426900\">Location <a href=\"https:\/\/www.latelierfestif.com\/locations\/event\/fiancailles\/\">Fian\u00e7ailles<\/a> \u00e0 La Fert\u00e9-Alais<\/span><\/div>\n<\/div>\n\n<\/div><div class=\"wp-block-term is-layout-flow\">\n\n<div class=\"wp-block-columns are-vertically-aligned-center has-palette-color-6-background-color has-background is-layout-flex wp-container-core-columns-is-layout-28f84493 wp-block-columns-is-layout-flex\" style=\"border-top-left-radius:5px;border-top-right-radius:5px;border-bottom-left-radius:5px;border-bottom-right-radius:5px\">\n<div class=\"wp-block-column is-vertically-aligned-center is-layout-constrained wp-block-column-is-layout-constrained\" style=\"flex-basis:66.66%\"><span style=\"margin-bottom:0px;\" class=\"ct-dynamic-data wp-elements-c3122228e7dd10ebcbdb18f505426900\">Location <a href=\"https:\/\/www.latelierfestif.com\/locations\/event\/fete-des-peres\/\">F\u00eate des P\u00e8res<\/a> \u00e0 La Fert\u00e9-Alais<\/span><\/div>\n<\/div>\n\n<\/div><div class=\"wp-block-term is-layout-flow\">\n\n<div class=\"wp-block-columns are-vertically-aligned-center has-palette-color-6-background-color has-background is-layout-flex wp-container-core-columns-is-layout-28f84493 wp-block-columns-is-layout-flex\" style=\"border-top-left-radius:5px;border-top-right-radius:5px;border-bottom-left-radius:5px;border-bottom-right-radius:5px\">\n<div class=\"wp-block-column is-vertically-aligned-center is-layout-constrained wp-block-column-is-layout-constrained\" style=\"flex-basis:66.66%\"><span style=\"margin-bottom:0px;\" class=\"ct-dynamic-data wp-elements-c3122228e7dd10ebcbdb18f505426900\">Location <a href=\"https:\/\/www.latelierfestif.com\/locations\/event\/fete-des-meres\/\">F\u00eate des m\u00e8res<\/a> \u00e0 La Fert\u00e9-Alais<\/span><\/div>\n<\/div>\n\n<\/div><div class=\"wp-block-term is-layout-flow\">\n\n<div class=\"wp-block-columns are-vertically-aligned-center has-palette-color-6-background-color has-background is-layout-flex wp-container-core-columns-is-layout-28f84493 wp-block-columns-is-layout-flex\" style=\"border-top-left-radius:5px;border-top-right-radius:5px;border-bottom-left-radius:5px;border-bottom-right-radius:5px\">\n<div class=\"wp-block-column is-vertically-aligned-center is-layout-constrained wp-block-column-is-layout-constrained\" style=\"flex-basis:66.66%\"><span style=\"margin-bottom:0px;\" class=\"ct-dynamic-data wp-elements-c3122228e7dd10ebcbdb18f505426900\">Location <a href=\"https:\/\/www.latelierfestif.com\/locations\/event\/fete-des-grands-peres\/\">F\u00eate des grands-p\u00e8res<\/a> \u00e0 La Fert\u00e9-Alais<\/span><\/div>\n<\/div>\n\n<\/div><div class=\"wp-block-term is-layout-flow\">\n\n<div class=\"wp-block-columns are-vertically-aligned-center has-palette-color-6-background-color has-background is-layout-flex wp-container-core-columns-is-layout-28f84493 wp-block-columns-is-layout-flex\" style=\"border-top-left-radius:5px;border-top-right-radius:5px;border-bottom-left-radius:5px;border-bottom-right-radius:5px\">\n<div class=\"wp-block-column is-vertically-aligned-center is-layout-constrained wp-block-column-is-layout-constrained\" style=\"flex-basis:66.66%\"><span style=\"margin-bottom:0px;\" class=\"ct-dynamic-data wp-elements-c3122228e7dd10ebcbdb18f505426900\">Location <a href=\"https:\/\/www.latelierfestif.com\/locations\/event\/fete-des-grands-meres\/\">F\u00eate des Grands-M\u00e8res<\/a> \u00e0 La Fert\u00e9-Alais<\/span><\/div>\n<\/div>\n\n<\/div><div class=\"wp-block-term is-layout-flow\">\n\n<div class=\"wp-block-columns are-vertically-aligned-center has-palette-color-6-background-color has-background is-layout-flex wp-container-core-columns-is-layout-28f84493 wp-block-columns-is-layout-flex\" style=\"border-top-left-radius:5px;border-top-right-radius:5px;border-bottom-left-radius:5px;border-bottom-right-radius:5px\">\n<div class=\"wp-block-column is-vertically-aligned-center is-layout-constrained wp-block-column-is-layout-constrained\" style=\"flex-basis:66.66%\"><span style=\"margin-bottom:0px;\" class=\"ct-dynamic-data wp-elements-c3122228e7dd10ebcbdb18f505426900\">Location <a href=\"https:\/\/www.latelierfestif.com\/locations\/event\/fete-de-la-musique\/\">F\u00eate de la musique<\/a> \u00e0 La Fert\u00e9-Alais<\/span><\/div>\n<\/div>\n\n<\/div><div class=\"wp-block-term is-layout-flow\">\n\n<div class=\"wp-block-columns are-vertically-aligned-center has-palette-color-6-background-color has-background is-layout-flex wp-container-core-columns-is-layout-28f84493 wp-block-columns-is-layout-flex\" style=\"border-top-left-radius:5px;border-top-right-radius:5px;border-bottom-left-radius:5px;border-bottom-right-radius:5px\">\n<div class=\"wp-block-column is-vertically-aligned-center is-layout-constrained wp-block-column-is-layout-constrained\" style=\"flex-basis:66.66%\"><span style=\"margin-bottom:0px;\" class=\"ct-dynamic-data wp-elements-c3122228e7dd10ebcbdb18f505426900\">Location <a href=\"https:\/\/www.latelierfestif.com\/locations\/event\/fete-de-fin-dannee-scolaire\/\">F\u00eate de fin d&rsquo;ann\u00e9e scolaire<\/a> \u00e0 La Fert\u00e9-Alais<\/span><\/div>\n<\/div>\n\n<\/div><div class=\"wp-block-term is-layout-flow\">\n\n<div class=\"wp-block-columns are-vertically-aligned-center has-palette-color-6-background-color has-background is-layout-flex wp-container-core-columns-is-layout-28f84493 wp-block-columns-is-layout-flex\" style=\"border-top-left-radius:5px;border-top-right-radius:5px;border-bottom-left-radius:5px;border-bottom-right-radius:5px\">\n<div class=\"wp-block-column is-vertically-aligned-center is-layout-constrained wp-block-column-is-layout-constrained\" style=\"flex-basis:66.66%\"><span style=\"margin-bottom:0px;\" class=\"ct-dynamic-data wp-elements-c3122228e7dd10ebcbdb18f505426900\">Location <a href=\"https:\/\/www.latelierfestif.com\/locations\/event\/fete-de-divorce\/\">F\u00eate de divorce<\/a> \u00e0 La Fert\u00e9-Alais<\/span><\/div>\n<\/div>\n\n<\/div><div class=\"wp-block-term is-layout-flow\">\n\n<div class=\"wp-block-columns are-vertically-aligned-center has-palette-color-6-background-color has-background is-layout-flex wp-container-core-columns-is-layout-28f84493 wp-block-columns-is-layout-flex\" style=\"border-top-left-radius:5px;border-top-right-radius:5px;border-bottom-left-radius:5px;border-bottom-right-radius:5px\">\n<div class=\"wp-block-column is-vertically-aligned-center is-layout-constrained wp-block-column-is-layout-constrained\" style=\"flex-basis:66.66%\"><span style=\"margin-bottom:0px;\" class=\"ct-dynamic-data wp-elements-c3122228e7dd10ebcbdb18f505426900\">Location <a href=\"https:\/\/www.latelierfestif.com\/locations\/event\/fete-de-bienvenue\/\">F\u00eate de bienvenue<\/a> \u00e0 La Fert\u00e9-Alais<\/span><\/div>\n<\/div>\n\n<\/div><div class=\"wp-block-term is-layout-flow\">\n\n<div class=\"wp-block-columns are-vertically-aligned-center has-palette-color-6-background-color has-background is-layout-flex wp-container-core-columns-is-layout-28f84493 wp-block-columns-is-layout-flex\" style=\"border-top-left-radius:5px;border-top-right-radius:5px;border-bottom-left-radius:5px;border-bottom-right-radius:5px\">\n<div class=\"wp-block-column is-vertically-aligned-center is-layout-constrained wp-block-column-is-layout-constrained\" style=\"flex-basis:66.66%\"><span style=\"margin-bottom:0px;\" class=\"ct-dynamic-data wp-elements-c3122228e7dd10ebcbdb18f505426900\">Location <a href=\"https:\/\/www.latelierfestif.com\/locations\/event\/evenements-entreprises\/\">Ev\u00e9nements Entreprises<\/a> \u00e0 La Fert\u00e9-Alais<\/span><\/div>\n<\/div>\n\n<\/div><div class=\"wp-block-term is-layout-flow\">\n\n<div class=\"wp-block-columns are-vertically-aligned-center has-palette-color-6-background-color has-background is-layout-flex wp-container-core-columns-is-layout-28f84493 wp-block-columns-is-layout-flex\" style=\"border-top-left-radius:5px;border-top-right-radius:5px;border-bottom-left-radius:5px;border-bottom-right-radius:5px\">\n<div class=\"wp-block-column is-vertically-aligned-center is-layout-constrained wp-block-column-is-layout-constrained\" style=\"flex-basis:66.66%\"><span style=\"margin-bottom:0px;\" class=\"ct-dynamic-data wp-elements-c3122228e7dd10ebcbdb18f505426900\">Location <a href=\"https:\/\/www.latelierfestif.com\/locations\/event\/epiphanie\/\">\u00c9piphanie<\/a> \u00e0 La Fert\u00e9-Alais<\/span><\/div>\n<\/div>\n\n<\/div><div class=\"wp-block-term is-layout-flow\">\n\n<div class=\"wp-block-columns are-vertically-aligned-center has-palette-color-6-background-color has-background is-layout-flex wp-container-core-columns-is-layout-28f84493 wp-block-columns-is-layout-flex\" style=\"border-top-left-radius:5px;border-top-right-radius:5px;border-bottom-left-radius:5px;border-bottom-right-radius:5px\">\n<div class=\"wp-block-column is-vertically-aligned-center is-layout-constrained wp-block-column-is-layout-constrained\" style=\"flex-basis:66.66%\"><span style=\"margin-bottom:0px;\" class=\"ct-dynamic-data wp-elements-c3122228e7dd10ebcbdb18f505426900\">Location <a href=\"https:\/\/www.latelierfestif.com\/locations\/event\/decoration-evenementielle-enfant\/\">d\u00e9coration \u00e9v\u00e9nementielle enfant<\/a> \u00e0 La Fert\u00e9-Alais<\/span><\/div>\n<\/div>\n\n<\/div><div class=\"wp-block-term is-layout-flow\">\n\n<div class=\"wp-block-columns are-vertically-aligned-center has-palette-color-6-background-color has-background is-layout-flex wp-container-core-columns-is-layout-28f84493 wp-block-columns-is-layout-flex\" style=\"border-top-left-radius:5px;border-top-right-radius:5px;border-bottom-left-radius:5px;border-bottom-right-radius:5px\">\n<div class=\"wp-block-column is-vertically-aligned-center is-layout-constrained wp-block-column-is-layout-constrained\" style=\"flex-basis:66.66%\"><span style=\"margin-bottom:0px;\" class=\"ct-dynamic-data wp-elements-c3122228e7dd10ebcbdb18f505426900\">Location <a href=\"https:\/\/www.latelierfestif.com\/locations\/event\/centre-commercial\/\">Centre Commercial<\/a> \u00e0 La Fert\u00e9-Alais<\/span><\/div>\n<\/div>\n\n<\/div><div class=\"wp-block-term is-layout-flow\">\n\n<div class=\"wp-block-columns are-vertically-aligned-center has-palette-color-6-background-color has-background is-layout-flex wp-container-core-columns-is-layout-28f84493 wp-block-columns-is-layout-flex\" style=\"border-top-left-radius:5px;border-top-right-radius:5px;border-bottom-left-radius:5px;border-bottom-right-radius:5px\">\n<div class=\"wp-block-column is-vertically-aligned-center is-layout-constrained wp-block-column-is-layout-constrained\" style=\"flex-basis:66.66%\"><span style=\"margin-bottom:0px;\" class=\"ct-dynamic-data wp-elements-c3122228e7dd10ebcbdb18f505426900\">Location <a href=\"https:\/\/www.latelierfestif.com\/locations\/event\/celebration-de-retablissement\/\">C\u00e9l\u00e9bration de r\u00e9tablissement<\/a> \u00e0 La Fert\u00e9-Alais<\/span><\/div>\n<\/div>\n\n<\/div><div class=\"wp-block-term is-layout-flow\">\n\n<div class=\"wp-block-columns are-vertically-aligned-center has-palette-color-6-background-color has-background is-layout-flex wp-container-core-columns-is-layout-28f84493 wp-block-columns-is-layout-flex\" style=\"border-top-left-radius:5px;border-top-right-radius:5px;border-bottom-left-radius:5px;border-bottom-right-radius:5px\">\n<div class=\"wp-block-column is-vertically-aligned-center is-layout-constrained wp-block-column-is-layout-constrained\" style=\"flex-basis:66.66%\"><span style=\"margin-bottom:0px;\" class=\"ct-dynamic-data wp-elements-c3122228e7dd10ebcbdb18f505426900\">Location <a href=\"https:\/\/www.latelierfestif.com\/locations\/event\/carnaval\/\">Carnaval<\/a> \u00e0 La Fert\u00e9-Alais<\/span><\/div>\n<\/div>\n\n<\/div><\/div><style>[data-id='d27d7623'] {--grid-columns-gap:var(--wp--preset--spacing--50);--grid-columns-width:4;}@media (max-width: 999.98px) {[data-id='d27d7623'] {--grid-columns-width:2;}}@media (max-width: 689.98px) {[data-id='d27d7623'] {--grid-columns-width:1;}}<\/style><\/div>\n\n\n\n<h2 class=\"wp-block-heading has-text-align-center\">Location Festives \u00e0 La Fert\u00e9-Alais<\/h2>\n\n\n\n<p class=\"has-text-align-center\">Location Festives&nbsp;<strong>priv\u00e9es et professionnels \u00e0&nbsp;La Fert\u00e9-Alais (91590)<\/strong> et ses proches communes.<\/p>\n\n\n\n<p><iframe data-src=\"https:\/\/www.google.com\/maps\/embed?pb=!1m18!1m12!1m3!1d5306.586446465536!2d2.275564819014394!3d48.316443213162934!2m3!1f0!2f0!3f0!3m2!1i1024!2i768!4f13.1!3m3!1m2!1s0x47e5b91a88527579%3A0x40b82c3688b4900!2s91150%20Brouy!5e0!3m2!1sfr!2sfr!4v1765200404553!5m2!1sfr!2sfr\" width=\"100%\" height=\"450\" style=\"border:0;\" allowfullscreen=\"\" referrerpolicy=\"no-referrer-when-downgrade\" src=\"data:image\/svg+xml;base64,PHN2ZyB3aWR0aD0iMSIgaGVpZ2h0PSIxIiB4bWxucz0iaHR0cDovL3d3dy53My5vcmcvMjAwMC9zdmciPjwvc3ZnPg==\" class=\"lazyload\" data-load-mode=\"1\"><\/iframe><\/p>\n\n\n\n<p><\/p>\n","protected":false},"excerpt":{"rendered":"<p>Location de jeux, machines de restauration, mobilier et d\u00e9coration \u00e0 La Fert\u00e9-Alais pour cr\u00e9er des \u00e9v\u00e9nements uniques et conviviaux dans un cadre charmant et festif.<\/p>\n","protected":false},"author":1,"featured_media":0,"parent":29017,"menu_order":0,"comment_status":"closed","ping_status":"closed","template":"","meta":{"footnotes":""},"class_list":["post-32922","page","type-page","status-publish","hentry"],"blocksy_meta":[],"_links":{"self":[{"href":"https:\/\/www.latelierfestif.com\/locations\/wp-json\/wp\/v2\/pages\/32922","targetHints":{"allow":["GET"]}}],"collection":[{"href":"https:\/\/www.latelierfestif.com\/locations\/wp-json\/wp\/v2\/pages"}],"about":[{"href":"https:\/\/www.latelierfestif.com\/locations\/wp-json\/wp\/v2\/types\/page"}],"author":[{"embeddable":true,"href":"https:\/\/www.latelierfestif.com\/locations\/wp-json\/wp\/v2\/users\/1"}],"replies":[{"embeddable":true,"href":"https:\/\/www.latelierfestif.com\/locations\/wp-json\/wp\/v2\/comments?post=32922"}],"version-history":[{"count":0,"href":"https:\/\/www.latelierfestif.com\/locations\/wp-json\/wp\/v2\/pages\/32922\/revisions"}],"up":[{"embeddable":true,"href":"https:\/\/www.latelierfestif.com\/locations\/wp-json\/wp\/v2\/pages\/29017"}],"wp:attachment":[{"href":"https:\/\/www.latelierfestif.com\/locations\/wp-json\/wp\/v2\/media?parent=32922"}],"curies":[{"name":"wp","href":"https:\/\/api.w.org\/{rel}","templated":true}]}}