{"id":32862,"date":"2025-12-08T15:01:54","date_gmt":"2025-12-08T14:01:54","guid":{"rendered":"https:\/\/www.latelierfestif.com\/location\/?page_id=32862"},"modified":"2025-12-22T10:07:28","modified_gmt":"2025-12-22T09:07:28","slug":"locations-fetes-brouy-91150","status":"publish","type":"page","link":"https:\/\/www.latelierfestif.com\/locations\/locations-animations\/locations-fetes-brouy-91150\/","title":{"rendered":"Locations Brouy (91150) F\u00eates et Ev\u00e8nements"},"content":{"rendered":"\n<div class=\"wp-block-group alignfull has-palette-color-6-background-color has-background is-layout-constrained wp-container-core-group-is-layout-0c16d12e wp-block-group-is-layout-constrained\" style=\"padding-top:5.06%;padding-right:5.06%;padding-bottom:5.06%;padding-left:5.06%\">\n<div class=\"wp-block-columns is-layout-flex wp-container-core-columns-is-layout-28f84493 wp-block-columns-is-layout-flex\">\n<div class=\"wp-block-column is-layout-flow wp-block-column-is-layout-flow\" style=\"flex-basis:100%\">\n<div class=\"wp-block-group has-border-color has-palette-color-1-border-color has-palette-color-8-background-color has-background is-layout-constrained wp-container-core-group-is-layout-db32e940 wp-block-group-is-layout-constrained\" style=\"border-width:1px;padding-top:var(--wp--preset--spacing--60);padding-right:var(--wp--preset--spacing--60);padding-bottom:var(--wp--preset--spacing--60);padding-left:var(--wp--preset--spacing--60)\">\n<div class=\"ct-search-box\">\n\t\n\n<form role=\"search\" method=\"get\" class=\"ct-search-form\" data-form-controls=\"outside\" data-taxonomy-filter=\"false\" data-submit-button=\"icon\" style=\"--theme-form-field-height:55px;--theme-form-field-border-radius:0px;--theme-form-field-background-initial-color:var(--wp--preset--color--palette-color-7);margin-top:0;margin-bottom:0;margin-left:var(--wp--preset--spacing--60);margin-right:0;\" action=\"https:\/\/www.latelierfestif.com\/locations\/\" aria-haspopup=\"listbox\" data-live-results=\"thumbs\">\n\n\t<input\n\t\ttype=\"search\" \t\tplaceholder=\"Rechercher location mat\u00e9riel \u00e9v\u00e8nementiel \u00e0 Brouy\"\n\t\tvalue=\"\"\n\t\tname=\"s\"\n\t\tautocomplete=\"off\"\n\t\ttitle=\"Rechercher\u2026\"\n\t\taria-label=\"Rechercher\u2026\"\n\t\t\t>\n\n\t<div class=\"ct-search-form-controls\">\n\t\t\n\t\t<button type=\"submit\" class=\"wp-element-button\" data-button=\"outside:icon\" aria-label=\"Bouton de recherche\" style=\"--theme-button-text-initial-color:var(--wp--preset--color--palette-color-8);--theme-button-background-initial-color:var(--wp--preset--color--palette-color-1);\">\n\t\t\t<svg class=\"ct-icon ct-search-button-content\" aria-hidden=\"true\" width=\"15\" height=\"15\" viewBox=\"0 0 15 15\"><path d=\"M14.8,13.7L12,11c0.9-1.2,1.5-2.6,1.5-4.2c0-3.7-3-6.8-6.8-6.8S0,3,0,6.8s3,6.8,6.8,6.8c1.6,0,3.1-0.6,4.2-1.5l2.8,2.8c0.1,0.1,0.3,0.2,0.5,0.2s0.4-0.1,0.5-0.2C15.1,14.5,15.1,14,14.8,13.7z M1.5,6.8c0-2.9,2.4-5.2,5.2-5.2S12,3.9,12,6.8S9.6,12,6.8,12S1.5,9.6,1.5,6.8z\"\/><\/svg>\n\t\t\t<span class=\"ct-ajax-loader\">\n\t\t\t\t<svg viewBox=\"0 0 24 24\">\n\t\t\t\t\t<circle cx=\"12\" cy=\"12\" r=\"10\" opacity=\"0.2\" fill=\"none\" stroke=\"currentColor\" stroke-miterlimit=\"10\" stroke-width=\"2\"\/>\n\n\t\t\t\t\t<path d=\"m12,2c5.52,0,10,4.48,10,10\" fill=\"none\" stroke=\"currentColor\" stroke-linecap=\"round\" stroke-miterlimit=\"10\" stroke-width=\"2\">\n\t\t\t\t\t\t<animateTransform\n\t\t\t\t\t\t\tattributeName=\"transform\"\n\t\t\t\t\t\t\tattributeType=\"XML\"\n\t\t\t\t\t\t\ttype=\"rotate\"\n\t\t\t\t\t\t\tdur=\"0.6s\"\n\t\t\t\t\t\t\tfrom=\"0 12 12\"\n\t\t\t\t\t\t\tto=\"360 12 12\"\n\t\t\t\t\t\t\trepeatCount=\"indefinite\"\n\t\t\t\t\t\t\/>\n\t\t\t\t\t<\/path>\n\t\t\t\t<\/svg>\n\t\t\t<\/span>\n\t\t<\/button>\n\n\t\t\t\t\t<input type=\"hidden\" name=\"post_type\" value=\"product\">\n\t\t\n\t\t\n\t\t\n\n\t\t\t<\/div>\n\n\t\t\t<div class=\"screen-reader-text\" aria-live=\"polite\" role=\"status\">\n\t\t\tAucun r\u00e9sultat\t\t<\/div>\n\t\n<\/form>\n\n\n<\/div>\n<\/div>\n<\/div>\n<\/div>\n<\/div>\n\n\n\n<div class=\"wp-block-group alignfull has-white-background-color has-background is-layout-constrained wp-block-group-is-layout-constrained\" style=\"padding-top:7rem;padding-bottom:7rem\">\n<div class=\"wp-block-columns are-vertically-aligned-center is-layout-flex wp-container-core-columns-is-layout-66fad18a wp-block-columns-is-layout-flex\">\n<div class=\"wp-block-column is-vertically-aligned-center is-layout-flow wp-block-column-is-layout-flow\" style=\"flex-basis:50%\">\n<h2 class=\"wp-block-heading has-black-color has-text-color has-link-color wp-elements-5a770181af72148b84c096dc947c6e7e\" style=\"margin-bottom:20px;font-size:clamp(26.465px, 1.654rem + ((1vw - 3.2px) * 1.448), 45px);font-style:normal;font-weight:800;line-height:1.2\">Location de jeux \u00e0 Brouy<\/h2>\n\n\n\n<p class=\"has-black-color has-text-color has-link-color has-medium-font-size wp-elements-66b33fd7dcd3ffb32c4533f8f7389613\" style=\"border-bottom-color:#0000001F;border-bottom-style:solid;border-bottom-width:1px;margin-bottom:40px;padding-bottom:40px\">\u00c0 Brouy, la <a href=\"https:\/\/www.latelierfestif.com\/locations\/categorie-produit\/animations\/jeux-en-bois\/\">location de jeux en bois<\/a>, de jeux de kermesse et de jeux d&rsquo;ext\u00e9rieur constitue une solution id\u00e9ale pour animer un anniversaire, un rassemblement familial ou un \u00e9v\u00e9nement associatif.<\/p>\n\n\n\n<p>Notre service vous permet de profiter d\u2019un <strong>large catalogue de jeux authentiques<\/strong>, qualitatifs et adapt\u00e9s \u00e0 tous les \u00e2ges. Les jeux en bois s\u00e9duisent par leur charme traditionnel et cr\u00e9ent une atmosph\u00e8re conviviale, tandis que les jeux de kermesse apportent une dimension ludique et dynamique \u00e0 vos festivit\u00e9s.<\/p>\n\n\n\n<p>Pour les \u00e9v\u00e9nements en plein air <strong>organis\u00e9s \u00e0 Brouy<\/strong>, nos jeux d&rsquo;ext\u00e9rieur offrent une animation simple \u00e0 mettre en place et parfaitement adapt\u00e9e aux espaces ext\u00e9rieurs vari\u00e9s de la commune. <\/p>\n\n\n\n<p>Gr\u00e2ce \u00e0 notre service de location, vous b\u00e9n\u00e9ficiez d\u2019un accompagnement professionnel, d\u2019un mat\u00e9riel entretenu et d\u2019une solution cl\u00e9 en main pour enrichir votre \u00e9v\u00e9nement. Que vous pr\u00e9pariez une f\u00eate de village, une journ\u00e9e d\u2019entreprise ou une animation scolaire, notre offre s\u2019int\u00e8gre parfaitement aux besoins des <strong>habitants de Brouy<\/strong> et de ses alentours.<\/p>\n<\/div>\n\n\n\n<div class=\"wp-block-column is-vertically-aligned-center is-layout-flow wp-block-column-is-layout-flow\">\n<div class=\"wp-block-columns is-layout-flex wp-container-core-columns-is-layout-2709eace wp-block-columns-is-layout-flex\">\n<div class=\"wp-block-column is-vertically-aligned-stretch is-layout-flow wp-block-column-is-layout-flow\">\n<div class=\"wp-block-cover is-light has-custom-content-position is-position-bottom-center\" style=\"border-top-left-radius:5px;border-top-right-radius:5px;border-bottom-left-radius:5px;border-bottom-right-radius:5px;padding-top:20px;padding-right:20px;padding-bottom:20px;padding-left:20px;min-height:630px;aspect-ratio:unset;\"><img decoding=\"async\" width=\"900\" height=\"1159\" class=\"wp-block-cover__image-background wp-image-32346 size-full lazyload\" alt=\"\" data-src=\"https:\/\/www.latelierfestif.com\/locations\/wp-content\/uploads\/Jeu-en-Bois-Roll-up-geant.jpg\" data-object-fit=\"cover\" data-srcset=\"https:\/\/www.latelierfestif.com\/locations\/wp-content\/uploads\/Jeu-en-Bois-Roll-up-geant.jpg 900w, https:\/\/www.latelierfestif.com\/locations\/wp-content\/uploads\/Jeu-en-Bois-Roll-up-geant-600x773.jpg 600w, https:\/\/www.latelierfestif.com\/locations\/wp-content\/uploads\/Jeu-en-Bois-Roll-up-geant-768x989.jpg 768w\" data-sizes=\"auto, (max-width: 900px) 100vw, 900px\" src=\"data:image\/svg+xml;base64,PHN2ZyB3aWR0aD0iMSIgaGVpZ2h0PSIxIiB4bWxucz0iaHR0cDovL3d3dy53My5vcmcvMjAwMC9zdmciPjwvc3ZnPg==\" style=\"--smush-placeholder-width: 900px; --smush-placeholder-aspect-ratio: 900\/1159;\" \/><span aria-hidden=\"true\" class=\"wp-block-cover__background has-background-dim-0 has-background-dim\" style=\"background-color:#b19276\"><\/span><div class=\"wp-block-cover__inner-container is-layout-flow wp-block-cover-is-layout-flow\">\n<div class=\"wp-block-group has-white-background-color has-background is-layout-constrained wp-container-core-group-is-layout-bf816c8d wp-block-group-is-layout-constrained\" style=\"border-radius:10px;padding-top:20px;padding-right:20px;padding-bottom:20px;padding-left:20px\">\n<h2 class=\"wp-block-heading has-black-color has-text-color has-link-color wp-elements-2c822af902ee262eb447e3fcb833a3d5\" style=\"margin-top:0;font-size:clamp(14px, 0.875rem + ((1vw - 3.2px) * 0.156), 16px);\"><a href=\"https:\/\/www.latelierfestif.com\/locations\/categorie-produit\/animations\/jeux-en-bois\/\">Jeux en Bois<\/a><\/h2>\n<\/div>\n<\/div><\/div>\n<\/div>\n\n\n\n<div class=\"wp-block-column is-layout-flow wp-block-column-is-layout-flow\">\n<div class=\"wp-block-cover is-light has-custom-content-position is-position-bottom-center\" style=\"border-top-left-radius:5px;border-top-right-radius:5px;border-bottom-left-radius:5px;border-bottom-right-radius:5px;margin-bottom:30px;padding-top:20px;padding-right:20px;padding-bottom:20px;padding-left:20px;min-height:300px;aspect-ratio:unset;\"><img decoding=\"async\" width=\"900\" height=\"1159\" class=\"wp-block-cover__image-background wp-image-32310 size-full lazyload\" alt=\"\" data-src=\"https:\/\/www.latelierfestif.com\/locations\/wp-content\/uploads\/Jeu-Tir-Poule.jpg\" data-object-fit=\"cover\" data-srcset=\"https:\/\/www.latelierfestif.com\/locations\/wp-content\/uploads\/Jeu-Tir-Poule.jpg 900w, https:\/\/www.latelierfestif.com\/locations\/wp-content\/uploads\/Jeu-Tir-Poule-600x773.jpg 600w, https:\/\/www.latelierfestif.com\/locations\/wp-content\/uploads\/Jeu-Tir-Poule-768x989.jpg 768w\" data-sizes=\"auto, (max-width: 900px) 100vw, 900px\" src=\"data:image\/svg+xml;base64,PHN2ZyB3aWR0aD0iMSIgaGVpZ2h0PSIxIiB4bWxucz0iaHR0cDovL3d3dy53My5vcmcvMjAwMC9zdmciPjwvc3ZnPg==\" style=\"--smush-placeholder-width: 900px; --smush-placeholder-aspect-ratio: 900\/1159;\" \/><span aria-hidden=\"true\" class=\"wp-block-cover__background has-background-dim-0 has-background-dim\" style=\"background-color:#9f9a93\"><\/span><div class=\"wp-block-cover__inner-container is-layout-flow wp-block-cover-is-layout-flow\">\n<div class=\"wp-block-group has-white-background-color has-background is-layout-constrained wp-container-core-group-is-layout-bf816c8d wp-block-group-is-layout-constrained\" style=\"border-radius:10px;padding-top:20px;padding-right:20px;padding-bottom:20px;padding-left:20px\">\n<h2 class=\"wp-block-heading has-black-color has-text-color has-link-color wp-elements-dda98e825172c4c4ea9b10293fa12d2f\" style=\"margin-top:0;font-size:clamp(14px, 0.875rem + ((1vw - 3.2px) * 0.156), 16px);\"><a href=\"https:\/\/www.latelierfestif.com\/locations\/categorie-produit\/animations\/jeux-de-kermesse\/\">Tir \u00e0 la Poule<\/a><\/h2>\n<\/div>\n<\/div><\/div>\n\n\n\n<div class=\"wp-block-cover is-light has-custom-content-position is-position-bottom-center\" style=\"border-top-left-radius:5px;border-top-right-radius:5px;border-bottom-left-radius:5px;border-bottom-right-radius:5px;padding-top:20px;padding-right:20px;padding-bottom:20px;padding-left:20px;min-height:300px;aspect-ratio:unset;\"><img decoding=\"async\" width=\"900\" height=\"1159\" class=\"wp-block-cover__image-background wp-image-32169 size-full lazyload\" alt=\"\" data-src=\"https:\/\/www.latelierfestif.com\/locations\/wp-content\/uploads\/Location-Mikado-Geant.jpg\" data-object-fit=\"cover\" data-srcset=\"https:\/\/www.latelierfestif.com\/locations\/wp-content\/uploads\/Location-Mikado-Geant.jpg 900w, https:\/\/www.latelierfestif.com\/locations\/wp-content\/uploads\/Location-Mikado-Geant-600x773.jpg 600w, https:\/\/www.latelierfestif.com\/locations\/wp-content\/uploads\/Location-Mikado-Geant-768x989.jpg 768w\" data-sizes=\"auto, (max-width: 900px) 100vw, 900px\" src=\"data:image\/svg+xml;base64,PHN2ZyB3aWR0aD0iMSIgaGVpZ2h0PSIxIiB4bWxucz0iaHR0cDovL3d3dy53My5vcmcvMjAwMC9zdmciPjwvc3ZnPg==\" style=\"--smush-placeholder-width: 900px; --smush-placeholder-aspect-ratio: 900\/1159;\" \/><span aria-hidden=\"true\" class=\"wp-block-cover__background has-background-dim-0 has-background-dim\" style=\"background-color:#a38b7c\"><\/span><div class=\"wp-block-cover__inner-container is-layout-flow wp-block-cover-is-layout-flow\">\n<div class=\"wp-block-group has-white-background-color has-background is-layout-constrained wp-container-core-group-is-layout-bf816c8d wp-block-group-is-layout-constrained\" style=\"border-radius:10px;padding-top:20px;padding-right:20px;padding-bottom:20px;padding-left:20px\">\n<h2 class=\"wp-block-heading has-black-color has-text-color has-link-color wp-elements-7c179c7d19952037ba089fb73b8d125c\" style=\"margin-top:0;font-size:clamp(14px, 0.875rem + ((1vw - 3.2px) * 0.156), 16px);\"><a href=\"https:\/\/www.latelierfestif.com\/locations\/categorie-produit\/animations\/jeux-geants\/\">Mikado G\u00e9ant<\/a><\/h2>\n<\/div>\n<\/div><\/div>\n<\/div>\n<\/div>\n<\/div>\n<\/div>\n<\/div>\n\n\n\n<div class=\"wp-block-group alignfull has-white-background-color has-background is-layout-constrained wp-block-group-is-layout-constrained\" style=\"padding-top:7rem;padding-bottom:7rem\">\n<div class=\"wp-block-columns are-vertically-aligned-center is-layout-flex wp-container-core-columns-is-layout-66fad18a wp-block-columns-is-layout-flex\">\n<div class=\"wp-block-column is-vertically-aligned-center is-layout-flow wp-block-column-is-layout-flow\" style=\"flex-basis:50%\">\n<h2 class=\"wp-block-heading has-black-color has-text-color has-link-color wp-elements-4ae52840fb9c15b5ab4bbf8891bcd451\" style=\"margin-bottom:20px;font-size:clamp(26.465px, 1.654rem + ((1vw - 3.2px) * 1.448), 45px);font-style:normal;font-weight:800;line-height:1.2\">Location de machines de restauration \u00e0 Brouy<\/h2>\n\n\n\n<p class=\"has-black-color has-text-color has-link-color has-medium-font-size wp-elements-eb2be6c908912baf27921e803293fd3b\" style=\"border-bottom-color:#0000001F;border-bottom-style:solid;border-bottom-width:1px;margin-bottom:40px;padding-bottom:40px\">\u00c0 Brouy, notre service de <a href=\"https:\/\/www.latelierfestif.com\/locations\/categorie-produit\/materiel-de-restauration\/\">location de machines de restauration<\/a> facilite l\u2019organisation de vos \u00e9v\u00e9nements en vous donnant acc\u00e8s \u00e0 du mat\u00e9riel fiable, attractif et simple d\u2019utilisation.<\/p>\n\n\n\n<p>Nous proposons des <strong>machines \u00e0 popcorn<\/strong> pour cr\u00e9er une ambiance conviviale et festive, des machines \u00e0 barbe \u00e0 papa pour rappeler l\u2019esprit des foires, ainsi que des appareils \u00e0 hot dog ou des cr\u00eapi\u00e8res adapt\u00e9es \u00e0 tous les formats d\u2019\u00e9v\u00e9nements. <\/p>\n\n\n\n<p>Ces \u00e9quipements sont r\u00e9guli\u00e8rement entretenus et fournis avec les accessoires n\u00e9cessaires pour une installation rapide. Que vous <strong>organisiez une f\u00eate familiale<\/strong>, une kermesse, un anniversaire ou un \u00e9v\u00e9nement associatif, nos machines de restauration permettent d\u2019ajouter une touche gourmande et appr\u00e9ci\u00e9e de tous. <\/p>\n\n\n\n<p>Brouy b\u00e9n\u00e9ficie d\u2019un cadre calme et agr\u00e9able, id\u00e9al pour r\u00e9unir petits et grands autour d\u2019un moment chaleureux. Notre service vise \u00e0 simplifier votre organisation en vous proposant du mat\u00e9riel pr\u00eat \u00e0 l\u2019emploi afin que vous puissiez vous concentrer sur la r\u00e9ussite de votre \u00e9v\u00e9nement.<\/p>\n<\/div>\n\n\n\n<div class=\"wp-block-column is-vertically-aligned-center is-layout-flow wp-block-column-is-layout-flow\">\n<div class=\"wp-block-columns is-layout-flex wp-container-core-columns-is-layout-2709eace wp-block-columns-is-layout-flex\">\n<div class=\"wp-block-column is-vertically-aligned-stretch is-layout-flow wp-block-column-is-layout-flow\">\n<div class=\"wp-block-cover is-light has-custom-content-position is-position-bottom-center\" style=\"border-top-left-radius:5px;border-top-right-radius:5px;border-bottom-left-radius:5px;border-bottom-right-radius:5px;padding-top:20px;padding-right:20px;padding-bottom:20px;padding-left:20px;min-height:630px;aspect-ratio:unset;\"><img decoding=\"async\" width=\"800\" height=\"800\" class=\"wp-block-cover__image-background wp-image-33321 size-full lazyload\" alt=\"L'Atelier Festif Machine Barbe \u00e0 Papa Rouge\" data-src=\"https:\/\/www.latelierfestif.com\/locations\/wp-content\/uploads\/LAtelier-Festif-Machine-Barbe-a-Papa-Rouge.webp\" data-object-fit=\"cover\" data-srcset=\"https:\/\/www.latelierfestif.com\/locations\/wp-content\/uploads\/LAtelier-Festif-Machine-Barbe-a-Papa-Rouge.webp 800w, https:\/\/www.latelierfestif.com\/locations\/wp-content\/uploads\/LAtelier-Festif-Machine-Barbe-a-Papa-Rouge-300x300.webp 300w, https:\/\/www.latelierfestif.com\/locations\/wp-content\/uploads\/LAtelier-Festif-Machine-Barbe-a-Papa-Rouge-100x100.webp 100w, https:\/\/www.latelierfestif.com\/locations\/wp-content\/uploads\/LAtelier-Festif-Machine-Barbe-a-Papa-Rouge-600x600.webp 600w, https:\/\/www.latelierfestif.com\/locations\/wp-content\/uploads\/LAtelier-Festif-Machine-Barbe-a-Papa-Rouge-500x500.webp 500w, https:\/\/www.latelierfestif.com\/locations\/wp-content\/uploads\/LAtelier-Festif-Machine-Barbe-a-Papa-Rouge-768x768.webp 768w\" data-sizes=\"auto, (max-width: 800px) 100vw, 800px\" src=\"data:image\/svg+xml;base64,PHN2ZyB3aWR0aD0iMSIgaGVpZ2h0PSIxIiB4bWxucz0iaHR0cDovL3d3dy53My5vcmcvMjAwMC9zdmciPjwvc3ZnPg==\" style=\"--smush-placeholder-width: 800px; --smush-placeholder-aspect-ratio: 800\/800;\" \/><span aria-hidden=\"true\" class=\"wp-block-cover__background has-background-dim-0 has-background-dim\" style=\"background-color:#eee8e8\"><\/span><div class=\"wp-block-cover__inner-container is-layout-flow wp-block-cover-is-layout-flow\">\n<div class=\"wp-block-group has-white-background-color has-background is-layout-constrained wp-container-core-group-is-layout-bf816c8d wp-block-group-is-layout-constrained\" style=\"border-radius:10px;padding-top:20px;padding-right:20px;padding-bottom:20px;padding-left:20px\">\n<h2 class=\"wp-block-heading has-black-color has-text-color has-link-color wp-elements-96562451b7344504d05447d4857c1e3a\" style=\"margin-top:0;font-size:clamp(14px, 0.875rem + ((1vw - 3.2px) * 0.156), 16px);\"><a href=\"https:\/\/www.latelierfestif.com\/locations\/produit\/machine-barbe-a-papa-rouge\/\">Barbe \u00e0 Papa<\/a><\/h2>\n<\/div>\n<\/div><\/div>\n<\/div>\n\n\n\n<div class=\"wp-block-column is-layout-flow wp-block-column-is-layout-flow\">\n<div class=\"wp-block-cover is-light has-custom-content-position is-position-bottom-center\" style=\"border-top-left-radius:5px;border-top-right-radius:5px;border-bottom-left-radius:5px;border-bottom-right-radius:5px;margin-bottom:30px;padding-top:20px;padding-right:20px;padding-bottom:20px;padding-left:20px;min-height:300px;aspect-ratio:unset;\"><img decoding=\"async\" width=\"800\" height=\"800\" class=\"wp-block-cover__image-background wp-image-33344 size-full lazyload\" alt=\"Machine Pop Corn Personnalisation Hard Rock Caf\u00e9\" data-src=\"https:\/\/www.latelierfestif.com\/locations\/wp-content\/uploads\/Machine-Pop-Corn-Personnalisation-Hard-Rock-Cafe.webp\" data-object-fit=\"cover\" data-srcset=\"https:\/\/www.latelierfestif.com\/locations\/wp-content\/uploads\/Machine-Pop-Corn-Personnalisation-Hard-Rock-Cafe.webp 800w, https:\/\/www.latelierfestif.com\/locations\/wp-content\/uploads\/Machine-Pop-Corn-Personnalisation-Hard-Rock-Cafe-300x300.webp 300w, https:\/\/www.latelierfestif.com\/locations\/wp-content\/uploads\/Machine-Pop-Corn-Personnalisation-Hard-Rock-Cafe-100x100.webp 100w, https:\/\/www.latelierfestif.com\/locations\/wp-content\/uploads\/Machine-Pop-Corn-Personnalisation-Hard-Rock-Cafe-600x600.webp 600w, https:\/\/www.latelierfestif.com\/locations\/wp-content\/uploads\/Machine-Pop-Corn-Personnalisation-Hard-Rock-Cafe-500x500.webp 500w, https:\/\/www.latelierfestif.com\/locations\/wp-content\/uploads\/Machine-Pop-Corn-Personnalisation-Hard-Rock-Cafe-768x768.webp 768w\" data-sizes=\"auto, (max-width: 800px) 100vw, 800px\" src=\"data:image\/svg+xml;base64,PHN2ZyB3aWR0aD0iMSIgaGVpZ2h0PSIxIiB4bWxucz0iaHR0cDovL3d3dy53My5vcmcvMjAwMC9zdmciPjwvc3ZnPg==\" style=\"--smush-placeholder-width: 800px; --smush-placeholder-aspect-ratio: 800\/800;\" \/><span aria-hidden=\"true\" class=\"wp-block-cover__background has-background-dim-0 has-background-dim\" style=\"background-color:#9c7e7c\"><\/span><div class=\"wp-block-cover__inner-container is-layout-flow wp-block-cover-is-layout-flow\">\n<div class=\"wp-block-group has-white-background-color has-background is-layout-constrained wp-container-core-group-is-layout-bf816c8d wp-block-group-is-layout-constrained\" style=\"border-radius:10px;padding-top:20px;padding-right:20px;padding-bottom:20px;padding-left:20px\">\n<h2 class=\"wp-block-heading has-black-color has-text-color has-link-color wp-elements-b8515794309235c193721f345ca6aa3e\" style=\"margin-top:0;font-size:clamp(14px, 0.875rem + ((1vw - 3.2px) * 0.156), 16px);\"><a href=\"https:\/\/www.latelierfestif.com\/locations\/produit\/machine-a-popcorn\/\">Pop Corn<\/a><\/h2>\n<\/div>\n<\/div><\/div>\n\n\n\n<div class=\"wp-block-cover has-custom-content-position is-position-bottom-center\" style=\"border-top-left-radius:5px;border-top-right-radius:5px;border-bottom-left-radius:5px;border-bottom-right-radius:5px;padding-top:20px;padding-right:20px;padding-bottom:20px;padding-left:20px;min-height:300px;aspect-ratio:unset;\"><img decoding=\"async\" width=\"800\" height=\"800\" class=\"wp-block-cover__image-background wp-image-33372 size-full lazyload\" alt=\"Cr\u00eapi\u00e8re \u00c9lectrique F\u00eate location\" data-src=\"https:\/\/www.latelierfestif.com\/locations\/wp-content\/uploads\/Crepiere-Electrique-Evenement_latelier_festif.webp\" data-object-fit=\"cover\" data-srcset=\"https:\/\/www.latelierfestif.com\/locations\/wp-content\/uploads\/Crepiere-Electrique-Evenement_latelier_festif.webp 800w, https:\/\/www.latelierfestif.com\/locations\/wp-content\/uploads\/Crepiere-Electrique-Evenement_latelier_festif-768x768.webp 768w, https:\/\/www.latelierfestif.com\/locations\/wp-content\/uploads\/Crepiere-Electrique-Evenement_latelier_festif-500x500.webp 500w, https:\/\/www.latelierfestif.com\/locations\/wp-content\/uploads\/Crepiere-Electrique-Evenement_latelier_festif-300x300.webp 300w, https:\/\/www.latelierfestif.com\/locations\/wp-content\/uploads\/Crepiere-Electrique-Evenement_latelier_festif-600x600.webp 600w, https:\/\/www.latelierfestif.com\/locations\/wp-content\/uploads\/Crepiere-Electrique-Evenement_latelier_festif-100x100.webp 100w\" data-sizes=\"auto, (max-width: 800px) 100vw, 800px\" src=\"data:image\/svg+xml;base64,PHN2ZyB3aWR0aD0iMSIgaGVpZ2h0PSIxIiB4bWxucz0iaHR0cDovL3d3dy53My5vcmcvMjAwMC9zdmciPjwvc3ZnPg==\" style=\"--smush-placeholder-width: 800px; --smush-placeholder-aspect-ratio: 800\/800;\" \/><span aria-hidden=\"true\" class=\"wp-block-cover__background has-background-dim-0 has-background-dim\" style=\"background-color:#8a706c\"><\/span><div class=\"wp-block-cover__inner-container is-layout-flow wp-block-cover-is-layout-flow\">\n<div class=\"wp-block-group has-white-background-color has-background is-layout-constrained wp-container-core-group-is-layout-bf816c8d wp-block-group-is-layout-constrained\" style=\"border-radius:10px;padding-top:20px;padding-right:20px;padding-bottom:20px;padding-left:20px\">\n<h2 class=\"wp-block-heading has-black-color has-text-color has-link-color wp-elements-dacdb9c276f4137c3a7f7058d770c2b0\" style=\"margin-top:0;font-size:clamp(14px, 0.875rem + ((1vw - 3.2px) * 0.156), 16px);\"><a href=\"https:\/\/www.latelierfestif.com\/locations\/produit\/crepiere-electrique\/\">Cr\u00eapi\u00e8re<\/a><\/h2>\n<\/div>\n<\/div><\/div>\n<\/div>\n<\/div>\n<\/div>\n<\/div>\n<\/div>\n\n\n\n<div class=\"wp-block-group alignfull has-white-background-color has-background is-layout-constrained wp-block-group-is-layout-constrained\" style=\"padding-top:7rem;padding-bottom:7rem\">\n<div class=\"wp-block-columns are-vertically-aligned-center is-layout-flex wp-container-core-columns-is-layout-66fad18a wp-block-columns-is-layout-flex\">\n<div class=\"wp-block-column is-vertically-aligned-center is-layout-flow wp-block-column-is-layout-flow\">\n<h2 class=\"wp-block-heading has-black-color has-text-color has-link-color wp-elements-ef6e7ed25d175c4ece543575977d541f\" style=\"margin-bottom:20px;font-size:clamp(26.465px, 1.654rem + ((1vw - 3.2px) * 1.448), 45px);font-style:normal;font-weight:800;line-height:1.2\">Location de d\u00e9coration et mobilier \u00e0 Brouy<\/h2>\n\n\n\n<p class=\"has-black-color has-text-color has-link-color has-medium-font-size wp-elements-360ea8429c8b4984d310c58fc0518792\" style=\"border-bottom-color:#0000001f;border-bottom-style:solid;border-bottom-width:1px;margin-bottom:40px;padding-bottom:40px\">Notre service de <a href=\"https:\/\/www.latelierfestif.com\/locations\/categorie-produit\/decoration\/\">location de d\u00e9coration<\/a> et mobilier \u00e0 Brouy s\u2019adresse \u00e0 tous ceux qui souhaitent structurer et embellir un \u00e9v\u00e9nement sans contrainte logistique.<\/p>\n\n\n\n<p>Nous mettons \u00e0 votre disposition un large choix de d\u00e9corations et de mobiliers, tels que des backdrops pour cr\u00e9er un espace photo ou une sc\u00e8ne, des <strong>tables en bois<\/strong> pour un rendu esth\u00e9tique et naturel, des mange-debout pour accueillir vos invit\u00e9s lors de cocktails, ainsi que des tables pliables adapt\u00e9es aux configurations plus pratiques.<\/p>\n\n\n\n<p>Nous proposons \u00e9galement divers \u00e9l\u00e9ments d\u2019\u00e9clairage et de d\u00e9coration pour personnaliser votre ambiance. Que vous pr\u00e9pariez un mariage, un anniversaire, un \u00e9v\u00e9nement d\u2019entreprise ou une f\u00eate locale, notre mat\u00e9riel s\u2019adapte \u00e0 vos besoins. <\/p>\n\n\n\n<p>Brouy offre <strong>un environnement id\u00e9al<\/strong> pour organiser des \u00e9v\u00e9nements en plein air ou en salle, et notre offre de location vous accompagne dans la cr\u00e9ation d\u2019un espace harmonieux, fonctionnel et accueillant.<\/p>\n<\/div>\n\n\n\n<div class=\"wp-block-column is-vertically-aligned-center is-layout-flow wp-block-column-is-layout-flow\" style=\"flex-basis:45%\">\n<div class=\"wp-block-columns is-layout-flex wp-container-core-columns-is-layout-2709eace wp-block-columns-is-layout-flex\">\n<div class=\"wp-block-column is-vertically-aligned-stretch is-layout-flow wp-block-column-is-layout-flow\">\n<div class=\"wp-block-cover is-light has-custom-content-position is-position-bottom-center\" style=\"border-radius:20px;padding-top:20px;padding-right:20px;padding-bottom:20px;padding-left:20px;min-height:630px;aspect-ratio:unset;\"><img decoding=\"async\" width=\"900\" height=\"1159\" class=\"wp-block-cover__image-background wp-image-32284 size-full lazyload\" alt=\"\" data-src=\"https:\/\/www.latelierfestif.com\/locations\/wp-content\/uploads\/Location-Table-Basse-Bois.jpg\" data-object-fit=\"cover\" data-srcset=\"https:\/\/www.latelierfestif.com\/locations\/wp-content\/uploads\/Location-Table-Basse-Bois.jpg 900w, https:\/\/www.latelierfestif.com\/locations\/wp-content\/uploads\/Location-Table-Basse-Bois-600x773.jpg 600w, https:\/\/www.latelierfestif.com\/locations\/wp-content\/uploads\/Location-Table-Basse-Bois-768x989.jpg 768w\" data-sizes=\"auto, (max-width: 900px) 100vw, 900px\" src=\"data:image\/svg+xml;base64,PHN2ZyB3aWR0aD0iMSIgaGVpZ2h0PSIxIiB4bWxucz0iaHR0cDovL3d3dy53My5vcmcvMjAwMC9zdmciPjwvc3ZnPg==\" style=\"--smush-placeholder-width: 900px; --smush-placeholder-aspect-ratio: 900\/1159;\" \/><span aria-hidden=\"true\" class=\"wp-block-cover__background has-background-dim-0 has-background-dim\" style=\"background-color:#9a8b7a\"><\/span><div class=\"wp-block-cover__inner-container is-layout-flow wp-block-cover-is-layout-flow\">\n<div class=\"wp-block-group has-white-background-color has-background is-layout-constrained wp-container-core-group-is-layout-bf816c8d wp-block-group-is-layout-constrained\" style=\"border-radius:10px;padding-top:20px;padding-right:20px;padding-bottom:20px;padding-left:20px\">\n<h2 class=\"wp-block-heading has-black-color has-text-color has-link-color wp-elements-e52125bfd1d55934d725251c5e91e5fc\" style=\"margin-top:0;font-size:clamp(14px, 0.875rem + ((1vw - 3.2px) * 0.156), 16px);\">Table Champ\u00eatre<\/h2>\n<\/div>\n<\/div><\/div>\n<\/div>\n\n\n\n<div class=\"wp-block-column is-layout-flow wp-block-column-is-layout-flow\">\n<div class=\"wp-block-cover is-light has-custom-content-position is-position-bottom-center\" style=\"border-radius:20px;margin-bottom:30px;padding-top:20px;padding-right:20px;padding-bottom:20px;padding-left:20px;min-height:300px;aspect-ratio:unset;\"><img decoding=\"async\" width=\"900\" height=\"1159\" class=\"wp-block-cover__image-background wp-image-32433 size-full lazyload\" alt=\"\" data-src=\"https:\/\/www.latelierfestif.com\/locations\/wp-content\/uploads\/Location-Arche-en-Bois-Mariage.jpg\" data-object-fit=\"cover\" data-srcset=\"https:\/\/www.latelierfestif.com\/locations\/wp-content\/uploads\/Location-Arche-en-Bois-Mariage.jpg 900w, https:\/\/www.latelierfestif.com\/locations\/wp-content\/uploads\/Location-Arche-en-Bois-Mariage-600x773.jpg 600w, https:\/\/www.latelierfestif.com\/locations\/wp-content\/uploads\/Location-Arche-en-Bois-Mariage-768x989.jpg 768w\" data-sizes=\"auto, (max-width: 900px) 100vw, 900px\" src=\"data:image\/svg+xml;base64,PHN2ZyB3aWR0aD0iMSIgaGVpZ2h0PSIxIiB4bWxucz0iaHR0cDovL3d3dy53My5vcmcvMjAwMC9zdmciPjwvc3ZnPg==\" style=\"--smush-placeholder-width: 900px; --smush-placeholder-aspect-ratio: 900\/1159;\" \/><span aria-hidden=\"true\" class=\"wp-block-cover__background has-background-dim-0 has-background-dim\" style=\"background-color:#b18e7a\"><\/span><div class=\"wp-block-cover__inner-container is-layout-flow wp-block-cover-is-layout-flow\">\n<div class=\"wp-block-group has-white-background-color has-background is-layout-constrained wp-container-core-group-is-layout-bf816c8d wp-block-group-is-layout-constrained\" style=\"border-radius:10px;padding-top:20px;padding-right:20px;padding-bottom:20px;padding-left:20px\">\n<h2 class=\"wp-block-heading has-black-color has-text-color has-link-color wp-elements-c96f8adc1e6c84030b63fa8cb6e5534e\" style=\"margin-top:0;font-size:clamp(14px, 0.875rem + ((1vw - 3.2px) * 0.156), 16px);\">Arches<\/h2>\n<\/div>\n<\/div><\/div>\n\n\n\n<div class=\"wp-block-cover is-light has-custom-content-position is-position-bottom-center\" style=\"border-radius:20px;padding-top:20px;padding-right:20px;padding-bottom:20px;padding-left:20px;min-height:300px;aspect-ratio:unset;\"><img decoding=\"async\" width=\"900\" height=\"1159\" class=\"wp-block-cover__image-background wp-image-32277 size-full lazyload\" alt=\"\" data-src=\"https:\/\/www.latelierfestif.com\/locations\/wp-content\/uploads\/Coussin-Location-Concert.jpg\" data-object-fit=\"cover\" data-srcset=\"https:\/\/www.latelierfestif.com\/locations\/wp-content\/uploads\/Coussin-Location-Concert.jpg 900w, https:\/\/www.latelierfestif.com\/locations\/wp-content\/uploads\/Coussin-Location-Concert-600x773.jpg 600w, https:\/\/www.latelierfestif.com\/locations\/wp-content\/uploads\/Coussin-Location-Concert-768x989.jpg 768w\" data-sizes=\"auto, (max-width: 900px) 100vw, 900px\" src=\"data:image\/svg+xml;base64,PHN2ZyB3aWR0aD0iMSIgaGVpZ2h0PSIxIiB4bWxucz0iaHR0cDovL3d3dy53My5vcmcvMjAwMC9zdmciPjwvc3ZnPg==\" style=\"--smush-placeholder-width: 900px; --smush-placeholder-aspect-ratio: 900\/1159;\" \/><span aria-hidden=\"true\" class=\"wp-block-cover__background has-background-dim-0 has-background-dim\" style=\"background-color:#988d83\"><\/span><div class=\"wp-block-cover__inner-container is-layout-flow wp-block-cover-is-layout-flow\">\n<div class=\"wp-block-group has-white-background-color has-background is-layout-constrained wp-container-core-group-is-layout-bf816c8d wp-block-group-is-layout-constrained\" style=\"border-radius:10px;padding-top:20px;padding-right:20px;padding-bottom:20px;padding-left:20px\">\n<h2 class=\"wp-block-heading has-black-color has-text-color has-link-color wp-elements-2fb30951423696e564fc36fef04446c3\" style=\"margin-top:0;font-size:clamp(14px, 0.875rem + ((1vw - 3.2px) * 0.156), 16px);\">Coussins<\/h2>\n<\/div>\n<\/div><\/div>\n<\/div>\n<\/div>\n<\/div>\n<\/div>\n<\/div>\n\n\n\n<p><br><\/p>\n\n\n\n<h3 class=\"wp-block-heading has-text-align-center\">Vos \u00e9v\u00e8nements \u00e0 Brouy avec L&rsquo;Atelier Festif<\/h3>\n\n\n\n<p>Brouy, commune de l\u2019Essonne situ\u00e9e dans un cadre rural pr\u00e9serv\u00e9, se distingue par son environnement paisible, ses <strong>paysages agricoles<\/strong> et son atmosph\u00e8re authentique. \u00c0 proximit\u00e9 de Malesherbes et des grands espaces naturels du G\u00e2tinais, Brouy constitue un lieu appr\u00e9ci\u00e9 pour organiser des \u00e9v\u00e9nements familiaux ou associatifs dans un d\u00e9cor calme et accueillant.<\/p>\n\n\n\n<p>Les f\u00eates de village, les r\u00e9unions en plein air ou les c\u00e9l\u00e9brations priv\u00e9es trouvent naturellement leur place dans cette commune o\u00f9 la convivialit\u00e9 reste au c\u0153ur de la vie locale. Dans ce contexte, nos services de location de jeux, de <strong>machines de restauration<\/strong>, de d\u00e9coration et de mobilier s\u2019adaptent parfaitement aux attentes des habitants.<\/p>\n\n\n\n<p>Que vous organisiez un anniversaire, une f\u00eate d\u2019\u00e9cole, un mariage intimiste ou une animation ponctuelle, nous vous accompagnons avec du mat\u00e9riel vari\u00e9, fiable et simple \u00e0 installer. Notre objectif est de faciliter la pr\u00e9paration de vos \u00e9v\u00e9nements tout en apportant une touche qualitative et professionnelle.<\/p>\n\n\n\n<div data-id=\"d27d7623\" class=\"wp-block-blocksy-tax-query\" style=\"padding-top:var(--wp--preset--spacing--60);padding-right:var(--wp--preset--spacing--60);padding-bottom:var(--wp--preset--spacing--60);padding-left:var(--wp--preset--spacing--60)\"><div class=\"ct-query-template-grid\"><div class=\"wp-block-term is-layout-flow\">\n\n<div class=\"wp-block-columns are-vertically-aligned-center has-palette-color-6-background-color has-background is-layout-flex wp-container-core-columns-is-layout-28f84493 wp-block-columns-is-layout-flex\" style=\"border-top-left-radius:5px;border-top-right-radius:5px;border-bottom-left-radius:5px;border-bottom-right-radius:5px\">\n<div class=\"wp-block-column is-vertically-aligned-center is-layout-constrained wp-block-column-is-layout-constrained\" style=\"flex-basis:66.66%\"><span style=\"margin-bottom:0px;\" class=\"ct-dynamic-data wp-elements-e24aa6a922e801e07648e7bba6af740e\">Location <a href=\"https:\/\/www.latelierfestif.com\/locations\/event\/yom-kippour\/\">Yom Kippour<\/a> \u00e0 Brouy<\/span><\/div>\n<\/div>\n\n<\/div><div class=\"wp-block-term is-layout-flow\">\n\n<div class=\"wp-block-columns are-vertically-aligned-center has-palette-color-6-background-color has-background is-layout-flex wp-container-core-columns-is-layout-28f84493 wp-block-columns-is-layout-flex\" style=\"border-top-left-radius:5px;border-top-right-radius:5px;border-bottom-left-radius:5px;border-bottom-right-radius:5px\">\n<div class=\"wp-block-column is-vertically-aligned-center is-layout-constrained wp-block-column-is-layout-constrained\" style=\"flex-basis:66.66%\"><span style=\"margin-bottom:0px;\" class=\"ct-dynamic-data wp-elements-e24aa6a922e801e07648e7bba6af740e\">Location <a href=\"https:\/\/www.latelierfestif.com\/locations\/event\/welcome-baby\/\">Welcome baby<\/a> \u00e0 Brouy<\/span><\/div>\n<\/div>\n\n<\/div><div class=\"wp-block-term is-layout-flow\">\n\n<div class=\"wp-block-columns are-vertically-aligned-center has-palette-color-6-background-color has-background is-layout-flex wp-container-core-columns-is-layout-28f84493 wp-block-columns-is-layout-flex\" style=\"border-top-left-radius:5px;border-top-right-radius:5px;border-bottom-left-radius:5px;border-bottom-right-radius:5px\">\n<div class=\"wp-block-column is-vertically-aligned-center is-layout-constrained wp-block-column-is-layout-constrained\" style=\"flex-basis:66.66%\"><span style=\"margin-bottom:0px;\" class=\"ct-dynamic-data wp-elements-e24aa6a922e801e07648e7bba6af740e\">Location <a href=\"https:\/\/www.latelierfestif.com\/locations\/event\/welcome\/\">Welcome<\/a> \u00e0 Brouy<\/span><\/div>\n<\/div>\n\n<\/div><div class=\"wp-block-term is-layout-flow\">\n\n<div class=\"wp-block-columns are-vertically-aligned-center has-palette-color-6-background-color has-background is-layout-flex wp-container-core-columns-is-layout-28f84493 wp-block-columns-is-layout-flex\" style=\"border-top-left-radius:5px;border-top-right-radius:5px;border-bottom-left-radius:5px;border-bottom-right-radius:5px\">\n<div class=\"wp-block-column is-vertically-aligned-center is-layout-constrained wp-block-column-is-layout-constrained\" style=\"flex-basis:66.66%\"><span style=\"margin-bottom:0px;\" class=\"ct-dynamic-data wp-elements-e24aa6a922e801e07648e7bba6af740e\">Location <a href=\"https:\/\/www.latelierfestif.com\/locations\/event\/tour-de-france\/\">Tour de France<\/a> \u00e0 Brouy<\/span><\/div>\n<\/div>\n\n<\/div><div class=\"wp-block-term is-layout-flow\">\n\n<div class=\"wp-block-columns are-vertically-aligned-center has-palette-color-6-background-color has-background is-layout-flex wp-container-core-columns-is-layout-28f84493 wp-block-columns-is-layout-flex\" style=\"border-top-left-radius:5px;border-top-right-radius:5px;border-bottom-left-radius:5px;border-bottom-right-radius:5px\">\n<div class=\"wp-block-column is-vertically-aligned-center is-layout-constrained wp-block-column-is-layout-constrained\" style=\"flex-basis:66.66%\"><span style=\"margin-bottom:0px;\" class=\"ct-dynamic-data wp-elements-e24aa6a922e801e07648e7bba6af740e\">Location <a href=\"https:\/\/www.latelierfestif.com\/locations\/event\/sweet-16\/\">Sweet 16<\/a> \u00e0 Brouy<\/span><\/div>\n<\/div>\n\n<\/div><div class=\"wp-block-term is-layout-flow\">\n\n<div class=\"wp-block-columns are-vertically-aligned-center has-palette-color-6-background-color has-background is-layout-flex wp-container-core-columns-is-layout-28f84493 wp-block-columns-is-layout-flex\" style=\"border-top-left-radius:5px;border-top-right-radius:5px;border-bottom-left-radius:5px;border-bottom-right-radius:5px\">\n<div class=\"wp-block-column is-vertically-aligned-center is-layout-constrained wp-block-column-is-layout-constrained\" style=\"flex-basis:66.66%\"><span style=\"margin-bottom:0px;\" class=\"ct-dynamic-data wp-elements-e24aa6a922e801e07648e7bba6af740e\">Location <a href=\"https:\/\/www.latelierfestif.com\/locations\/event\/soiree-thematique\/\">Soir\u00e9e Th\u00e9matique<\/a> \u00e0 Brouy<\/span><\/div>\n<\/div>\n\n<\/div><div class=\"wp-block-term is-layout-flow\">\n\n<div class=\"wp-block-columns are-vertically-aligned-center has-palette-color-6-background-color has-background is-layout-flex wp-container-core-columns-is-layout-28f84493 wp-block-columns-is-layout-flex\" style=\"border-top-left-radius:5px;border-top-right-radius:5px;border-bottom-left-radius:5px;border-bottom-right-radius:5px\">\n<div class=\"wp-block-column is-vertically-aligned-center is-layout-constrained wp-block-column-is-layout-constrained\" style=\"flex-basis:66.66%\"><span style=\"margin-bottom:0px;\" class=\"ct-dynamic-data wp-elements-e24aa6a922e801e07648e7bba6af740e\">Location <a href=\"https:\/\/www.latelierfestif.com\/locations\/event\/seminaire\/\">S\u00e9minaire<\/a> \u00e0 Brouy<\/span><\/div>\n<\/div>\n\n<\/div><div class=\"wp-block-term is-layout-flow\">\n\n<div class=\"wp-block-columns are-vertically-aligned-center has-palette-color-6-background-color has-background is-layout-flex wp-container-core-columns-is-layout-28f84493 wp-block-columns-is-layout-flex\" style=\"border-top-left-radius:5px;border-top-right-radius:5px;border-bottom-left-radius:5px;border-bottom-right-radius:5px\">\n<div class=\"wp-block-column is-vertically-aligned-center is-layout-constrained wp-block-column-is-layout-constrained\" style=\"flex-basis:66.66%\"><span style=\"margin-bottom:0px;\" class=\"ct-dynamic-data wp-elements-e24aa6a922e801e07648e7bba6af740e\">Location <a href=\"https:\/\/www.latelierfestif.com\/locations\/event\/saint-valentin\/\">Saint-Valentin<\/a> \u00e0 Brouy<\/span><\/div>\n<\/div>\n\n<\/div><div class=\"wp-block-term is-layout-flow\">\n\n<div class=\"wp-block-columns are-vertically-aligned-center has-palette-color-6-background-color has-background is-layout-flex wp-container-core-columns-is-layout-28f84493 wp-block-columns-is-layout-flex\" style=\"border-top-left-radius:5px;border-top-right-radius:5px;border-bottom-left-radius:5px;border-bottom-right-radius:5px\">\n<div class=\"wp-block-column is-vertically-aligned-center is-layout-constrained wp-block-column-is-layout-constrained\" style=\"flex-basis:66.66%\"><span style=\"margin-bottom:0px;\" class=\"ct-dynamic-data wp-elements-e24aa6a922e801e07648e7bba6af740e\">Location <a href=\"https:\/\/www.latelierfestif.com\/locations\/event\/reunion-de-famille\/\">R\u00e9union de famille<\/a> \u00e0 Brouy<\/span><\/div>\n<\/div>\n\n<\/div><div class=\"wp-block-term is-layout-flow\">\n\n<div class=\"wp-block-columns are-vertically-aligned-center has-palette-color-6-background-color has-background is-layout-flex wp-container-core-columns-is-layout-28f84493 wp-block-columns-is-layout-flex\" style=\"border-top-left-radius:5px;border-top-right-radius:5px;border-bottom-left-radius:5px;border-bottom-right-radius:5px\">\n<div class=\"wp-block-column is-vertically-aligned-center is-layout-constrained wp-block-column-is-layout-constrained\" style=\"flex-basis:66.66%\"><span style=\"margin-bottom:0px;\" class=\"ct-dynamic-data wp-elements-e24aa6a922e801e07648e7bba6af740e\">Location <a href=\"https:\/\/www.latelierfestif.com\/locations\/event\/retraite\/\">Retraite<\/a> \u00e0 Brouy<\/span><\/div>\n<\/div>\n\n<\/div><div class=\"wp-block-term is-layout-flow\">\n\n<div class=\"wp-block-columns are-vertically-aligned-center has-palette-color-6-background-color has-background is-layout-flex wp-container-core-columns-is-layout-28f84493 wp-block-columns-is-layout-flex\" style=\"border-top-left-radius:5px;border-top-right-radius:5px;border-bottom-left-radius:5px;border-bottom-right-radius:5px\">\n<div class=\"wp-block-column is-vertically-aligned-center is-layout-constrained wp-block-column-is-layout-constrained\" style=\"flex-basis:66.66%\"><span style=\"margin-bottom:0px;\" class=\"ct-dynamic-data wp-elements-e24aa6a922e801e07648e7bba6af740e\">Location <a href=\"https:\/\/www.latelierfestif.com\/locations\/event\/reception\/\">R\u00e9ception<\/a> \u00e0 Brouy<\/span><\/div>\n<\/div>\n\n<\/div><div class=\"wp-block-term is-layout-flow\">\n\n<div class=\"wp-block-columns are-vertically-aligned-center has-palette-color-6-background-color has-background is-layout-flex wp-container-core-columns-is-layout-28f84493 wp-block-columns-is-layout-flex\" style=\"border-top-left-radius:5px;border-top-right-radius:5px;border-bottom-left-radius:5px;border-bottom-right-radius:5px\">\n<div class=\"wp-block-column is-vertically-aligned-center is-layout-constrained wp-block-column-is-layout-constrained\" style=\"flex-basis:66.66%\"><span style=\"margin-bottom:0px;\" class=\"ct-dynamic-data wp-elements-e24aa6a922e801e07648e7bba6af740e\">Location <a href=\"https:\/\/www.latelierfestif.com\/locations\/event\/quinceanera\/\">Quincea\u00f1era<\/a> \u00e0 Brouy<\/span><\/div>\n<\/div>\n\n<\/div><div class=\"wp-block-term is-layout-flow\">\n\n<div class=\"wp-block-columns are-vertically-aligned-center has-palette-color-6-background-color has-background is-layout-flex wp-container-core-columns-is-layout-28f84493 wp-block-columns-is-layout-flex\" style=\"border-top-left-radius:5px;border-top-right-radius:5px;border-bottom-left-radius:5px;border-bottom-right-radius:5px\">\n<div class=\"wp-block-column is-vertically-aligned-center is-layout-constrained wp-block-column-is-layout-constrained\" style=\"flex-basis:66.66%\"><span style=\"margin-bottom:0px;\" class=\"ct-dynamic-data wp-elements-e24aa6a922e801e07648e7bba6af740e\">Location <a href=\"https:\/\/www.latelierfestif.com\/locations\/event\/pendaison-de-cremaillere\/\">Pendaison de cr\u00e9maill\u00e8re<\/a> \u00e0 Brouy<\/span><\/div>\n<\/div>\n\n<\/div><div class=\"wp-block-term is-layout-flow\">\n\n<div class=\"wp-block-columns are-vertically-aligned-center has-palette-color-6-background-color has-background is-layout-flex wp-container-core-columns-is-layout-28f84493 wp-block-columns-is-layout-flex\" style=\"border-top-left-radius:5px;border-top-right-radius:5px;border-bottom-left-radius:5px;border-bottom-right-radius:5px\">\n<div class=\"wp-block-column is-vertically-aligned-center is-layout-constrained wp-block-column-is-layout-constrained\" style=\"flex-basis:66.66%\"><span style=\"margin-bottom:0px;\" class=\"ct-dynamic-data wp-elements-e24aa6a922e801e07648e7bba6af740e\">Location <a href=\"https:\/\/www.latelierfestif.com\/locations\/event\/paques\/\">P\u00e2ques<\/a> \u00e0 Brouy<\/span><\/div>\n<\/div>\n\n<\/div><div class=\"wp-block-term is-layout-flow\">\n\n<div class=\"wp-block-columns are-vertically-aligned-center has-palette-color-6-background-color has-background is-layout-flex wp-container-core-columns-is-layout-28f84493 wp-block-columns-is-layout-flex\" style=\"border-top-left-radius:5px;border-top-right-radius:5px;border-bottom-left-radius:5px;border-bottom-right-radius:5px\">\n<div class=\"wp-block-column is-vertically-aligned-center is-layout-constrained wp-block-column-is-layout-constrained\" style=\"flex-basis:66.66%\"><span style=\"margin-bottom:0px;\" class=\"ct-dynamic-data wp-elements-e24aa6a922e801e07648e7bba6af740e\">Location <a href=\"https:\/\/www.latelierfestif.com\/locations\/event\/noel\/\">No\u00ebl<\/a> \u00e0 Brouy<\/span><\/div>\n<\/div>\n\n<\/div><div class=\"wp-block-term is-layout-flow\">\n\n<div class=\"wp-block-columns are-vertically-aligned-center has-palette-color-6-background-color has-background is-layout-flex wp-container-core-columns-is-layout-28f84493 wp-block-columns-is-layout-flex\" style=\"border-top-left-radius:5px;border-top-right-radius:5px;border-bottom-left-radius:5px;border-bottom-right-radius:5px\">\n<div class=\"wp-block-column is-vertically-aligned-center is-layout-constrained wp-block-column-is-layout-constrained\" style=\"flex-basis:66.66%\"><span style=\"margin-bottom:0px;\" class=\"ct-dynamic-data wp-elements-e24aa6a922e801e07648e7bba6af740e\">Location <a href=\"https:\/\/www.latelierfestif.com\/locations\/event\/naissance\/\">Naissance<\/a> \u00e0 Brouy<\/span><\/div>\n<\/div>\n\n<\/div><div class=\"wp-block-term is-layout-flow\">\n\n<div class=\"wp-block-columns are-vertically-aligned-center has-palette-color-6-background-color has-background is-layout-flex wp-container-core-columns-is-layout-28f84493 wp-block-columns-is-layout-flex\" style=\"border-top-left-radius:5px;border-top-right-radius:5px;border-bottom-left-radius:5px;border-bottom-right-radius:5px\">\n<div class=\"wp-block-column is-vertically-aligned-center is-layout-constrained wp-block-column-is-layout-constrained\" style=\"flex-basis:66.66%\"><span style=\"margin-bottom:0px;\" class=\"ct-dynamic-data wp-elements-e24aa6a922e801e07648e7bba6af740e\">Location <a href=\"https:\/\/www.latelierfestif.com\/locations\/event\/mariage\/\">Mariage<\/a> \u00e0 Brouy<\/span><\/div>\n<\/div>\n\n<\/div><div class=\"wp-block-term is-layout-flow\">\n\n<div class=\"wp-block-columns are-vertically-aligned-center has-palette-color-6-background-color has-background is-layout-flex wp-container-core-columns-is-layout-28f84493 wp-block-columns-is-layout-flex\" style=\"border-top-left-radius:5px;border-top-right-radius:5px;border-bottom-left-radius:5px;border-bottom-right-radius:5px\">\n<div class=\"wp-block-column is-vertically-aligned-center is-layout-constrained wp-block-column-is-layout-constrained\" style=\"flex-basis:66.66%\"><span style=\"margin-bottom:0px;\" class=\"ct-dynamic-data wp-elements-e24aa6a922e801e07648e7bba6af740e\">Location <a href=\"https:\/\/www.latelierfestif.com\/locations\/event\/marche-nocturne\/\">March\u00e9 nocturne<\/a> \u00e0 Brouy<\/span><\/div>\n<\/div>\n\n<\/div><div class=\"wp-block-term is-layout-flow\">\n\n<div class=\"wp-block-columns are-vertically-aligned-center has-palette-color-6-background-color has-background is-layout-flex wp-container-core-columns-is-layout-28f84493 wp-block-columns-is-layout-flex\" style=\"border-top-left-radius:5px;border-top-right-radius:5px;border-bottom-left-radius:5px;border-bottom-right-radius:5px\">\n<div class=\"wp-block-column is-vertically-aligned-center is-layout-constrained wp-block-column-is-layout-constrained\" style=\"flex-basis:66.66%\"><span style=\"margin-bottom:0px;\" class=\"ct-dynamic-data wp-elements-e24aa6a922e801e07648e7bba6af740e\">Location <a href=\"https:\/\/www.latelierfestif.com\/locations\/event\/marche-de-rue\/\">March\u00e9 de rue<\/a> \u00e0 Brouy<\/span><\/div>\n<\/div>\n\n<\/div><div class=\"wp-block-term is-layout-flow\">\n\n<div class=\"wp-block-columns are-vertically-aligned-center has-palette-color-6-background-color has-background is-layout-flex wp-container-core-columns-is-layout-28f84493 wp-block-columns-is-layout-flex\" style=\"border-top-left-radius:5px;border-top-right-radius:5px;border-bottom-left-radius:5px;border-bottom-right-radius:5px\">\n<div class=\"wp-block-column is-vertically-aligned-center is-layout-constrained wp-block-column-is-layout-constrained\" style=\"flex-basis:66.66%\"><span style=\"margin-bottom:0px;\" class=\"ct-dynamic-data wp-elements-e24aa6a922e801e07648e7bba6af740e\">Location <a href=\"https:\/\/www.latelierfestif.com\/locations\/event\/location-jeux-essonne\/\">location jeux Essonne<\/a> \u00e0 Brouy<\/span><\/div>\n<\/div>\n\n<\/div><div class=\"wp-block-term is-layout-flow\">\n\n<div class=\"wp-block-columns are-vertically-aligned-center has-palette-color-6-background-color has-background is-layout-flex wp-container-core-columns-is-layout-28f84493 wp-block-columns-is-layout-flex\" style=\"border-top-left-radius:5px;border-top-right-radius:5px;border-bottom-left-radius:5px;border-bottom-right-radius:5px\">\n<div class=\"wp-block-column is-vertically-aligned-center is-layout-constrained wp-block-column-is-layout-constrained\" style=\"flex-basis:66.66%\"><span style=\"margin-bottom:0px;\" class=\"ct-dynamic-data wp-elements-e24aa6a922e801e07648e7bba6af740e\">Location <a href=\"https:\/\/www.latelierfestif.com\/locations\/event\/location-jeu-enfant\/\">location jeu enfant<\/a> \u00e0 Brouy<\/span><\/div>\n<\/div>\n\n<\/div><div class=\"wp-block-term is-layout-flow\">\n\n<div class=\"wp-block-columns are-vertically-aligned-center has-palette-color-6-background-color has-background is-layout-flex wp-container-core-columns-is-layout-28f84493 wp-block-columns-is-layout-flex\" style=\"border-top-left-radius:5px;border-top-right-radius:5px;border-bottom-left-radius:5px;border-bottom-right-radius:5px\">\n<div class=\"wp-block-column is-vertically-aligned-center is-layout-constrained wp-block-column-is-layout-constrained\" style=\"flex-basis:66.66%\"><span style=\"margin-bottom:0px;\" class=\"ct-dynamic-data wp-elements-e24aa6a922e801e07648e7bba6af740e\">Location <a href=\"https:\/\/www.latelierfestif.com\/locations\/event\/location-jeu-en-bois\/\">location jeu en bois<\/a> \u00e0 Brouy<\/span><\/div>\n<\/div>\n\n<\/div><div class=\"wp-block-term is-layout-flow\">\n\n<div class=\"wp-block-columns are-vertically-aligned-center has-palette-color-6-background-color has-background is-layout-flex wp-container-core-columns-is-layout-28f84493 wp-block-columns-is-layout-flex\" style=\"border-top-left-radius:5px;border-top-right-radius:5px;border-bottom-left-radius:5px;border-bottom-right-radius:5px\">\n<div class=\"wp-block-column is-vertically-aligned-center is-layout-constrained wp-block-column-is-layout-constrained\" style=\"flex-basis:66.66%\"><span style=\"margin-bottom:0px;\" class=\"ct-dynamic-data wp-elements-e24aa6a922e801e07648e7bba6af740e\">Location <a href=\"https:\/\/www.latelierfestif.com\/locations\/event\/kermesse\/\">Kermesse<\/a> \u00e0 Brouy<\/span><\/div>\n<\/div>\n\n<\/div><div class=\"wp-block-term is-layout-flow\">\n\n<div class=\"wp-block-columns are-vertically-aligned-center has-palette-color-6-background-color has-background is-layout-flex wp-container-core-columns-is-layout-28f84493 wp-block-columns-is-layout-flex\" style=\"border-top-left-radius:5px;border-top-right-radius:5px;border-bottom-left-radius:5px;border-bottom-right-radius:5px\">\n<div class=\"wp-block-column is-vertically-aligned-center is-layout-constrained wp-block-column-is-layout-constrained\" style=\"flex-basis:66.66%\"><span style=\"margin-bottom:0px;\" class=\"ct-dynamic-data wp-elements-e24aa6a922e801e07648e7bba6af740e\">Location <a href=\"https:\/\/www.latelierfestif.com\/locations\/event\/journees-du-patrimoine\/\">Journ\u00e9es du Patrimoine<\/a> \u00e0 Brouy<\/span><\/div>\n<\/div>\n\n<\/div><div class=\"wp-block-term is-layout-flow\">\n\n<div class=\"wp-block-columns are-vertically-aligned-center has-palette-color-6-background-color has-background is-layout-flex wp-container-core-columns-is-layout-28f84493 wp-block-columns-is-layout-flex\" style=\"border-top-left-radius:5px;border-top-right-radius:5px;border-bottom-left-radius:5px;border-bottom-right-radius:5px\">\n<div class=\"wp-block-column is-vertically-aligned-center is-layout-constrained wp-block-column-is-layout-constrained\" style=\"flex-basis:66.66%\"><span style=\"margin-bottom:0px;\" class=\"ct-dynamic-data wp-elements-e24aa6a922e801e07648e7bba6af740e\">Location <a href=\"https:\/\/www.latelierfestif.com\/locations\/event\/jeux-olympiques\/\">Jeux Olympiques<\/a> \u00e0 Brouy<\/span><\/div>\n<\/div>\n\n<\/div><div class=\"wp-block-term is-layout-flow\">\n\n<div class=\"wp-block-columns are-vertically-aligned-center has-palette-color-6-background-color has-background is-layout-flex wp-container-core-columns-is-layout-28f84493 wp-block-columns-is-layout-flex\" style=\"border-top-left-radius:5px;border-top-right-radius:5px;border-bottom-left-radius:5px;border-bottom-right-radius:5px\">\n<div class=\"wp-block-column is-vertically-aligned-center is-layout-constrained wp-block-column-is-layout-constrained\" style=\"flex-basis:66.66%\"><span style=\"margin-bottom:0px;\" class=\"ct-dynamic-data wp-elements-e24aa6a922e801e07648e7bba6af740e\">Location <a href=\"https:\/\/www.latelierfestif.com\/locations\/event\/jeu-en-bois\/\">jeu en bois<\/a> \u00e0 Brouy<\/span><\/div>\n<\/div>\n\n<\/div><div class=\"wp-block-term is-layout-flow\">\n\n<div class=\"wp-block-columns are-vertically-aligned-center has-palette-color-6-background-color has-background is-layout-flex wp-container-core-columns-is-layout-28f84493 wp-block-columns-is-layout-flex\" style=\"border-top-left-radius:5px;border-top-right-radius:5px;border-bottom-left-radius:5px;border-bottom-right-radius:5px\">\n<div class=\"wp-block-column is-vertically-aligned-center is-layout-constrained wp-block-column-is-layout-constrained\" style=\"flex-basis:66.66%\"><span style=\"margin-bottom:0px;\" class=\"ct-dynamic-data wp-elements-e24aa6a922e801e07648e7bba6af740e\">Location <a href=\"https:\/\/www.latelierfestif.com\/locations\/event\/inauguration\/\">Inauguration<\/a> \u00e0 Brouy<\/span><\/div>\n<\/div>\n\n<\/div><div class=\"wp-block-term is-layout-flow\">\n\n<div class=\"wp-block-columns are-vertically-aligned-center has-palette-color-6-background-color has-background is-layout-flex wp-container-core-columns-is-layout-28f84493 wp-block-columns-is-layout-flex\" style=\"border-top-left-radius:5px;border-top-right-radius:5px;border-bottom-left-radius:5px;border-bottom-right-radius:5px\">\n<div class=\"wp-block-column is-vertically-aligned-center is-layout-constrained wp-block-column-is-layout-constrained\" style=\"flex-basis:66.66%\"><span style=\"margin-bottom:0px;\" class=\"ct-dynamic-data wp-elements-e24aa6a922e801e07648e7bba6af740e\">Location <a href=\"https:\/\/www.latelierfestif.com\/locations\/event\/halloween\/\">Halloween<\/a> \u00e0 Brouy<\/span><\/div>\n<\/div>\n\n<\/div><div class=\"wp-block-term is-layout-flow\">\n\n<div class=\"wp-block-columns are-vertically-aligned-center has-palette-color-6-background-color has-background is-layout-flex wp-container-core-columns-is-layout-28f84493 wp-block-columns-is-layout-flex\" style=\"border-top-left-radius:5px;border-top-right-radius:5px;border-bottom-left-radius:5px;border-bottom-right-radius:5px\">\n<div class=\"wp-block-column is-vertically-aligned-center is-layout-constrained wp-block-column-is-layout-constrained\" style=\"flex-basis:66.66%\"><span style=\"margin-bottom:0px;\" class=\"ct-dynamic-data wp-elements-e24aa6a922e801e07648e7bba6af740e\">Location <a href=\"https:\/\/www.latelierfestif.com\/locations\/event\/gender-reveal\/\">Gender reveal<\/a> \u00e0 Brouy<\/span><\/div>\n<\/div>\n\n<\/div><div class=\"wp-block-term is-layout-flow\">\n\n<div class=\"wp-block-columns are-vertically-aligned-center has-palette-color-6-background-color has-background is-layout-flex wp-container-core-columns-is-layout-28f84493 wp-block-columns-is-layout-flex\" style=\"border-top-left-radius:5px;border-top-right-radius:5px;border-bottom-left-radius:5px;border-bottom-right-radius:5px\">\n<div class=\"wp-block-column is-vertically-aligned-center is-layout-constrained wp-block-column-is-layout-constrained\" style=\"flex-basis:66.66%\"><span style=\"margin-bottom:0px;\" class=\"ct-dynamic-data wp-elements-e24aa6a922e801e07648e7bba6af740e\">Location <a href=\"https:\/\/www.latelierfestif.com\/locations\/event\/galette-des-rois\/\">Galette des Rois<\/a> \u00e0 Brouy<\/span><\/div>\n<\/div>\n\n<\/div><div class=\"wp-block-term is-layout-flow\">\n\n<div class=\"wp-block-columns are-vertically-aligned-center has-palette-color-6-background-color has-background is-layout-flex wp-container-core-columns-is-layout-28f84493 wp-block-columns-is-layout-flex\" style=\"border-top-left-radius:5px;border-top-right-radius:5px;border-bottom-left-radius:5px;border-bottom-right-radius:5px\">\n<div class=\"wp-block-column is-vertically-aligned-center is-layout-constrained wp-block-column-is-layout-constrained\" style=\"flex-basis:66.66%\"><span style=\"margin-bottom:0px;\" class=\"ct-dynamic-data wp-elements-e24aa6a922e801e07648e7bba6af740e\">Location <a href=\"https:\/\/www.latelierfestif.com\/locations\/event\/fiancailles\/\">Fian\u00e7ailles<\/a> \u00e0 Brouy<\/span><\/div>\n<\/div>\n\n<\/div><div class=\"wp-block-term is-layout-flow\">\n\n<div class=\"wp-block-columns are-vertically-aligned-center has-palette-color-6-background-color has-background is-layout-flex wp-container-core-columns-is-layout-28f84493 wp-block-columns-is-layout-flex\" style=\"border-top-left-radius:5px;border-top-right-radius:5px;border-bottom-left-radius:5px;border-bottom-right-radius:5px\">\n<div class=\"wp-block-column is-vertically-aligned-center is-layout-constrained wp-block-column-is-layout-constrained\" style=\"flex-basis:66.66%\"><span style=\"margin-bottom:0px;\" class=\"ct-dynamic-data wp-elements-e24aa6a922e801e07648e7bba6af740e\">Location <a href=\"https:\/\/www.latelierfestif.com\/locations\/event\/fete-des-peres\/\">F\u00eate des P\u00e8res<\/a> \u00e0 Brouy<\/span><\/div>\n<\/div>\n\n<\/div><div class=\"wp-block-term is-layout-flow\">\n\n<div class=\"wp-block-columns are-vertically-aligned-center has-palette-color-6-background-color has-background is-layout-flex wp-container-core-columns-is-layout-28f84493 wp-block-columns-is-layout-flex\" style=\"border-top-left-radius:5px;border-top-right-radius:5px;border-bottom-left-radius:5px;border-bottom-right-radius:5px\">\n<div class=\"wp-block-column is-vertically-aligned-center is-layout-constrained wp-block-column-is-layout-constrained\" style=\"flex-basis:66.66%\"><span style=\"margin-bottom:0px;\" class=\"ct-dynamic-data wp-elements-e24aa6a922e801e07648e7bba6af740e\">Location <a href=\"https:\/\/www.latelierfestif.com\/locations\/event\/fete-des-meres\/\">F\u00eate des m\u00e8res<\/a> \u00e0 Brouy<\/span><\/div>\n<\/div>\n\n<\/div><div class=\"wp-block-term is-layout-flow\">\n\n<div class=\"wp-block-columns are-vertically-aligned-center has-palette-color-6-background-color has-background is-layout-flex wp-container-core-columns-is-layout-28f84493 wp-block-columns-is-layout-flex\" style=\"border-top-left-radius:5px;border-top-right-radius:5px;border-bottom-left-radius:5px;border-bottom-right-radius:5px\">\n<div class=\"wp-block-column is-vertically-aligned-center is-layout-constrained wp-block-column-is-layout-constrained\" style=\"flex-basis:66.66%\"><span style=\"margin-bottom:0px;\" class=\"ct-dynamic-data wp-elements-e24aa6a922e801e07648e7bba6af740e\">Location <a href=\"https:\/\/www.latelierfestif.com\/locations\/event\/fete-des-grands-peres\/\">F\u00eate des grands-p\u00e8res<\/a> \u00e0 Brouy<\/span><\/div>\n<\/div>\n\n<\/div><div class=\"wp-block-term is-layout-flow\">\n\n<div class=\"wp-block-columns are-vertically-aligned-center has-palette-color-6-background-color has-background is-layout-flex wp-container-core-columns-is-layout-28f84493 wp-block-columns-is-layout-flex\" style=\"border-top-left-radius:5px;border-top-right-radius:5px;border-bottom-left-radius:5px;border-bottom-right-radius:5px\">\n<div class=\"wp-block-column is-vertically-aligned-center is-layout-constrained wp-block-column-is-layout-constrained\" style=\"flex-basis:66.66%\"><span style=\"margin-bottom:0px;\" class=\"ct-dynamic-data wp-elements-e24aa6a922e801e07648e7bba6af740e\">Location <a href=\"https:\/\/www.latelierfestif.com\/locations\/event\/fete-des-grands-meres\/\">F\u00eate des Grands-M\u00e8res<\/a> \u00e0 Brouy<\/span><\/div>\n<\/div>\n\n<\/div><div class=\"wp-block-term is-layout-flow\">\n\n<div class=\"wp-block-columns are-vertically-aligned-center has-palette-color-6-background-color has-background is-layout-flex wp-container-core-columns-is-layout-28f84493 wp-block-columns-is-layout-flex\" style=\"border-top-left-radius:5px;border-top-right-radius:5px;border-bottom-left-radius:5px;border-bottom-right-radius:5px\">\n<div class=\"wp-block-column is-vertically-aligned-center is-layout-constrained wp-block-column-is-layout-constrained\" style=\"flex-basis:66.66%\"><span style=\"margin-bottom:0px;\" class=\"ct-dynamic-data wp-elements-e24aa6a922e801e07648e7bba6af740e\">Location <a href=\"https:\/\/www.latelierfestif.com\/locations\/event\/fete-de-la-musique\/\">F\u00eate de la musique<\/a> \u00e0 Brouy<\/span><\/div>\n<\/div>\n\n<\/div><div class=\"wp-block-term is-layout-flow\">\n\n<div class=\"wp-block-columns are-vertically-aligned-center has-palette-color-6-background-color has-background is-layout-flex wp-container-core-columns-is-layout-28f84493 wp-block-columns-is-layout-flex\" style=\"border-top-left-radius:5px;border-top-right-radius:5px;border-bottom-left-radius:5px;border-bottom-right-radius:5px\">\n<div class=\"wp-block-column is-vertically-aligned-center is-layout-constrained wp-block-column-is-layout-constrained\" style=\"flex-basis:66.66%\"><span style=\"margin-bottom:0px;\" class=\"ct-dynamic-data wp-elements-e24aa6a922e801e07648e7bba6af740e\">Location <a href=\"https:\/\/www.latelierfestif.com\/locations\/event\/fete-de-fin-dannee-scolaire\/\">F\u00eate de fin d&rsquo;ann\u00e9e scolaire<\/a> \u00e0 Brouy<\/span><\/div>\n<\/div>\n\n<\/div><div class=\"wp-block-term is-layout-flow\">\n\n<div class=\"wp-block-columns are-vertically-aligned-center has-palette-color-6-background-color has-background is-layout-flex wp-container-core-columns-is-layout-28f84493 wp-block-columns-is-layout-flex\" style=\"border-top-left-radius:5px;border-top-right-radius:5px;border-bottom-left-radius:5px;border-bottom-right-radius:5px\">\n<div class=\"wp-block-column is-vertically-aligned-center is-layout-constrained wp-block-column-is-layout-constrained\" style=\"flex-basis:66.66%\"><span style=\"margin-bottom:0px;\" class=\"ct-dynamic-data wp-elements-e24aa6a922e801e07648e7bba6af740e\">Location <a href=\"https:\/\/www.latelierfestif.com\/locations\/event\/fete-de-divorce\/\">F\u00eate de divorce<\/a> \u00e0 Brouy<\/span><\/div>\n<\/div>\n\n<\/div><div class=\"wp-block-term is-layout-flow\">\n\n<div class=\"wp-block-columns are-vertically-aligned-center has-palette-color-6-background-color has-background is-layout-flex wp-container-core-columns-is-layout-28f84493 wp-block-columns-is-layout-flex\" style=\"border-top-left-radius:5px;border-top-right-radius:5px;border-bottom-left-radius:5px;border-bottom-right-radius:5px\">\n<div class=\"wp-block-column is-vertically-aligned-center is-layout-constrained wp-block-column-is-layout-constrained\" style=\"flex-basis:66.66%\"><span style=\"margin-bottom:0px;\" class=\"ct-dynamic-data wp-elements-e24aa6a922e801e07648e7bba6af740e\">Location <a href=\"https:\/\/www.latelierfestif.com\/locations\/event\/fete-de-bienvenue\/\">F\u00eate de bienvenue<\/a> \u00e0 Brouy<\/span><\/div>\n<\/div>\n\n<\/div><div class=\"wp-block-term is-layout-flow\">\n\n<div class=\"wp-block-columns are-vertically-aligned-center has-palette-color-6-background-color has-background is-layout-flex wp-container-core-columns-is-layout-28f84493 wp-block-columns-is-layout-flex\" style=\"border-top-left-radius:5px;border-top-right-radius:5px;border-bottom-left-radius:5px;border-bottom-right-radius:5px\">\n<div class=\"wp-block-column is-vertically-aligned-center is-layout-constrained wp-block-column-is-layout-constrained\" style=\"flex-basis:66.66%\"><span style=\"margin-bottom:0px;\" class=\"ct-dynamic-data wp-elements-e24aa6a922e801e07648e7bba6af740e\">Location <a href=\"https:\/\/www.latelierfestif.com\/locations\/event\/evenements-entreprises\/\">Ev\u00e9nements Entreprises<\/a> \u00e0 Brouy<\/span><\/div>\n<\/div>\n\n<\/div><div class=\"wp-block-term is-layout-flow\">\n\n<div class=\"wp-block-columns are-vertically-aligned-center has-palette-color-6-background-color has-background is-layout-flex wp-container-core-columns-is-layout-28f84493 wp-block-columns-is-layout-flex\" style=\"border-top-left-radius:5px;border-top-right-radius:5px;border-bottom-left-radius:5px;border-bottom-right-radius:5px\">\n<div class=\"wp-block-column is-vertically-aligned-center is-layout-constrained wp-block-column-is-layout-constrained\" style=\"flex-basis:66.66%\"><span style=\"margin-bottom:0px;\" class=\"ct-dynamic-data wp-elements-e24aa6a922e801e07648e7bba6af740e\">Location <a href=\"https:\/\/www.latelierfestif.com\/locations\/event\/epiphanie\/\">\u00c9piphanie<\/a> \u00e0 Brouy<\/span><\/div>\n<\/div>\n\n<\/div><div class=\"wp-block-term is-layout-flow\">\n\n<div class=\"wp-block-columns are-vertically-aligned-center has-palette-color-6-background-color has-background is-layout-flex wp-container-core-columns-is-layout-28f84493 wp-block-columns-is-layout-flex\" style=\"border-top-left-radius:5px;border-top-right-radius:5px;border-bottom-left-radius:5px;border-bottom-right-radius:5px\">\n<div class=\"wp-block-column is-vertically-aligned-center is-layout-constrained wp-block-column-is-layout-constrained\" style=\"flex-basis:66.66%\"><span style=\"margin-bottom:0px;\" class=\"ct-dynamic-data wp-elements-e24aa6a922e801e07648e7bba6af740e\">Location <a href=\"https:\/\/www.latelierfestif.com\/locations\/event\/decoration-evenementielle-enfant\/\">d\u00e9coration \u00e9v\u00e9nementielle enfant<\/a> \u00e0 Brouy<\/span><\/div>\n<\/div>\n\n<\/div><div class=\"wp-block-term is-layout-flow\">\n\n<div class=\"wp-block-columns are-vertically-aligned-center has-palette-color-6-background-color has-background is-layout-flex wp-container-core-columns-is-layout-28f84493 wp-block-columns-is-layout-flex\" style=\"border-top-left-radius:5px;border-top-right-radius:5px;border-bottom-left-radius:5px;border-bottom-right-radius:5px\">\n<div class=\"wp-block-column is-vertically-aligned-center is-layout-constrained wp-block-column-is-layout-constrained\" style=\"flex-basis:66.66%\"><span style=\"margin-bottom:0px;\" class=\"ct-dynamic-data wp-elements-e24aa6a922e801e07648e7bba6af740e\">Location <a href=\"https:\/\/www.latelierfestif.com\/locations\/event\/centre-commercial\/\">Centre Commercial<\/a> \u00e0 Brouy<\/span><\/div>\n<\/div>\n\n<\/div><div class=\"wp-block-term is-layout-flow\">\n\n<div class=\"wp-block-columns are-vertically-aligned-center has-palette-color-6-background-color has-background is-layout-flex wp-container-core-columns-is-layout-28f84493 wp-block-columns-is-layout-flex\" style=\"border-top-left-radius:5px;border-top-right-radius:5px;border-bottom-left-radius:5px;border-bottom-right-radius:5px\">\n<div class=\"wp-block-column is-vertically-aligned-center is-layout-constrained wp-block-column-is-layout-constrained\" style=\"flex-basis:66.66%\"><span style=\"margin-bottom:0px;\" class=\"ct-dynamic-data wp-elements-e24aa6a922e801e07648e7bba6af740e\">Location <a href=\"https:\/\/www.latelierfestif.com\/locations\/event\/celebration-de-retablissement\/\">C\u00e9l\u00e9bration de r\u00e9tablissement<\/a> \u00e0 Brouy<\/span><\/div>\n<\/div>\n\n<\/div><div class=\"wp-block-term is-layout-flow\">\n\n<div class=\"wp-block-columns are-vertically-aligned-center has-palette-color-6-background-color has-background is-layout-flex wp-container-core-columns-is-layout-28f84493 wp-block-columns-is-layout-flex\" style=\"border-top-left-radius:5px;border-top-right-radius:5px;border-bottom-left-radius:5px;border-bottom-right-radius:5px\">\n<div class=\"wp-block-column is-vertically-aligned-center is-layout-constrained wp-block-column-is-layout-constrained\" style=\"flex-basis:66.66%\"><span style=\"margin-bottom:0px;\" class=\"ct-dynamic-data wp-elements-e24aa6a922e801e07648e7bba6af740e\">Location <a href=\"https:\/\/www.latelierfestif.com\/locations\/event\/carnaval\/\">Carnaval<\/a> \u00e0 Brouy<\/span><\/div>\n<\/div>\n\n<\/div><\/div><style>[data-id='d27d7623'] {--grid-columns-gap:var(--wp--preset--spacing--50);--grid-columns-width:4;}@media (max-width: 999.98px) {[data-id='d27d7623'] {--grid-columns-width:2;}}@media (max-width: 689.98px) {[data-id='d27d7623'] {--grid-columns-width:1;}}<\/style><\/div>\n\n\n\n<h2 class=\"wp-block-heading has-text-align-center\">Location Festives \u00e0 Brouy<\/h2>\n\n\n\n<p class=\"has-text-align-center\">Location Festives&nbsp;<strong>priv\u00e9es et professionnels \u00e0&nbsp;Brouy (91150)<\/strong> et ses proches communes.<\/p>\n\n\n\n<p><iframe data-src=\"https:\/\/www.google.com\/maps\/embed?pb=!1m18!1m12!1m3!1d5306.586446465536!2d2.275564819014394!3d48.316443213162934!2m3!1f0!2f0!3f0!3m2!1i1024!2i768!4f13.1!3m3!1m2!1s0x47e5b91a88527579%3A0x40b82c3688b4900!2s91150%20Brouy!5e0!3m2!1sfr!2sfr!4v1765200404553!5m2!1sfr!2sfr\" width=\"100%\" height=\"450\" style=\"border:0;\" allowfullscreen=\"\" referrerpolicy=\"no-referrer-when-downgrade\" src=\"data:image\/svg+xml;base64,PHN2ZyB3aWR0aD0iMSIgaGVpZ2h0PSIxIiB4bWxucz0iaHR0cDovL3d3dy53My5vcmcvMjAwMC9zdmciPjwvc3ZnPg==\" class=\"lazyload\" data-load-mode=\"1\"><\/iframe><\/p>\n","protected":false},"excerpt":{"rendered":"<p>Location de jeux, machines de restauration, d\u00e9coration et mobilier \u00e0 Brouy. Mat\u00e9riel de qualit\u00e9 pour vos \u00e9v\u00e9nements, f\u00eates familiales ou animations locales. Service simple et flexible.<\/p>\n","protected":false},"author":1,"featured_media":0,"parent":29017,"menu_order":0,"comment_status":"closed","ping_status":"closed","template":"","meta":{"footnotes":""},"class_list":["post-32862","page","type-page","status-publish","hentry"],"blocksy_meta":[],"_links":{"self":[{"href":"https:\/\/www.latelierfestif.com\/locations\/wp-json\/wp\/v2\/pages\/32862","targetHints":{"allow":["GET"]}}],"collection":[{"href":"https:\/\/www.latelierfestif.com\/locations\/wp-json\/wp\/v2\/pages"}],"about":[{"href":"https:\/\/www.latelierfestif.com\/locations\/wp-json\/wp\/v2\/types\/page"}],"author":[{"embeddable":true,"href":"https:\/\/www.latelierfestif.com\/locations\/wp-json\/wp\/v2\/users\/1"}],"replies":[{"embeddable":true,"href":"https:\/\/www.latelierfestif.com\/locations\/wp-json\/wp\/v2\/comments?post=32862"}],"version-history":[{"count":0,"href":"https:\/\/www.latelierfestif.com\/locations\/wp-json\/wp\/v2\/pages\/32862\/revisions"}],"up":[{"embeddable":true,"href":"https:\/\/www.latelierfestif.com\/locations\/wp-json\/wp\/v2\/pages\/29017"}],"wp:attachment":[{"href":"https:\/\/www.latelierfestif.com\/locations\/wp-json\/wp\/v2\/media?parent=32862"}],"curies":[{"name":"wp","href":"https:\/\/api.w.org\/{rel}","templated":true}]}}