{"id":29129,"date":"2024-05-30T10:08:10","date_gmt":"2024-05-30T08:08:10","guid":{"rendered":"https:\/\/www.latelierfestif.com\/locations\/?page_id=29129"},"modified":"2025-12-08T23:02:08","modified_gmt":"2025-12-08T22:02:08","slug":"locations-fetes-chartres-28000","status":"publish","type":"page","link":"https:\/\/www.latelierfestif.com\/locations\/locations-animations\/locations-fetes-chartres-28000\/","title":{"rendered":"Locations Chartres (28000) F\u00eates et Ev\u00e8nements"},"content":{"rendered":"\n<div class=\"wp-block-group alignfull has-palette-color-6-background-color has-background is-layout-constrained wp-container-core-group-is-layout-10bc4538 wp-block-group-is-layout-constrained\" style=\"padding-top:var(--wp--preset--spacing--80);padding-right:var(--wp--preset--spacing--80);padding-bottom:var(--wp--preset--spacing--80);padding-left:var(--wp--preset--spacing--80)\">\n<div class=\"wp-block-columns is-layout-flex wp-container-core-columns-is-layout-28f84493 wp-block-columns-is-layout-flex\">\n<div class=\"wp-block-column is-layout-flow wp-block-column-is-layout-flow\" style=\"flex-basis:100%\">\n<div class=\"wp-block-group has-border-color has-palette-color-1-border-color has-palette-color-8-background-color has-background is-layout-constrained wp-container-core-group-is-layout-db32e940 wp-block-group-is-layout-constrained\" style=\"border-width:1px;padding-top:var(--wp--preset--spacing--60);padding-right:var(--wp--preset--spacing--60);padding-bottom:var(--wp--preset--spacing--60);padding-left:var(--wp--preset--spacing--60)\">\n<div class=\"ct-search-box\">\n\t\n\n<form role=\"search\" method=\"get\" class=\"ct-search-form\" data-form-controls=\"outside\" data-taxonomy-filter=\"false\" data-submit-button=\"icon\" style=\"--theme-form-field-height:55px;--theme-form-field-border-radius:0px;--theme-form-field-background-initial-color:var(--wp--preset--color--palette-color-7);margin-top:0;margin-bottom:0;margin-left:var(--wp--preset--spacing--60);margin-right:0;\" action=\"https:\/\/www.latelierfestif.com\/locations\/\" aria-haspopup=\"listbox\" data-live-results=\"thumbs\">\n\n\t<input\n\t\ttype=\"search\" \t\tplaceholder=\"Rechercher location mat\u00e9riel \u00e9v\u00e8nementiel \u00e0 Chartres\"\n\t\tvalue=\"\"\n\t\tname=\"s\"\n\t\tautocomplete=\"off\"\n\t\ttitle=\"Rechercher\u2026\"\n\t\taria-label=\"Rechercher\u2026\"\n\t\t\t>\n\n\t<div class=\"ct-search-form-controls\">\n\t\t\n\t\t<button type=\"submit\" class=\"wp-element-button\" data-button=\"outside:icon\" aria-label=\"Bouton de recherche\" style=\"--theme-button-text-initial-color:var(--wp--preset--color--palette-color-8);--theme-button-background-initial-color:var(--wp--preset--color--palette-color-1);\">\n\t\t\t<svg class=\"ct-icon ct-search-button-content\" aria-hidden=\"true\" width=\"15\" height=\"15\" viewBox=\"0 0 15 15\"><path d=\"M14.8,13.7L12,11c0.9-1.2,1.5-2.6,1.5-4.2c0-3.7-3-6.8-6.8-6.8S0,3,0,6.8s3,6.8,6.8,6.8c1.6,0,3.1-0.6,4.2-1.5l2.8,2.8c0.1,0.1,0.3,0.2,0.5,0.2s0.4-0.1,0.5-0.2C15.1,14.5,15.1,14,14.8,13.7z M1.5,6.8c0-2.9,2.4-5.2,5.2-5.2S12,3.9,12,6.8S9.6,12,6.8,12S1.5,9.6,1.5,6.8z\"\/><\/svg>\n\t\t\t<span class=\"ct-ajax-loader\">\n\t\t\t\t<svg viewBox=\"0 0 24 24\">\n\t\t\t\t\t<circle cx=\"12\" cy=\"12\" r=\"10\" opacity=\"0.2\" fill=\"none\" stroke=\"currentColor\" stroke-miterlimit=\"10\" stroke-width=\"2\"\/>\n\n\t\t\t\t\t<path d=\"m12,2c5.52,0,10,4.48,10,10\" fill=\"none\" stroke=\"currentColor\" stroke-linecap=\"round\" stroke-miterlimit=\"10\" stroke-width=\"2\">\n\t\t\t\t\t\t<animateTransform\n\t\t\t\t\t\t\tattributeName=\"transform\"\n\t\t\t\t\t\t\tattributeType=\"XML\"\n\t\t\t\t\t\t\ttype=\"rotate\"\n\t\t\t\t\t\t\tdur=\"0.6s\"\n\t\t\t\t\t\t\tfrom=\"0 12 12\"\n\t\t\t\t\t\t\tto=\"360 12 12\"\n\t\t\t\t\t\t\trepeatCount=\"indefinite\"\n\t\t\t\t\t\t\/>\n\t\t\t\t\t<\/path>\n\t\t\t\t<\/svg>\n\t\t\t<\/span>\n\t\t<\/button>\n\n\t\t\t\t\t<input type=\"hidden\" name=\"post_type\" value=\"product\">\n\t\t\n\t\t\n\t\t\n\n\t\t\t<\/div>\n\n\t\t\t<div class=\"screen-reader-text\" aria-live=\"polite\" role=\"status\">\n\t\t\tAucun r\u00e9sultat\t\t<\/div>\n\t\n<\/form>\n\n\n<\/div>\n<\/div>\n<\/div>\n<\/div>\n<\/div>\n\n\n\n<div class=\"wp-block-group alignfull has-white-background-color has-background is-layout-constrained wp-block-group-is-layout-constrained\" style=\"padding-top:7rem;padding-bottom:7rem\">\n<div class=\"wp-block-columns are-vertically-aligned-center is-layout-flex wp-container-core-columns-is-layout-66fad18a wp-block-columns-is-layout-flex\">\n<div class=\"wp-block-column is-vertically-aligned-center is-layout-flow wp-block-column-is-layout-flow\" style=\"flex-basis:50%\">\n<h2 class=\"wp-block-heading has-black-color has-text-color has-link-color wp-elements-504b9cdba174d77b2149045010dd2b1a\" style=\"margin-bottom:20px;font-size:clamp(26.465px, 1.654rem + ((1vw - 3.2px) * 1.448), 45px);font-style:normal;font-weight:800;line-height:1.2\">Location de jeux \u00e0 Chartres<\/h2>\n\n\n\n<p class=\"has-black-color has-text-color has-link-color has-medium-font-size wp-elements-6d30f4f5b8bda2270c57a1ea291814c9\" style=\"border-bottom-color:#0000001F;border-bottom-style:solid;border-bottom-width:1px;margin-bottom:40px;padding-bottom:40px\">Pour ajouter une <b>dimension ludique et interactive \u00e0 vos \u00e9v\u00e9nements \u00e0 Chartres<\/b>, nos jeux en bois et jeux g\u00e9ants sont la solution id\u00e9ale. Ces activit\u00e9s divertissantes sont parfaites pour toutes les occasions, qu&rsquo;il s&rsquo;agisse de f\u00eates d&rsquo;anniversaire, de mariages ou d&rsquo;\u00e9v\u00e9nements d&rsquo;entreprise.&nbsp;<\/p>\n\n\n\n<p>Nos jeux de kermesse traditionnels, comme la p\u00eache aux canards et le tir \u00e0 la corde, apportent une <b>touche r\u00e9tro et amusante<\/b>. Les jeux g\u00e9ants tels que le Mikado ou le Puissance 4 en version XXL sont toujours tr\u00e8s appr\u00e9ci\u00e9s, encourageant la participation de tous les \u00e2ges.&nbsp;<\/p>\n\n\n\n<p>De plus, nous proposons une gamme de jeux de soci\u00e9t\u00e9 classiques pour des moments plus calmes et strat\u00e9giques. Louer nos<b>jeux en bois et g\u00e9ants \u00e0 Chartres<\/b> est la garantie de divertir vos invit\u00e9s et de cr\u00e9er des souvenirs inoubliables.<\/p>\n<\/div>\n\n\n\n<div class=\"wp-block-column is-vertically-aligned-center is-layout-flow wp-block-column-is-layout-flow\">\n<div class=\"wp-block-columns is-layout-flex wp-container-core-columns-is-layout-2709eace wp-block-columns-is-layout-flex\">\n<div class=\"wp-block-column is-vertically-aligned-stretch is-layout-flow wp-block-column-is-layout-flow\">\n<div class=\"wp-block-cover is-light has-custom-content-position is-position-bottom-center\" style=\"border-radius:20px;padding-top:20px;padding-right:20px;padding-bottom:20px;padding-left:20px;min-height:630px;aspect-ratio:unset;\"><img decoding=\"async\" width=\"900\" height=\"1159\" class=\"wp-block-cover__image-background wp-image-32346 size-full lazyload\" alt=\"\" data-src=\"https:\/\/www.latelierfestif.com\/location\/wp-content\/uploads\/Jeu-en-Bois-Roll-up-geant.jpg\" data-object-fit=\"cover\" data-srcset=\"https:\/\/www.latelierfestif.com\/locations\/wp-content\/uploads\/Jeu-en-Bois-Roll-up-geant.jpg 900w, https:\/\/www.latelierfestif.com\/locations\/wp-content\/uploads\/Jeu-en-Bois-Roll-up-geant-600x773.jpg 600w, https:\/\/www.latelierfestif.com\/locations\/wp-content\/uploads\/Jeu-en-Bois-Roll-up-geant-768x989.jpg 768w\" data-sizes=\"auto, (max-width: 900px) 100vw, 900px\" src=\"data:image\/svg+xml;base64,PHN2ZyB3aWR0aD0iMSIgaGVpZ2h0PSIxIiB4bWxucz0iaHR0cDovL3d3dy53My5vcmcvMjAwMC9zdmciPjwvc3ZnPg==\" style=\"--smush-placeholder-width: 900px; --smush-placeholder-aspect-ratio: 900\/1159;\" \/><span aria-hidden=\"true\" class=\"wp-block-cover__background has-background-dim-0 has-background-dim\" style=\"background-color:#b19276\"><\/span><div class=\"wp-block-cover__inner-container is-layout-flow wp-block-cover-is-layout-flow\">\n<div class=\"wp-block-group has-white-background-color has-background is-layout-constrained wp-container-core-group-is-layout-bf816c8d wp-block-group-is-layout-constrained\" style=\"border-radius:10px;padding-top:20px;padding-right:20px;padding-bottom:20px;padding-left:20px\">\n<h2 class=\"wp-block-heading has-black-color has-text-color has-link-color wp-elements-1dd63be3f63dca76515f9fb66bbcde22\" style=\"margin-top:0;font-size:clamp(14px, 0.875rem + ((1vw - 3.2px) * 0.156), 16px);\">Jeux en Bois<\/h2>\n<\/div>\n<\/div><\/div>\n<\/div>\n\n\n\n<div class=\"wp-block-column is-layout-flow wp-block-column-is-layout-flow\">\n<div class=\"wp-block-cover is-light has-custom-content-position is-position-bottom-center\" style=\"border-radius:20px;margin-bottom:30px;padding-top:20px;padding-right:20px;padding-bottom:20px;padding-left:20px;min-height:300px;aspect-ratio:unset;\"><img decoding=\"async\" width=\"900\" height=\"1159\" class=\"wp-block-cover__image-background wp-image-32345 size-full lazyload\" alt=\"\" data-src=\"https:\/\/www.latelierfestif.com\/location\/wp-content\/uploads\/Jeu-exterieur-en-Bois-Roll-up-geant.jpg\" data-object-fit=\"cover\" data-srcset=\"https:\/\/www.latelierfestif.com\/locations\/wp-content\/uploads\/Jeu-exterieur-en-Bois-Roll-up-geant.jpg 900w, https:\/\/www.latelierfestif.com\/locations\/wp-content\/uploads\/Jeu-exterieur-en-Bois-Roll-up-geant-600x773.jpg 600w, https:\/\/www.latelierfestif.com\/locations\/wp-content\/uploads\/Jeu-exterieur-en-Bois-Roll-up-geant-768x989.jpg 768w\" data-sizes=\"auto, (max-width: 900px) 100vw, 900px\" src=\"data:image\/svg+xml;base64,PHN2ZyB3aWR0aD0iMSIgaGVpZ2h0PSIxIiB4bWxucz0iaHR0cDovL3d3dy53My5vcmcvMjAwMC9zdmciPjwvc3ZnPg==\" style=\"--smush-placeholder-width: 900px; --smush-placeholder-aspect-ratio: 900\/1159;\" \/><span aria-hidden=\"true\" class=\"wp-block-cover__background has-background-dim-0 has-background-dim\" style=\"background-color:#b29a8a\"><\/span><div class=\"wp-block-cover__inner-container is-layout-flow wp-block-cover-is-layout-flow\">\n<div class=\"wp-block-group has-white-background-color has-background is-layout-constrained wp-container-core-group-is-layout-bf816c8d wp-block-group-is-layout-constrained\" style=\"border-radius:10px;padding-top:20px;padding-right:20px;padding-bottom:20px;padding-left:20px\">\n<h2 class=\"wp-block-heading has-black-color has-text-color has-link-color wp-elements-efb5aed5ec448ec3e90e3c9c04864160\" style=\"margin-top:0;font-size:clamp(14px, 0.875rem + ((1vw - 3.2px) * 0.156), 16px);\">Machine de Restauration<\/h2>\n<\/div>\n<\/div><\/div>\n\n\n\n<div class=\"wp-block-cover is-light has-custom-content-position is-position-bottom-center\" style=\"border-radius:20px;padding-top:20px;padding-right:20px;padding-bottom:20px;padding-left:20px;min-height:300px;aspect-ratio:unset;\"><img decoding=\"async\" width=\"900\" height=\"1159\" class=\"wp-block-cover__image-background wp-image-32331 size-full lazyload\" alt=\"\" data-src=\"https:\/\/www.latelierfestif.com\/location\/wp-content\/uploads\/Score-petanque-palet-en-bois-1.jpg\" data-object-fit=\"cover\" data-srcset=\"https:\/\/www.latelierfestif.com\/locations\/wp-content\/uploads\/Score-petanque-palet-en-bois-1.jpg 900w, https:\/\/www.latelierfestif.com\/locations\/wp-content\/uploads\/Score-petanque-palet-en-bois-1-600x773.jpg 600w, https:\/\/www.latelierfestif.com\/locations\/wp-content\/uploads\/Score-petanque-palet-en-bois-1-768x989.jpg 768w\" data-sizes=\"auto, (max-width: 900px) 100vw, 900px\" src=\"data:image\/svg+xml;base64,PHN2ZyB3aWR0aD0iMSIgaGVpZ2h0PSIxIiB4bWxucz0iaHR0cDovL3d3dy53My5vcmcvMjAwMC9zdmciPjwvc3ZnPg==\" style=\"--smush-placeholder-width: 900px; --smush-placeholder-aspect-ratio: 900\/1159;\" \/><span aria-hidden=\"true\" class=\"wp-block-cover__background has-background-dim-0 has-background-dim\" style=\"background-color:#b9895c\"><\/span><div class=\"wp-block-cover__inner-container is-layout-flow wp-block-cover-is-layout-flow\">\n<div class=\"wp-block-group has-white-background-color has-background is-layout-constrained wp-container-core-group-is-layout-bf816c8d wp-block-group-is-layout-constrained\" style=\"border-radius:10px;padding-top:20px;padding-right:20px;padding-bottom:20px;padding-left:20px\">\n<h2 class=\"wp-block-heading has-black-color has-text-color has-link-color wp-elements-8c829e0448b3877d26f5c718d9024449\" style=\"margin-top:0;font-size:clamp(14px, 0.875rem + ((1vw - 3.2px) * 0.156), 16px);\">Mobilier &amp; d\u00e9coration<\/h2>\n<\/div>\n<\/div><\/div>\n<\/div>\n<\/div>\n<\/div>\n<\/div>\n<\/div>\n\n\n\n<div class=\"wp-block-group alignfull has-white-background-color has-background is-layout-constrained wp-block-group-is-layout-constrained\" style=\"padding-top:7rem;padding-bottom:7rem\">\n<div class=\"wp-block-columns are-vertically-aligned-center is-layout-flex wp-container-core-columns-is-layout-66fad18a wp-block-columns-is-layout-flex\">\n<div class=\"wp-block-column is-vertically-aligned-center is-layout-flow wp-block-column-is-layout-flow\" style=\"flex-basis:50%\">\n<h2 class=\"wp-block-heading has-black-color has-text-color has-link-color wp-elements-8c8ccc5cd3c1d1298a7dd5417ab76b70\" style=\"margin-bottom:20px;font-size:clamp(26.465px, 1.654rem + ((1vw - 3.2px) * 1.448), 45px);font-style:normal;font-weight:800;line-height:1.2\">Location de machines de restauration \u00e0 Chartres<\/h2>\n\n\n\n<p class=\"has-black-color has-text-color has-link-color has-medium-font-size wp-elements-bd202e2ae5bcc0b40a4c6df77cd93525\" style=\"border-bottom-color:#0000001F;border-bottom-style:solid;border-bottom-width:1px;margin-bottom:40px;padding-bottom:40px\">Rien n&rsquo;apporte plus de convivialit\u00e9 et de plaisir \u00e0 un \u00e9v\u00e9nement que nos <b>machines de restauration disponibles \u00e0 Chartres<\/b>. Que ce soit pour un mariage, une f\u00eate d&rsquo;anniversaire ou un \u00e9v\u00e9nement d&rsquo;entreprise, nos machines \u00e0 popcorn diffusent une odeur all\u00e9chante qui ravira vos invit\u00e9s.&nbsp;<\/p>\n\n\n\n<p>Les machines \u00e0 cr\u00eapes permettent de savourer des cr\u00eapes chaudes et d\u00e9licieuses, parfaites pour les gourmands. La machine \u00e0 barbe \u00e0 papa \u00e9merveillera les enfants avec <b>ses nuages de sucre color\u00e9s<\/b>, et les amateurs de snacks sal\u00e9s appr\u00e9cieront nos machines \u00e0 hot-dog, id\u00e9ales pour une pause gourmande.&nbsp;<\/p>\n\n\n\n<p>Nos \u00e9quipements sont faciles \u00e0 utiliser et ajoutent une touche festive \u00e0 votre \u00e9v\u00e9nement, garantissant une exp\u00e9rience m\u00e9morable pour tous vos invit\u00e9s.<\/p>\n<\/div>\n\n\n\n<div class=\"wp-block-column is-vertically-aligned-center is-layout-flow wp-block-column-is-layout-flow\">\n<div class=\"wp-block-columns is-layout-flex wp-container-core-columns-is-layout-2709eace wp-block-columns-is-layout-flex\">\n<div class=\"wp-block-column is-vertically-aligned-stretch is-layout-flow wp-block-column-is-layout-flow\">\n<div class=\"wp-block-cover is-light has-custom-content-position is-position-bottom-center\" style=\"border-radius:20px;padding-top:20px;padding-right:20px;padding-bottom:20px;padding-left:20px;min-height:630px;aspect-ratio:unset;\"><img decoding=\"async\" class=\"wp-block-cover__image-background wp-image-32184 size-full lazyload\" alt=\"\" data-src=\"https:\/\/www.latelierfestif.com\/location\/wp-content\/uploads\/LAtelier-Festif-Appareil-Hot-Dog.jpg\" data-object-fit=\"cover\" src=\"data:image\/svg+xml;base64,PHN2ZyB3aWR0aD0iMSIgaGVpZ2h0PSIxIiB4bWxucz0iaHR0cDovL3d3dy53My5vcmcvMjAwMC9zdmciPjwvc3ZnPg==\" \/><span aria-hidden=\"true\" class=\"wp-block-cover__background has-background-dim-0 has-background-dim\" style=\"background-color:#f3f3f2\"><\/span><div class=\"wp-block-cover__inner-container is-layout-flow wp-block-cover-is-layout-flow\">\n<div class=\"wp-block-group has-white-background-color has-background is-layout-constrained wp-container-core-group-is-layout-bf816c8d wp-block-group-is-layout-constrained\" style=\"border-radius:10px;padding-top:20px;padding-right:20px;padding-bottom:20px;padding-left:20px\">\n<h2 class=\"wp-block-heading has-black-color has-text-color has-link-color wp-elements-b2cf59d08452bb7a34fac798f21a0d0f\" style=\"margin-top:0;font-size:clamp(14px, 0.875rem + ((1vw - 3.2px) * 0.156), 16px);\">Barbe \u00e0 Papa<\/h2>\n<\/div>\n<\/div><\/div>\n<\/div>\n\n\n\n<div class=\"wp-block-column is-layout-flow wp-block-column-is-layout-flow\">\n<div class=\"wp-block-cover is-light has-custom-content-position is-position-bottom-center\" style=\"border-radius:20px;margin-bottom:30px;padding-top:20px;padding-right:20px;padding-bottom:20px;padding-left:20px;min-height:300px;aspect-ratio:unset;\"><img decoding=\"async\" width=\"900\" height=\"1159\" class=\"wp-block-cover__image-background wp-image-32154 size-full lazyload\" alt=\"\" data-src=\"https:\/\/www.latelierfestif.com\/location\/wp-content\/uploads\/Machine-a-Pop-Corn-LAtelier-Festif.jpg\" data-object-fit=\"cover\" data-srcset=\"https:\/\/www.latelierfestif.com\/locations\/wp-content\/uploads\/Machine-a-Pop-Corn-LAtelier-Festif.jpg 900w, https:\/\/www.latelierfestif.com\/locations\/wp-content\/uploads\/Machine-a-Pop-Corn-LAtelier-Festif-600x773.jpg 600w, https:\/\/www.latelierfestif.com\/locations\/wp-content\/uploads\/Machine-a-Pop-Corn-LAtelier-Festif-768x989.jpg 768w\" data-sizes=\"auto, (max-width: 900px) 100vw, 900px\" src=\"data:image\/svg+xml;base64,PHN2ZyB3aWR0aD0iMSIgaGVpZ2h0PSIxIiB4bWxucz0iaHR0cDovL3d3dy53My5vcmcvMjAwMC9zdmciPjwvc3ZnPg==\" style=\"--smush-placeholder-width: 900px; --smush-placeholder-aspect-ratio: 900\/1159;\" \/><span aria-hidden=\"true\" class=\"wp-block-cover__background has-background-dim-0 has-background-dim\" style=\"background-color:#977977\"><\/span><div class=\"wp-block-cover__inner-container is-layout-flow wp-block-cover-is-layout-flow\">\n<div class=\"wp-block-group has-white-background-color has-background is-layout-constrained wp-container-core-group-is-layout-bf816c8d wp-block-group-is-layout-constrained\" style=\"border-radius:10px;padding-top:20px;padding-right:20px;padding-bottom:20px;padding-left:20px\">\n<h2 class=\"wp-block-heading has-black-color has-text-color has-link-color wp-elements-3add821d0baea658c0eac5f3bffe3c2b\" style=\"margin-top:0;font-size:clamp(14px, 0.875rem + ((1vw - 3.2px) * 0.156), 16px);\">Pop Corn<\/h2>\n<\/div>\n<\/div><\/div>\n\n\n\n<div class=\"wp-block-cover is-light has-custom-content-position is-position-bottom-center\" style=\"border-radius:20px;padding-top:20px;padding-right:20px;padding-bottom:20px;padding-left:20px;min-height:300px;aspect-ratio:unset;\"><img decoding=\"async\" width=\"900\" height=\"800\" class=\"wp-block-cover__image-background wp-image-32158 size-full lazyload\" alt=\"\" data-src=\"https:\/\/www.latelierfestif.com\/location\/wp-content\/uploads\/Machine-Barbe-Papa-1.jpg\" data-object-fit=\"cover\" data-srcset=\"https:\/\/www.latelierfestif.com\/locations\/wp-content\/uploads\/Machine-Barbe-Papa-1.jpg 900w, https:\/\/www.latelierfestif.com\/locations\/wp-content\/uploads\/Machine-Barbe-Papa-1-600x533.jpg 600w, https:\/\/www.latelierfestif.com\/locations\/wp-content\/uploads\/Machine-Barbe-Papa-1-768x683.jpg 768w\" data-sizes=\"auto, (max-width: 900px) 100vw, 900px\" src=\"data:image\/svg+xml;base64,PHN2ZyB3aWR0aD0iMSIgaGVpZ2h0PSIxIiB4bWxucz0iaHR0cDovL3d3dy53My5vcmcvMjAwMC9zdmciPjwvc3ZnPg==\" style=\"--smush-placeholder-width: 900px; --smush-placeholder-aspect-ratio: 900\/800;\" \/><span aria-hidden=\"true\" class=\"wp-block-cover__background has-background-dim-0 has-background-dim\" style=\"background-color:#f8f4f6\"><\/span><div class=\"wp-block-cover__inner-container is-layout-flow wp-block-cover-is-layout-flow\">\n<div class=\"wp-block-group has-white-background-color has-background is-layout-constrained wp-container-core-group-is-layout-bf816c8d wp-block-group-is-layout-constrained\" style=\"border-radius:10px;padding-top:20px;padding-right:20px;padding-bottom:20px;padding-left:20px\">\n<h2 class=\"wp-block-heading has-black-color has-text-color has-link-color wp-elements-1fd0032eb153fb3460151173fc261805\" style=\"margin-top:0;font-size:clamp(14px, 0.875rem + ((1vw - 3.2px) * 0.156), 16px);\">Cr\u00eapi\u00e8re<\/h2>\n<\/div>\n<\/div><\/div>\n<\/div>\n<\/div>\n<\/div>\n<\/div>\n<\/div>\n\n\n\n<div class=\"wp-block-group alignfull has-white-background-color has-background is-layout-constrained wp-block-group-is-layout-constrained\" style=\"padding-top:7rem;padding-bottom:7rem\">\n<div class=\"wp-block-columns are-vertically-aligned-center is-layout-flex wp-container-core-columns-is-layout-66fad18a wp-block-columns-is-layout-flex\">\n<div class=\"wp-block-column is-vertically-aligned-center is-layout-flow wp-block-column-is-layout-flow\">\n<h2 class=\"wp-block-heading has-black-color has-text-color has-link-color wp-elements-3d780601ea65a2e091f17ad74a5494ff\" style=\"margin-bottom:20px;font-size:clamp(26.465px, 1.654rem + ((1vw - 3.2px) * 1.448), 45px);font-style:normal;font-weight:800;line-height:1.2\">Location de d\u00e9coration et mobilier \u00e0 Chartres<\/h2>\n\n\n\n<p class=\"has-black-color has-text-color has-link-color has-medium-font-size wp-elements-602d8030a60592b654d0a8fabbd1ebdc\" style=\"border-bottom-color:#0000001f;border-bottom-style:solid;border-bottom-width:1px;margin-bottom:40px;padding-bottom:40px\">La d\u00e9coration joue un r\u00f4le crucial pour personnaliser et <b>sublimer vos \u00e9v\u00e9nements \u00e0 Chartres<\/b>. Nous offrons une large gamme de d\u00e9corations en location, adapt\u00e9es \u00e0 toutes les th\u00e9matiques et styles. Nos backdrops \u00e9l\u00e9gants fournissent un arri\u00e8re-plan parfait pour des photos m\u00e9morables.&nbsp;<\/p>\n\n\n\n<p><b>Les chiffres lumineux<\/b> ajoutent une touche festive et \u00e9clatante, id\u00e9aux pour c\u00e9l\u00e9brer un anniversaire ou un \u00e9v\u00e9nement sp\u00e9cial. Nous disposons \u00e9galement de diverses petites d\u00e9corations, comme&nbsp;<a href=\"https:\/\/www.latelierfestif.com\/locations\/produit\/guirlande-lumineuse-guinguette\/\" target=\"_blank\" rel=\"noopener\">des bougies et des guirlandes<\/a>, pour peaufiner chaque d\u00e9tail de votre ambiance.&nbsp;<\/p>\n\n\n\n<p>Que vous souhaitiez cr\u00e9er une atmosph\u00e8re chic, rustique ou moderne, nos d\u00e9corations vous permettent de <b>concevoir un cadre enchanteur<\/b> et personnalis\u00e9. Louer nos d\u00e9corations \u00e0 Chartres garantit des articles de qualit\u00e9 qui feront toute la diff\u00e9rence pour votre \u00e9v\u00e9nement.<\/p>\n\n\n\n<p>Nos arches en bois sont id\u00e9ales pour les c\u00e9r\u00e9monies de mariage ou comme d\u00e9cor pour des photos.&nbsp;<a href=\"https:\/\/www.latelierfestif.com\/locations\/produit\/table-basse-bois\/\" target=\"_blank\" rel=\"noopener\">Les tables en bois apportent une touche rustique et \u00e9l\u00e9gante<\/a>&nbsp;\u00e0 votre r\u00e9ception, tandis que nos <b>charrettes champ\u00eatres<\/b> sont parfaites pour pr\u00e9senter des buffets ou des boissons. Pour les \u00e9v\u00e9nements de No\u00ebl, notre tr\u00f4ne de No\u00ebl fera sensation et cr\u00e9era une atmosph\u00e8re magique.&nbsp;<\/p>\n<\/div>\n\n\n\n<div class=\"wp-block-column is-vertically-aligned-center is-layout-flow wp-block-column-is-layout-flow\" style=\"flex-basis:45%\">\n<div class=\"wp-block-columns is-not-stacked-on-mobile is-layout-flex wp-container-core-columns-is-layout-2709eace wp-block-columns-is-layout-flex\">\n<div class=\"wp-block-column is-layout-flow wp-block-column-is-layout-flow\">\n<div style=\"height:60px\" aria-hidden=\"true\" class=\"wp-block-spacer ct-hidden-md ct-hidden-sm\"><\/div>\n\n\n\n<figure data-wp-context=\"{&quot;imageId&quot;:&quot;69f10173afa2a&quot;}\" data-wp-interactive=\"core\/image\" data-wp-key=\"69f10173afa2a\" class=\"wp-block-image size-full has-custom-border wp-lightbox-container\" style=\"margin-bottom:30px\"><img decoding=\"async\" width=\"900\" height=\"1159\" data-wp-class--hide=\"state.isContentHidden\" data-wp-class--show=\"state.isContentVisible\" data-wp-init=\"callbacks.setButtonStyles\" data-wp-on--click=\"actions.showLightbox\" data-wp-on--load=\"callbacks.setButtonStyles\" data-wp-on-window--resize=\"callbacks.setButtonStyles\" data-src=\"https:\/\/www.latelierfestif.com\/location\/wp-content\/uploads\/Location-Table-Basse-Bois.jpg\" alt=\"\" class=\"wp-image-32284 lazyload\" style=\"--smush-placeholder-width: 900px; --smush-placeholder-aspect-ratio: 900\/1159;border-radius:20px;aspect-ratio:1;object-fit:cover\" data-srcset=\"https:\/\/www.latelierfestif.com\/locations\/wp-content\/uploads\/Location-Table-Basse-Bois.jpg 900w, https:\/\/www.latelierfestif.com\/locations\/wp-content\/uploads\/Location-Table-Basse-Bois-600x773.jpg 600w, https:\/\/www.latelierfestif.com\/locations\/wp-content\/uploads\/Location-Table-Basse-Bois-768x989.jpg 768w\" data-sizes=\"auto, (max-width: 900px) 100vw, 900px\" src=\"data:image\/svg+xml;base64,PHN2ZyB3aWR0aD0iMSIgaGVpZ2h0PSIxIiB4bWxucz0iaHR0cDovL3d3dy53My5vcmcvMjAwMC9zdmciPjwvc3ZnPg==\" \/><button\n\t\t\tclass=\"lightbox-trigger\"\n\t\t\ttype=\"button\"\n\t\t\taria-haspopup=\"dialog\"\n\t\t\taria-label=\"Agrandir\"\n\t\t\tdata-wp-init=\"callbacks.initTriggerButton\"\n\t\t\tdata-wp-on--click=\"actions.showLightbox\"\n\t\t\tdata-wp-style--right=\"state.imageButtonRight\"\n\t\t\tdata-wp-style--top=\"state.imageButtonTop\"\n\t\t>\n\t\t\t<svg xmlns=\"http:\/\/www.w3.org\/2000\/svg\" width=\"12\" height=\"12\" fill=\"none\" viewBox=\"0 0 12 12\">\n\t\t\t\t<path fill=\"#fff\" d=\"M2 0a2 2 0 0 0-2 2v2h1.5V2a.5.5 0 0 1 .5-.5h2V0H2Zm2 10.5H2a.5.5 0 0 1-.5-.5V8H0v2a2 2 0 0 0 2 2h2v-1.5ZM8 12v-1.5h2a.5.5 0 0 0 .5-.5V8H12v2a2 2 0 0 1-2 2H8Zm2-12a2 2 0 0 1 2 2v2h-1.5V2a.5.5 0 0 0-.5-.5H8V0h2Z\" \/>\n\t\t\t<\/svg>\n\t\t<\/button><\/figure>\n\n\n\n<figure data-wp-context=\"{&quot;imageId&quot;:&quot;69f10173afeb8&quot;}\" data-wp-interactive=\"core\/image\" data-wp-key=\"69f10173afeb8\" class=\"wp-block-image size-full has-custom-border wp-lightbox-container\"><img decoding=\"async\" width=\"900\" height=\"1159\" data-wp-class--hide=\"state.isContentHidden\" data-wp-class--show=\"state.isContentVisible\" data-wp-init=\"callbacks.setButtonStyles\" data-wp-on--click=\"actions.showLightbox\" data-wp-on--load=\"callbacks.setButtonStyles\" data-wp-on-window--resize=\"callbacks.setButtonStyles\" data-src=\"https:\/\/www.latelierfestif.com\/location\/wp-content\/uploads\/Location-chiffre-geant.jpg\" alt=\"\" class=\"wp-image-32285 lazyload\" style=\"--smush-placeholder-width: 900px; --smush-placeholder-aspect-ratio: 900\/1159;border-radius:20px;aspect-ratio:1;object-fit:cover\" data-srcset=\"https:\/\/www.latelierfestif.com\/locations\/wp-content\/uploads\/Location-chiffre-geant.jpg 900w, https:\/\/www.latelierfestif.com\/locations\/wp-content\/uploads\/Location-chiffre-geant-600x773.jpg 600w, https:\/\/www.latelierfestif.com\/locations\/wp-content\/uploads\/Location-chiffre-geant-768x989.jpg 768w\" data-sizes=\"auto, (max-width: 900px) 100vw, 900px\" src=\"data:image\/svg+xml;base64,PHN2ZyB3aWR0aD0iMSIgaGVpZ2h0PSIxIiB4bWxucz0iaHR0cDovL3d3dy53My5vcmcvMjAwMC9zdmciPjwvc3ZnPg==\" \/><button\n\t\t\tclass=\"lightbox-trigger\"\n\t\t\ttype=\"button\"\n\t\t\taria-haspopup=\"dialog\"\n\t\t\taria-label=\"Agrandir\"\n\t\t\tdata-wp-init=\"callbacks.initTriggerButton\"\n\t\t\tdata-wp-on--click=\"actions.showLightbox\"\n\t\t\tdata-wp-style--right=\"state.imageButtonRight\"\n\t\t\tdata-wp-style--top=\"state.imageButtonTop\"\n\t\t>\n\t\t\t<svg xmlns=\"http:\/\/www.w3.org\/2000\/svg\" width=\"12\" height=\"12\" fill=\"none\" viewBox=\"0 0 12 12\">\n\t\t\t\t<path fill=\"#fff\" d=\"M2 0a2 2 0 0 0-2 2v2h1.5V2a.5.5 0 0 1 .5-.5h2V0H2Zm2 10.5H2a.5.5 0 0 1-.5-.5V8H0v2a2 2 0 0 0 2 2h2v-1.5ZM8 12v-1.5h2a.5.5 0 0 0 .5-.5V8H12v2a2 2 0 0 1-2 2H8Zm2-12a2 2 0 0 1 2 2v2h-1.5V2a.5.5 0 0 0-.5-.5H8V0h2Z\" \/>\n\t\t\t<\/svg>\n\t\t<\/button><\/figure>\n<\/div>\n\n\n\n<div class=\"wp-block-column is-layout-flow wp-block-column-is-layout-flow\">\n<figure class=\"wp-block-image size-full has-custom-border\" style=\"margin-bottom:30px\"><a href=\"https:\/\/www.latelierfestif.com\/location\/?attachment_id=32279\"><img decoding=\"async\" width=\"900\" height=\"1159\" data-src=\"https:\/\/www.latelierfestif.com\/location\/wp-content\/uploads\/Coussin-de-sol-decoration.jpg\" alt=\"\" class=\"wp-image-32279 lazyload\" style=\"--smush-placeholder-width: 900px; --smush-placeholder-aspect-ratio: 900\/1159;border-radius:20px;aspect-ratio:1;object-fit:cover\" data-srcset=\"https:\/\/www.latelierfestif.com\/locations\/wp-content\/uploads\/Coussin-de-sol-decoration.jpg 900w, https:\/\/www.latelierfestif.com\/locations\/wp-content\/uploads\/Coussin-de-sol-decoration-600x773.jpg 600w, https:\/\/www.latelierfestif.com\/locations\/wp-content\/uploads\/Coussin-de-sol-decoration-768x989.jpg 768w\" data-sizes=\"auto, (max-width: 900px) 100vw, 900px\" src=\"data:image\/svg+xml;base64,PHN2ZyB3aWR0aD0iMSIgaGVpZ2h0PSIxIiB4bWxucz0iaHR0cDovL3d3dy53My5vcmcvMjAwMC9zdmciPjwvc3ZnPg==\" \/><\/a><\/figure>\n\n\n\n<figure data-wp-context=\"{&quot;imageId&quot;:&quot;69f10173b03d8&quot;}\" data-wp-interactive=\"core\/image\" data-wp-key=\"69f10173b03d8\" class=\"wp-block-image size-full has-custom-border wp-lightbox-container\"><img decoding=\"async\" width=\"900\" height=\"1159\" data-wp-class--hide=\"state.isContentHidden\" data-wp-class--show=\"state.isContentVisible\" data-wp-init=\"callbacks.setButtonStyles\" data-wp-on--click=\"actions.showLightbox\" data-wp-on--load=\"callbacks.setButtonStyles\" data-wp-on-window--resize=\"callbacks.setButtonStyles\" data-src=\"https:\/\/www.latelierfestif.com\/location\/wp-content\/uploads\/Decoration-Champignon-Bois.jpg\" alt=\"\" class=\"wp-image-32467 lazyload\" style=\"--smush-placeholder-width: 900px; --smush-placeholder-aspect-ratio: 900\/1159;border-radius:20px;aspect-ratio:1;object-fit:cover\" data-srcset=\"https:\/\/www.latelierfestif.com\/locations\/wp-content\/uploads\/Decoration-Champignon-Bois.jpg 900w, https:\/\/www.latelierfestif.com\/locations\/wp-content\/uploads\/Decoration-Champignon-Bois-600x773.jpg 600w, https:\/\/www.latelierfestif.com\/locations\/wp-content\/uploads\/Decoration-Champignon-Bois-768x989.jpg 768w\" data-sizes=\"auto, (max-width: 900px) 100vw, 900px\" src=\"data:image\/svg+xml;base64,PHN2ZyB3aWR0aD0iMSIgaGVpZ2h0PSIxIiB4bWxucz0iaHR0cDovL3d3dy53My5vcmcvMjAwMC9zdmciPjwvc3ZnPg==\" \/><button\n\t\t\tclass=\"lightbox-trigger\"\n\t\t\ttype=\"button\"\n\t\t\taria-haspopup=\"dialog\"\n\t\t\taria-label=\"Agrandir\"\n\t\t\tdata-wp-init=\"callbacks.initTriggerButton\"\n\t\t\tdata-wp-on--click=\"actions.showLightbox\"\n\t\t\tdata-wp-style--right=\"state.imageButtonRight\"\n\t\t\tdata-wp-style--top=\"state.imageButtonTop\"\n\t\t>\n\t\t\t<svg xmlns=\"http:\/\/www.w3.org\/2000\/svg\" width=\"12\" height=\"12\" fill=\"none\" viewBox=\"0 0 12 12\">\n\t\t\t\t<path fill=\"#fff\" d=\"M2 0a2 2 0 0 0-2 2v2h1.5V2a.5.5 0 0 1 .5-.5h2V0H2Zm2 10.5H2a.5.5 0 0 1-.5-.5V8H0v2a2 2 0 0 0 2 2h2v-1.5ZM8 12v-1.5h2a.5.5 0 0 0 .5-.5V8H12v2a2 2 0 0 1-2 2H8Zm2-12a2 2 0 0 1 2 2v2h-1.5V2a.5.5 0 0 0-.5-.5H8V0h2Z\" \/>\n\t\t\t<\/svg>\n\t\t<\/button><\/figure>\n<\/div>\n<\/div>\n<\/div>\n<\/div>\n<\/div>\n\n\n\n<h3 class=\"wp-block-heading has-text-align-center\">Vos \u00e9v\u00e8nements \u00e0 Chartres avec L&rsquo;Atelier Festif<\/h3>\n\n\n\n<p>Situ\u00e9e dans le d\u00e9partement d&rsquo;Eure-et-Loir, Chartres est une ville renomm\u00e9e pour sa majestueuse <b>cath\u00e9drale Notre-Dame<\/b>, un chef-d&rsquo;\u0153uvre gothique inscrit au patrimoine mondial de l&rsquo;UNESCO. Avec ses ruelles m\u00e9di\u00e9vales, ses maisons \u00e0 colombages et ses jardins pittoresques, Chartres offre un cadre enchanteur pour tous types d&rsquo;\u00e9v\u00e9nements. Notre&nbsp;<a href=\"https:\/\/www.latelierfestif.com\/location\/\" target=\"_blank\" rel=\"noopener\">service de location \u00e9v\u00e8nementielle \u00e0 Chartres<\/a>&nbsp;est d\u00e9di\u00e9 \u00e0 rendre chaque occasion sp\u00e9ciale et m\u00e9morable.<\/p>\n\n\n\n<p>\u00c0 Chartres, la vari\u00e9t\u00e9 des \u00e9v\u00e9nements que vous pouvez organiser est remarquable. Cette <b>ville historique et charmante<\/b> est parfaite pour des mariages f\u00e9eriques, des anniversaires inoubliables et des \u00e9v\u00e9nements d&rsquo;entreprise r\u00e9ussis. Imaginez un mariage dans l&rsquo;ombre de la cath\u00e9drale, ou une f\u00eate d&rsquo;anniversaire dans un jardin fleuri.&nbsp;<\/p>\n\n\n\n<p>Les ruelles pav\u00e9es et les monuments historiques ajoutent une <b>touche d&rsquo;\u00e9l\u00e9gance et de charme<\/b> \u00e0 chaque c\u00e9l\u00e9bration. Pour les entreprises, Chartres offre des lieux id\u00e9aux pour des s\u00e9minaires, des conf\u00e9rences et des \u00e9v\u00e9nements de team-building, avec des infrastructures modernes et un environnement inspirant.&nbsp;<\/p>\n\n\n\n<p>Notre service de <b>location \u00e9v\u00e8nementielle \u00e0 Chartres<\/b> est l\u00e0 pour vous fournir tout le n\u00e9cessaire pour faire de votre \u00e9v\u00e9nement un succ\u00e8s, en vous offrant des solutions adapt\u00e9es \u00e0 vos besoins et \u00e0 vos envies.<\/p>\n\n\n\n<div class=\"wp-block-columns is-layout-flex wp-container-core-columns-is-layout-28f84493 wp-block-columns-is-layout-flex\">\n<div class=\"wp-block-column is-layout-flow wp-block-column-is-layout-flow\">\n<ul class=\"wp-block-list\">\n<li><a href=\"https:\/\/www.latelierfestif.com\/locations\/event\/bapteme\/\">Location Bapt\u00eame Chartres<\/a><\/li>\n\n\n\n<li><a href=\"https:\/\/www.latelierfestif.com\/locations\/event\/mariage\/\">Location Mariage Chartres<\/a><\/li>\n\n\n\n<li><a href=\"https:\/\/www.latelierfestif.com\/locations\/event\/gender-reveal\/\">Location Gender Reveal Chartres<\/a><\/li>\n\n\n\n<li><a href=\"https:\/\/www.latelierfestif.com\/locations\/event\/halloween\/\">Location Halloween Chartres<\/a><\/li>\n\n\n\n<li><a href=\"https:\/\/www.latelierfestif.com\/locations\/event\/reception\/\">Location Conf\u00e9rences Chartres<\/a><\/li>\n\n\n\n<li><a href=\"https:\/\/www.latelierfestif.com\/locations\/event\/marche-nocturne\/\">Location March\u00e9 Nocturne Chartres<\/a><\/li>\n<\/ul>\n<\/div>\n\n\n\n<div class=\"wp-block-column is-layout-flow wp-block-column-is-layout-flow\">\n<ul class=\"wp-block-list\">\n<li><a href=\"https:\/\/www.latelierfestif.com\/locations\/event\/naissance\/\">Location Naissance Chartres<\/a><\/li>\n\n\n\n<li><a href=\"https:\/\/www.latelierfestif.com\/locations\/event\/saint-valentin\/\">Location Saint-Valentin Chartres<\/a><\/li>\n\n\n\n<li><a href=\"https:\/\/www.latelierfestif.com\/locations\/event\/retraite\/\">Location D\u00e9part en retraite Chartres<\/a><\/li>\n\n\n\n<li><a href=\"https:\/\/www.latelierfestif.com\/locations\/event\/fete-des-meres\/\">Location F\u00eates familiale Chartres<\/a><\/li>\n\n\n\n<li><a href=\"https:\/\/www.latelierfestif.com\/locations\/event\/soiree-thematique\/\">Location Soir\u00e9e d&rsquo;entreprise Chartres<\/a><\/li>\n\n\n\n<li><a href=\"https:\/\/www.latelierfestif.com\/locations\/event\/inauguration\/\">Location Inauguration Chartres<\/a><a href=\"https:\/\/www.latelierfestif.com\/locations\/event\/halloween\/\"><br><\/a><a href=\"https:\/\/www.latelierfestif.com\/locations\/event\/fete-des-meres\/\"><br><\/a><\/li>\n<\/ul>\n<\/div>\n<\/div>\n\n\n\n<p><a href=\"https:\/\/www.latelierfestif.com\/locations\/event\/inauguration\/\"><br><\/a><\/p>\n\n\n\n<div class=\"wp-block-group is-layout-constrained wp-block-group-is-layout-constrained\">\n<h2 class=\"wp-block-heading has-text-align-center\">Location Festives Chartres<\/h2>\n\n\n\n<p class=\"has-text-align-center\">Location Festives&nbsp;<strong>priv\u00e9es et professionnels \u00e0 Chartres<\/strong>&nbsp;(28 000) et ses proches communes.<\/p>\n\n\n\n<p><iframe style=\"border: 0;\" data-src=\"https:\/\/www.google.com\/maps\/embed?pb=!1m18!1m12!1m3!1d42343.07293241065!2d1.4634413185327588!3d48.44804724726948!2m3!1f0!2f0!3f0!3m2!1i1024!2i768!4f13.1!3m3!1m2!1s0x47e40c4424f1e18b%3A0x7863884853c7ed29!2s28000%20Chartres!5e0!3m2!1sfr!2sfr!4v1717056892647!5m2!1sfr!2sfr\" width=\"100%\" height=\"450\" allowfullscreen=\"allowfullscreen\" src=\"data:image\/svg+xml;base64,PHN2ZyB3aWR0aD0iMSIgaGVpZ2h0PSIxIiB4bWxucz0iaHR0cDovL3d3dy53My5vcmcvMjAwMC9zdmciPjwvc3ZnPg==\" class=\"lazyload\" data-load-mode=\"1\"><\/iframe><\/p>\n<\/div>\n","protected":false},"excerpt":{"rendered":"<p>Location de jeux \u00e0 Chartres Pour ajouter une dimension ludique et interactive \u00e0 vos \u00e9v\u00e9nements \u00e0 Chartres, nos jeux en bois et jeux g\u00e9ants sont la solution id\u00e9ale. Ces activit\u00e9s divertissantes sont parfaites pour toutes les occasions, qu&rsquo;il s&rsquo;agisse de f\u00eates d&rsquo;anniversaire, de mariages ou d&rsquo;\u00e9v\u00e9nements d&rsquo;entreprise.&nbsp; Nos jeux de kermesse traditionnels, comme la p\u00eache [&hellip;]<\/p>\n","protected":false},"author":1,"featured_media":0,"parent":29017,"menu_order":0,"comment_status":"closed","ping_status":"closed","template":"","meta":{"footnotes":""},"class_list":["post-29129","page","type-page","status-publish","hentry"],"blocksy_meta":[],"_links":{"self":[{"href":"https:\/\/www.latelierfestif.com\/locations\/wp-json\/wp\/v2\/pages\/29129","targetHints":{"allow":["GET"]}}],"collection":[{"href":"https:\/\/www.latelierfestif.com\/locations\/wp-json\/wp\/v2\/pages"}],"about":[{"href":"https:\/\/www.latelierfestif.com\/locations\/wp-json\/wp\/v2\/types\/page"}],"author":[{"embeddable":true,"href":"https:\/\/www.latelierfestif.com\/locations\/wp-json\/wp\/v2\/users\/1"}],"replies":[{"embeddable":true,"href":"https:\/\/www.latelierfestif.com\/locations\/wp-json\/wp\/v2\/comments?post=29129"}],"version-history":[{"count":0,"href":"https:\/\/www.latelierfestif.com\/locations\/wp-json\/wp\/v2\/pages\/29129\/revisions"}],"up":[{"embeddable":true,"href":"https:\/\/www.latelierfestif.com\/locations\/wp-json\/wp\/v2\/pages\/29017"}],"wp:attachment":[{"href":"https:\/\/www.latelierfestif.com\/locations\/wp-json\/wp\/v2\/media?parent=29129"}],"curies":[{"name":"wp","href":"https:\/\/api.w.org\/{rel}","templated":true}]}}