{"id":29067,"date":"2024-05-28T23:06:19","date_gmt":"2024-05-28T21:06:19","guid":{"rendered":"https:\/\/www.latelierfestif.com\/locations\/?page_id=29067"},"modified":"2025-12-08T23:02:00","modified_gmt":"2025-12-08T22:02:00","slug":"locations-fetes-cely-en-biere-77930","status":"publish","type":"page","link":"https:\/\/www.latelierfestif.com\/locations\/locations-animations\/locations-fetes-cely-en-biere-77930\/","title":{"rendered":"Locations C\u00e9ly-en-Bi\u00e8re (77930) F\u00eates et Ev\u00e8nements"},"content":{"rendered":"\n<div class=\"wp-block-group alignfull has-palette-color-6-background-color has-background is-layout-constrained wp-container-core-group-is-layout-10bc4538 wp-block-group-is-layout-constrained\" style=\"padding-top:var(--wp--preset--spacing--80);padding-right:var(--wp--preset--spacing--80);padding-bottom:var(--wp--preset--spacing--80);padding-left:var(--wp--preset--spacing--80)\">\n<div class=\"wp-block-columns is-layout-flex wp-container-core-columns-is-layout-28f84493 wp-block-columns-is-layout-flex\">\n<div class=\"wp-block-column is-layout-flow wp-block-column-is-layout-flow\" style=\"flex-basis:100%\">\n<div class=\"wp-block-group has-border-color has-palette-color-1-border-color has-palette-color-8-background-color has-background is-layout-constrained wp-container-core-group-is-layout-db32e940 wp-block-group-is-layout-constrained\" style=\"border-width:1px;padding-top:var(--wp--preset--spacing--60);padding-right:var(--wp--preset--spacing--60);padding-bottom:var(--wp--preset--spacing--60);padding-left:var(--wp--preset--spacing--60)\">\n<div class=\"ct-search-box\">\n\t\n\n<form role=\"search\" method=\"get\" class=\"ct-search-form\" data-form-controls=\"outside\" data-taxonomy-filter=\"false\" data-submit-button=\"icon\" style=\"--theme-form-field-height:55px;--theme-form-field-border-radius:0px;--theme-form-field-background-initial-color:var(--wp--preset--color--palette-color-7);margin-top:0;margin-bottom:0;margin-left:var(--wp--preset--spacing--60);margin-right:0;\" action=\"https:\/\/www.latelierfestif.com\/locations\/\" aria-haspopup=\"listbox\" data-live-results=\"thumbs\">\n\n\t<input\n\t\ttype=\"search\" \t\tplaceholder=\"Rechercher location mat\u00e9riel \u00e9v\u00e8nementiel \u00e0 C\u00e9ly-en-Bi\u00e8re\"\n\t\tvalue=\"\"\n\t\tname=\"s\"\n\t\tautocomplete=\"off\"\n\t\ttitle=\"Rechercher\u2026\"\n\t\taria-label=\"Rechercher\u2026\"\n\t\t\t>\n\n\t<div class=\"ct-search-form-controls\">\n\t\t\n\t\t<button type=\"submit\" class=\"wp-element-button\" data-button=\"outside:icon\" aria-label=\"Bouton de recherche\" style=\"--theme-button-text-initial-color:var(--wp--preset--color--palette-color-8);--theme-button-background-initial-color:var(--wp--preset--color--palette-color-1);\">\n\t\t\t<svg class=\"ct-icon ct-search-button-content\" aria-hidden=\"true\" width=\"15\" height=\"15\" viewBox=\"0 0 15 15\"><path d=\"M14.8,13.7L12,11c0.9-1.2,1.5-2.6,1.5-4.2c0-3.7-3-6.8-6.8-6.8S0,3,0,6.8s3,6.8,6.8,6.8c1.6,0,3.1-0.6,4.2-1.5l2.8,2.8c0.1,0.1,0.3,0.2,0.5,0.2s0.4-0.1,0.5-0.2C15.1,14.5,15.1,14,14.8,13.7z M1.5,6.8c0-2.9,2.4-5.2,5.2-5.2S12,3.9,12,6.8S9.6,12,6.8,12S1.5,9.6,1.5,6.8z\"\/><\/svg>\n\t\t\t<span class=\"ct-ajax-loader\">\n\t\t\t\t<svg viewBox=\"0 0 24 24\">\n\t\t\t\t\t<circle cx=\"12\" cy=\"12\" r=\"10\" opacity=\"0.2\" fill=\"none\" stroke=\"currentColor\" stroke-miterlimit=\"10\" stroke-width=\"2\"\/>\n\n\t\t\t\t\t<path d=\"m12,2c5.52,0,10,4.48,10,10\" fill=\"none\" stroke=\"currentColor\" stroke-linecap=\"round\" stroke-miterlimit=\"10\" stroke-width=\"2\">\n\t\t\t\t\t\t<animateTransform\n\t\t\t\t\t\t\tattributeName=\"transform\"\n\t\t\t\t\t\t\tattributeType=\"XML\"\n\t\t\t\t\t\t\ttype=\"rotate\"\n\t\t\t\t\t\t\tdur=\"0.6s\"\n\t\t\t\t\t\t\tfrom=\"0 12 12\"\n\t\t\t\t\t\t\tto=\"360 12 12\"\n\t\t\t\t\t\t\trepeatCount=\"indefinite\"\n\t\t\t\t\t\t\/>\n\t\t\t\t\t<\/path>\n\t\t\t\t<\/svg>\n\t\t\t<\/span>\n\t\t<\/button>\n\n\t\t\t\t\t<input type=\"hidden\" name=\"post_type\" value=\"product\">\n\t\t\n\t\t\n\t\t\n\n\t\t\t<\/div>\n\n\t\t\t<div class=\"screen-reader-text\" aria-live=\"polite\" role=\"status\">\n\t\t\tAucun r\u00e9sultat\t\t<\/div>\n\t\n<\/form>\n\n\n<\/div>\n<\/div>\n<\/div>\n<\/div>\n<\/div>\n\n\n\n<div class=\"wp-block-group alignfull has-white-background-color has-background is-layout-constrained wp-block-group-is-layout-constrained\" style=\"padding-top:7rem;padding-bottom:7rem\">\n<div class=\"wp-block-columns are-vertically-aligned-center is-layout-flex wp-container-core-columns-is-layout-66fad18a wp-block-columns-is-layout-flex\">\n<div class=\"wp-block-column is-vertically-aligned-center is-layout-flow wp-block-column-is-layout-flow\" style=\"flex-basis:50%\">\n<h2 class=\"wp-block-heading has-black-color has-text-color has-link-color wp-elements-105d81235eaae1abe30e7f429113e8fb\" style=\"margin-bottom:20px;font-size:clamp(26.465px, 1.654rem + ((1vw - 3.2px) * 1.448), 45px);font-style:normal;font-weight:800;line-height:1.2\">Location de jeux \u00e0 C\u00e9ly-en-Bi\u00e8re<\/h2>\n\n\n\n<p class=\"has-black-color has-text-color has-link-color has-medium-font-size wp-elements-42cc4d4e6a04d2e055fb192d5a95d6ca\" style=\"border-bottom-color:#0000001F;border-bottom-style:solid;border-bottom-width:1px;margin-bottom:40px;padding-bottom:40px\">Pour animer <b>vos \u00e9v\u00e9nements \u00e0 C\u00e9ly-en-Bi\u00e8re<\/b>, rien de tel que nos jeux en bois et jeux g\u00e9ants. Ces activit\u00e9s sont parfaites pour divertir vos invit\u00e9s et cr\u00e9er des souvenirs m\u00e9morables.&nbsp;<\/p>\n\n\n\n<p>Nos jeux de kermesse traditionnels, comme la p\u00eache aux canards ou le tir \u00e0 la corde, apportent une touche nostalgique et ludique. Les jeux g\u00e9ants, tels que le Jenga ou le Puissance 4 grandeur nature, sont toujours un succ\u00e8s aupr\u00e8s des petits et des grands.&nbsp;<\/p>\n\n\n\n<p>Nous proposons \u00e9galement une s\u00e9lection de <b>jeux de soci\u00e9t\u00e9 classiques<\/b>, id\u00e9aux pour les soir\u00e9es plus calmes. En louant nos jeux, vous assurez une animation de qualit\u00e9, adapt\u00e9e \u00e0 toutes les tranches d&rsquo;\u00e2ge et parfaite pour renforcer les liens entre les participants.<\/p>\n<\/div>\n\n\n\n<div class=\"wp-block-column is-vertically-aligned-center is-layout-flow wp-block-column-is-layout-flow\">\n<div class=\"wp-block-columns is-layout-flex wp-container-core-columns-is-layout-2709eace wp-block-columns-is-layout-flex\">\n<div class=\"wp-block-column is-vertically-aligned-stretch is-layout-flow wp-block-column-is-layout-flow\">\n<div class=\"wp-block-cover is-light has-custom-content-position is-position-bottom-center\" style=\"border-top-left-radius:5px;border-top-right-radius:5px;border-bottom-left-radius:5px;border-bottom-right-radius:5px;padding-top:20px;padding-right:20px;padding-bottom:20px;padding-left:20px;min-height:630px;aspect-ratio:unset;\"><img decoding=\"async\" width=\"900\" height=\"1159\" class=\"wp-block-cover__image-background wp-image-32346 size-full lazyload\" alt=\"\" data-src=\"https:\/\/www.latelierfestif.com\/location\/wp-content\/uploads\/Jeu-en-Bois-Roll-up-geant.jpg\" data-object-fit=\"cover\" data-srcset=\"https:\/\/www.latelierfestif.com\/locations\/wp-content\/uploads\/Jeu-en-Bois-Roll-up-geant.jpg 900w, https:\/\/www.latelierfestif.com\/locations\/wp-content\/uploads\/Jeu-en-Bois-Roll-up-geant-600x773.jpg 600w, https:\/\/www.latelierfestif.com\/locations\/wp-content\/uploads\/Jeu-en-Bois-Roll-up-geant-768x989.jpg 768w\" data-sizes=\"auto, (max-width: 900px) 100vw, 900px\" src=\"data:image\/svg+xml;base64,PHN2ZyB3aWR0aD0iMSIgaGVpZ2h0PSIxIiB4bWxucz0iaHR0cDovL3d3dy53My5vcmcvMjAwMC9zdmciPjwvc3ZnPg==\" style=\"--smush-placeholder-width: 900px; --smush-placeholder-aspect-ratio: 900\/1159;\" \/><span aria-hidden=\"true\" class=\"wp-block-cover__background has-background-dim-0 has-background-dim\" style=\"background-color:#b19276\"><\/span><div class=\"wp-block-cover__inner-container is-layout-flow wp-block-cover-is-layout-flow\">\n<div class=\"wp-block-group has-white-background-color has-background is-layout-constrained wp-container-core-group-is-layout-bf816c8d wp-block-group-is-layout-constrained\" style=\"border-radius:10px;padding-top:20px;padding-right:20px;padding-bottom:20px;padding-left:20px\">\n<h2 class=\"wp-block-heading has-black-color has-text-color has-link-color wp-elements-1dd63be3f63dca76515f9fb66bbcde22\" style=\"margin-top:0;font-size:clamp(14px, 0.875rem + ((1vw - 3.2px) * 0.156), 16px);\">Jeux en Bois<\/h2>\n<\/div>\n<\/div><\/div>\n<\/div>\n\n\n\n<div class=\"wp-block-column is-layout-flow wp-block-column-is-layout-flow\">\n<div class=\"wp-block-cover is-light has-custom-content-position is-position-bottom-center\" style=\"border-top-left-radius:5px;border-top-right-radius:5px;border-bottom-left-radius:5px;border-bottom-right-radius:5px;margin-bottom:30px;padding-top:20px;padding-right:20px;padding-bottom:20px;padding-left:20px;min-height:300px;aspect-ratio:unset;\"><img decoding=\"async\" width=\"900\" height=\"1159\" class=\"wp-block-cover__image-background wp-image-32345 size-full lazyload\" alt=\"\" data-src=\"https:\/\/www.latelierfestif.com\/location\/wp-content\/uploads\/Jeu-exterieur-en-Bois-Roll-up-geant.jpg\" data-object-fit=\"cover\" data-srcset=\"https:\/\/www.latelierfestif.com\/locations\/wp-content\/uploads\/Jeu-exterieur-en-Bois-Roll-up-geant.jpg 900w, https:\/\/www.latelierfestif.com\/locations\/wp-content\/uploads\/Jeu-exterieur-en-Bois-Roll-up-geant-600x773.jpg 600w, https:\/\/www.latelierfestif.com\/locations\/wp-content\/uploads\/Jeu-exterieur-en-Bois-Roll-up-geant-768x989.jpg 768w\" data-sizes=\"auto, (max-width: 900px) 100vw, 900px\" src=\"data:image\/svg+xml;base64,PHN2ZyB3aWR0aD0iMSIgaGVpZ2h0PSIxIiB4bWxucz0iaHR0cDovL3d3dy53My5vcmcvMjAwMC9zdmciPjwvc3ZnPg==\" style=\"--smush-placeholder-width: 900px; --smush-placeholder-aspect-ratio: 900\/1159;\" \/><span aria-hidden=\"true\" class=\"wp-block-cover__background has-background-dim-0 has-background-dim\" style=\"background-color:#b29a8a\"><\/span><div class=\"wp-block-cover__inner-container is-layout-flow wp-block-cover-is-layout-flow\">\n<div class=\"wp-block-group has-white-background-color has-background is-layout-constrained wp-container-core-group-is-layout-bf816c8d wp-block-group-is-layout-constrained\" style=\"border-radius:10px;padding-top:20px;padding-right:20px;padding-bottom:20px;padding-left:20px\">\n<h2 class=\"wp-block-heading has-black-color has-text-color has-link-color wp-elements-efb5aed5ec448ec3e90e3c9c04864160\" style=\"margin-top:0;font-size:clamp(14px, 0.875rem + ((1vw - 3.2px) * 0.156), 16px);\">Machine de Restauration<\/h2>\n<\/div>\n<\/div><\/div>\n\n\n\n<div class=\"wp-block-cover is-light has-custom-content-position is-position-bottom-center\" style=\"border-top-left-radius:5px;border-top-right-radius:5px;border-bottom-left-radius:5px;border-bottom-right-radius:5px;padding-top:20px;padding-right:20px;padding-bottom:20px;padding-left:20px;min-height:300px;aspect-ratio:unset;\"><img decoding=\"async\" width=\"900\" height=\"1159\" class=\"wp-block-cover__image-background wp-image-32331 size-full lazyload\" alt=\"\" data-src=\"https:\/\/www.latelierfestif.com\/location\/wp-content\/uploads\/Score-petanque-palet-en-bois-1.jpg\" data-object-fit=\"cover\" data-srcset=\"https:\/\/www.latelierfestif.com\/locations\/wp-content\/uploads\/Score-petanque-palet-en-bois-1.jpg 900w, https:\/\/www.latelierfestif.com\/locations\/wp-content\/uploads\/Score-petanque-palet-en-bois-1-600x773.jpg 600w, https:\/\/www.latelierfestif.com\/locations\/wp-content\/uploads\/Score-petanque-palet-en-bois-1-768x989.jpg 768w\" data-sizes=\"auto, (max-width: 900px) 100vw, 900px\" src=\"data:image\/svg+xml;base64,PHN2ZyB3aWR0aD0iMSIgaGVpZ2h0PSIxIiB4bWxucz0iaHR0cDovL3d3dy53My5vcmcvMjAwMC9zdmciPjwvc3ZnPg==\" style=\"--smush-placeholder-width: 900px; --smush-placeholder-aspect-ratio: 900\/1159;\" \/><span aria-hidden=\"true\" class=\"wp-block-cover__background has-background-dim-0 has-background-dim\" style=\"background-color:#b9895c\"><\/span><div class=\"wp-block-cover__inner-container is-layout-flow wp-block-cover-is-layout-flow\">\n<div class=\"wp-block-group has-white-background-color has-background is-layout-constrained wp-container-core-group-is-layout-bf816c8d wp-block-group-is-layout-constrained\" style=\"border-radius:10px;padding-top:20px;padding-right:20px;padding-bottom:20px;padding-left:20px\">\n<h2 class=\"wp-block-heading has-black-color has-text-color has-link-color wp-elements-8c829e0448b3877d26f5c718d9024449\" style=\"margin-top:0;font-size:clamp(14px, 0.875rem + ((1vw - 3.2px) * 0.156), 16px);\">Mobilier &amp; d\u00e9coration<\/h2>\n<\/div>\n<\/div><\/div>\n<\/div>\n<\/div>\n<\/div>\n<\/div>\n<\/div>\n\n\n\n<div class=\"wp-block-group alignfull has-white-background-color has-background is-layout-constrained wp-block-group-is-layout-constrained\" style=\"padding-top:7rem;padding-bottom:7rem\">\n<div class=\"wp-block-columns are-vertically-aligned-center is-layout-flex wp-container-core-columns-is-layout-66fad18a wp-block-columns-is-layout-flex\">\n<div class=\"wp-block-column is-vertically-aligned-center is-layout-flow wp-block-column-is-layout-flow\" style=\"flex-basis:50%\">\n<h2 class=\"wp-block-heading has-black-color has-text-color has-link-color wp-elements-3b51aa48825d3f550b5f74b292fba451\" style=\"margin-bottom:20px;font-size:clamp(26.465px, 1.654rem + ((1vw - 3.2px) * 1.448), 45px);font-style:normal;font-weight:800;line-height:1.2\">Location de machines de restauration \u00e0 C\u00e9ly-en-Bi\u00e8re<\/h2>\n\n\n\n<p class=\"has-black-color has-text-color has-link-color has-medium-font-size wp-elements-cb71adfde38353d25043ab26b45d8947\" style=\"border-bottom-color:#0000001F;border-bottom-style:solid;border-bottom-width:1px;margin-bottom:40px;padding-bottom:40px\">Rien de tel que des machines de restauration pour ajouter une touche festive \u00e0 vos \u00e9v\u00e9nements \u00e0 C\u00e9ly-en-Bi\u00e8re. Nous proposons une gamme vari\u00e9e de machines \u00e0 louer, id\u00e9ales pour tous types de rassemblements.&nbsp;<\/p>\n\n\n\n<p>Imaginez le sourire des invit\u00e9s devant une machine \u00e0 popcorn diffusant son parfum all\u00e9chant, ou la joie des enfants face \u00e0 une machine \u00e0 barbe \u00e0 papa.&nbsp;<\/p>\n\n\n\n<p>Pour les amateurs de douceurs, notre <b>machine \u00e0 cr\u00eapes<\/b> sera la star de la soir\u00e9e, permettant de cr\u00e9er des cr\u00eapes d\u00e9licieuses et personnalis\u00e9es. Les amateurs de saveurs sal\u00e9es appr\u00e9cieront nos machines \u00e0 hot-dog, parfaites pour un snack rapide et savoureux.&nbsp;<\/p>\n<\/div>\n\n\n\n<div class=\"wp-block-column is-vertically-aligned-center is-layout-flow wp-block-column-is-layout-flow\">\n<div class=\"wp-block-columns is-layout-flex wp-container-core-columns-is-layout-2709eace wp-block-columns-is-layout-flex\">\n<div class=\"wp-block-column is-vertically-aligned-stretch is-layout-flow wp-block-column-is-layout-flow\">\n<div class=\"wp-block-cover is-light has-custom-content-position is-position-bottom-center\" style=\"border-top-left-radius:5px;border-top-right-radius:5px;border-bottom-left-radius:5px;border-bottom-right-radius:5px;padding-top:20px;padding-right:20px;padding-bottom:20px;padding-left:20px;min-height:630px;aspect-ratio:unset;\"><img decoding=\"async\" class=\"wp-block-cover__image-background wp-image-32184 size-full lazyload\" alt=\"\" data-src=\"https:\/\/www.latelierfestif.com\/location\/wp-content\/uploads\/LAtelier-Festif-Appareil-Hot-Dog.jpg\" data-object-fit=\"cover\" src=\"data:image\/svg+xml;base64,PHN2ZyB3aWR0aD0iMSIgaGVpZ2h0PSIxIiB4bWxucz0iaHR0cDovL3d3dy53My5vcmcvMjAwMC9zdmciPjwvc3ZnPg==\" \/><span aria-hidden=\"true\" class=\"wp-block-cover__background has-background-dim-0 has-background-dim\" style=\"background-color:#f3f3f2\"><\/span><div class=\"wp-block-cover__inner-container is-layout-flow wp-block-cover-is-layout-flow\">\n<div class=\"wp-block-group has-white-background-color has-background is-layout-constrained wp-container-core-group-is-layout-bf816c8d wp-block-group-is-layout-constrained\" style=\"border-radius:10px;padding-top:20px;padding-right:20px;padding-bottom:20px;padding-left:20px\">\n<h2 class=\"wp-block-heading has-black-color has-text-color has-link-color wp-elements-b2cf59d08452bb7a34fac798f21a0d0f\" style=\"margin-top:0;font-size:clamp(14px, 0.875rem + ((1vw - 3.2px) * 0.156), 16px);\">Barbe \u00e0 Papa<\/h2>\n<\/div>\n<\/div><\/div>\n<\/div>\n\n\n\n<div class=\"wp-block-column is-layout-flow wp-block-column-is-layout-flow\">\n<div class=\"wp-block-cover is-light has-custom-content-position is-position-bottom-center\" style=\"border-top-left-radius:5px;border-top-right-radius:5px;border-bottom-left-radius:5px;border-bottom-right-radius:5px;margin-bottom:30px;padding-top:20px;padding-right:20px;padding-bottom:20px;padding-left:20px;min-height:300px;aspect-ratio:unset;\"><img decoding=\"async\" width=\"900\" height=\"1159\" class=\"wp-block-cover__image-background wp-image-32154 size-full lazyload\" alt=\"\" data-src=\"https:\/\/www.latelierfestif.com\/location\/wp-content\/uploads\/Machine-a-Pop-Corn-LAtelier-Festif.jpg\" data-object-fit=\"cover\" data-srcset=\"https:\/\/www.latelierfestif.com\/locations\/wp-content\/uploads\/Machine-a-Pop-Corn-LAtelier-Festif.jpg 900w, https:\/\/www.latelierfestif.com\/locations\/wp-content\/uploads\/Machine-a-Pop-Corn-LAtelier-Festif-600x773.jpg 600w, https:\/\/www.latelierfestif.com\/locations\/wp-content\/uploads\/Machine-a-Pop-Corn-LAtelier-Festif-768x989.jpg 768w\" data-sizes=\"auto, (max-width: 900px) 100vw, 900px\" src=\"data:image\/svg+xml;base64,PHN2ZyB3aWR0aD0iMSIgaGVpZ2h0PSIxIiB4bWxucz0iaHR0cDovL3d3dy53My5vcmcvMjAwMC9zdmciPjwvc3ZnPg==\" style=\"--smush-placeholder-width: 900px; --smush-placeholder-aspect-ratio: 900\/1159;\" \/><span aria-hidden=\"true\" class=\"wp-block-cover__background has-background-dim-0 has-background-dim\" style=\"background-color:#977977\"><\/span><div class=\"wp-block-cover__inner-container is-layout-flow wp-block-cover-is-layout-flow\">\n<div class=\"wp-block-group has-white-background-color has-background is-layout-constrained wp-container-core-group-is-layout-bf816c8d wp-block-group-is-layout-constrained\" style=\"border-radius:10px;padding-top:20px;padding-right:20px;padding-bottom:20px;padding-left:20px\">\n<h2 class=\"wp-block-heading has-black-color has-text-color has-link-color wp-elements-3add821d0baea658c0eac5f3bffe3c2b\" style=\"margin-top:0;font-size:clamp(14px, 0.875rem + ((1vw - 3.2px) * 0.156), 16px);\">Pop Corn<\/h2>\n<\/div>\n<\/div><\/div>\n\n\n\n<div class=\"wp-block-cover is-light has-custom-content-position is-position-bottom-center\" style=\"border-top-left-radius:5px;border-top-right-radius:5px;border-bottom-left-radius:5px;border-bottom-right-radius:5px;padding-top:20px;padding-right:20px;padding-bottom:20px;padding-left:20px;min-height:300px;aspect-ratio:unset;\"><img decoding=\"async\" width=\"900\" height=\"800\" class=\"wp-block-cover__image-background wp-image-32158 size-full lazyload\" alt=\"\" data-src=\"https:\/\/www.latelierfestif.com\/location\/wp-content\/uploads\/Machine-Barbe-Papa-1.jpg\" data-object-fit=\"cover\" data-srcset=\"https:\/\/www.latelierfestif.com\/locations\/wp-content\/uploads\/Machine-Barbe-Papa-1.jpg 900w, https:\/\/www.latelierfestif.com\/locations\/wp-content\/uploads\/Machine-Barbe-Papa-1-600x533.jpg 600w, https:\/\/www.latelierfestif.com\/locations\/wp-content\/uploads\/Machine-Barbe-Papa-1-768x683.jpg 768w\" data-sizes=\"auto, (max-width: 900px) 100vw, 900px\" src=\"data:image\/svg+xml;base64,PHN2ZyB3aWR0aD0iMSIgaGVpZ2h0PSIxIiB4bWxucz0iaHR0cDovL3d3dy53My5vcmcvMjAwMC9zdmciPjwvc3ZnPg==\" style=\"--smush-placeholder-width: 900px; --smush-placeholder-aspect-ratio: 900\/800;\" \/><span aria-hidden=\"true\" class=\"wp-block-cover__background has-background-dim-0 has-background-dim\" style=\"background-color:#f8f4f6\"><\/span><div class=\"wp-block-cover__inner-container is-layout-flow wp-block-cover-is-layout-flow\">\n<div class=\"wp-block-group has-white-background-color has-background is-layout-constrained wp-container-core-group-is-layout-bf816c8d wp-block-group-is-layout-constrained\" style=\"border-radius:10px;padding-top:20px;padding-right:20px;padding-bottom:20px;padding-left:20px\">\n<h2 class=\"wp-block-heading has-black-color has-text-color has-link-color wp-elements-1fd0032eb153fb3460151173fc261805\" style=\"margin-top:0;font-size:clamp(14px, 0.875rem + ((1vw - 3.2px) * 0.156), 16px);\">Cr\u00eapi\u00e8re<\/h2>\n<\/div>\n<\/div><\/div>\n<\/div>\n<\/div>\n<\/div>\n<\/div>\n<\/div>\n\n\n\n<div class=\"wp-block-group alignfull has-white-background-color has-background is-layout-constrained wp-block-group-is-layout-constrained\" style=\"padding-top:7rem;padding-bottom:7rem\">\n<div class=\"wp-block-columns are-vertically-aligned-center is-layout-flex wp-container-core-columns-is-layout-66fad18a wp-block-columns-is-layout-flex\">\n<div class=\"wp-block-column is-vertically-aligned-center is-layout-flow wp-block-column-is-layout-flow\">\n<h2 class=\"wp-block-heading has-black-color has-text-color has-link-color wp-elements-01565d97fbce9b29a3e7c93d30dce0cd\" style=\"margin-bottom:20px;font-size:clamp(26.465px, 1.654rem + ((1vw - 3.2px) * 1.448), 45px);font-style:normal;font-weight:800;line-height:1.2\">Location de d\u00e9coration et mobilier \u00e0 C\u00e9ly-en-Bi\u00e8re<\/h2>\n\n\n\n<p class=\"has-black-color has-text-color has-link-color has-medium-font-size wp-elements-45769a7907aa32ff0c310d22a28ff88f\" style=\"border-bottom-color:#0000001f;border-bottom-style:solid;border-bottom-width:1px;margin-bottom:40px;padding-bottom:40px\">La d\u00e9coration est essentielle pour personnaliser et embellir vos \u00e9v\u00e9nements \u00e0 C\u00e9ly-en-Bi\u00e8re. Nous proposons un <b>large choix de d\u00e9corations en location<\/b>, adapt\u00e9es \u00e0 toutes les th\u00e9matiques et styles. Nos backdrops \u00e9l\u00e9gants servent de toile de fond parfaite pour des photos m\u00e9morables.&nbsp;<\/p>\n\n\n\n<p>Les chiffres lumineux ajoutent une touche festive et lumineuse, id\u00e9als pour c\u00e9l\u00e9brer un anniversaire ou un \u00e9v\u00e9nement marquant. Nous disposons \u00e9galement d&rsquo;une&nbsp;<a href=\"https:\/\/www.latelierfestif.com\/locations\/categorie-produit\/decoration\/elements-de-decoration\/\" target=\"_blank\" rel=\"noopener\">vari\u00e9t\u00e9 de petites d\u00e9corations<\/a>, des bougies aux guirlandes, pour peaufiner chaque d\u00e9tail de votre d\u00e9coration.&nbsp;<\/p>\n\n\n\n<p>Que vous cherchiez une ambiance chic, champ\u00eatre ou moderne, nos d\u00e9corations vous permettent de cr\u00e9er un cadre unique et enchanteur <b>pour vos invit\u00e9s<\/b>. Notre service de location garantit des articles de qualit\u00e9, pour une d\u00e9coration qui fait toute la diff\u00e9rence.<\/p>\n<\/div>\n\n\n\n<div class=\"wp-block-column is-vertically-aligned-center is-layout-flow wp-block-column-is-layout-flow\" style=\"flex-basis:45%\">\n<div class=\"wp-block-columns is-not-stacked-on-mobile is-layout-flex wp-container-core-columns-is-layout-2709eace wp-block-columns-is-layout-flex\">\n<div class=\"wp-block-column is-layout-flow wp-block-column-is-layout-flow\">\n<div style=\"height:60px\" aria-hidden=\"true\" class=\"wp-block-spacer ct-hidden-md ct-hidden-sm\"><\/div>\n\n\n\n<figure class=\"wp-block-image size-full has-custom-border\" style=\"margin-bottom:30px\"><img decoding=\"async\" width=\"900\" height=\"1159\" data-src=\"https:\/\/www.latelierfestif.com\/location\/wp-content\/uploads\/Location-Table-Basse-Bois.jpg\" alt=\"\" class=\"wp-image-32284 lazyload\" style=\"--smush-placeholder-width: 900px; --smush-placeholder-aspect-ratio: 900\/1159;border-top-left-radius:5px;border-top-right-radius:5px;border-bottom-left-radius:5px;border-bottom-right-radius:5px;aspect-ratio:1;object-fit:cover\" data-srcset=\"https:\/\/www.latelierfestif.com\/locations\/wp-content\/uploads\/Location-Table-Basse-Bois.jpg 900w, https:\/\/www.latelierfestif.com\/locations\/wp-content\/uploads\/Location-Table-Basse-Bois-600x773.jpg 600w, https:\/\/www.latelierfestif.com\/locations\/wp-content\/uploads\/Location-Table-Basse-Bois-768x989.jpg 768w\" data-sizes=\"auto, (max-width: 900px) 100vw, 900px\" src=\"data:image\/svg+xml;base64,PHN2ZyB3aWR0aD0iMSIgaGVpZ2h0PSIxIiB4bWxucz0iaHR0cDovL3d3dy53My5vcmcvMjAwMC9zdmciPjwvc3ZnPg==\" \/><\/figure>\n\n\n\n<figure class=\"wp-block-image size-full has-custom-border\"><img decoding=\"async\" width=\"900\" height=\"1159\" data-src=\"https:\/\/www.latelierfestif.com\/location\/wp-content\/uploads\/Location-chiffre-geant.jpg\" alt=\"\" class=\"wp-image-32285 lazyload\" style=\"--smush-placeholder-width: 900px; --smush-placeholder-aspect-ratio: 900\/1159;border-top-left-radius:5px;border-top-right-radius:5px;border-bottom-left-radius:5px;border-bottom-right-radius:5px;aspect-ratio:1;object-fit:cover\" data-srcset=\"https:\/\/www.latelierfestif.com\/locations\/wp-content\/uploads\/Location-chiffre-geant.jpg 900w, https:\/\/www.latelierfestif.com\/locations\/wp-content\/uploads\/Location-chiffre-geant-600x773.jpg 600w, https:\/\/www.latelierfestif.com\/locations\/wp-content\/uploads\/Location-chiffre-geant-768x989.jpg 768w\" data-sizes=\"auto, (max-width: 900px) 100vw, 900px\" src=\"data:image\/svg+xml;base64,PHN2ZyB3aWR0aD0iMSIgaGVpZ2h0PSIxIiB4bWxucz0iaHR0cDovL3d3dy53My5vcmcvMjAwMC9zdmciPjwvc3ZnPg==\" \/><\/figure>\n<\/div>\n\n\n\n<div class=\"wp-block-column is-layout-flow wp-block-column-is-layout-flow\">\n<figure class=\"wp-block-image size-full has-custom-border\" style=\"margin-bottom:30px\"><img decoding=\"async\" width=\"900\" height=\"1159\" data-src=\"https:\/\/www.latelierfestif.com\/location\/wp-content\/uploads\/Coussin-de-sol-decoration.jpg\" alt=\"\" class=\"wp-image-32279 lazyload\" style=\"--smush-placeholder-width: 900px; --smush-placeholder-aspect-ratio: 900\/1159;border-top-left-radius:5px;border-top-right-radius:5px;border-bottom-left-radius:5px;border-bottom-right-radius:5px;aspect-ratio:1;object-fit:cover\" data-srcset=\"https:\/\/www.latelierfestif.com\/locations\/wp-content\/uploads\/Coussin-de-sol-decoration.jpg 900w, https:\/\/www.latelierfestif.com\/locations\/wp-content\/uploads\/Coussin-de-sol-decoration-600x773.jpg 600w, https:\/\/www.latelierfestif.com\/locations\/wp-content\/uploads\/Coussin-de-sol-decoration-768x989.jpg 768w\" data-sizes=\"auto, (max-width: 900px) 100vw, 900px\" src=\"data:image\/svg+xml;base64,PHN2ZyB3aWR0aD0iMSIgaGVpZ2h0PSIxIiB4bWxucz0iaHR0cDovL3d3dy53My5vcmcvMjAwMC9zdmciPjwvc3ZnPg==\" \/><\/figure>\n\n\n\n<figure class=\"wp-block-image size-full has-custom-border\"><img decoding=\"async\" width=\"900\" height=\"1159\" data-src=\"https:\/\/www.latelierfestif.com\/location\/wp-content\/uploads\/Decoration-Champignon-Bois.jpg\" alt=\"\" class=\"wp-image-32467 lazyload\" style=\"--smush-placeholder-width: 900px; --smush-placeholder-aspect-ratio: 900\/1159;border-top-left-radius:5px;border-top-right-radius:5px;border-bottom-left-radius:5px;border-bottom-right-radius:5px;aspect-ratio:1;object-fit:cover\" data-srcset=\"https:\/\/www.latelierfestif.com\/locations\/wp-content\/uploads\/Decoration-Champignon-Bois.jpg 900w, https:\/\/www.latelierfestif.com\/locations\/wp-content\/uploads\/Decoration-Champignon-Bois-600x773.jpg 600w, https:\/\/www.latelierfestif.com\/locations\/wp-content\/uploads\/Decoration-Champignon-Bois-768x989.jpg 768w\" data-sizes=\"auto, (max-width: 900px) 100vw, 900px\" src=\"data:image\/svg+xml;base64,PHN2ZyB3aWR0aD0iMSIgaGVpZ2h0PSIxIiB4bWxucz0iaHR0cDovL3d3dy53My5vcmcvMjAwMC9zdmciPjwvc3ZnPg==\" \/><\/figure>\n<\/div>\n<\/div>\n<\/div>\n<\/div>\n<\/div>\n\n\n\n<p><br><\/p>\n\n\n\n<h3 class=\"wp-block-heading has-text-align-center\">Vos \u00e9v\u00e8nements \u00e0 C\u00e9ly-en-Bi\u00e8re avec L&rsquo;Atelier Festif<\/h3>\n\n\n\n<p>Nich\u00e9e dans le d\u00e9partement du Loiret, C\u00e9ly-en-Bi\u00e8re est une charmante commune connue pour son <b>ambiance paisible et son cadre verdoyant<\/b>. Elle se distingue par ses magnifiques paysages ruraux et ses monuments historiques, comme l&rsquo;\u00e9glise Saint-Germain, un v\u00e9ritable joyau d&rsquo;architecture. C\u00e9ly-en-Bi\u00e8re offre un cadre id\u00e9al pour tous types d&rsquo;\u00e9v\u00e9nements, qu&rsquo;il s&rsquo;agisse de mariages, de f\u00eates familiales ou de manifestations culturelles. Notre service de location \u00e9v\u00e8nementielle vous accompagne pour faire de chaque occasion un moment inoubliable.<\/p>\n\n\n\n<p>\u00c0 C\u00e9ly-en-Bi\u00e8re, la diversit\u00e9 des <b>\u00e9v\u00e9nements organisables est impressionnante<\/b>. Que vous planifiiez un mariage enchanteur, un anniversaire m\u00e9morable ou une f\u00eate d&rsquo;entreprise, cette commune offre un cadre id\u00e9al pour toutes les c\u00e9l\u00e9brations. Les espaces verts et les charmants monuments de la ville ajoutent une touche de magie \u00e0 chaque \u00e9v\u00e9nement.&nbsp;<\/p>\n\n\n\n<p>Les mariages peuvent profiter de la s\u00e9r\u00e9nit\u00e9 de la campagne, tandis que les f\u00eates d&rsquo;anniversaire et les r\u00e9unions de famille b\u00e9n\u00e9ficient d&rsquo;une ambiance conviviale et d\u00e9tendue.&nbsp;Les entreprises trouvent ici un lieu parfait pour des s\u00e9minaires et des team-building, loin du tumulte urbain. Notre service de&nbsp;<a href=\"https:\/\/www.latelierfestif.com\/location\/locations\" target=\"_blank\" rel=\"noopener\">location \u00e9v\u00e8nementielle \u00e0 C\u00e9ly-en-Bi\u00e8re<\/a>&nbsp;est \u00e0 votre disposition pour fournir tout le n\u00e9cessaire pour vos r\u00e9ceptions, garantissant ainsi un \u00e9v\u00e9nement r\u00e9ussi et sans stress.<\/p>\n\n\n\n<div class=\"wp-block-columns is-layout-flex wp-container-core-columns-is-layout-28f84493 wp-block-columns-is-layout-flex\">\n<div class=\"wp-block-column is-layout-flow wp-block-column-is-layout-flow\">\n<ul class=\"wp-block-list\">\n<li><a href=\"https:\/\/www.latelierfestif.com\/locations\/event\/bapteme\/\">Location Bapt\u00eame C\u00e9ly-en-Bi\u00e8re<\/a><\/li>\n\n\n\n<li><a href=\"https:\/\/www.latelierfestif.com\/locations\/event\/mariage\/\">Location Mariage C\u00e9ly-en-Bi\u00e8re<\/a><\/li>\n\n\n\n<li><a href=\"https:\/\/www.latelierfestif.com\/locations\/event\/gender-reveal\/\">Location Gender Reveal C\u00e9ly-en-Bi\u00e8re<\/a><\/li>\n\n\n\n<li><a href=\"https:\/\/www.latelierfestif.com\/locations\/event\/halloween\/\">Location Halloween C\u00e9ly-en-Bi\u00e8re<br><\/a><\/li>\n<\/ul>\n<\/div>\n\n\n\n<div class=\"wp-block-column is-layout-flow wp-block-column-is-layout-flow\">\n<ul class=\"wp-block-list\">\n<li><a href=\"https:\/\/www.latelierfestif.com\/locations\/event\/baby-shower\/\">Location Baby Shower C\u00e9ly-en-Bi\u00e8re<\/a><\/li>\n\n\n\n<li><a href=\"https:\/\/www.latelierfestif.com\/locations\/event\/saint-valentin\/\">Location Saint-Valentin C\u00e9ly-en-Bi\u00e8re<\/a><\/li>\n\n\n\n<li><a href=\"https:\/\/www.latelierfestif.com\/locations\/event\/retraite\/\">Location D\u00e9part en retraite C\u00e9ly-en-Bi\u00e8re<\/a><\/li>\n\n\n\n<li><a href=\"https:\/\/www.latelierfestif.com\/locations\/event\/fete-des-meres\/\">Location F\u00eates familiale C\u00e9ly-en-Bi\u00e8re<br><\/a><\/li>\n<\/ul>\n<\/div>\n<\/div>\n\n\n\n<h2 class=\"wp-block-heading has-text-align-center\">Location Festives C\u00e9ly-en-Bi\u00e8re<\/h2>\n\n\n\n<p class=\"has-text-align-center\">Location Festives&nbsp;<strong>priv\u00e9es et professionnels \u00e0&nbsp;<\/strong><b>C\u00e9ly-en-Bi\u00e8re<\/b>&nbsp;(77930) et ses proches communes.<\/p>\n\n\n\n<p><iframe style=\"border: 0;\" data-src=\"https:\/\/www.google.com\/maps\/embed?pb=!1m18!1m12!1m3!1d21166.51032911268!2d2.5030627342660265!3d48.460102211946875!2m3!1f0!2f0!3f0!3m2!1i1024!2i768!4f13.1!3m3!1m2!1s0x47e5eea4a3fa9087%3A0x6f6947191cdace3!2s77930%20C%C3%A9ly!5e0!3m2!1sfr!2sfr!4v1716929750298!5m2!1sfr!2sfr\" width=\"100%\" height=\"450\" allowfullscreen=\"allowfullscreen\" src=\"data:image\/svg+xml;base64,PHN2ZyB3aWR0aD0iMSIgaGVpZ2h0PSIxIiB4bWxucz0iaHR0cDovL3d3dy53My5vcmcvMjAwMC9zdmciPjwvc3ZnPg==\" class=\"lazyload\" data-load-mode=\"1\"><\/iframe><\/p>\n","protected":false},"excerpt":{"rendered":"<p>Location de jeux \u00e0 C\u00e9ly-en-Bi\u00e8re Pour animer vos \u00e9v\u00e9nements \u00e0 C\u00e9ly-en-Bi\u00e8re, rien de tel que nos jeux en bois et jeux g\u00e9ants. Ces activit\u00e9s sont parfaites pour divertir vos invit\u00e9s et cr\u00e9er des souvenirs m\u00e9morables.&nbsp; Nos jeux de kermesse traditionnels, comme la p\u00eache aux canards ou le tir \u00e0 la corde, apportent une touche nostalgique [&hellip;]<\/p>\n","protected":false},"author":1,"featured_media":0,"parent":29017,"menu_order":0,"comment_status":"closed","ping_status":"closed","template":"","meta":{"footnotes":""},"class_list":["post-29067","page","type-page","status-publish","hentry"],"blocksy_meta":{"vertical_spacing_source":"custom","content_area_spacing":"bottom","styles_descriptor":{"styles":{"desktop":"","tablet":"","mobile":""},"google_fonts":[],"version":6}},"_links":{"self":[{"href":"https:\/\/www.latelierfestif.com\/locations\/wp-json\/wp\/v2\/pages\/29067","targetHints":{"allow":["GET"]}}],"collection":[{"href":"https:\/\/www.latelierfestif.com\/locations\/wp-json\/wp\/v2\/pages"}],"about":[{"href":"https:\/\/www.latelierfestif.com\/locations\/wp-json\/wp\/v2\/types\/page"}],"author":[{"embeddable":true,"href":"https:\/\/www.latelierfestif.com\/locations\/wp-json\/wp\/v2\/users\/1"}],"replies":[{"embeddable":true,"href":"https:\/\/www.latelierfestif.com\/locations\/wp-json\/wp\/v2\/comments?post=29067"}],"version-history":[{"count":0,"href":"https:\/\/www.latelierfestif.com\/locations\/wp-json\/wp\/v2\/pages\/29067\/revisions"}],"up":[{"embeddable":true,"href":"https:\/\/www.latelierfestif.com\/locations\/wp-json\/wp\/v2\/pages\/29017"}],"wp:attachment":[{"href":"https:\/\/www.latelierfestif.com\/locations\/wp-json\/wp\/v2\/media?parent=29067"}],"curies":[{"name":"wp","href":"https:\/\/api.w.org\/{rel}","templated":true}]}}