{"id":29017,"date":"2024-05-26T23:53:57","date_gmt":"2024-05-26T21:53:57","guid":{"rendered":"https:\/\/www.latelierfestif.com\/locations\/?page_id=29017"},"modified":"2025-12-08T23:50:21","modified_gmt":"2025-12-08T22:50:21","slug":"locations-animations","status":"publish","type":"page","link":"https:\/\/www.latelierfestif.com\/locations\/locations-animations\/","title":{"rendered":"Locations Mat\u00e9riel Ev\u00e8nementiel proche de chez vous"},"content":{"rendered":"\n<p>Bienvenue sur&nbsp;<a href=\"https:\/\/www.latelierfestif.com\/location\/locations\/\" target=\"_blank\" rel=\"noopener\">mon site de location \u00e9v\u00e9nementielle<\/a>, votre partenaire de confiance pour tous vos besoins en mati\u00e8re d&rsquo;organisation d&rsquo;\u00e9v\u00e9nements. Que vous <b>planifiiez un mariage de r\u00eave<\/b>, une f\u00eate d&rsquo;anniversaire m\u00e9morable, une r\u00e9ception d&rsquo;entreprise impressionnante ou tout autre \u00e9v\u00e9nement sp\u00e9cial, je suis l\u00e0 pour vous fournir le mat\u00e9riel de qualit\u00e9 n\u00e9cessaire pour faire de votre occasion un succ\u00e8s inoubliable.&nbsp;<\/p>\n\n\n\n<p>Je couvre les r\u00e9gions du Centre-Val de Loire et de l&rsquo;\u00cele-de-France, nous permettant de r\u00e9pondre rapidement et efficacement aux besoins de mes clients. Je comprends l&rsquo;importance de la ponctualit\u00e9 et de la fiabilit\u00e9 dans le domaine de l&rsquo;\u00e9v\u00e9nementiel, c&rsquo;est pourquoi je m&rsquo;engage \u00e0 livrer et installer notre mat\u00e9riel en temps voulu, en veillant \u00e0 ce que tout soit parfait <strong>pour le jour J<\/strong>.<\/p>\n\n\n\n<div data-id=\"d27d7623\" class=\"wp-block-blocksy-tax-query\"><div class=\"ct-query-template-grid\"><div class=\"wp-block-term is-layout-flow\">\n<div style=\"border-radius:5px;min-height: 400px; padding-top:var(--wp--preset--spacing--50);padding-bottom:var(--wp--preset--spacing--50);padding-left:var(--wp--preset--spacing--50);padding-right:var(--wp--preset--spacing--50);\" class=\"wp-block-cover ct-dynamic-cover has-custom-content-position is-position-bottom-center wp-elements-c4133e4b4872fcad3a32d69bf2518d02\"><span class=\"wp-block-cover__background\" aria-hidden=\"true\"><\/span><div class=\"wp-block-cover__inner-container ct-dynamic-cover__inner-1 is-layout-constrained wp-block-cover-is-layout-constrained\">\n<h5 style=\"margin-bottom:0px;\" class=\"ct-dynamic-data has-text-align-center wp-elements-58ade433b84eab4dc63fb0fec2a9db44\"><a href=\"https:\/\/www.latelierfestif.com\/locations\/catalogue\/prochainement\/\">Prochainement Disponible<\/a><\/h5>\n\n<div class=\"ct-dynamic-data has-text-align-center wp-elements-98cd379e8c3bc588b0646b45985f66b5\">3 items<\/div>\n<\/div><\/div>\n<\/div><div class=\"wp-block-term is-layout-flow\">\n<div style=\"border-radius:5px;min-height: 400px; padding-top:var(--wp--preset--spacing--50);padding-bottom:var(--wp--preset--spacing--50);padding-left:var(--wp--preset--spacing--50);padding-right:var(--wp--preset--spacing--50);\" class=\"wp-block-cover ct-dynamic-cover has-custom-content-position is-position-bottom-center wp-elements-c4133e4b4872fcad3a32d69bf2518d02\"><span class=\"wp-block-cover__background\" aria-hidden=\"true\"><\/span><div class=\"wp-block-cover__inner-container ct-dynamic-cover__inner-2 is-layout-constrained wp-block-cover-is-layout-constrained\">\n<h5 style=\"margin-bottom:0px;\" class=\"ct-dynamic-data has-text-align-center wp-elements-58ade433b84eab4dc63fb0fec2a9db44 wp-elements-da15fc9509d94ff6a7753d9dae074d6f\"><a href=\"https:\/\/www.latelierfestif.com\/locations\/catalogue\/sonorisation-eclairage\/\">Sonorisation &amp; Eclairage<\/a><\/h5>\n\n<div class=\"ct-dynamic-data has-text-align-center wp-elements-98cd379e8c3bc588b0646b45985f66b5\">8 items<\/div>\n<\/div><\/div>\n<\/div><div class=\"wp-block-term is-layout-flow\">\n<div style=\"border-radius:5px;min-height: 400px; padding-top:var(--wp--preset--spacing--50);padding-bottom:var(--wp--preset--spacing--50);padding-left:var(--wp--preset--spacing--50);padding-right:var(--wp--preset--spacing--50);\" class=\"wp-block-cover ct-dynamic-cover has-custom-content-position is-position-bottom-center wp-elements-c4133e4b4872fcad3a32d69bf2518d02\"><span class=\"wp-block-cover__background\" aria-hidden=\"true\"><\/span><div class=\"wp-block-cover__inner-container ct-dynamic-cover__inner-3 is-layout-constrained wp-block-cover-is-layout-constrained\">\n<h5 style=\"margin-bottom:0px;\" class=\"ct-dynamic-data has-text-align-center wp-elements-58ade433b84eab4dc63fb0fec2a9db44 wp-elements-da15fc9509d94ff6a7753d9dae074d6f\"><a href=\"https:\/\/www.latelierfestif.com\/locations\/catalogue\/mobilier\/\">Mobilier<\/a><\/h5>\n\n<div class=\"ct-dynamic-data has-text-align-center wp-elements-98cd379e8c3bc588b0646b45985f66b5\">11 items<\/div>\n<\/div><\/div>\n<\/div><div class=\"wp-block-term is-layout-flow\">\n<div style=\"border-radius:5px;min-height: 400px; padding-top:var(--wp--preset--spacing--50);padding-bottom:var(--wp--preset--spacing--50);padding-left:var(--wp--preset--spacing--50);padding-right:var(--wp--preset--spacing--50);\" class=\"wp-block-cover ct-dynamic-cover has-custom-content-position is-position-bottom-center wp-elements-c4133e4b4872fcad3a32d69bf2518d02\"><span class=\"wp-block-cover__background\" aria-hidden=\"true\"><\/span><img decoding=\"async\" width=\"800\" height=\"800\" data-src=\"https:\/\/www.latelierfestif.com\/locations\/wp-content\/uploads\/Restauration-Location-LAtelier-Festif.webp\" class=\"wp-block-cover__image-background wp-post-image lazyload\" alt=\"Restauration Location L&#039;Atelier Festif\" data-srcset=\"https:\/\/www.latelierfestif.com\/locations\/wp-content\/uploads\/Restauration-Location-LAtelier-Festif.webp 800w, https:\/\/www.latelierfestif.com\/locations\/wp-content\/uploads\/Restauration-Location-LAtelier-Festif-768x768.webp 768w, https:\/\/www.latelierfestif.com\/locations\/wp-content\/uploads\/Restauration-Location-LAtelier-Festif-500x500.webp 500w, https:\/\/www.latelierfestif.com\/locations\/wp-content\/uploads\/Restauration-Location-LAtelier-Festif-300x300.webp 300w, https:\/\/www.latelierfestif.com\/locations\/wp-content\/uploads\/Restauration-Location-LAtelier-Festif-600x600.webp 600w, https:\/\/www.latelierfestif.com\/locations\/wp-content\/uploads\/Restauration-Location-LAtelier-Festif-100x100.webp 100w\" data-sizes=\"auto, (max-width: 800px) 100vw, 800px\" src=\"data:image\/svg+xml;base64,PHN2ZyB3aWR0aD0iMSIgaGVpZ2h0PSIxIiB4bWxucz0iaHR0cDovL3d3dy53My5vcmcvMjAwMC9zdmciPjwvc3ZnPg==\" style=\"--smush-placeholder-width: 800px; --smush-placeholder-aspect-ratio: 800\/800;\" \/><div class=\"wp-block-cover__inner-container ct-dynamic-cover__inner-4 is-layout-constrained wp-block-cover-is-layout-constrained\">\n<h5 style=\"margin-bottom:0px;\" class=\"ct-dynamic-data has-text-align-center wp-elements-58ade433b84eab4dc63fb0fec2a9db44 wp-elements-da15fc9509d94ff6a7753d9dae074d6f\"><a href=\"https:\/\/www.latelierfestif.com\/locations\/catalogue\/materiel-de-restauration\/\">Mat\u00e9riel de Restauration<\/a><\/h5>\n\n<div class=\"ct-dynamic-data has-text-align-center wp-elements-98cd379e8c3bc588b0646b45985f66b5\">6 items<\/div>\n<\/div><\/div>\n<\/div><div class=\"wp-block-term is-layout-flow\">\n<div style=\"border-radius:5px;min-height: 400px; padding-top:var(--wp--preset--spacing--50);padding-bottom:var(--wp--preset--spacing--50);padding-left:var(--wp--preset--spacing--50);padding-right:var(--wp--preset--spacing--50);\" class=\"wp-block-cover ct-dynamic-cover has-custom-content-position is-position-bottom-center wp-elements-c4133e4b4872fcad3a32d69bf2518d02\"><span class=\"wp-block-cover__background\" aria-hidden=\"true\"><\/span><div class=\"wp-block-cover__inner-container ct-dynamic-cover__inner-5 is-layout-constrained wp-block-cover-is-layout-constrained\">\n<h5 style=\"margin-bottom:0px;\" class=\"ct-dynamic-data has-text-align-center wp-elements-58ade433b84eab4dc63fb0fec2a9db44 wp-elements-da15fc9509d94ff6a7753d9dae074d6f\"><a href=\"https:\/\/www.latelierfestif.com\/locations\/catalogue\/deguisements\/\">D\u00e9guisements<\/a><\/h5>\n\n<div class=\"ct-dynamic-data has-text-align-center wp-elements-98cd379e8c3bc588b0646b45985f66b5\">5 items<\/div>\n<\/div><\/div>\n<\/div><div class=\"wp-block-term is-layout-flow\">\n<div style=\"border-radius:5px;min-height: 400px; padding-top:var(--wp--preset--spacing--50);padding-bottom:var(--wp--preset--spacing--50);padding-left:var(--wp--preset--spacing--50);padding-right:var(--wp--preset--spacing--50);\" class=\"wp-block-cover ct-dynamic-cover has-custom-content-position is-position-bottom-center wp-elements-c4133e4b4872fcad3a32d69bf2518d02\"><span class=\"wp-block-cover__background\" aria-hidden=\"true\"><\/span><div class=\"wp-block-cover__inner-container ct-dynamic-cover__inner-6 is-layout-constrained wp-block-cover-is-layout-constrained\">\n<h5 style=\"margin-bottom:0px;\" class=\"ct-dynamic-data has-text-align-center wp-elements-58ade433b84eab4dc63fb0fec2a9db44 wp-elements-da15fc9509d94ff6a7753d9dae074d6f\"><a href=\"https:\/\/www.latelierfestif.com\/locations\/catalogue\/decoration\/\">D\u00e9coration<\/a><\/h5>\n\n<div class=\"ct-dynamic-data has-text-align-center wp-elements-98cd379e8c3bc588b0646b45985f66b5\">62 items<\/div>\n<\/div><\/div>\n<\/div><div class=\"wp-block-term is-layout-flow\">\n<div style=\"border-radius:5px;min-height: 400px; padding-top:var(--wp--preset--spacing--50);padding-bottom:var(--wp--preset--spacing--50);padding-left:var(--wp--preset--spacing--50);padding-right:var(--wp--preset--spacing--50);\" class=\"wp-block-cover ct-dynamic-cover has-custom-content-position is-position-bottom-center wp-elements-c4133e4b4872fcad3a32d69bf2518d02\"><span class=\"wp-block-cover__background\" aria-hidden=\"true\"><\/span><img decoding=\"async\" width=\"800\" height=\"800\" data-src=\"https:\/\/www.latelierfestif.com\/locations\/wp-content\/uploads\/Art-de-la-table-vaisselle-Location-LAtelier-Festif.webp\" class=\"wp-block-cover__image-background wp-post-image lazyload\" alt=\"Art de la table &amp; vaisselle Location L&#039;Atelier Festif\" data-srcset=\"https:\/\/www.latelierfestif.com\/locations\/wp-content\/uploads\/Art-de-la-table-vaisselle-Location-LAtelier-Festif.webp 800w, https:\/\/www.latelierfestif.com\/locations\/wp-content\/uploads\/Art-de-la-table-vaisselle-Location-LAtelier-Festif-768x768.webp 768w, https:\/\/www.latelierfestif.com\/locations\/wp-content\/uploads\/Art-de-la-table-vaisselle-Location-LAtelier-Festif-500x500.webp 500w, https:\/\/www.latelierfestif.com\/locations\/wp-content\/uploads\/Art-de-la-table-vaisselle-Location-LAtelier-Festif-300x300.webp 300w, https:\/\/www.latelierfestif.com\/locations\/wp-content\/uploads\/Art-de-la-table-vaisselle-Location-LAtelier-Festif-600x600.webp 600w, https:\/\/www.latelierfestif.com\/locations\/wp-content\/uploads\/Art-de-la-table-vaisselle-Location-LAtelier-Festif-100x100.webp 100w\" data-sizes=\"auto, (max-width: 800px) 100vw, 800px\" src=\"data:image\/svg+xml;base64,PHN2ZyB3aWR0aD0iMSIgaGVpZ2h0PSIxIiB4bWxucz0iaHR0cDovL3d3dy53My5vcmcvMjAwMC9zdmciPjwvc3ZnPg==\" style=\"--smush-placeholder-width: 800px; --smush-placeholder-aspect-ratio: 800\/800;\" \/><div class=\"wp-block-cover__inner-container ct-dynamic-cover__inner-7 is-layout-constrained wp-block-cover-is-layout-constrained\">\n<h5 style=\"margin-bottom:0px;\" class=\"ct-dynamic-data has-text-align-center wp-elements-58ade433b84eab4dc63fb0fec2a9db44 wp-elements-da15fc9509d94ff6a7753d9dae074d6f\"><a href=\"https:\/\/www.latelierfestif.com\/locations\/catalogue\/art-de-la-table-vaisselle\/\">Art de la table &amp; vaisselle<\/a><\/h5>\n\n<div class=\"ct-dynamic-data has-text-align-center wp-elements-98cd379e8c3bc588b0646b45985f66b5\">18 items<\/div>\n<\/div><\/div>\n<\/div><div class=\"wp-block-term is-layout-flow\">\n<div style=\"border-radius:5px;min-height: 400px; padding-top:var(--wp--preset--spacing--50);padding-bottom:var(--wp--preset--spacing--50);padding-left:var(--wp--preset--spacing--50);padding-right:var(--wp--preset--spacing--50);\" class=\"wp-block-cover ct-dynamic-cover has-custom-content-position is-position-bottom-center wp-elements-c4133e4b4872fcad3a32d69bf2518d02\"><span class=\"wp-block-cover__background\" aria-hidden=\"true\"><\/span><div class=\"wp-block-cover__inner-container ct-dynamic-cover__inner-8 is-layout-constrained wp-block-cover-is-layout-constrained\">\n<h5 style=\"margin-bottom:0px;\" class=\"ct-dynamic-data has-text-align-center wp-elements-58ade433b84eab4dc63fb0fec2a9db44 wp-elements-da15fc9509d94ff6a7753d9dae074d6f\"><a href=\"https:\/\/www.latelierfestif.com\/locations\/catalogue\/animations\/\">Animations<\/a><\/h5>\n\n<div class=\"ct-dynamic-data has-text-align-center wp-elements-98cd379e8c3bc588b0646b45985f66b5\">29 items<\/div>\n<\/div><\/div>\n<\/div><\/div><style>[data-id='d27d7623'] {--grid-columns-width:3;}@media (max-width: 999.98px) {[data-id='d27d7623'] {--grid-columns-width:2;}}@media (max-width: 689.98px) {[data-id='d27d7623'] {--grid-columns-width:1;}}<\/style><\/div>\n\n\n\n<p><br><\/p>\n\n\n\n<h2 class=\"wp-block-heading has-text-align-center\">Pourquoi choisir notre service de location ?<\/h2>\n\n\n\n<p>Notre service personnalis\u00e9 est un autre aspect qui nous distingue. Je <b>suis \u00e0 votre \u00e9coute pour vous conseiller<\/b> et r\u00e9pondre \u00e0 vos besoins sp\u00e9cifiques. Que vous ayez besoin d&rsquo;aide pour choisir les articles les plus adapt\u00e9s \u00e0 votre \u00e9v\u00e9nement ou que vous souhaitiez des recommandations sur la d\u00e9coration et l&rsquo;am\u00e9nagement, je suis l\u00e0 pour vous assister \u00e0 chaque \u00e9tape.<\/p>\n\n\n\n<p>Enfin, je peux vous accompagner sur la livraison et l&rsquo;installation du mat\u00e9riel, vous permettant de vous concentrer sur l&rsquo;essentiel : profiter de votre \u00e9v\u00e9nement. Nous comprenons que l&rsquo;organisation d&rsquo;un \u00e9v\u00e9nement peut \u00eatre stressante, c&rsquo;est pourquoi nous nous effor\u00e7ons de rendre le processus aussi fluide et sans souci que possible.<\/p>\n\n\n\n<p>En choisissant notre service de location \u00e9v\u00e9nementielle, vous faites le choix de la tranquillit\u00e9 d&rsquo;esprit, de la qualit\u00e9 et de la cr\u00e9ativit\u00e9. Contactez-moi d\u00e8s aujourd&rsquo;hui pour <b>obtenir un devis personnalis\u00e9<\/b> et d\u00e9couvrez comment nous pouvons contribuer au succ\u00e8s de votre prochain \u00e9v\u00e9nement. Ensemble, faisons de votre \u00e9v\u00e9nement un moment inoubliable.<\/p>\n\n\n<ul class=\"wp-block-page-list\"><li class=\"wp-block-pages-list__item\"><a class=\"wp-block-pages-list__item__link\" href=\"https:\/\/www.latelierfestif.com\/locations\/locations-animations\/locations-aulnay-la-riviere-45330-fetes-et-evenements\/\">Locations Aulnay-la-Rivi\u00e8re (45330) F\u00eates et Ev\u00e8nements<\/a><\/li><li class=\"wp-block-pages-list__item\"><a class=\"wp-block-pages-list__item__link\" href=\"https:\/\/www.latelierfestif.com\/locations\/locations-animations\/locations-boesses-45390-fetes-et-evenements\/\">Locations Bo\u00ebsses (45390) F\u00eates et Ev\u00e8nements<\/a><\/li><li class=\"wp-block-pages-list__item\"><a class=\"wp-block-pages-list__item__link\" href=\"https:\/\/www.latelierfestif.com\/locations\/locations-animations\/locations-briarres-sur-essonne-45390-fetes-et-evenements\/\">Locations Briarres-sur-Essonne (45390) F\u00eates et Ev\u00e8nements<\/a><\/li><li class=\"wp-block-pages-list__item\"><a class=\"wp-block-pages-list__item__link\" href=\"https:\/\/www.latelierfestif.com\/locations\/locations-animations\/locations-fetes-brouy-91150\/\">Locations Brouy (91150) F\u00eates et Ev\u00e8nements<\/a><\/li><li class=\"wp-block-pages-list__item\"><a class=\"wp-block-pages-list__item__link\" href=\"https:\/\/www.latelierfestif.com\/locations\/locations-animations\/locations-fetes-cely-en-biere-77930\/\">Locations C\u00e9ly-en-Bi\u00e8re (77930) F\u00eates et Ev\u00e8nements<\/a><\/li><li class=\"wp-block-pages-list__item\"><a class=\"wp-block-pages-list__item__link\" href=\"https:\/\/www.latelierfestif.com\/locations\/locations-animations\/locations-fetes-chartres-28000\/\">Locations Chartres (28000) F\u00eates et Ev\u00e8nements<\/a><\/li><li class=\"wp-block-pages-list__item\"><a class=\"wp-block-pages-list__item__link\" href=\"https:\/\/www.latelierfestif.com\/locations\/locations-animations\/locations-etampes-91150-fetes-et-evenements\/\">Locations \u00c9tampes (91150) F\u00eates et Ev\u00e8nements<\/a><\/li><li class=\"wp-block-pages-list__item\"><a class=\"wp-block-pages-list__item__link\" href=\"https:\/\/www.latelierfestif.com\/locations\/locations-animations\/locations-fetes-fontainebleau-77300\/\">Locations Fontainebleau (77300) F\u00eates et Ev\u00e8nements<\/a><\/li><li class=\"wp-block-pages-list__item\"><a class=\"wp-block-pages-list__item__link\" href=\"https:\/\/www.latelierfestif.com\/locations\/locations-animations\/locations-itteville-91150-fetes-et-evenements\/\">Locations Itteville (91150) F\u00eates et Ev\u00e8nements<\/a><\/li><li class=\"wp-block-pages-list__item\"><a class=\"wp-block-pages-list__item__link\" href=\"https:\/\/www.latelierfestif.com\/locations\/locations-animations\/locations-la-ferte-alais-91590-fetes-et-evenements\/\">Locations La Fert\u00e9-Alais (91590) F\u00eates et Ev\u00e8nements<\/a><\/li><li class=\"wp-block-pages-list__item\"><a class=\"wp-block-pages-list__item__link\" href=\"https:\/\/www.latelierfestif.com\/locations\/locations-animations\/locations-maisse-91720-fetes-et-evenements\/\">Locations Maisse (91720) F\u00eates et Ev\u00e8nements<\/a><\/li><li class=\"wp-block-pages-list__item\"><a class=\"wp-block-pages-list__item__link\" href=\"https:\/\/www.latelierfestif.com\/locations\/locations-animations\/locations-fetes-malesherbes-45330\/\">Locations Malesherbes (45330) F\u00eates et Ev\u00e8nements<\/a><\/li><li class=\"wp-block-pages-list__item\"><a class=\"wp-block-pages-list__item__link\" href=\"https:\/\/www.latelierfestif.com\/locations\/locations-animations\/locations-fetes-milly-la-foret-91490\/\">Locations Milly-la-For\u00eat (91490) F\u00eates et Ev\u00e8nements<\/a><\/li><li class=\"wp-block-pages-list__item\"><a class=\"wp-block-pages-list__item__link\" href=\"https:\/\/www.latelierfestif.com\/locations\/locations-animations\/locations-fetes-pithiviers-45300-materiels-decoration-animations\/\">Locations Pithiviers (45300) F\u00eates et Ev\u00e8nements<\/a><\/li><li class=\"wp-block-pages-list__item\"><a class=\"wp-block-pages-list__item__link\" href=\"https:\/\/www.latelierfestif.com\/locations\/locations-animations\/locations-fetes-puiseaux-45390\/\">Locations Puiseaux (45390) F\u00eates et Ev\u00e8nements<\/a><\/li><li class=\"wp-block-pages-list__item\"><a class=\"wp-block-pages-list__item__link\" href=\"https:\/\/www.latelierfestif.com\/locations\/locations-animations\/locations-fetes-sermaises-45300\/\">Locations Sermaises (45300) F\u00eates et Ev\u00e8nements<\/a><\/li><\/ul>","protected":false},"excerpt":{"rendered":"<p>Bienvenue sur&nbsp;mon site de location \u00e9v\u00e9nementielle, votre partenaire de confiance pour tous vos besoins en mati\u00e8re d&rsquo;organisation d&rsquo;\u00e9v\u00e9nements. Que vous planifiiez un mariage de r\u00eave, une f\u00eate d&rsquo;anniversaire m\u00e9morable, une r\u00e9ception d&rsquo;entreprise impressionnante ou tout autre \u00e9v\u00e9nement sp\u00e9cial, je suis l\u00e0 pour vous fournir le mat\u00e9riel de qualit\u00e9 n\u00e9cessaire pour faire de votre occasion un [&hellip;]<\/p>\n","protected":false},"author":1,"featured_media":0,"parent":0,"menu_order":0,"comment_status":"closed","ping_status":"closed","template":"","meta":{"footnotes":""},"class_list":["post-29017","page","type-page","status-publish","hentry"],"blocksy_meta":[],"_links":{"self":[{"href":"https:\/\/www.latelierfestif.com\/locations\/wp-json\/wp\/v2\/pages\/29017","targetHints":{"allow":["GET"]}}],"collection":[{"href":"https:\/\/www.latelierfestif.com\/locations\/wp-json\/wp\/v2\/pages"}],"about":[{"href":"https:\/\/www.latelierfestif.com\/locations\/wp-json\/wp\/v2\/types\/page"}],"author":[{"embeddable":true,"href":"https:\/\/www.latelierfestif.com\/locations\/wp-json\/wp\/v2\/users\/1"}],"replies":[{"embeddable":true,"href":"https:\/\/www.latelierfestif.com\/locations\/wp-json\/wp\/v2\/comments?post=29017"}],"version-history":[{"count":0,"href":"https:\/\/www.latelierfestif.com\/locations\/wp-json\/wp\/v2\/pages\/29017\/revisions"}],"wp:attachment":[{"href":"https:\/\/www.latelierfestif.com\/locations\/wp-json\/wp\/v2\/media?parent=29017"}],"curies":[{"name":"wp","href":"https:\/\/api.w.org\/{rel}","templated":true}]}}