{"id":25928,"date":"2021-06-30T11:18:25","date_gmt":"2021-06-30T09:18:25","guid":{"rendered":"https:\/\/www.latelierfestif.com\/locations\/?page_id=25928"},"modified":"2026-04-28T10:06:06","modified_gmt":"2026-04-28T09:06:06","slug":"conditions-generales-de-location","status":"publish","type":"page","link":"https:\/\/www.latelierfestif.com\/locations\/conditions-generales-de-location\/","title":{"rendered":"Conditions g\u00e9n\u00e9rales de location\u200b"},"content":{"rendered":"\n<p class=\"has-text-align-center\"><strong>Mise \u00e0 jour le 28 Avril 2026<\/strong><\/p>\n\n\n\n<h2 class=\"wp-block-heading\">1. D\u00e9signation du loueur\/propri\u00e9taire<\/h2>\n\n\n\n<p>Le loueur et propri\u00e9taire est d\u00e9sign\u00e9 par Olivia Berthaut, <a href=\"https:\/\/www.latelierfestif.com\/locations\/\">L\u2019Atelier Festif<\/a> Immatricul\u00e9e au RCS Orleans A 843 918 608 dont le si\u00e8ge social est \u00e0 l\u2019adresse suivante : 19 lieu-dit Grandvilliers 45330 Mainvilliers.<\/p>\n\n\n\n<p>Le service client\u00e8le peut \u00eatre joint par t\u00e9l\u00e9phone au 06.58.54.98.61 ou par E-mail \u00e0 l\u2019adresse : latelierfestif@gmail.com<\/p>\n\n\n\n<h2 class=\"wp-block-heading\">2. Dispositions g\u00e9n\u00e9rales relatives aux pr\u00e9sentes Conditions G\u00e9n\u00e9rales de Location (ci-apr\u00e8s d\u00e9sign\u00e9es les \u00ab CGL \u00bb)<\/h2>\n\n\n\n<h3 class=\"wp-block-heading\">2.1 Objet<\/h3>\n\n\n\n<p>Les CGL sont applicables \u00e0 la fourniture par L\u2019Atelier Festif de prestations de services (ci-apr\u00e8s d\u00e9sign\u00e9s les \u00ab Services \u00bb), via le Site Internet, ou par toutes prise de location par t\u00e9l\u00e9phone ou E-mail, correspondantes \u00e0 la location de mat\u00e9riels et d\u2019\u00e9quipements \u00e9v\u00e9nementiel : d\u00e9coration, d\u00e9guisement, machine de restauration, jeux et jouets, structure gonflable (ci-apr\u00e8s d\u00e9sign\u00e9s les \u00ab Mat\u00e9riels \u00bb) et \u00e0 leur livraison sur les lieux d\u00e9sign\u00e9s par le client (ci-apr\u00e8s d\u00e9sign\u00e9 le \u00ab Client \u00bb) pour une dur\u00e9e d\u00e9termin\u00e9e.<\/p>\n\n\n\n<h3 class=\"wp-block-heading\">2.2 Domaine d\u2019application des CGL<\/h3>\n\n\n\n<p>Les CGL sont exclusivement applicables en France m\u00e9tropolitaine.<\/p>\n\n\n\n<p>Les CGL sont r\u00e9dig\u00e9es en langue fran\u00e7aise ainsi que l\u2019ensemble des informations contractuelles mentionn\u00e9es<\/p>\n\n\n\n<h3 class=\"wp-block-heading\">2.3 Disponibilit\u00e9 et opposabilit\u00e9 des CGL<\/h3>\n\n\n\n<p>Les CGL sont affich\u00e9es sur le Site Internet de L\u2019Atelier Festif, o\u00f9 elles sont directement consultables \u00e0 l\u2019adresse suivante :<\/p>\n\n\n\n<p>L\u2019int\u00e9gralit\u00e9 des CGL sont opposables au Client, qui reconna\u00eet, en cochant une case pr\u00e9vue \u00e0 cet effet, en avoir eu connaissance et les avoir accept\u00e9es avant de passer commande des Services.<br><br><a href=\"https:\/\/www.latelierfestif.com\/locations\/wp-content\/uploads\/CONDITIONS-GENERALES-DE-LOCATION-PRESTATION-DE-SERVICE-L-ATELIER-FESTIF.pdf\">https:\/\/www.latelierfestif.com\/locations\/wp-content\/uploads\/CONDITIONS-GENERALES-DE-LOCATION-PRESTATION-DE-SERVICE-L-ATELIER-FESTIF.pdf<\/a><\/p>\n\n\n\n<h3 class=\"wp-block-heading\">2.4 Modification des CGL<\/h3>\n\n\n\n<p>L\u2019Atelier Festif se r\u00e9serve la facult\u00e9 de modifier les CGL \u00e0 tout moment.<\/p>\n\n\n\n<p>En cas de modification des CGL, les CGL applicables \u00e0 la relation avec le Client sont celles en vigueur \u00e0 la date de la validation par le Client de la commande sur le Site Internet.<\/p>\n\n\n\n<h3 class=\"wp-block-heading\">2.5 Clauses des CGL<\/h3>\n\n\n\n<p>La nullit\u00e9 d\u2019une clause des CGL n\u2019entra\u00eene pas la nullit\u00e9 de l\u2019ensemble des clauses des CGL.<\/p>\n\n\n\n<p>Le d\u00e9faut d\u2019exercice partiel ou total d\u2019un quelconque des droits r\u00e9sultant des CGL soit par L\u2019Atelier Festif soit par le Client ne pourra valoir renonciation au b\u00e9n\u00e9fice de ce droit pour l\u2019avenir ou \u00e0 tout autre droit r\u00e9sultant des CGL.<\/p>\n\n\n\n<h2 class=\"wp-block-heading\">3. Les Services&nbsp;<\/h2>\n\n\n\n<p>Les Services correspondent \u00e0 la location de Mat\u00e9riels par <a href=\"https:\/\/www.latelierfestif.com\/location\/\">L\u2019Atelier Festif<\/a>. Les caract\u00e9ristiques essentielles des Services et des Mat\u00e9riels sont d\u00e9crites sur le Site Internet. L\u2019Atelier Festif fera ses meilleurs efforts pour que les visuels photographiques des Mat\u00e9riels repr\u00e9sentent fid\u00e8lement les \u00e9quipements offerts \u00e0 la location. Tout renseignement compl\u00e9mentaire pourra \u00eatre obtenu aupr\u00e8s du Service Client\u00e8le de L\u2019Atelier Festif au 06.58.54.98.61 ou sur le Site Internet.<\/p>\n\n\n\n<p>Les Mat\u00e9riels sont conformes aux prescriptions en vigueur relatives \u00e0 la s\u00e9curit\u00e9, \u00e0 la sant\u00e9 et \u00e0 la protection des Clients consommateurs et plus g\u00e9n\u00e9ralement \u00e0 la r\u00e9glementation applicable en France.<\/p>\n\n\n\n<h2 class=\"wp-block-heading\">4. Les commandes de location&nbsp;<\/h2>\n\n\n\n<h3 class=\"wp-block-heading\">4.1 Proc\u00e9dure de demande de location d\u2019un mat\u00e9riel<\/h3>\n\n\n\n<p>La location se d\u00e9roule selon trois \u00e9tapes qui permettent de contractualiser la location des Mat\u00e9riels avec L\u2019Atelier Festif.<\/p>\n\n\n\n<p>Le client doit d\u2019abord faire sa demande de location selon les modalit\u00e9s d\u00e9crites \u00e0 l\u2019article 4, puis L\u2019Atelier Festif \u00e9met un devis global au client selon la demande de celui-ci. Le client valide le devis.<\/p>\n\n\n\n<p>Le contrat de location d\u00e9marre lorsque le client signe le devis.<\/p>\n\n\n\n<h3 class=\"wp-block-heading\">4.1.1 Demande de location sur le site Internet<\/h3>\n\n\n\n<p>Dans le cas d\u2019une demande de location sur le site Internet, Le Client s\u00e9lectionne chaque Mat\u00e9riel ainsi que les quantit\u00e9s choisies, qui s\u2019inscrivent alors automatiquement dans son panier virtuel avec le prix estimatif de sa location hors frais de transport et frais suppl\u00e9mentaires de fournitures de produits, d\u2019accessoires ou de services compl\u00e9mentaires correspondant.<\/p>\n\n\n\n<p>Le Client indique le premier jour et le dernier jour de location. La dur\u00e9e de la location des Mat\u00e9riels ne peut exc\u00e9der une dur\u00e9e de 2 jours calendaires.<\/p>\n\n\n\n<p>Le Client a la possibilit\u00e9 \u00e0 tout instant de corriger certaines informations ou supprimer tout ou partie des Mat\u00e9riels choisis.<\/p>\n\n\n\n<p>Le client valide sa demande de r\u00e9servation en renseignant ses coordonn\u00e9es personnelles (adresses postales, adresses E-mail, Num\u00e9ro de t\u00e9l\u00e9phone) ainsi que le lieu de livraison souhait\u00e9.<\/p>\n\n\n\n<p>Le client re\u00e7oit une fiche r\u00e9capitulative de sa demande de location. Cette demande de location n\u2019engage n\u2019y Le Client n\u2019y L\u2019Atelier Festif sur la tenue d\u2019une quelconque prestation.<\/p>\n\n\n\n<p>L\u2019Atelier Festif re\u00e7oit la demande de location valid\u00e9e par Le Client et prend contact avec lui pour contractualiser la demande de livraison.<\/p>\n\n\n\n<p>L\u2019Atelier Festif se r\u00e9serve le droit de refuser toute demande de location par Internet pour des motifs l\u00e9gitimes, et plus particuli\u00e8rement en cas de probl\u00e8me d\u2019approvisionnement de certains Mat\u00e9riels, ou en cas de litige ant\u00e9rieur relatif \u00e0 une commande non r\u00e9gl\u00e9e.<\/p>\n\n\n\n<h4 class=\"wp-block-heading\">4.1.2 Demande de location par t\u00e9l\u00e9phone<\/h4>\n\n\n\n<p>Le client peut contacter <a href=\"https:\/\/www.latelierfestif.com\/location\/\">L\u2019Atelier Festif<\/a> au num\u00e9ro de t\u00e9l\u00e9phone suivant : 06.58.54.98.61<\/p>\n\n\n\n<p>Le client r\u00e9alise sa demande de location en stipulant :<\/p>\n\n\n\n<p>Les Mat\u00e9riels qu\u2019ils souhaitent louer,<\/p>\n\n\n\n<ul class=\"wp-block-list\">\n<li>Les dates souhait\u00e9es de location (pas plus de deux jours cons\u00e9cutifs),<\/li>\n\n\n\n<li>Ses coordonn\u00e9es postales,<\/li>\n\n\n\n<li>Ses coordonn\u00e9es t\u00e9l\u00e9phoniques et\/ou E-mail,<\/li>\n\n\n\n<li>Le lieu de livraison des Mat\u00e9riels lou\u00e9s,<\/li>\n\n\n\n<li>Le mode de transport envisag\u00e9 du mat\u00e9riel ou la livraison par L\u2019Atelier Festif.<\/li>\n<\/ul>\n\n\n\n<p>L\u2019Atelier Festif se r\u00e9serve le droit de refuser toute demande de location par t\u00e9l\u00e9phone pour des motifs l\u00e9gitimes, et plus particuli\u00e8rement en cas de probl\u00e8me d\u2019approvisionnement de certains Mat\u00e9riels, ou en cas de litige ant\u00e9rieur relatif \u00e0 une commande non r\u00e9gl\u00e9e.<\/p>\n\n\n\n<h4 class=\"wp-block-heading\">4.1.3 Demande de location par t\u00e9l\u00e9phone <\/h4>\n\n\n\n<p>Le client peut contacter L\u2019Atelier Festif par E-mail \u00e0 l\u2019adresse suivante afin de faire sa demande de location : latelierfestif@gmail.com<\/p>\n\n\n\n<p>Le client r\u00e9alise sa demande de location en stipulant&nbsp;:<\/p>\n\n\n\n<ul class=\"wp-block-list\">\n<li>Les machines qu\u2019ils souhaitent louer,<\/li>\n\n\n\n<li>Les dates souhait\u00e9es de location (pas plus de deux jours cons\u00e9cutifs),<\/li>\n\n\n\n<li>Ses coordonn\u00e9es postales,<\/li>\n\n\n\n<li>Ses coordonn\u00e9es t\u00e9l\u00e9phoniques et\/ou E-mail,<\/li>\n\n\n\n<li>Le lieu de livraison du mat\u00e9riel lou\u00e9,<\/li>\n\n\n\n<li>Le mode de transport envisag\u00e9 du mat\u00e9riel ou la livraison par L\u2019Atelier Festif.<\/li>\n<\/ul>\n\n\n\n<p>L\u2019Atelier Festif se r\u00e9serve le droit de refuser toute demande de location par E-mail pour des motifs l\u00e9gitimes, et plus particuli\u00e8rement en cas de probl\u00e8me d\u2019approvisionnement de certains Mat\u00e9riels, ou en cas de litige ant\u00e9rieur relatif \u00e0 une commande non r\u00e9gl\u00e9e.<\/p>\n\n\n\n<h3 class=\"wp-block-heading\">4.3 Devis de la location d\u2019un mat\u00e9riel<\/h3>\n\n\n\n<p>L\u2019atelier Festif \u00e9met un devis au Client comportant l\u2019ensemble du montant des Mat\u00e9riels lou\u00e9s, les frais de transport, les montants de services additionnels demand\u00e9s par le Client, ainsi que les dates de location du mat\u00e9riel.<\/p>\n\n\n\n<p>A signature du devis par Le client L\u2019Atelier Festif r\u00e9serve sur les dates indiqu\u00e9es par celui-ci le mat\u00e9riel. La commande de location est alors prise en compte.<\/p>\n\n\n\n<h3 class=\"wp-block-heading\">4.4 Contrat de location d\u2019un mat\u00e9riel <\/h3>\n\n\n\n<p>Le contrat de location prend effet apr\u00e8s signature du devis.<\/p>\n\n\n\n<h3 class=\"wp-block-heading\">4.5 Indisponibilit\u00e9 des Mat\u00e9riels<\/h3>\n\n\n\n<p>Les Mat\u00e9riels pr\u00e9sent\u00e9s sur le Site Internet sont en principe disponibles. Si par suite d&rsquo;une erreur informatique, un Mat\u00e9riel command\u00e9 devait \u00eatre indisponible, le Client en serait imm\u00e9diatement inform\u00e9 par E-mail ou par t\u00e9l\u00e9phone et sa commande sera automatiquement annul\u00e9e.<\/p>\n\n\n\n<p>Le remboursement des sommes pr\u00e9lev\u00e9es interviendra dans un d\u00e9lai de 10 jours \u00e0 compter de l\u2019annulation.<\/p>\n\n\n\n<h3 class=\"wp-block-heading\">4.6 Modifications des commandes<\/h3>\n\n\n\n<p>Les commandes ne sont pas modifiables 15 jours avant la livraison ou le retrait de la commande.<\/p>\n\n\n\n<h3 class=\"wp-block-heading\">4.7 Annulation de la commande<\/h3>\n\n\n\n<p>En cas d\u2019annulation de la commande apr\u00e8s l\u2019expiration du d\u00e9lai de r\u00e9tractation tel que pr\u00e9vu \u00e0 l\u2019article 10 des pr\u00e9sentes CGL, par le Client :Si l\u2019annulation intervient \u00e0 plus de 25 jours avant la date pr\u00e9vue de location : 50% du montant total de la commande (hors frais de transport) sera rembours\u00e9e si l\u2019annulation intervient \u00e0 moins de 25 jours avant la date pr\u00e9vue de location : 100% du montant de la commande sera d\u00fb par le preneur et non rembours\u00e9 par le propri\u00e9taire.<\/p>\n\n\n\n<p>En cas d\u2019annulation de la commande par L\u2019Atelier Festif : L\u2019Atelier Festif, rembourse le montant de la commande pay\u00e9e lors de la validation.<\/p>\n\n\n\n<h2 class=\"wp-block-heading\">5. Prix, facturation et paiement<\/h2>\n\n\n\n<h3 class=\"wp-block-heading\">5.1 Prix de location et facturation<\/h3>\n\n\n\n<p>Les prix de location des Mat\u00e9riels sont mentionn\u00e9s en euros toutes taxes comprises hors participation aux frais de transport et articles alimentaire n\u00e9cessaires.<\/p>\n\n\n\n<p>Les prix de location des Mat\u00e9riels indiqu\u00e9s sur le Site Internet sont ceux en vigueur au jour de la demande de location. L\u2019Atelier Festif se r\u00e9serve le droit de modifier les prix de location des Mat\u00e9riels \u00e0 tout moment, tout en garantissant au Client l\u2019application du prix en vigueur au jour de la demande de location.<\/p>\n\n\n\n<p>Le respect de la date, l\u2019horaire et les modalit\u00e9s de retrait et de restitution des Mat\u00e9riels est imp\u00e9ratif. Tout retard sera factur\u00e9 selon les prix indiqu\u00e9s sur le Site Internet. Il en sera de m\u00eame de toute manutention suppl\u00e9mentaire et tout temps d\u2019attente.<\/p>\n\n\n\n<p>La facture correspondant \u00e0 la commande est \u00e9tablie et d\u00e9livr\u00e9e apr\u00e8s la fin de l\u2019ex\u00e9cution de la prestation sous r\u00e9serve de l\u2019article 8 relatif au retour et au contr\u00f4le des Mat\u00e9riels.<\/p>\n\n\n\n<h3 class=\"wp-block-heading\">5.2 Paiement<\/h3>\n\n\n\n<p>Le prix des Services est exigible en totalit\u00e9 lors de la Livraison des Mat\u00e9riels \u00e0 l\u2019adresse communiqu\u00e9 par Le Client.<\/p>\n\n\n\n<p>Toute Signature du devis de la location emporte acceptation du prix.<\/p>\n\n\n\n<p>Le r\u00e8glement de la commande s\u2019effectue imm\u00e9diatement lors de la r\u00e9servation du Mat\u00e9riels \u00e0 l\u2019adresse communiqu\u00e9 par Le Client soit en esp\u00e8ce, virement bancaire ou carte bancaire<\/p>\n\n\n\n<h3 class=\"wp-block-heading\">5.3 Prise de garantie<\/h3>\n\n\n\n<p>En garantie, L\u2019Atelier Festif conservera le ch\u00e8que de caution. Le montant de la garantie, pr\u00e9cis\u00e9 sur la commande, couvrira :<\/p>\n\n\n\n<p>&#8211; l\u2019\u00e9ventuelle indemnisation des pertes et casses telle que pr\u00e9vue \u00e0 l\u2019article 9.2 des pr\u00e9sentes CGL,<br>&#8211; le paiement des prestations suppl\u00e9mentaires r\u00e9alis\u00e9es par L\u2019Atelier Festif lors des retours de Mat\u00e9riels r\u00e9sultant des d\u00e9fauts ou n\u00e9gligences du Client.<\/p>\n\n\n\n<p>Le montant de ces sommes suppl\u00e9mentaires sera pr\u00e9lev\u00e9 lors de la facturation d\u00e9finitive conform\u00e9ment \u00e0 l\u2019article 5.1 sauf si le Client a d\u00e9montr\u00e9 un \u00e9v\u00e9nement s\u2019apparentant \u00e0 un cas de force majeure.<\/p>\n\n\n\n<h2 class=\"wp-block-heading\">6. Livraison \u2013 retrait<\/h2>\n\n\n\n<p>Les Mat\u00e9riels sont :<\/p>\n\n\n\n<p>&#8211; soit mis \u00e0 disposition dans les locaux de L\u2019Atelier Festif indiqu\u00e9s lors de la commande. L\u2019adresse et les horaires d\u2019ouverture des locaux concern\u00e9s seront clairement indiqu\u00e9s lors de la validation du devis ;<\/p>\n\n\n\n<p>&#8211; soit livr\u00e9s \u00e0 l\u2019adresse de livraison indiqu\u00e9e par le Client selon les modalit\u00e9s sp\u00e9cifi\u00e9es au moment de la commande.<\/p>\n\n\n\n<p>Le retrait ou la livraison interviendra \u00e0 la date et \u00e0 l\u2019horaire indiqu\u00e9s lors de la signature du contrat de location.<\/p>\n\n\n\n<p>Les plages d\u2019horaires de livraison et de reprise sont communiqu\u00e9es par courriel, sms ou par t\u00e9l\u00e9phone.<\/p>\n\n\n\n<p>En cas de retard de mise \u00e0 disposition ou de livraison, le Client est inform\u00e9 par t\u00e9l\u00e9phone, sms ou par courriel.<\/p>\n\n\n\n<p>Lorsque le Client d\u00e9cide de mettre fin au contrat dans les conditions pr\u00e9cit\u00e9es, L\u2019Atelier Festif r\u00e9alise un avoir au Client, au plus tard dans les sept jours suivant la date de la r\u00e9ception de la d\u00e9cision du Client de d\u00e9noncer le contrat.<\/p>\n\n\n\n<h2 class=\"wp-block-heading\">7. R\u00e9ception des Mat\u00e9riels, transfert des risques<\/h2>\n\n\n\n<p>Les Mat\u00e9riels lou\u00e9s objets des Services restent la propri\u00e9t\u00e9 de L\u2019Atelier Festif. Le Client s\u2019interdit de les laisser saisir par l\u2019un de ses cr\u00e9anciers et prendra toute mesure \u00e0 cet effet pour les individualiser le cas \u00e9ch\u00e9ant.<\/p>\n\n\n\n<p>La responsabilit\u00e9 et la garde mat\u00e9rielle et juridique des Mat\u00e9riels sont transf\u00e9r\u00e9es au Client lors de leur mise \u00e0 disposition\/livraison.<\/p>\n\n\n\n<p>Le Client assume cette garde sous son enti\u00e8re et seule responsabilit\u00e9. Le Client ou toute autre personne d\u00e9sign\u00e9e par lui doit \u00eatre pr\u00e9sent lors de cette mise \u00e0 disposition\/livraison. Il reconnait \u00e0 cette occasion recevoir les Mat\u00e9riels en bon \u00e9tat, aptes au fonctionnement, conforme aux normes d\u2019hygi\u00e8ne et de s\u00e9curit\u00e9 en vigueur et \u00e0 l\u2019inventaire qui lui est remis.<\/p>\n\n\n\n<p>Le Client est tenu de v\u00e9rifier le mat\u00e9riel et de prendre des photos sur le lieu de retrait ou de livraison envoy\u00e9 imm\u00e9diatement pour informer du mat\u00e9riel ab\u00eem\u00e9 ray\u00e9 ou cass\u00e9 avant le d\u00e9part de celui ci.<\/p>\n\n\n\n<p>A d\u00e9faut de r\u00e9serve, aucune contestation post\u00e9rieure ne sera admise.<\/p>\n\n\n\n<h2 class=\"wp-block-heading\">8. Retour des Mat\u00e9riels<\/h2>\n\n\n\n<p>A l\u2019issue de la location, le Client s\u2019engage \u00e0 restituer les Mat\u00e9riels, tri\u00e9s par cat\u00e9gories et conditionn\u00e9s dans leurs protections, bacs et chariots d\u2019origine.<\/p>\n\n\n\n<p>Un inventaire contradictoire sera r\u00e9alis\u00e9 au retour des Mat\u00e9riels.<\/p>\n\n\n\n<p>Le Client est tenu de signer le bon de retour ou de restitution du Mat\u00e9riel mat\u00e9rialisant la fin de la location, \u00e9tabli par L\u2019Atelier Festif. Il est indiqu\u00e9 l\u2019\u00e9tat et le nombre de Mat\u00e9riels restitu\u00e9s.<\/p>\n\n\n\n<p>En cas d\u2019absence du Client ou de toute personne d\u00e9sign\u00e9e par lui, l\u2019inventaire sera r\u00e9alis\u00e9 par L\u2019Atelier Festif seul et le Client ne sera pas admis \u00e0 \u00e9mettre des r\u00e9serves ou des contestations.<\/p>\n\n\n\n<h2 class=\"wp-block-heading\">9. Utilisation, d\u00e9t\u00e9rioration et non restitution des Mat\u00e9riels<\/h2>\n\n\n\n<h3 class=\"wp-block-heading\">9.1 Utilisation et non restitution<\/h3>\n\n\n\n<p>Le Client s\u2019engage \u00e0 utiliser les Mat\u00e9riels lou\u00e9s conform\u00e9ment \u00e0 leur destination usuelle et, \u00e9ventuellement, conform\u00e9ment aux prescriptions des fournisseurs ou du fabricant qui lui seraient remises par L\u2019Atelier Festif.<\/p>\n\n\n\n<p>Le Client s\u2019interdit toute action qui puisse les d\u00e9t\u00e9riorer ou les d\u00e9grader de quelque fa\u00e7on que ce soit. Le Client garantit que son installation \u00e9lectrique pr\u00e9sente la puissance n\u00e9cessaire conforme avec la r\u00e9glementation en vigueur.<\/p>\n\n\n\n<p>Le Client certifie \u00eatre apte \u00e0 utiliser les Mat\u00e9riels lou\u00e9s et garantit que les personnes amen\u00e9es \u00e0 les utiliser pendant la dur\u00e9e de la location en feront un usage conforme.<\/p>\n\n\n\n<p>Aucune modification ou transformation ne pourra \u00eatre apport\u00e9e aux Mat\u00e9riels lou\u00e9s par le Client.<\/p>\n\n\n\n<p>Pendant la dur\u00e9e de la mise \u00e0 disposition, le Client est tenu d\u2019assurer l\u2019entretien des Mat\u00e9riels et de les prot\u00e9ger contre toute d\u00e9gradation, vandalisme, surcharge, intemp\u00e9ries, pluies, vent, neige, gel, etc.<\/p>\n\n\n\n<p>Le retour des Mat\u00e9riels d\u00e9t\u00e9rior\u00e9s ou l\u2019absence de restitution du Mat\u00e9riel donnera lieu \u00e0 une facturation suppl\u00e9mentaire dans les conditions pr\u00e9vues \u00e0 l\u2019article 9.2 des CGL.<\/p>\n\n\n\n<h3 class=\"wp-block-heading\">9.2 Dommages au Mat\u00e9riel lou\u00e9<\/h3>\n\n\n\n<p>Le Client reconnait avoir pris connaissance des tarifs \u00ab pertes et casses \u00bb et \u00ab services compl\u00e9mentaires \u00bb tels qu\u2019ils figurent sur le Site Internet.<\/p>\n\n\n\n<p>Le Mat\u00e9riel d\u00e9t\u00e9rior\u00e9 ou non restitu\u00e9 sera factur\u00e9 au Client \u00e0 sa valeur de remplacement \u00e0 neuf, augment\u00e9e d\u2019une indemnit\u00e9 destin\u00e9e \u00e0 couvrir l\u2019indisponibilit\u00e9 future du Mat\u00e9riel pour L\u2019Atelier Festif.<\/p>\n\n\n\n<p>Le Mat\u00e9riel ne sera pas factur\u00e9 au Client et aucune indemnit\u00e9 ne sera due par le Client si celui-ci rapporte la preuve que la d\u00e9t\u00e9rioration ou la non restitution du Mat\u00e9riel est \u00e9trang\u00e8re \u00e0 sa faute ou \u00e0 sa n\u00e9gligence ou r\u00e9sulte d\u2019un \u00e9v\u00e9nement relevant d\u2019un cas de force majeure.<\/p>\n\n\n\n<p>L\u2019indemnisation vers\u00e9e par le Client n\u2019entra\u00eene pas la vente du Mat\u00e9riel endommag\u00e9, qui reste la propri\u00e9t\u00e9 exclusive de L\u2019Atelier Festif.<\/p>\n\n\n\n<h2 class=\"wp-block-heading\">10. R\u00e9tractation<\/h2>\n\n\n\n<h3 class=\"wp-block-heading\">10.1 Exercice du droit de r\u00e9tractation<\/h3>\n\n\n\n<p>Le Client dispose d&rsquo;un d\u00e9lai de sept jours pour exercer son droit de r\u00e9tractation \u00e0 compter de la signature du devis de location.<\/p>\n\n\n\n<h3 class=\"wp-block-heading\">10.2 Information<\/h3>\n\n\n\n<p>Le Client informe L\u2019Atelier Festif de sa d\u00e9cision d\u2019exercer son droit de r\u00e9tractation en lui adressant, avant l\u2019expiration du d\u00e9lai de sept jours, le formulaire de r\u00e9tractation d\u00fbment compl\u00e9t\u00e9 ou toute autre d\u00e9claration, d\u00e9nu\u00e9e d\u2019ambigu\u00eft\u00e9, exprimant sa volont\u00e9 de se r\u00e9tracter.<\/p>\n\n\n\n<h3 class=\"wp-block-heading\">10.3 Remboursement<\/h3>\n\n\n\n<p>Lorsque le droit de r\u00e9tractation est exerc\u00e9 par le Client dans les d\u00e9lais et conform\u00e9ment aux stipulations pr\u00e9c\u00e9dentes, L\u2019Atelier Festif rembourse le Client selon les conditions ci-dessus au plus tard dans les sept jours \u00e0 compter de la r\u00e9ception de la demande de r\u00e9tractation du Client.<\/p>\n\n\n\n<p>L\u2019Atelier Festif remboursera la somme globale sur le compte bancaire utilis\u00e9 par le Client lors de la Validation de la Commande.<\/p>\n\n\n\n<h3 class=\"wp-block-heading\">10.4 Renonciation \u00e0 la facult\u00e9 de r\u00e9tractation<\/h3>\n\n\n\n<p>Si le Client souhaite que l&rsquo;ex\u00e9cution des Services d\u00e9bute avant la fin du d\u00e9lai de r\u00e9tractation, L\u2019Atelier Festif recueille sur un support durable la demande du Client et sa renonciation \u00e0 l\u2019exercice de sa facult\u00e9 de r\u00e9tractation.<\/p>\n\n\n\n<p>Le droit de r\u00e9tractation ne peut \u00eatre exerc\u00e9 dans le cas de fourniture de Services dont l\u2019ex\u00e9cution a d\u00e9but\u00e9e avant la fin du d\u00e9lai de r\u00e9tractation apr\u00e8s accord pr\u00e9alable du Client et renonciation expr\u00e8s de ce dernier \u00e0 son droit de r\u00e9tractation.<\/p>\n\n\n\n<p>Le droit de r\u00e9tractation ne peut \u00eatre exerc\u00e9 \u00e0 l\u2019occasion de location de Mat\u00e9riels confectionn\u00e9s selon les sp\u00e9cifications du Client ou nettement personnalis\u00e9s.<\/p>\n\n\n\n<h2 class=\"wp-block-heading\">11. Responsabilit\u00e9 et assurances<\/h2>\n\n\n\n<h3 class=\"wp-block-heading\">11.1 Responsabilit\u00e9<\/h3>\n\n\n\n<p>La responsabilit\u00e9 de L\u2019Atelier Festif ne peut pas \u00eatre engag\u00e9e en cas d\u2019inex\u00e9cution ou de mauvaise ex\u00e9cution du contrat imputable, soit au Client, soit au fait, impr\u00e9visible et insurmontable, d&rsquo;un tiers \u00e9tranger \u00e0 la fourniture des prestations de location pr\u00e9vues au contrat, soit \u00e0 un cas de force majeure.<\/p>\n\n\n\n<p>Plus sp\u00e9cifiquement, L\u2019Atelier Festif ne saurait \u00eatre responsable de tout dommage indirect r\u00e9sultant de l&rsquo;utilisation que le Client envisageait de faire des Mat\u00e9riels.<\/p>\n\n\n\n<p>Les Mat\u00e9riels sont conformes \u00e0 la r\u00e9glementation applicable dans le cadre d\u2019une utilisation normale.<\/p>\n\n\n\n<p>L\u2019Atelier Festif ne saurait \u00eatre tenue responsable de dommages de quelque nature que ce soit r\u00e9sultant d\u2019une utilisation inappropri\u00e9e, non conforme ou dangereuse des Mat\u00e9riels.<\/p>\n\n\n\n<p>L&rsquo;ensemble des Mat\u00e9riels est exclusivement destin\u00e9 \u00e0 la d\u00e9coration, r\u00e9ception ou \u00e0 la pr\u00e9paration culinaire et en aucun cas \u00e0 la consommation alimentaire. L\u2019Atelier Festif d\u00e9cline toute responsabilit\u00e9 en cas d&rsquo;ingestion de tout ou partie des Mat\u00e9riels.<\/p>\n\n\n\n<p>Enfin, la responsabilit\u00e9 de L\u2019Atelier Festif ne saurait \u00eatre engag\u00e9e en cas d\u2019inconv\u00e9nients, dommages, pr\u00e9judices li\u00e9s \u00e0 l\u2019utilisation du r\u00e9seau internet lors de la r\u00e9servation de la commande, notamment une rupture de service, une intrusion ext\u00e9rieure, la pr\u00e9sence d\u2019un virus informatique ou la commission d\u2019un cyberd\u00e9lit.<\/p>\n\n\n\n<h3 class=\"wp-block-heading\">11.2 Assurances et autorisations n\u00e9cessaires \u00e0 l\u2019ex\u00e9cution des Services<\/h3>\n\n\n\n<p>Le Client garantit qu\u2019il b\u00e9n\u00e9ficie, en tant qu\u2019organisateur de la manifestation au cours de laquelle L\u2019Atelier Festif met \u00e0 disposition les Mat\u00e9riels, de toutes les autorisations n\u00e9cessaires, la responsabilit\u00e9 de L\u2019Atelier Festif ne pouvant \u00eatre recherch\u00e9e \u00e0 cet \u00e9gard.<\/p>\n\n\n\n<p>En cas de livraison, le Client s\u2019engage \u00e0 ce que les lieux soient accessibles et disponibles sans difficult\u00e9 d\u2019aucune sorte.<\/p>\n\n\n\n<p>Le Client est charg\u00e9 de transmettre les consignes de transport et de s\u00e9curit\u00e9 relatives \u00e0 l\u2019intervention de L\u2019Atelier Festif.<\/p>\n\n\n\n<p>A d\u00e9faut, L\u2019Atelier Festif ne saurait \u00eatre tenue responsable d\u2019une absence de livraison, li\u00e9es \u00e0 l\u2019impossibilit\u00e9 d\u2019acc\u00e9der au site de livraison, l&rsquo;atelier festif n&rsquo;est pas responsable si le client n&rsquo;a pas pr\u00e9vu de v\u00e9hicule adapt\u00e9 au chargement pour le retrait aucun remboursement ne sera effectu\u00e9.<\/p>\n\n\n\n<h2 class=\"wp-block-heading\">12. Stipulations sp\u00e9cifiques \u00e0 la vente de biens consommables<\/h2>\n\n\n\n<p>Lorsque le Client, souhaite \u00e9galement ou ind\u00e9pendamment proc\u00e9der \u00e0 l\u2019achat de biens consommables, la vente est alors soumise :<\/p>\n\n\n\n<p>&#8211; aux stipulations du pr\u00e9sent article 12, s\u2019agissant exclusivement des modalit\u00e9s de R\u00e9tractation, du transfert de propri\u00e9t\u00e9 et de la garantie l\u00e9gale de conformit\u00e9,<\/p>\n\n\n\n<p>&#8211; aux stipulations des CGL pour l\u2019ensemble des autres modalit\u00e9s d\u2019ex\u00e9cution de la vente, sous r\u00e9serve que celles-ci ne soient pas contraires au pr\u00e9sent article 12<\/p>\n\n\n\n<h3 class=\"wp-block-heading\">12.1 Les modalit\u00e9s de R\u00e9tractation en cas de vente<\/h3>\n\n\n\n<p>Le Client informe L\u2019Atelier Festif de sa d\u00e9cision d\u2019exercer son droit de r\u00e9tractation en lui adressant, avant l\u2019expiration du d\u00e9lai de sept jours, le formulaire de r\u00e9tractation d\u00fbment compl\u00e9t\u00e9 ou toute autre d\u00e9claration, d\u00e9nu\u00e9e d\u2019ambigu\u00eft\u00e9, exprimant sa volont\u00e9 de se r\u00e9tracter.<\/p>\n\n\n\n<p>La charge de la preuve de l\u2019exercice du droit de r\u00e9tractation p\u00e8se sur le Client.<\/p>\n\n\n\n<p>Le Client est tenu de renvoyer les biens consommables \u00e0 L\u2019Atelier Festif sans retard excessif et au plus tard, dans les sept jours suivant sa d\u00e9cision de se r\u00e9tracter.<\/p>\n\n\n\n<p>Le Client supporte les co\u00fbts directs de retour des biens consommables.<\/p>\n\n\n\n<p>La responsabilit\u00e9 du Client est engag\u00e9e en cas de d\u00e9pr\u00e9ciation des biens consommables r\u00e9sultant de manipulations autres que celles n\u00e9cessaires pour \u00e9tablir la nature et les caract\u00e9ristiques de ces biens.<\/p>\n\n\n\n<p>Lorsque le droit de r\u00e9tractation est exerc\u00e9, L\u2019Atelier Festif rembourse le Client de la totalit\u00e9 des sommes vers\u00e9es au titre du (des) bien (s) consommable (s), y compris les frais de livraison, au plus tard dans les quatorze jours \u00e0 compter de la date \u00e0 laquelle il est inform\u00e9 de la d\u00e9cision du Client de se r\u00e9tracter.<\/p>\n\n\n\n<p>Le remboursement du Client par L\u2019Atelier Festif est diff\u00e9r\u00e9 jusqu\u2019\u00e0 la r\u00e9alisation du premier des deux \u00e9v\u00e8nements suivants :<\/p>\n\n\n\n<ul class=\"wp-block-list\">\n<li>\u00e0 r\u00e9ception des biens ou<\/li>\n\n\n\n<li>la fourniture d\u2019une preuve de l\u2019exp\u00e9dition de ces biens.Au-del\u00e0, les sommes dues sont de plein droit major\u00e9es du taux d\u2019int\u00e9r\u00eat l\u00e9gal si le remboursement intervient au plus tard dix jours apr\u00e8s l\u2019expiration des d\u00e9lais fix\u00e9s aux deux alin\u00e9as pr\u00e9c\u00e9dents, de 5% si le retard est compris entre dix et vingt jours, de 10% si le retard est compris entre vingt et trente jours, de 20% si le retard est compris entre trente et soixante jours, de 50% entre soixante et quatre-vingt-dix jours et de cinq points suppl\u00e9mentaires par mois nouveau de retard jusqu\u2019au prix du bien, puis du taux d\u2019int\u00e9r\u00eat l\u00e9gal.<\/li>\n<\/ul>\n\n\n\n<p>Le droit de r\u00e9tractation ne peut \u00eatre exerc\u00e9 pour les contrats :<\/p>\n\n\n\n<ul class=\"wp-block-list\">\n<li>de fourniture de biens dont le prix d\u00e9pend de fluctuations sur le march\u00e9 financier \u00e9chappant au contr\u00f4le de L\u2019Atelier Festif et susceptibles de se produire pendant le d\u00e9lai de r\u00e9tractation ;<\/li>\n\n\n\n<li>de fourniture de biens confectionn\u00e9s selon les sp\u00e9cifications du Client consommateur ou nettement personnalis\u00e9s ;<\/li>\n\n\n\n<li>de fourniture de biens susceptibles de se d\u00e9t\u00e9riorer ou de se p\u00e9rimer rapidement ;<\/li>\n\n\n\n<li>de fourniture de biens qui ont \u00e9t\u00e9 descell\u00e9s par le Client apr\u00e8s la livraison et qui ne peuvent \u00eatre renvoy\u00e9s pour des raisons d\u2019hygi\u00e8ne ou de protection de la sant\u00e9 ;<\/li>\n\n\n\n<li>de fourniture de biens qui, apr\u00e8s avoir \u00e9t\u00e9 livr\u00e9s, et de par leur nature, sont m\u00e9lang\u00e9s de mani\u00e8re indissociable avec d\u2019autres articles.<\/li>\n<\/ul>\n\n\n\n<h3 class=\"wp-block-heading\">12.2 Le transfert de propri\u00e9t\u00e9 <\/h3>\n\n\n\n<p>La propri\u00e9t\u00e9 des biens ainsi que tout risque de perte ou d\u2019endommagement des biens est transf\u00e9r\u00e9 au Client au moment o\u00f9 ce dernier ou un tiers d\u00e9sign\u00e9 par lui (transporteurs) prend physiquement possession des biens.<\/p>\n\n\n\n<h3 class=\"wp-block-heading\">12.3 La garantie l\u00e9gale de conformit\u00e9<\/h3>\n\n\n\n<p>Lorsqu\u2019il agit en garantie l\u00e9gale de conformit\u00e9 vis\u00e9e aux articles L211-1 \u00e0 L212-1 du Code de la consommation, le Client :<\/p>\n\n\n\n<p>-b\u00e9n\u00e9ficie d\u2019un d\u00e9lai de deux ans \u00e0 compter de la d\u00e9livrance du bien pour agir,<\/p>\n\n\n\n<p>&#8211; peut choisir entre la r\u00e9paration ou le remplacement du bien, sous r\u00e9serve des conditions de co\u00fbt pr\u00e9vues,<\/p>\n\n\n\n<p>&#8211; est dispens\u00e9 de rapporter la preuve de l\u2019existence du d\u00e9faut de conformit\u00e9 durant les 6 mois suivant la d\u00e9livrance du bien (24 mois \u00e0 compter du 18 mars 2016),<\/p>\n\n\n\n<p>&#8211; peut d\u00e9cider de mettre en \u0153uvre la garantie contre les d\u00e9fauts cach\u00e9s de la chose vendue au sens de l\u2019article 1644 du Code civil et dans cette hypoth\u00e8se, il peut choisir entre la r\u00e9solution de la vente ou une r\u00e9duction du prix de vente conform\u00e9ment \u00e0 l\u2019article 1644 du Code civil<\/p>\n\n\n\n<p>&#8211; la garantie l\u00e9gale de conformit\u00e9 s\u2019applique ind\u00e9pendamment de la garantie commerciale \u00e9ventuellement consentie.<\/p>\n\n\n\n<p>Notre garantie ne s\u2019\u00e9tend pas aux biens qui auraient subi des modifications ou qui auraient \u00e9t\u00e9 utilis\u00e9s en dehors des conditions normales d\u2019utilisation. En tout \u00e9tat de cause, notre responsabilit\u00e9 ne saurait exc\u00e9der celle du fabriquant\/producteur.<\/p>\n\n\n\n<p>La responsabilit\u00e9 de L\u2019Atelier Festif par suite d\u2019une d\u00e9faillance dans la livraison ou la qualit\u00e9 du bien est limit\u00e9e de convention expresse au prix du bien.<\/p>\n\n\n\n<p>Toute r\u00e9clamation formul\u00e9e par t\u00e9l\u00e9phone au 07.86.71.94.11 doit \u00eatre confirm\u00e9e par \u00e9crit \u00e0 serviceclient@latelierfestif.com<\/p>\n\n\n\n<p>L\u2019Atelier Festif ne saurait \u00eatre responsable de tout dommage indirect r\u00e9sultant de l\u2019utilisation que le Client envisageait de faire du bien.<\/p>\n\n\n\n<h2 class=\"wp-block-heading\">13. Donn\u00e9es personnelles<\/h2>\n\n\n\n<p>Les donn\u00e9es personnelles du Client sont collect\u00e9es par L\u2019Atelier Festif, inscrite au RCS de Orleans sous le num\u00e9ro A 843 918 608 , dont le si\u00e8ge est au 19 lieu-dit Grandvilliers 45330 Mainvilliers sis, qui est le responsable du traitement de donn\u00e9es.<\/p>\n\n\n\n<p>Les donn\u00e9es sont destin\u00e9es \u00e0 la soci\u00e9t\u00e9 L\u2019Atelier Festif et sont collect\u00e9es par L\u2019Atelier Festif pour les besoins d&rsquo;op\u00e9rations relatives \u00e0 la gestion des Clients (la gestion des commandes, des livraisons et des factures notamment) et trait\u00e9es avec le consentement du Client pour les op\u00e9rations relatives \u00e0 la prospection (les actions de fid\u00e9lisation et l\u2019\u00e9laboration de statistiques commerciales, notamment).<\/p>\n\n\n\n<p>L\u2019Atelier Festif s&rsquo;engage \u00e0 respecter la loi 78-17 du 6 janvier 1978 modifi\u00e9e relative \u00e0 l\u2019informatique, aux fichiers et aux libert\u00e9s.<\/p>\n\n\n\n<p>Elle s&rsquo;engage \u00e0 ne pas diffuser son fichier Clients et \u00e0 le conserver secret.<\/p>\n\n\n\n<p>N\u00e9anmoins, ces donn\u00e9es personnelles pourront \u00eatre transmises aux tiers charg\u00e9s de l\u2019ex\u00e9cution et du paiement des commandes.<\/p>\n\n\n\n<p>Le Client autorise en outre L\u2019Atelier Festif \u00e0 utiliser les donn\u00e9es personnelles fournies pour lui adresser ses offres commerciales.<\/p>\n\n\n\n<p>Il dispose du droit de s&rsquo;opposer \u00e0 la r\u00e9ception de documents de prospection commerciale non sollicit\u00e9s en adressant soit un courriel via notre formulaire de contact, soit un courrier \u00e0 L\u2019Atelier Festif \u2013 19 lieu-dit Grandvilliers -45330 Mainvilliers.<\/p>\n\n\n\n<p>Le Client dispose \u00e0 tout moment d&rsquo;un droit d&rsquo;acc\u00e8s, de rectification et de suppression des informations nominatives et donn\u00e9es personnelles collect\u00e9es par L\u2019Atelier Festif le concernant.<\/p>\n\n\n\n<p>Pour exercer ce droit, le Client peut soit envoyer un courriel via notre formulaire de contact, soit adresser un courrier \u00e0 L\u2019Atelier Festif \u00e0 l&rsquo;adresse suivante : L\u2019Atelier Festif \u2013 19 lieu-dit Grandvilliers &#8211; 45330 Mainvilliers, soit se rendre dans son espace client afin de proc\u00e9der par lui-m\u00eame.<\/p>\n\n\n\n<p>Dans l&rsquo;un et l&rsquo;autre cas, le Client doit pouvoir justifier de son identit\u00e9, soit en scannant une pi\u00e8ce d&rsquo;identit\u00e9, soit en adressant une photocopie de sa pi\u00e8ce d&rsquo;identit\u00e9 et indiquer l\u2019adresse \u00e0 laquelle doit parvenir la r\u00e9ponse.<\/p>\n\n\n\n<h2 class=\"wp-block-heading\">14. Propri\u00e9t\u00e9 intellectuelle<\/h2>\n\n\n\n<p>Toute reproduction, int\u00e9grale ou partielle, et toute diffusion de tout \u00e9l\u00e9ment du Site Internet (notamment les photographies, visuels, textes, dessins, images) est syst\u00e9matiquement soumise \u00e0 l&rsquo;autorisation de L\u2019Atelier festif. Tout contrevenant s\u2019expose \u00e0 des poursuites judiciaires.<\/p>\n\n\n\n<h2 class=\"wp-block-heading\">15. Loi applicable<\/h2>\n\n\n\n<p>La validit\u00e9, l&rsquo;interpr\u00e9tation, l&rsquo;ex\u00e9cution des CGL et du contrat conclu entre L\u2019Atelier Festif et le Client, ainsi que la r\u00e9solution de tout litige s&rsquo;y rapportant, sont r\u00e9gis et interpr\u00e9t\u00e9s au regard du droit fran\u00e7ais.<br>Les Parties s&rsquo;efforceront de r\u00e9gler \u00e0 l&rsquo;amiable tout diff\u00e9rend r\u00e9sultant de l&rsquo;interpr\u00e9tation ou de l&rsquo;ex\u00e9cution du pr\u00e9sent accord.<\/p>\n","protected":false},"excerpt":{"rendered":"<p>Mise \u00e0 jour le 28 Avril 2026 1. D\u00e9signation du loueur\/propri\u00e9taire Le loueur et propri\u00e9taire est d\u00e9sign\u00e9 par Olivia Berthaut, L\u2019Atelier Festif Immatricul\u00e9e au RCS Orleans A 843 918 608 dont le si\u00e8ge social est \u00e0 l\u2019adresse suivante : 19 lieu-dit Grandvilliers 45330 Mainvilliers. Le service client\u00e8le peut \u00eatre joint par t\u00e9l\u00e9phone au 06.58.54.98.61 ou [&hellip;]<\/p>\n","protected":false},"author":1,"featured_media":0,"parent":0,"menu_order":0,"comment_status":"closed","ping_status":"closed","template":"","meta":{"footnotes":""},"class_list":["post-25928","page","type-page","status-publish","hentry"],"blocksy_meta":{"page_structure_type":"type-3","styles_descriptor":{"styles":{"desktop":"","tablet":"","mobile":""},"google_fonts":[],"version":6}},"_links":{"self":[{"href":"https:\/\/www.latelierfestif.com\/locations\/wp-json\/wp\/v2\/pages\/25928","targetHints":{"allow":["GET"]}}],"collection":[{"href":"https:\/\/www.latelierfestif.com\/locations\/wp-json\/wp\/v2\/pages"}],"about":[{"href":"https:\/\/www.latelierfestif.com\/locations\/wp-json\/wp\/v2\/types\/page"}],"author":[{"embeddable":true,"href":"https:\/\/www.latelierfestif.com\/locations\/wp-json\/wp\/v2\/users\/1"}],"replies":[{"embeddable":true,"href":"https:\/\/www.latelierfestif.com\/locations\/wp-json\/wp\/v2\/comments?post=25928"}],"version-history":[{"count":0,"href":"https:\/\/www.latelierfestif.com\/locations\/wp-json\/wp\/v2\/pages\/25928\/revisions"}],"wp:attachment":[{"href":"https:\/\/www.latelierfestif.com\/locations\/wp-json\/wp\/v2\/media?parent=25928"}],"curies":[{"name":"wp","href":"https:\/\/api.w.org\/{rel}","templated":true}]}}